{"id":20659,"date":"2019-09-28T18:54:30","date_gmt":"2019-09-28T17:54:30","guid":{"rendered":"https:\/\/imagesante.beontheweb.be\/?post_type=project&#038;p=20659"},"modified":"2020-03-27T12:52:12","modified_gmt":"2020-03-27T11:52:12","slug":"autrement-avec-des-legumes","status":"publish","type":"project","link":"https:\/\/www.imagesante.be\/fr\/project\/autrement-avec-des-legumes\/","title":{"rendered":"Autrement (avec des l\u00e9gumes)"},"content":{"rendered":"<p>[et_pb_section fb_built=&#8221;1&#8243; disabled_on=&#8221;on|off|off&#8221; admin_label=&#8221;Titre version PC et tablette&#8221; module_class=&#8221;film-titre&#8221; _builder_version=&#8221;4.2.2&#8243; _dynamic_attributes=&#8221;background_image&#8221; background_image=&#8221;@ET-DC@eyJkeW5hbWljIjp0cnVlLCJjb250ZW50IjoiY3VzdG9tX21ldGFfYmFubmllcmUiLCJzZXR0aW5ncyI6eyJiZWZvcmUiOiIiLCJhZnRlciI6IiIsImVuYWJsZV9odG1sIjoib2ZmIn19@&#8221; height=&#8221;300px&#8221; filter_opacity=&#8221;90%&#8221; background_last_edited=&#8221;off|desktop&#8221; global_module=&#8221;17960&#8243; saved_tabs=&#8221;all&#8221;][et_pb_row column_structure=&#8221;2_5,3_5&#8243; disabled_on=&#8221;on|off|off&#8221; admin_label=&#8221;Titre version PC et tablette&#8221; _builder_version=&#8221;3.29.3&#8243; width=&#8221;100%&#8221;][et_pb_column type=&#8221;2_5&#8243; _builder_version=&#8221;3.29.3&#8243;][\/et_pb_column][et_pb_column type=&#8221;3_5&#8243; _builder_version=&#8221;3.29.3&#8243;][et_pb_post_title meta=&#8221;off&#8221; featured_image=&#8221;off&#8221; _builder_version=&#8221;4.2.2&#8243; title_font=&#8221;BebasNeueRegular||||||||&#8221; title_text_align=&#8221;left&#8221; title_font_size=&#8221;24px&#8221; title_letter_spacing=&#8221;2px&#8221; background_color=&#8221;rgba(255,255,255,0)&#8221; custom_margin=&#8221;0px||0px|&#8221; custom_padding=&#8221;0px||0px|&#8221; title_font_size_last_edited=&#8221;off|desktop&#8221; z_index_tablet=&#8221;500&#8243; custom_css_post_title=&#8221;color:#fff;&#8221; title_text_shadow_style=&#8221;preset1&#8243; text_shadow_style=&#8221;preset1&#8243; locked=&#8221;off&#8221;][\/et_pb_post_title][et_pb_text disabled_on=&#8221;off|off|off&#8221; admin_label=&#8221;Caract\u00e9ristiques&#8221; module_class=&#8221;film_info&#8221; _builder_version=&#8221;4.2.2&#8243; text_text_color=&#8221;#ffffff&#8221; text_font_size=&#8221;15px&#8221; text_text_shadow_style=&#8221;preset1&#8243; locked=&#8221;off&#8221;]<\/p>\n<p><strong>R\u00e9alis\u00e9 par :<\/strong> Anne CLOSSET<br \/><strong>Ann\u00e9e de production :<\/strong> 2015\u00a0 \u00a0 \u00a0 \u00a0<strong>Pays\u00a0:<\/strong> Belgique\u00a0 \u00a0 \u00a0 \u00a0 \u00a0\u00a0 \u00a0 <strong>Dur\u00e9e :\u00a0<\/strong> 67 min<br \/><strong>Production :<\/strong>\u00a0 Athanor Production asbl, RTBF - Unit\u00e9 de Production Documentaire\u00a0 \u00a0 \u00a0 <strong>Langue :<\/strong> Fran\u00e7ais\u00a0 (ST\u00a0 Fran\u00e7ais)<\/p>\n<p>[\/et_pb_text][\/et_pb_column][\/et_pb_row][\/et_pb_section][et_pb_section fb_built=&#8221;1&#8243; disabled_on=&#8221;off|on|on&#8221; admin_label=&#8221;Titre version mobile&#8221; _builder_version=&#8221;3.26.7&#8243; global_module=&#8221;17961&#8243; saved_tabs=&#8221;all&#8221;][et_pb_row disabled_on=&#8221;off|off|off&#8221; admin_label=&#8221;Ligne&#8221; _builder_version=&#8221;3.26.7&#8243;][et_pb_column type=&#8221;4_4&#8243; _builder_version=&#8221;3.26.7&#8243;][et_pb_post_title meta=&#8221;off&#8221; featured_image=&#8221;off&#8221; _builder_version=&#8221;3.26.7&#8243; title_font=&#8221;BebasNeueRegular||||||||&#8221; title_text_align=&#8221;center&#8221; title_text_color=&#8221;#223151&#8243; title_font_size=&#8221;35px&#8221; title_letter_spacing=&#8221;2px&#8221; background_color=&#8221;rgba(255,255,255,0)&#8221; custom_margin=&#8221;0px||0px|&#8221; custom_padding=&#8221;0px||0px|&#8221; title_font_size_last_edited=&#8221;off|desktop&#8221; z_index_tablet=&#8221;500&#8243;][\/et_pb_post_title][et_pb_text admin_label=&#8221;Caract\u00e9ristiques&#8221; module_class=&#8221;film_info_mobile&#8221; _builder_version=&#8221;3.27.4&#8243; text_font_size=&#8221;15px&#8221; locked=&#8221;off&#8221;]<\/p>\n<p><strong>R\u00e9alis\u00e9 par :<\/strong> Anne CLOSSET<br \/><strong>Ann\u00e9e de production :<\/strong> 2015<br \/><strong>Pays :<\/strong> Belgique<br \/><strong>Dur\u00e9e :\u00a0<\/strong> 67 min<br \/><strong>Production :\u00a0<\/strong> Athanor Production asbl, RTBF - Unit\u00e9 de Production Documentaire<br \/><strong>Langue : <\/strong>Fran\u00e7ais\u00a0 (ST\u00a0 Fran\u00e7ais)<\/p>\n<p>[\/et_pb_text][\/et_pb_column][\/et_pb_row][\/et_pb_section][et_pb_section fb_built=&#8221;1&#8243; admin_label=&#8221;Info Film&#8221; _builder_version=&#8221;4.0.6&#8243; background_enable_image=&#8221;off&#8221; custom_margin=&#8221;-80px||0px||false|false&#8221; global_module=&#8221;17963&#8243; saved_tabs=&#8221;all&#8221; collapsed=&#8221;off&#8221;][et_pb_row column_structure=&#8221;2_5,3_5&#8243; column_padding_mobile=&#8221;on&#8221; admin_label=&#8221;row&#8221; _builder_version=&#8221;4.0.6&#8243; background_size=&#8221;initial&#8221; background_position=&#8221;top_left&#8221; background_repeat=&#8221;repeat&#8221; custom_margin=&#8221;0px||0px&#8221; custom_padding=&#8221;0px||10px|&#8221;][et_pb_column type=&#8221;2_5&#8243; _builder_version=&#8221;3.25&#8243; custom_padding=&#8221;|||&#8221; custom_padding__hover=&#8221;|||&#8221;][et_pb_image src=&#8221;@ET-DC@eyJkeW5hbWljIjp0cnVlLCJjb250ZW50IjoiY3VzdG9tX21ldGFfYWZmaWNoZSIsInNldHRpbmdzIjp7ImJlZm9yZSI6IiIsImFmdGVyIjoiIiwiZW5hYmxlX2h0bWwiOiJvZmYifX0=@&#8221; alt=&#8221;@ET-DC@eyJkeW5hbWljIjp0cnVlLCJjb250ZW50IjoicG9zdF90aXRsZSIsInNldHRpbmdzIjp7ImJlZm9yZSI6IiIsImFmdGVyIjoiIn19@&#8221; title_text=&#8221;@ET-DC@eyJkeW5hbWljIjp0cnVlLCJjb250ZW50IjoicG9zdF90aXRsZSIsInNldHRpbmdzIjp7ImJlZm9yZSI6IiIsImFmdGVyIjoiIn19@&#8221; admin_label=&#8221;Affiche&#8221; module_class=&#8221;affiche_film&#8221; _builder_version=&#8221;3.26.7&#8243; _dynamic_attributes=&#8221;alt,title_text,src&#8221; custom_margin=&#8221;-200px||||false|false&#8221; custom_margin_tablet=&#8221;-200px||||false|false&#8221; custom_margin_phone=&#8221;0px||||false|false&#8221; custom_margin_last_edited=&#8221;on|phone&#8221; locked=&#8221;off&#8221;][\/et_pb_image][\/et_pb_column][et_pb_column type=&#8221;3_5&#8243; _builder_version=&#8221;3.25&#8243; custom_padding=&#8221;|||&#8221; custom_padding__hover=&#8221;|||&#8221;][et_pb_text admin_label=&#8221;Synopsis&#8221; _builder_version=&#8221;4.0.6&#8243; module_alignment=&#8221;left&#8221; custom_margin=&#8221;-5px|||||&#8221;]<\/p>\n<h2>Synopsis<\/h2>\n<p>[\/et_pb_text][et_pb_text _builder_version=&#8221;4.0.6&#8243; _dynamic_attributes=&#8221;content&#8221; module_alignment=&#8221;left&#8221; locked=&#8221;off&#8221;]@ET-DC@eyJkeW5hbWljIjp0cnVlLCJjb250ZW50IjoiY3VzdG9tX21ldGFfc3lub3BzaXNfY291cnQiLCJzZXR0aW5ncyI6eyJiZWZvcmUiOiIiLCJhZnRlciI6IiIsImVuYWJsZV9odG1sIjoib24ifX0=@[\/et_pb_text][\/et_pb_column][\/et_pb_row][\/et_pb_section][et_pb_section fb_built=&#8221;1&#8243; custom_padding_last_edited=&#8221;on|desktop&#8221; disabled_on=&#8221;off|off|off&#8221; admin_label=&#8221;VOD&#8221; _builder_version=&#8221;3.24.1&#8243; custom_padding=&#8221;0px|||&#8221; custom_padding_tablet=&#8221;50px|0|50px|0&#8243; custom_padding_phone=&#8221;&#8221; transparent_background=&#8221;off&#8221; padding_mobile=&#8221;off&#8221; make_fullwidth=&#8221;off&#8221; use_custom_width=&#8221;off&#8221; width_unit=&#8221;on&#8221; global_module=&#8221;16715&#8243; saved_tabs=&#8221;all&#8221;][et_pb_row _builder_version=&#8221;3.25&#8243; background_size=&#8221;initial&#8221; background_position=&#8221;top_left&#8221; background_repeat=&#8221;repeat&#8221;][et_pb_column type=&#8221;4_4&#8243; _builder_version=&#8221;3.25&#8243; custom_padding=&#8221;|||&#8221; custom_padding__hover=&#8221;|||&#8221;][et_pb_text admin_label=&#8221;VOD&#8221; _builder_version=&#8221;3.27.4&#8243; background_size=&#8221;initial&#8221; background_position=&#8221;top_left&#8221; background_repeat=&#8221;repeat&#8221; module_alignment=&#8221;left&#8221;]<\/p>\n<h2>VOD<\/h2>\n<p>[\/et_pb_text][et_pb_button button_url=&#8221;@ET-DC@eyJkeW5hbWljIjp0cnVlLCJjb250ZW50IjoiY3VzdG9tX21ldGFfbGllbl92b2QiLCJzZXR0aW5ncyI6eyJiZWZvcmUiOiIiLCJhZnRlciI6IiIsImVuYWJsZV9odG1sIjoib2ZmIn19@&#8221; button_text=&#8221;Voir ce film en VOD&#8221; button_alignment=&#8221;center&#8221; _builder_version=&#8221;3.25.2&#8243; _dynamic_attributes=&#8221;button_url&#8221;][\/et_pb_button][\/et_pb_column][\/et_pb_row][\/et_pb_section][et_pb_section fb_built=&#8221;1&#8243; custom_padding_last_edited=&#8221;on|desktop&#8221; disabled_on=&#8221;off|off|off&#8221; admin_label=&#8221;Bande annonce&#8221; _builder_version=&#8221;3.26.7&#8243; custom_padding=&#8221;0px|||&#8221; custom_padding_tablet=&#8221;50px|0|50px|0&#8243; custom_padding_phone=&#8221;&#8221; transparent_background=&#8221;off&#8221; padding_mobile=&#8221;off&#8221; make_fullwidth=&#8221;off&#8221; use_custom_width=&#8221;off&#8221; width_unit=&#8221;on&#8221; global_module=&#8221;17967&#8243; saved_tabs=&#8221;all&#8221;][et_pb_row _builder_version=&#8221;3.25&#8243; background_size=&#8221;initial&#8221; background_position=&#8221;top_left&#8221; background_repeat=&#8221;repeat&#8221;][et_pb_column type=&#8221;4_4&#8243; _builder_version=&#8221;3.25&#8243; custom_padding=&#8221;|||&#8221; custom_padding__hover=&#8221;|||&#8221;][et_pb_text admin_label=&#8221;Bande Annonce&#8221; _builder_version=&#8221;3.27.4&#8243; background_size=&#8221;initial&#8221; background_position=&#8221;top_left&#8221; background_repeat=&#8221;repeat&#8221; module_alignment=&#8221;left&#8221;]<\/p>\n<h2>Bande Annonce<\/h2>\n<p>[\/et_pb_text][et_pb_text admin_label=&#8221;Code vid\u00e9o&#8221; _builder_version=&#8221;4.3.2&#8243;]\r\n<p><a href=\"https:\/\/vimeo.com\/119333520\">AUTREMENT (avec des l&eacute;gumes) - Bande annonce  FR<\/a> from <a href=\"https:\/\/vimeo.com\/user3817225\">Athanor Production<\/a> on <a href=\"https:\/\/vimeo.com\">Vimeo<\/a>.<\/p>[\/et_pb_text][\/et_pb_column][\/et_pb_row][\/et_pb_section]<\/p>\n","protected":false},"excerpt":{"rendered":"<p>&#8220;Autrement&#8221; interpelle notre pouvoir de changement au travers d&#8217;une exp\u00e9rience citoyenne qui d\u00e9veloppe de nouveaux mod\u00e8les de partenariats entre consommateurs et agriculteurs. En partant de son groupe d&#8217;achat solidaire, la r\u00e9alisatrice rejoint un r\u00e9seau dynamique qui l&#8217;emm\u00e8ne, de Bruxelles \u00e0 Zagreb, \u00e0 la rencontre d&#8217;un mouvement en plein effervescence : les CSA (Community-supported Agriculture). En r\u00e9investissant le lien entre eux, les mangeurs et les producteurs mettent en place un mode de consommation alternatif en circuit court, respectueux du vivant. Par le biais de l&#8217;alimentation, qui touche tout le monde, l&#8217;exp\u00e9rience des CSA remet l&#8217;humain au centre des \u00e9changes. Pouvons-nous devenir des acteurs du changement ? En VOD \u00a0<\/p>\n","protected":false},"author":1,"featured_media":20737,"comment_status":"open","ping_status":"open","template":"","meta":{"_acf_changed":false,"_et_pb_use_builder":"on","_et_pb_old_content":"","_et_gb_content_width":"","_lmt_disableupdate":"","_lmt_disable":"","_monsterinsights_skip_tracking":false,"_monsterinsights_sitenote_active":false,"_monsterinsights_sitenote_note":"","_monsterinsights_sitenote_category":0,"footnotes":"","_wp_rev_ctl_limit":""},"project_category":[86],"project_tag":[],"class_list":["post-20659","project","type-project","status-publish","has-post-thumbnail","hentry","project_category-86"],"acf":[],"yoast_head":"<!-- This site is optimized with the Yoast SEO plugin v25.0 - https:\/\/yoast.com\/wordpress\/plugins\/seo\/ -->\n<title>Autrement (avec des l\u00e9gumes) - Festival Imag\u00e9sant\u00e9<\/title>\n<meta name=\"description\" content=\"&quot;Autrement&quot; interpelle notre pouvoir de changement au travers d&#039;une exp\u00e9rience citoyenne qui d\u00e9veloppe de nouveaux mod\u00e8les de partenariats entre consommateurs et agriculteurs. En partant de son groupe d&#039;achat solidaire, la r\u00e9alisatrice rejoint un r\u00e9seau dynamique qui l&#039;emm\u00e8ne, de Bruxelles \u00e0 Zagreb, \u00e0 la rencontre d&#039;un mouvement en plein effervescence : les CSA (Community-supported Agriculture). En r\u00e9investissant le lien entre eux, les mangeurs et les producteurs mettent en place un mode de consommation alternatif en circuit court, respectueux du vivant. Par le biais de l&#039;alimentation, qui touche tout le monde, l&#039;exp\u00e9rience des CSA remet l&#039;humain au centre des \u00e9changes. Pouvons-nous devenir des acteurs du changement ? En VOD \u00a0\" \/>\n<meta name=\"robots\" content=\"index, follow, max-snippet:-1, max-image-preview:large, max-video-preview:-1\" \/>\n<link rel=\"canonical\" href=\"https:\/\/www.imagesante.be\/fr\/project\/autrement-avec-des-legumes\/\" \/>\n<meta property=\"og:locale\" content=\"fr_FR\" \/>\n<meta property=\"og:type\" content=\"article\" \/>\n<meta property=\"og:title\" content=\"Autrement (avec des l\u00e9gumes) - Festival Imag\u00e9sant\u00e9\" \/>\n<meta property=\"og:description\" content=\"&quot;Autrement&quot; interpelle notre pouvoir de changement au travers d&#039;une exp\u00e9rience citoyenne qui d\u00e9veloppe de nouveaux mod\u00e8les de partenariats entre consommateurs et agriculteurs. En partant de son groupe d&#039;achat solidaire, la r\u00e9alisatrice rejoint un r\u00e9seau dynamique qui l&#039;emm\u00e8ne, de Bruxelles \u00e0 Zagreb, \u00e0 la rencontre d&#039;un mouvement en plein effervescence : les CSA (Community-supported Agriculture). En r\u00e9investissant le lien entre eux, les mangeurs et les producteurs mettent en place un mode de consommation alternatif en circuit court, respectueux du vivant. Par le biais de l&#039;alimentation, qui touche tout le monde, l&#039;exp\u00e9rience des CSA remet l&#039;humain au centre des \u00e9changes. Pouvons-nous devenir des acteurs du changement ? En VOD \u00a0\" \/>\n<meta property=\"og:url\" content=\"https:\/\/www.imagesante.be\/fr\/project\/autrement-avec-des-legumes\/\" \/>\n<meta property=\"og:site_name\" content=\"Festival Imag\u00e9sant\u00e9\" \/>\n<meta property=\"article:modified_time\" content=\"2020-03-27T11:52:12+00:00\" \/>\n<meta property=\"og:image\" content=\"https:\/\/www.imagesante.be\/wp-content\/uploads\/2019\/09\/autrement_avec_des_legumes_hd-724x1024-1.jpg\" \/>\n\t<meta property=\"og:image:width\" content=\"724\" \/>\n\t<meta property=\"og:image:height\" content=\"1024\" \/>\n\t<meta property=\"og:image:type\" content=\"image\/jpeg\" \/>\n<meta name=\"twitter:card\" content=\"summary_large_image\" \/>\n<script type=\"application\/ld+json\" class=\"yoast-schema-graph\">{\"@context\":\"https:\/\/schema.org\",\"@graph\":[{\"@type\":\"WebPage\",\"@id\":\"https:\/\/www.imagesante.be\/fr\/project\/autrement-avec-des-legumes\/\",\"url\":\"https:\/\/www.imagesante.be\/fr\/project\/autrement-avec-des-legumes\/\",\"name\":\"Autrement (avec des l\u00e9gumes) - Festival Imag\u00e9sant\u00e9\",\"isPartOf\":{\"@id\":\"https:\/\/www.imagesante.be\/fr\/#website\"},\"primaryImageOfPage\":{\"@id\":\"https:\/\/www.imagesante.be\/fr\/project\/autrement-avec-des-legumes\/#primaryimage\"},\"image\":{\"@id\":\"https:\/\/www.imagesante.be\/fr\/project\/autrement-avec-des-legumes\/#primaryimage\"},\"thumbnailUrl\":\"https:\/\/www.imagesante.be\/wp-content\/uploads\/2019\/09\/autrement_avec_des_legumes_hd-724x1024-1.jpg\",\"datePublished\":\"2019-09-28T17:54:30+00:00\",\"dateModified\":\"2020-03-27T11:52:12+00:00\",\"description\":\"\\\"Autrement\\\" interpelle notre pouvoir de changement au travers d'une exp\u00e9rience citoyenne qui d\u00e9veloppe de nouveaux mod\u00e8les de partenariats entre consommateurs et agriculteurs. En partant de son groupe d'achat solidaire, la r\u00e9alisatrice rejoint un r\u00e9seau dynamique qui l'emm\u00e8ne, de Bruxelles \u00e0 Zagreb, \u00e0 la rencontre d'un mouvement en plein effervescence : les CSA (Community-supported Agriculture). En r\u00e9investissant le lien entre eux, les mangeurs et les producteurs mettent en place un mode de consommation alternatif en circuit court, respectueux du vivant. Par le biais de l'alimentation, qui touche tout le monde, l'exp\u00e9rience des CSA remet l'humain au centre des \u00e9changes. Pouvons-nous devenir des acteurs du changement ? En VOD \u00a0\",\"breadcrumb\":{\"@id\":\"https:\/\/www.imagesante.be\/fr\/project\/autrement-avec-des-legumes\/#breadcrumb\"},\"inLanguage\":\"fr-FR\",\"potentialAction\":[{\"@type\":\"ReadAction\",\"target\":[\"https:\/\/www.imagesante.be\/fr\/project\/autrement-avec-des-legumes\/\"]}]},{\"@type\":\"ImageObject\",\"inLanguage\":\"fr-FR\",\"@id\":\"https:\/\/www.imagesante.be\/fr\/project\/autrement-avec-des-legumes\/#primaryimage\",\"url\":\"https:\/\/www.imagesante.be\/wp-content\/uploads\/2019\/09\/autrement_avec_des_legumes_hd-724x1024-1.jpg\",\"contentUrl\":\"https:\/\/www.imagesante.be\/wp-content\/uploads\/2019\/09\/autrement_avec_des_legumes_hd-724x1024-1.jpg\",\"width\":724,\"height\":1024},{\"@type\":\"BreadcrumbList\",\"@id\":\"https:\/\/www.imagesante.be\/fr\/project\/autrement-avec-des-legumes\/#breadcrumb\",\"itemListElement\":[{\"@type\":\"ListItem\",\"position\":1,\"name\":\"Accueil\",\"item\":\"https:\/\/www.imagesante.be\/fr\/\"},{\"@type\":\"ListItem\",\"position\":2,\"name\":\"Projets\",\"item\":\"https:\/\/www.imagesante.be\/fr\/project\/\"},{\"@type\":\"ListItem\",\"position\":3,\"name\":\"Autrement (avec des l\u00e9gumes)\"}]},{\"@type\":\"WebSite\",\"@id\":\"https:\/\/www.imagesante.be\/fr\/#website\",\"url\":\"https:\/\/www.imagesante.be\/fr\/\",\"name\":\"Festival Imag\u00e9sant\u00e9\",\"description\":\"\",\"publisher\":{\"@id\":\"https:\/\/www.imagesante.be\/fr\/#organization\"},\"potentialAction\":[{\"@type\":\"SearchAction\",\"target\":{\"@type\":\"EntryPoint\",\"urlTemplate\":\"https:\/\/www.imagesante.be\/fr\/?s={search_term_string}\"},\"query-input\":{\"@type\":\"PropertyValueSpecification\",\"valueRequired\":true,\"valueName\":\"search_term_string\"}}],\"inLanguage\":\"fr-FR\"},{\"@type\":\"Organization\",\"@id\":\"https:\/\/www.imagesante.be\/fr\/#organization\",\"name\":\"Imag\u00e9Sant\u00e9\",\"url\":\"https:\/\/www.imagesante.be\/fr\/\",\"logo\":{\"@type\":\"ImageObject\",\"inLanguage\":\"fr-FR\",\"@id\":\"https:\/\/www.imagesante.be\/fr\/#\/schema\/logo\/image\/\",\"url\":\"https:\/\/www.imagesante.be\/wp-content\/uploads\/2019\/06\/Festival-positif-carre.jpg\",\"contentUrl\":\"https:\/\/www.imagesante.be\/wp-content\/uploads\/2019\/06\/Festival-positif-carre.jpg\",\"width\":498,\"height\":498,\"caption\":\"Imag\u00e9Sant\u00e9\"},\"image\":{\"@id\":\"https:\/\/www.imagesante.be\/fr\/#\/schema\/logo\/image\/\"}}]}<\/script>\n<!-- \/ Yoast SEO plugin. -->","yoast_head_json":{"title":"Autrement (avec des l\u00e9gumes) - Festival Imag\u00e9sant\u00e9","description":"\"Autrement\" interpelle notre pouvoir de changement au travers d'une exp\u00e9rience citoyenne qui d\u00e9veloppe de nouveaux mod\u00e8les de partenariats entre consommateurs et agriculteurs. En partant de son groupe d'achat solidaire, la r\u00e9alisatrice rejoint un r\u00e9seau dynamique qui l'emm\u00e8ne, de Bruxelles \u00e0 Zagreb, \u00e0 la rencontre d'un mouvement en plein effervescence : les CSA (Community-supported Agriculture). En r\u00e9investissant le lien entre eux, les mangeurs et les producteurs mettent en place un mode de consommation alternatif en circuit court, respectueux du vivant. Par le biais de l'alimentation, qui touche tout le monde, l'exp\u00e9rience des CSA remet l'humain au centre des \u00e9changes. Pouvons-nous devenir des acteurs du changement ? En VOD \u00a0","robots":{"index":"index","follow":"follow","max-snippet":"max-snippet:-1","max-image-preview":"max-image-preview:large","max-video-preview":"max-video-preview:-1"},"canonical":"https:\/\/www.imagesante.be\/fr\/project\/autrement-avec-des-legumes\/","og_locale":"fr_FR","og_type":"article","og_title":"Autrement (avec des l\u00e9gumes) - Festival Imag\u00e9sant\u00e9","og_description":"\"Autrement\" interpelle notre pouvoir de changement au travers d'une exp\u00e9rience citoyenne qui d\u00e9veloppe de nouveaux mod\u00e8les de partenariats entre consommateurs et agriculteurs. En partant de son groupe d'achat solidaire, la r\u00e9alisatrice rejoint un r\u00e9seau dynamique qui l'emm\u00e8ne, de Bruxelles \u00e0 Zagreb, \u00e0 la rencontre d'un mouvement en plein effervescence : les CSA (Community-supported Agriculture). En r\u00e9investissant le lien entre eux, les mangeurs et les producteurs mettent en place un mode de consommation alternatif en circuit court, respectueux du vivant. Par le biais de l'alimentation, qui touche tout le monde, l'exp\u00e9rience des CSA remet l'humain au centre des \u00e9changes. Pouvons-nous devenir des acteurs du changement ? En VOD \u00a0","og_url":"https:\/\/www.imagesante.be\/fr\/project\/autrement-avec-des-legumes\/","og_site_name":"Festival Imag\u00e9sant\u00e9","article_modified_time":"2020-03-27T11:52:12+00:00","og_image":[{"width":724,"height":1024,"url":"https:\/\/www.imagesante.be\/wp-content\/uploads\/2019\/09\/autrement_avec_des_legumes_hd-724x1024-1.jpg","type":"image\/jpeg"}],"twitter_card":"summary_large_image","schema":{"@context":"https:\/\/schema.org","@graph":[{"@type":"WebPage","@id":"https:\/\/www.imagesante.be\/fr\/project\/autrement-avec-des-legumes\/","url":"https:\/\/www.imagesante.be\/fr\/project\/autrement-avec-des-legumes\/","name":"Autrement (avec des l\u00e9gumes) - Festival Imag\u00e9sant\u00e9","isPartOf":{"@id":"https:\/\/www.imagesante.be\/fr\/#website"},"primaryImageOfPage":{"@id":"https:\/\/www.imagesante.be\/fr\/project\/autrement-avec-des-legumes\/#primaryimage"},"image":{"@id":"https:\/\/www.imagesante.be\/fr\/project\/autrement-avec-des-legumes\/#primaryimage"},"thumbnailUrl":"https:\/\/www.imagesante.be\/wp-content\/uploads\/2019\/09\/autrement_avec_des_legumes_hd-724x1024-1.jpg","datePublished":"2019-09-28T17:54:30+00:00","dateModified":"2020-03-27T11:52:12+00:00","description":"\"Autrement\" interpelle notre pouvoir de changement au travers d'une exp\u00e9rience citoyenne qui d\u00e9veloppe de nouveaux mod\u00e8les de partenariats entre consommateurs et agriculteurs. En partant de son groupe d'achat solidaire, la r\u00e9alisatrice rejoint un r\u00e9seau dynamique qui l'emm\u00e8ne, de Bruxelles \u00e0 Zagreb, \u00e0 la rencontre d'un mouvement en plein effervescence : les CSA (Community-supported Agriculture). En r\u00e9investissant le lien entre eux, les mangeurs et les producteurs mettent en place un mode de consommation alternatif en circuit court, respectueux du vivant. Par le biais de l'alimentation, qui touche tout le monde, l'exp\u00e9rience des CSA remet l'humain au centre des \u00e9changes. Pouvons-nous devenir des acteurs du changement ? En VOD \u00a0","breadcrumb":{"@id":"https:\/\/www.imagesante.be\/fr\/project\/autrement-avec-des-legumes\/#breadcrumb"},"inLanguage":"fr-FR","potentialAction":[{"@type":"ReadAction","target":["https:\/\/www.imagesante.be\/fr\/project\/autrement-avec-des-legumes\/"]}]},{"@type":"ImageObject","inLanguage":"fr-FR","@id":"https:\/\/www.imagesante.be\/fr\/project\/autrement-avec-des-legumes\/#primaryimage","url":"https:\/\/www.imagesante.be\/wp-content\/uploads\/2019\/09\/autrement_avec_des_legumes_hd-724x1024-1.jpg","contentUrl":"https:\/\/www.imagesante.be\/wp-content\/uploads\/2019\/09\/autrement_avec_des_legumes_hd-724x1024-1.jpg","width":724,"height":1024},{"@type":"BreadcrumbList","@id":"https:\/\/www.imagesante.be\/fr\/project\/autrement-avec-des-legumes\/#breadcrumb","itemListElement":[{"@type":"ListItem","position":1,"name":"Accueil","item":"https:\/\/www.imagesante.be\/fr\/"},{"@type":"ListItem","position":2,"name":"Projets","item":"https:\/\/www.imagesante.be\/fr\/project\/"},{"@type":"ListItem","position":3,"name":"Autrement (avec des l\u00e9gumes)"}]},{"@type":"WebSite","@id":"https:\/\/www.imagesante.be\/fr\/#website","url":"https:\/\/www.imagesante.be\/fr\/","name":"Festival Imag\u00e9sant\u00e9","description":"","publisher":{"@id":"https:\/\/www.imagesante.be\/fr\/#organization"},"potentialAction":[{"@type":"SearchAction","target":{"@type":"EntryPoint","urlTemplate":"https:\/\/www.imagesante.be\/fr\/?s={search_term_string}"},"query-input":{"@type":"PropertyValueSpecification","valueRequired":true,"valueName":"search_term_string"}}],"inLanguage":"fr-FR"},{"@type":"Organization","@id":"https:\/\/www.imagesante.be\/fr\/#organization","name":"Imag\u00e9Sant\u00e9","url":"https:\/\/www.imagesante.be\/fr\/","logo":{"@type":"ImageObject","inLanguage":"fr-FR","@id":"https:\/\/www.imagesante.be\/fr\/#\/schema\/logo\/image\/","url":"https:\/\/www.imagesante.be\/wp-content\/uploads\/2019\/06\/Festival-positif-carre.jpg","contentUrl":"https:\/\/www.imagesante.be\/wp-content\/uploads\/2019\/06\/Festival-positif-carre.jpg","width":498,"height":498,"caption":"Imag\u00e9Sant\u00e9"},"image":{"@id":"https:\/\/www.imagesante.be\/fr\/#\/schema\/logo\/image\/"}}]}},"_links":{"self":[{"href":"https:\/\/www.imagesante.be\/fr\/wp-json\/wp\/v2\/project\/20659","targetHints":{"allow":["GET"]}}],"collection":[{"href":"https:\/\/www.imagesante.be\/fr\/wp-json\/wp\/v2\/project"}],"about":[{"href":"https:\/\/www.imagesante.be\/fr\/wp-json\/wp\/v2\/types\/project"}],"author":[{"embeddable":true,"href":"https:\/\/www.imagesante.be\/fr\/wp-json\/wp\/v2\/users\/1"}],"replies":[{"embeddable":true,"href":"https:\/\/www.imagesante.be\/fr\/wp-json\/wp\/v2\/comments?post=20659"}],"version-history":[{"count":0,"href":"https:\/\/www.imagesante.be\/fr\/wp-json\/wp\/v2\/project\/20659\/revisions"}],"wp:featuredmedia":[{"embeddable":true,"href":"https:\/\/www.imagesante.be\/fr\/wp-json\/wp\/v2\/media\/20737"}],"wp:attachment":[{"href":"https:\/\/www.imagesante.be\/fr\/wp-json\/wp\/v2\/media?parent=20659"}],"wp:term":[{"taxonomy":"project_category","embeddable":true,"href":"https:\/\/www.imagesante.be\/fr\/wp-json\/wp\/v2\/project_category?post=20659"},{"taxonomy":"project_tag","embeddable":true,"href":"https:\/\/www.imagesante.be\/fr\/wp-json\/wp\/v2\/project_tag?post=20659"}],"curies":[{"name":"wp","href":"https:\/\/api.w.org\/{rel}","templated":true}]}}