{"id":20264,"date":"2019-09-03T18:17:48","date_gmt":"2019-09-03T17:17:48","guid":{"rendered":"https:\/\/imagesante.beontheweb.be\/?post_type=project&#038;p=20264"},"modified":"2019-09-03T18:17:57","modified_gmt":"2019-09-03T17:17:57","slug":"mitra","status":"publish","type":"project","link":"https:\/\/www.imagesante.be\/fr\/project\/mitra\/","title":{"rendered":"Mitra"},"content":{"rendered":"<p>[et_pb_section fb_built=&#8221;1&#8243; disabled_on=&#8221;on|off|off&#8221; admin_label=&#8221;Titre version PC et tablette&#8221; module_class=&#8221;film-titre&#8221; _builder_version=&#8221;3.26.7&#8243; _dynamic_attributes=&#8221;background_image&#8221; background_image=&#8221;@ET-DC@eyJkeW5hbWljIjp0cnVlLCJjb250ZW50IjoiY3VzdG9tX21ldGFfYmFubmllcmUiLCJzZXR0aW5ncyI6eyJiZWZvcmUiOiIiLCJhZnRlciI6IiIsImVuYWJsZV9odG1sIjoib2ZmIn19@&#8221; height=&#8221;300px&#8221; global_module=&#8221;17960&#8243; saved_tabs=&#8221;all&#8221; fb_built=&#8221;1&#8243; _i=&#8221;0&#8243; _address=&#8221;0&#8243;][et_pb_row column_structure=&#8221;2_5,3_5&#8243; disabled_on=&#8221;on|off|off&#8221; admin_label=&#8221;Titre version PC et tablette&#8221; _builder_version=&#8221;3.26.7&#8243; _i=&#8221;0&#8243; _address=&#8221;0.0&#8243;][et_pb_column type=&#8221;2_5&#8243; _builder_version=&#8221;3.26.7&#8243; _i=&#8221;0&#8243; _address=&#8221;0.0.0&#8243;][\/et_pb_column][et_pb_column type=&#8221;3_5&#8243; _builder_version=&#8221;3.26.7&#8243; _i=&#8221;1&#8243; _address=&#8221;0.0.1&#8243;][et_pb_post_title meta=&#8221;off&#8221; featured_image=&#8221;off&#8221; _builder_version=&#8221;3.26.7&#8243; title_font=&#8221;BebasNeueRegular||||||||&#8221; title_text_align=&#8221;left&#8221; title_font_size=&#8221;35px&#8221; title_letter_spacing=&#8221;2px&#8221; background_color=&#8221;rgba(255,255,255,0)&#8221; custom_margin=&#8221;0px||0px|&#8221; custom_padding=&#8221;0px||0px|&#8221; z_index_tablet=&#8221;500&#8243; title_font_size_last_edited=&#8221;off|desktop&#8221; custom_css_post_title=&#8221;font-size:40px !important;||color:#fff;&#8221; locked=&#8221;off&#8221; _i=&#8221;0&#8243; _address=&#8221;0.0.1.0&#8243;][\/et_pb_post_title][et_pb_text disabled_on=&#8221;off|off|off&#8221; admin_label=&#8221;Caract\u00e9ristiques&#8221; module_class=&#8221;film_info&#8221; _builder_version=&#8221;3.27.4&#8243; text_text_color=&#8221;#ffffff&#8221; text_font_size=&#8221;15px&#8221; locked=&#8221;off&#8221; _i=&#8221;1&#8243; _address=&#8221;0.0.1.1&#8243;]<\/p>\n<p><strong>R\u00e9alis\u00e9 par :<\/strong> Jorge Le\u00f3n<br \/><strong>Ann\u00e9e de production :<\/strong> 2018\u00a0 \u00a0 \u00a0 \u00a0<strong>Pays\u00a0:<\/strong> Belgique, France\u00a0 \u00a0 \u00a0 \u00a0 \u00a0\u00a0 \u00a0 <strong>Dur\u00e9e :\u00a0<\/strong> 90 min<br \/><strong>Production :<\/strong>\u00a0 Films de Force Majeure\u00a0 \u00a0 \u00a0 <strong>Langue :<\/strong> Fran\u00e7ais\u00a0 (ST\u00a0 Fran\u00e7ais)<\/p>\n<p>[\/et_pb_text][\/et_pb_column][\/et_pb_row][\/et_pb_section][et_pb_section fb_built=&#8221;1&#8243; disabled_on=&#8221;off|on|on&#8221; admin_label=&#8221;Titre version mobile&#8221; _builder_version=&#8221;3.26.7&#8243; global_module=&#8221;17961&#8243; saved_tabs=&#8221;all&#8221; fb_built=&#8221;1&#8243; _i=&#8221;1&#8243; _address=&#8221;1&#8243;][et_pb_row disabled_on=&#8221;off|off|off&#8221; admin_label=&#8221;Ligne&#8221; _builder_version=&#8221;3.26.7&#8243; _i=&#8221;0&#8243; _address=&#8221;1.0&#8243;][et_pb_column type=&#8221;4_4&#8243; _builder_version=&#8221;3.26.7&#8243; _i=&#8221;0&#8243; _address=&#8221;1.0.0&#8243;][et_pb_post_title meta=&#8221;off&#8221; featured_image=&#8221;off&#8221; _builder_version=&#8221;3.26.7&#8243; title_font=&#8221;BebasNeueRegular||||||||&#8221; title_text_align=&#8221;center&#8221; title_text_color=&#8221;#223151&#8243; title_font_size=&#8221;35px&#8221; title_letter_spacing=&#8221;2px&#8221; background_color=&#8221;rgba(255,255,255,0)&#8221; custom_margin=&#8221;0px||0px|&#8221; custom_padding=&#8221;0px||0px|&#8221; z_index_tablet=&#8221;500&#8243; title_font_size_last_edited=&#8221;off|desktop&#8221; _i=&#8221;0&#8243; _address=&#8221;1.0.0.0&#8243;][\/et_pb_post_title][et_pb_text admin_label=&#8221;Caract\u00e9ristiques&#8221; module_class=&#8221;film_info_mobile&#8221; _builder_version=&#8221;3.27.4&#8243; text_font_size=&#8221;15px&#8221; locked=&#8221;off&#8221; _i=&#8221;1&#8243; _address=&#8221;1.0.0.1&#8243;]<\/p>\n<p><strong>R\u00e9alis\u00e9 par :<\/strong> Jorge Le\u00f3n<br \/><strong>Ann\u00e9e de production :<\/strong> 2018<br \/><strong>Pays :<\/strong> Belgique, France<br \/><strong>Dur\u00e9e :\u00a0<\/strong> 90 min<br \/><strong>Production :\u00a0<\/strong> Films de Force Majeure<br \/><strong>Langue : <\/strong>Fran\u00e7ais\u00a0 (ST\u00a0 Fran\u00e7ais)<\/p>\n<p>[\/et_pb_text][\/et_pb_column][\/et_pb_row][\/et_pb_section][et_pb_section fb_built=&#8221;1&#8243; admin_label=&#8221;Info Film&#8221; _builder_version=&#8221;3.26.7&#8243; background_enable_image=&#8221;off&#8221; custom_margin=&#8221;-80px||0px||false|false&#8221; global_module=&#8221;17963&#8243; saved_tabs=&#8221;all&#8221; fb_built=&#8221;1&#8243; _i=&#8221;2&#8243; _address=&#8221;2&#8243;][et_pb_row column_structure=&#8221;2_5,3_5&#8243; column_padding_mobile=&#8221;on&#8221; admin_label=&#8221;row&#8221; _builder_version=&#8221;3.26.7&#8243; background_size=&#8221;initial&#8221; background_position=&#8221;top_left&#8221; background_repeat=&#8221;repeat&#8221; custom_margin=&#8221;0px||0px&#8221; custom_padding=&#8221;0px||10px|&#8221; _i=&#8221;0&#8243; _address=&#8221;2.0&#8243;][et_pb_column type=&#8221;2_5&#8243; _builder_version=&#8221;3.25&#8243; custom_padding=&#8221;|||&#8221; custom_padding__hover=&#8221;|||&#8221; _i=&#8221;0&#8243; _address=&#8221;2.0.0&#8243;][et_pb_image src=&#8221;@ET-DC@eyJkeW5hbWljIjp0cnVlLCJjb250ZW50IjoiY3VzdG9tX21ldGFfYWZmaWNoZSIsInNldHRpbmdzIjp7ImJlZm9yZSI6IiIsImFmdGVyIjoiIiwiZW5hYmxlX2h0bWwiOiJvZmYifX0=@&#8221; alt=&#8221;@ET-DC@eyJkeW5hbWljIjp0cnVlLCJjb250ZW50IjoicG9zdF90aXRsZSIsInNldHRpbmdzIjp7ImJlZm9yZSI6IiIsImFmdGVyIjoiIn19@&#8221; title_text=&#8221;@ET-DC@eyJkeW5hbWljIjp0cnVlLCJjb250ZW50IjoicG9zdF90aXRsZSIsInNldHRpbmdzIjp7ImJlZm9yZSI6IiIsImFmdGVyIjoiIn19@&#8221; admin_label=&#8221;Affiche&#8221; module_class=&#8221;affiche_film&#8221; _builder_version=&#8221;3.26.7&#8243; _dynamic_attributes=&#8221;alt,title_text,src&#8221; custom_margin=&#8221;-200px||||false|false&#8221; custom_margin_tablet=&#8221;-200px||||false|false&#8221; custom_margin_phone=&#8221;0px||||false|false&#8221; custom_margin_last_edited=&#8221;on|phone&#8221; locked=&#8221;off&#8221; _i=&#8221;0&#8243; _address=&#8221;2.0.0.0&#8243;][\/et_pb_image][\/et_pb_column][et_pb_column type=&#8221;3_5&#8243; _builder_version=&#8221;3.25&#8243; custom_padding=&#8221;|||&#8221; custom_padding__hover=&#8221;|||&#8221; _i=&#8221;1&#8243; _address=&#8221;2.0.1&#8243;][et_pb_text admin_label=&#8221;Synopsis&#8221; _builder_version=&#8221;3.27.4&#8243; module_alignment=&#8221;left&#8221; custom_margin=&#8221;-5px|||||&#8221; _i=&#8221;0&#8243; _address=&#8221;2.0.1.0&#8243;]<\/p>\n<h2>Synopsis<\/h2>\n<p>[\/et_pb_text][et_pb_text _builder_version=&#8221;3.27.4&#8243; _dynamic_attributes=&#8221;content&#8221; module_alignment=&#8221;left&#8221; locked=&#8221;off&#8221; _i=&#8221;1&#8243; _address=&#8221;2.0.1.1&#8243;]@ET-DC@eyJkeW5hbWljIjp0cnVlLCJjb250ZW50IjoiY3VzdG9tX21ldGFfc3lub3BzaXNfY291cnQiLCJzZXR0aW5ncyI6eyJiZWZvcmUiOiIiLCJhZnRlciI6IiIsImVuYWJsZV9odG1sIjoib24ifX0=@[\/et_pb_text][\/et_pb_column][\/et_pb_row][\/et_pb_section][et_pb_section fb_built=&#8221;1&#8243; custom_padding_last_edited=&#8221;on|desktop&#8221; disabled_on=&#8221;off|off|off&#8221; admin_label=&#8221;Projection &#8221; _builder_version=&#8221;3.24.1&#8243; background_color=&#8221;#ffffff&#8221; custom_padding=&#8221;0px|||&#8221; custom_padding_tablet=&#8221;50px|0|50px|0&#8243; transparent_background=&#8221;off&#8221; padding_mobile=&#8221;off&#8221; global_module=&#8221;17964&#8243; saved_tabs=&#8221;all&#8221; fb_built=&#8221;1&#8243; _i=&#8221;3&#8243; _address=&#8221;3&#8243;][et_pb_row _builder_version=&#8221;3.25&#8243; background_size=&#8221;initial&#8221; background_position=&#8221;top_left&#8221; background_repeat=&#8221;repeat&#8221; _i=&#8221;0&#8243; _address=&#8221;3.0&#8243;][et_pb_column type=&#8221;4_4&#8243; _builder_version=&#8221;3.25&#8243; custom_padding=&#8221;|||&#8221; custom_padding__hover=&#8221;|||&#8221; _i=&#8221;0&#8243; _address=&#8221;3.0.0&#8243;][et_pb_text admin_label=&#8221;Projection&#8221; _builder_version=&#8221;3.27.4&#8243; module_alignment=&#8221;left&#8221; _i=&#8221;0&#8243; _address=&#8221;3.0.0.0&#8243;]<\/p>\n<h2>Projection<\/h2>\n<p>[\/et_pb_text][\/et_pb_column][\/et_pb_row][et_pb_row column_structure=&#8221;1_2,1_2&#8243; _builder_version=&#8221;3.26.7&#8243; _i=&#8221;1&#8243; _address=&#8221;3.1&#8243;][et_pb_column type=&#8221;1_2&#8243; _builder_version=&#8221;3.26.7&#8243; _i=&#8221;0&#8243; _address=&#8221;3.1.0&#8243;][et_pb_text admin_label=&#8221;Projection&#8221; _builder_version=&#8221;3.27.4&#8243; module_alignment=&#8221;left&#8221; custom_margin=&#8221;-5px|||||&#8221; locked=&#8221;off&#8221; _i=&#8221;0&#8243; _address=&#8221;3.1.0.0&#8243;]<\/p>\n<p><strong>Date :<\/strong> <br \/><strong>Lieu :<\/strong> <br \/><strong>Tarif :<\/strong> <\/p>\n<p>[\/et_pb_text][\/et_pb_column][et_pb_column type=&#8221;1_2&#8243; _builder_version=&#8221;3.26.7&#8243; _i=&#8221;1&#8243; _address=&#8221;3.1.1&#8243;][et_pb_button button_url=&#8221;@ET-DC@eyJkeW5hbWljIjp0cnVlLCJjb250ZW50IjoiY3VzdG9tX21ldGFfdXJsX2FjaGF0X2VuX2xpZ25lIiwic2V0dGluZ3MiOnsiYmVmb3JlIjoiIiwiYWZ0ZXIiOiIiLCJlbmFibGVfaHRtbCI6Im9mZiJ9fQ==@&#8221; url_new_window=&#8221;on&#8221; button_text=&#8221;Achetez vos billets&#8221; button_alignment=&#8221;left&#8221; disabled_on=&#8221;off|off|off&#8221; admin_label=&#8221;Achetez vos billets&#8221; _builder_version=&#8221;3.26.7&#8243; _dynamic_attributes=&#8221;button_url&#8221; custom_button=&#8221;on&#8221; button_icon=&#8221;%%116%%&#8221; locked=&#8221;off&#8221; button_text_size__hover_enabled=&#8221;off&#8221; button_text_size__hover=&#8221;null&#8221; button_one_text_size__hover_enabled=&#8221;off&#8221; button_one_text_size__hover=&#8221;null&#8221; button_two_text_size__hover_enabled=&#8221;off&#8221; button_two_text_size__hover=&#8221;null&#8221; button_text_color__hover_enabled=&#8221;off&#8221; button_text_color__hover=&#8221;null&#8221; button_one_text_color__hover_enabled=&#8221;off&#8221; button_one_text_color__hover=&#8221;null&#8221; button_two_text_color__hover_enabled=&#8221;off&#8221; button_two_text_color__hover=&#8221;null&#8221; button_border_width__hover_enabled=&#8221;off&#8221; button_border_width__hover=&#8221;null&#8221; button_one_border_width__hover_enabled=&#8221;off&#8221; button_one_border_width__hover=&#8221;null&#8221; button_two_border_width__hover_enabled=&#8221;off&#8221; button_two_border_width__hover=&#8221;null&#8221; button_border_color__hover_enabled=&#8221;off&#8221; button_border_color__hover=&#8221;null&#8221; button_one_border_color__hover_enabled=&#8221;off&#8221; button_one_border_color__hover=&#8221;null&#8221; button_two_border_color__hover_enabled=&#8221;off&#8221; button_two_border_color__hover=&#8221;null&#8221; button_border_radius__hover_enabled=&#8221;off&#8221; button_border_radius__hover=&#8221;null&#8221; button_one_border_radius__hover_enabled=&#8221;off&#8221; button_one_border_radius__hover=&#8221;null&#8221; button_two_border_radius__hover_enabled=&#8221;off&#8221; button_two_border_radius__hover=&#8221;null&#8221; button_letter_spacing__hover_enabled=&#8221;off&#8221; button_letter_spacing__hover=&#8221;null&#8221; button_one_letter_spacing__hover_enabled=&#8221;off&#8221; button_one_letter_spacing__hover=&#8221;null&#8221; button_two_letter_spacing__hover_enabled=&#8221;off&#8221; button_two_letter_spacing__hover=&#8221;null&#8221; button_bg_color__hover_enabled=&#8221;off&#8221; button_bg_color__hover=&#8221;null&#8221; button_one_bg_color__hover_enabled=&#8221;off&#8221; button_one_bg_color__hover=&#8221;null&#8221; button_two_bg_color__hover_enabled=&#8221;off&#8221; button_two_bg_color__hover=&#8221;null&#8221; _i=&#8221;0&#8243; _address=&#8221;3.1.1.0&#8243;][\/et_pb_button][\/et_pb_column][\/et_pb_row][\/et_pb_section][et_pb_section fb_built=&#8221;1&#8243; custom_padding_last_edited=&#8221;on|desktop&#8221; disabled_on=&#8221;off|off|off&#8221; admin_label=&#8221;Th\u00e8me du d\u00e9bat &#8221; _builder_version=&#8221;3.24.1&#8243; background_color=&#8221;#ffffff&#8221; custom_padding=&#8221;0px|||&#8221; custom_padding_tablet=&#8221;50px|0|50px|0&#8243; transparent_background=&#8221;off&#8221; padding_mobile=&#8221;off&#8221; global_module=&#8221;17965&#8243; saved_tabs=&#8221;all&#8221; fb_built=&#8221;1&#8243; _i=&#8221;4&#8243; _address=&#8221;4&#8243;][et_pb_row _builder_version=&#8221;3.25&#8243; background_size=&#8221;initial&#8221; background_position=&#8221;top_left&#8221; background_repeat=&#8221;repeat&#8221; _i=&#8221;0&#8243; _address=&#8221;4.0&#8243;][et_pb_column type=&#8221;4_4&#8243; _builder_version=&#8221;3.25&#8243; custom_padding=&#8221;|||&#8221; custom_padding__hover=&#8221;|||&#8221; _i=&#8221;0&#8243; _address=&#8221;4.0.0&#8243;][et_pb_text admin_label=&#8221;Th\u00e8me du d\u00e9bat&#8221; _builder_version=&#8221;3.27.4&#8243; module_alignment=&#8221;left&#8221; _i=&#8221;0&#8243; _address=&#8221;4.0.0.0&#8243;]<\/p>\n<h2>Th\u00e8me du d\u00e9bat<\/h2>\n<p>[\/et_pb_text][et_pb_text _builder_version=&#8221;3.27.4&#8243; _dynamic_attributes=&#8221;content&#8221; module_alignment=&#8221;left&#8221; _i=&#8221;1&#8243; _address=&#8221;4.0.0.1&#8243;]@ET-DC@eyJkeW5hbWljIjp0cnVlLCJjb250ZW50IjoiY3VzdG9tX21ldGFfdGhlbWVfZHVfZGViYXQiLCJzZXR0aW5ncyI6eyJiZWZvcmUiOiIiLCJhZnRlciI6IiIsImVuYWJsZV9odG1sIjoib24ifX0=@[\/et_pb_text][\/et_pb_column][\/et_pb_row][\/et_pb_section]<\/p>\n","protected":false},"excerpt":{"rendered":"<p>La toute puissance d\u2019une \u0153uvre chorale qui nous invite \u00e0 penser la psychiatrie et les pratiques de l\u2019enfermement.<\/p>\n<p>Hiver 2012. Intern\u00e9e contre son gr\u00e9 dans un h\u00f4pital psychiatrique \u00e0 T\u00e9h\u00e9ran, Mitra Kadivar, psychanalyste iranienne, entame une correspondance par courriel avec Jacques-Alain Miller, fondateur de l\u2019Association Mondiale de Psychanalyse.<\/p>\n","protected":false},"author":1,"featured_media":20265,"comment_status":"closed","ping_status":"closed","template":"","meta":{"_acf_changed":false,"_et_pb_use_builder":"on","_et_pb_old_content":"","_et_gb_content_width":"","_lmt_disableupdate":"","_lmt_disable":"","_monsterinsights_skip_tracking":false,"_monsterinsights_sitenote_active":false,"_monsterinsights_sitenote_note":"","_monsterinsights_sitenote_category":0,"footnotes":"","_wp_rev_ctl_limit":""},"project_category":[84],"project_tag":[],"class_list":["post-20264","project","type-project","status-publish","has-post-thumbnail","hentry","project_category-cycle"],"acf":[],"yoast_head":"<!-- This site is optimized with the Yoast SEO plugin v25.0 - https:\/\/yoast.com\/wordpress\/plugins\/seo\/ -->\n<title>Mitra - Festival Imag\u00e9sant\u00e9<\/title>\n<meta name=\"description\" content=\"La toute puissance d\u2019une \u0153uvre chorale qui nous invite \u00e0 penser la psychiatrie et les pratiques de l\u2019enfermement.  Hiver 2012. Intern\u00e9e contre son gr\u00e9 dans un h\u00f4pital psychiatrique \u00e0 T\u00e9h\u00e9ran, Mitra Kadivar, psychanalyste iranienne, entame une correspondance par courriel avec Jacques-Alain Miller, fondateur de l\u2019Association Mondiale de Psychanalyse.\" \/>\n<meta name=\"robots\" content=\"index, follow, max-snippet:-1, max-image-preview:large, max-video-preview:-1\" \/>\n<link rel=\"canonical\" href=\"https:\/\/www.imagesante.be\/fr\/project\/mitra\/\" \/>\n<meta property=\"og:locale\" content=\"fr_FR\" \/>\n<meta property=\"og:type\" content=\"article\" \/>\n<meta property=\"og:title\" content=\"Mitra - Festival Imag\u00e9sant\u00e9\" \/>\n<meta property=\"og:description\" content=\"La toute puissance d\u2019une \u0153uvre chorale qui nous invite \u00e0 penser la psychiatrie et les pratiques de l\u2019enfermement.  Hiver 2012. Intern\u00e9e contre son gr\u00e9 dans un h\u00f4pital psychiatrique \u00e0 T\u00e9h\u00e9ran, Mitra Kadivar, psychanalyste iranienne, entame une correspondance par courriel avec Jacques-Alain Miller, fondateur de l\u2019Association Mondiale de Psychanalyse.\" \/>\n<meta property=\"og:url\" content=\"https:\/\/www.imagesante.be\/fr\/project\/mitra\/\" \/>\n<meta property=\"og:site_name\" content=\"Festival Imag\u00e9sant\u00e9\" \/>\n<meta property=\"article:modified_time\" content=\"2019-09-03T17:17:57+00:00\" \/>\n<meta property=\"og:image\" content=\"https:\/\/www.imagesante.be\/wp-content\/uploads\/2019\/09\/mitra_affiche_bleu.jpg\" \/>\n\t<meta property=\"og:image:width\" content=\"280\" \/>\n\t<meta property=\"og:image:height\" content=\"280\" \/>\n\t<meta property=\"og:image:type\" content=\"image\/jpeg\" \/>\n<meta name=\"twitter:card\" content=\"summary_large_image\" \/>\n<script type=\"application\/ld+json\" class=\"yoast-schema-graph\">{\"@context\":\"https:\/\/schema.org\",\"@graph\":[{\"@type\":\"WebPage\",\"@id\":\"https:\/\/www.imagesante.be\/fr\/project\/mitra\/\",\"url\":\"https:\/\/www.imagesante.be\/fr\/project\/mitra\/\",\"name\":\"Mitra - Festival Imag\u00e9sant\u00e9\",\"isPartOf\":{\"@id\":\"https:\/\/www.imagesante.be\/fr\/#website\"},\"primaryImageOfPage\":{\"@id\":\"https:\/\/www.imagesante.be\/fr\/project\/mitra\/#primaryimage\"},\"image\":{\"@id\":\"https:\/\/www.imagesante.be\/fr\/project\/mitra\/#primaryimage\"},\"thumbnailUrl\":\"https:\/\/www.imagesante.be\/wp-content\/uploads\/2019\/09\/mitra_affiche_bleu.jpg\",\"datePublished\":\"2019-09-03T17:17:48+00:00\",\"dateModified\":\"2019-09-03T17:17:57+00:00\",\"description\":\"La toute puissance d\u2019une \u0153uvre chorale qui nous invite \u00e0 penser la psychiatrie et les pratiques de l\u2019enfermement. Hiver 2012. Intern\u00e9e contre son gr\u00e9 dans un h\u00f4pital psychiatrique \u00e0 T\u00e9h\u00e9ran, Mitra Kadivar, psychanalyste iranienne, entame une correspondance par courriel avec Jacques-Alain Miller, fondateur de l\u2019Association Mondiale de Psychanalyse.\",\"breadcrumb\":{\"@id\":\"https:\/\/www.imagesante.be\/fr\/project\/mitra\/#breadcrumb\"},\"inLanguage\":\"fr-FR\",\"potentialAction\":[{\"@type\":\"ReadAction\",\"target\":[\"https:\/\/www.imagesante.be\/fr\/project\/mitra\/\"]}]},{\"@type\":\"ImageObject\",\"inLanguage\":\"fr-FR\",\"@id\":\"https:\/\/www.imagesante.be\/fr\/project\/mitra\/#primaryimage\",\"url\":\"https:\/\/www.imagesante.be\/wp-content\/uploads\/2019\/09\/mitra_affiche_bleu.jpg\",\"contentUrl\":\"https:\/\/www.imagesante.be\/wp-content\/uploads\/2019\/09\/mitra_affiche_bleu.jpg\",\"width\":280,\"height\":280,\"caption\":\"Mitra\"},{\"@type\":\"BreadcrumbList\",\"@id\":\"https:\/\/www.imagesante.be\/fr\/project\/mitra\/#breadcrumb\",\"itemListElement\":[{\"@type\":\"ListItem\",\"position\":1,\"name\":\"Accueil\",\"item\":\"https:\/\/www.imagesante.be\/fr\/\"},{\"@type\":\"ListItem\",\"position\":2,\"name\":\"Projets\",\"item\":\"https:\/\/www.imagesante.be\/fr\/project\/\"},{\"@type\":\"ListItem\",\"position\":3,\"name\":\"Mitra\"}]},{\"@type\":\"WebSite\",\"@id\":\"https:\/\/www.imagesante.be\/fr\/#website\",\"url\":\"https:\/\/www.imagesante.be\/fr\/\",\"name\":\"Festival Imag\u00e9sant\u00e9\",\"description\":\"\",\"publisher\":{\"@id\":\"https:\/\/www.imagesante.be\/fr\/#organization\"},\"potentialAction\":[{\"@type\":\"SearchAction\",\"target\":{\"@type\":\"EntryPoint\",\"urlTemplate\":\"https:\/\/www.imagesante.be\/fr\/?s={search_term_string}\"},\"query-input\":{\"@type\":\"PropertyValueSpecification\",\"valueRequired\":true,\"valueName\":\"search_term_string\"}}],\"inLanguage\":\"fr-FR\"},{\"@type\":\"Organization\",\"@id\":\"https:\/\/www.imagesante.be\/fr\/#organization\",\"name\":\"Imag\u00e9Sant\u00e9\",\"url\":\"https:\/\/www.imagesante.be\/fr\/\",\"logo\":{\"@type\":\"ImageObject\",\"inLanguage\":\"fr-FR\",\"@id\":\"https:\/\/www.imagesante.be\/fr\/#\/schema\/logo\/image\/\",\"url\":\"https:\/\/www.imagesante.be\/wp-content\/uploads\/2019\/06\/Festival-positif-carre.jpg\",\"contentUrl\":\"https:\/\/www.imagesante.be\/wp-content\/uploads\/2019\/06\/Festival-positif-carre.jpg\",\"width\":498,\"height\":498,\"caption\":\"Imag\u00e9Sant\u00e9\"},\"image\":{\"@id\":\"https:\/\/www.imagesante.be\/fr\/#\/schema\/logo\/image\/\"}}]}<\/script>\n<!-- \/ Yoast SEO plugin. -->","yoast_head_json":{"title":"Mitra - Festival Imag\u00e9sant\u00e9","description":"La toute puissance d\u2019une \u0153uvre chorale qui nous invite \u00e0 penser la psychiatrie et les pratiques de l\u2019enfermement.  Hiver 2012. Intern\u00e9e contre son gr\u00e9 dans un h\u00f4pital psychiatrique \u00e0 T\u00e9h\u00e9ran, Mitra Kadivar, psychanalyste iranienne, entame une correspondance par courriel avec Jacques-Alain Miller, fondateur de l\u2019Association Mondiale de Psychanalyse.","robots":{"index":"index","follow":"follow","max-snippet":"max-snippet:-1","max-image-preview":"max-image-preview:large","max-video-preview":"max-video-preview:-1"},"canonical":"https:\/\/www.imagesante.be\/fr\/project\/mitra\/","og_locale":"fr_FR","og_type":"article","og_title":"Mitra - Festival Imag\u00e9sant\u00e9","og_description":"La toute puissance d\u2019une \u0153uvre chorale qui nous invite \u00e0 penser la psychiatrie et les pratiques de l\u2019enfermement.  Hiver 2012. Intern\u00e9e contre son gr\u00e9 dans un h\u00f4pital psychiatrique \u00e0 T\u00e9h\u00e9ran, Mitra Kadivar, psychanalyste iranienne, entame une correspondance par courriel avec Jacques-Alain Miller, fondateur de l\u2019Association Mondiale de Psychanalyse.","og_url":"https:\/\/www.imagesante.be\/fr\/project\/mitra\/","og_site_name":"Festival Imag\u00e9sant\u00e9","article_modified_time":"2019-09-03T17:17:57+00:00","og_image":[{"width":280,"height":280,"url":"https:\/\/www.imagesante.be\/wp-content\/uploads\/2019\/09\/mitra_affiche_bleu.jpg","type":"image\/jpeg"}],"twitter_card":"summary_large_image","schema":{"@context":"https:\/\/schema.org","@graph":[{"@type":"WebPage","@id":"https:\/\/www.imagesante.be\/fr\/project\/mitra\/","url":"https:\/\/www.imagesante.be\/fr\/project\/mitra\/","name":"Mitra - Festival Imag\u00e9sant\u00e9","isPartOf":{"@id":"https:\/\/www.imagesante.be\/fr\/#website"},"primaryImageOfPage":{"@id":"https:\/\/www.imagesante.be\/fr\/project\/mitra\/#primaryimage"},"image":{"@id":"https:\/\/www.imagesante.be\/fr\/project\/mitra\/#primaryimage"},"thumbnailUrl":"https:\/\/www.imagesante.be\/wp-content\/uploads\/2019\/09\/mitra_affiche_bleu.jpg","datePublished":"2019-09-03T17:17:48+00:00","dateModified":"2019-09-03T17:17:57+00:00","description":"La toute puissance d\u2019une \u0153uvre chorale qui nous invite \u00e0 penser la psychiatrie et les pratiques de l\u2019enfermement. Hiver 2012. Intern\u00e9e contre son gr\u00e9 dans un h\u00f4pital psychiatrique \u00e0 T\u00e9h\u00e9ran, Mitra Kadivar, psychanalyste iranienne, entame une correspondance par courriel avec Jacques-Alain Miller, fondateur de l\u2019Association Mondiale de Psychanalyse.","breadcrumb":{"@id":"https:\/\/www.imagesante.be\/fr\/project\/mitra\/#breadcrumb"},"inLanguage":"fr-FR","potentialAction":[{"@type":"ReadAction","target":["https:\/\/www.imagesante.be\/fr\/project\/mitra\/"]}]},{"@type":"ImageObject","inLanguage":"fr-FR","@id":"https:\/\/www.imagesante.be\/fr\/project\/mitra\/#primaryimage","url":"https:\/\/www.imagesante.be\/wp-content\/uploads\/2019\/09\/mitra_affiche_bleu.jpg","contentUrl":"https:\/\/www.imagesante.be\/wp-content\/uploads\/2019\/09\/mitra_affiche_bleu.jpg","width":280,"height":280,"caption":"Mitra"},{"@type":"BreadcrumbList","@id":"https:\/\/www.imagesante.be\/fr\/project\/mitra\/#breadcrumb","itemListElement":[{"@type":"ListItem","position":1,"name":"Accueil","item":"https:\/\/www.imagesante.be\/fr\/"},{"@type":"ListItem","position":2,"name":"Projets","item":"https:\/\/www.imagesante.be\/fr\/project\/"},{"@type":"ListItem","position":3,"name":"Mitra"}]},{"@type":"WebSite","@id":"https:\/\/www.imagesante.be\/fr\/#website","url":"https:\/\/www.imagesante.be\/fr\/","name":"Festival Imag\u00e9sant\u00e9","description":"","publisher":{"@id":"https:\/\/www.imagesante.be\/fr\/#organization"},"potentialAction":[{"@type":"SearchAction","target":{"@type":"EntryPoint","urlTemplate":"https:\/\/www.imagesante.be\/fr\/?s={search_term_string}"},"query-input":{"@type":"PropertyValueSpecification","valueRequired":true,"valueName":"search_term_string"}}],"inLanguage":"fr-FR"},{"@type":"Organization","@id":"https:\/\/www.imagesante.be\/fr\/#organization","name":"Imag\u00e9Sant\u00e9","url":"https:\/\/www.imagesante.be\/fr\/","logo":{"@type":"ImageObject","inLanguage":"fr-FR","@id":"https:\/\/www.imagesante.be\/fr\/#\/schema\/logo\/image\/","url":"https:\/\/www.imagesante.be\/wp-content\/uploads\/2019\/06\/Festival-positif-carre.jpg","contentUrl":"https:\/\/www.imagesante.be\/wp-content\/uploads\/2019\/06\/Festival-positif-carre.jpg","width":498,"height":498,"caption":"Imag\u00e9Sant\u00e9"},"image":{"@id":"https:\/\/www.imagesante.be\/fr\/#\/schema\/logo\/image\/"}}]}},"_links":{"self":[{"href":"https:\/\/www.imagesante.be\/fr\/wp-json\/wp\/v2\/project\/20264","targetHints":{"allow":["GET"]}}],"collection":[{"href":"https:\/\/www.imagesante.be\/fr\/wp-json\/wp\/v2\/project"}],"about":[{"href":"https:\/\/www.imagesante.be\/fr\/wp-json\/wp\/v2\/types\/project"}],"author":[{"embeddable":true,"href":"https:\/\/www.imagesante.be\/fr\/wp-json\/wp\/v2\/users\/1"}],"replies":[{"embeddable":true,"href":"https:\/\/www.imagesante.be\/fr\/wp-json\/wp\/v2\/comments?post=20264"}],"version-history":[{"count":0,"href":"https:\/\/www.imagesante.be\/fr\/wp-json\/wp\/v2\/project\/20264\/revisions"}],"wp:featuredmedia":[{"embeddable":true,"href":"https:\/\/www.imagesante.be\/fr\/wp-json\/wp\/v2\/media\/20265"}],"wp:attachment":[{"href":"https:\/\/www.imagesante.be\/fr\/wp-json\/wp\/v2\/media?parent=20264"}],"wp:term":[{"taxonomy":"project_category","embeddable":true,"href":"https:\/\/www.imagesante.be\/fr\/wp-json\/wp\/v2\/project_category?post=20264"},{"taxonomy":"project_tag","embeddable":true,"href":"https:\/\/www.imagesante.be\/fr\/wp-json\/wp\/v2\/project_tag?post=20264"}],"curies":[{"name":"wp","href":"https:\/\/api.w.org\/{rel}","templated":true}]}}