{"id":40524,"date":"2026-02-02T12:12:10","date_gmt":"2026-02-02T11:12:10","guid":{"rendered":"https:\/\/www.imagesante.be\/?page_id=40524"},"modified":"2026-02-02T13:09:02","modified_gmt":"2026-02-02T12:09:02","slug":"imagesante-2025","status":"publish","type":"page","link":"https:\/\/www.imagesante.be\/fr\/imagesante-2025\/","title":{"rendered":"Imag\u00e9sant\u00e9 2025"},"content":{"rendered":"<p>[et_pb_section fb_built=&#8221;1&#8243; fullwidth=&#8221;on&#8221; admin_label=&#8221;Section titre normal&#8221; module_class=&#8221;banniere_titre&#8221; _builder_version=&#8221;4.27.4&#8243; _dynamic_attributes=&#8221;background_image&#8221; background_image=&#8221;@ET-DC@eyJkeW5hbWljIjp0cnVlLCJjb250ZW50IjoiY3VzdG9tX21ldGFfYmFubmllcmUiLCJzZXR0aW5ncyI6eyJiZWZvcmUiOiIiLCJhZnRlciI6IiIsImVuYWJsZV9odG1sIjoib2ZmIn19@&#8221; width=&#8221;100%&#8221; max_width=&#8221;100%&#8221; min_height=&#8221;33px&#8221; height=&#8221;587px&#8221; max_height=&#8221;358px&#8221; custom_margin=&#8221;0px||-20px||false|false&#8221; custom_padding=&#8221;270px||0px||false|false&#8221; global_module=&#8221;4454&#8243; saved_tabs=&#8221;all&#8221; locked=&#8221;off&#8221; collapsed=&#8221;off&#8221; global_colors_info=&#8221;{}&#8221;][et_pb_fullwidth_post_title meta=&#8221;off&#8221; featured_image=&#8221;off&#8221; admin_label=&#8221;Titre du poste en pleine largeur&#8221; module_class=&#8221;page_title&#8221; _builder_version=&#8221;4.27.4&#8243; title_font=&#8221;|700||on|||||&#8221; title_text_align=&#8221;center&#8221; title_text_color=&#8221;#ffffff&#8221; title_font_size=&#8221;35px&#8221; title_letter_spacing=&#8221;5px&#8221; background_color=&#8221;#b09458&#8243; max_width=&#8221;100%&#8221; min_height=&#8221;100px&#8221; height=&#8221;100px&#8221; max_height=&#8221;100px&#8221; custom_margin=&#8221;0px||||false|false&#8221; custom_padding=&#8221;5px||0px||false|false&#8221; title_font_size_tablet=&#8221;&#8221; title_font_size_phone=&#8221;31px&#8221; title_font_size_last_edited=&#8221;on|phone&#8221; custom_css_post_title=&#8221;min-height: 4vw;||display: flex;||align-items: center;||justify-content: center;&#8221; locked=&#8221;off&#8221; global_colors_info=&#8221;{}&#8221;][\/et_pb_fullwidth_post_title][\/et_pb_section][et_pb_section fb_built=&#8221;1&#8243; admin_label=&#8221;Palmar\u00e8s&#8221; _builder_version=&#8221;4.16&#8243; global_colors_info=&#8221;{}&#8221;][et_pb_row admin_label=&#8221;row&#8221; _builder_version=&#8221;4.16&#8243; background_size=&#8221;initial&#8221; background_position=&#8221;top_left&#8221; background_repeat=&#8221;repeat&#8221; global_colors_info=&#8221;{}&#8221;][et_pb_column type=&#8221;4_4&#8243; _builder_version=&#8221;4.16&#8243; custom_padding=&#8221;|||&#8221; global_colors_info=&#8221;{}&#8221; custom_padding__hover=&#8221;|||&#8221;][et_pb_text admin_label=&#8221;Palmar\u00e8s&#8221; _builder_version=&#8221;4.16&#8243; background_size=&#8221;initial&#8221; background_position=&#8221;top_left&#8221; background_repeat=&#8221;repeat&#8221; use_border_color=&#8221;off&#8221; border_color=&#8221;#ffffff&#8221; border_style=&#8221;solid&#8221; global_colors_info=&#8221;{}&#8221;]<\/p>\n<h2>Palmar\u00e8s<\/h2>\n<p>[\/et_pb_text][\/et_pb_column][\/et_pb_row][et_pb_row _builder_version=&#8221;4.16&#8243; _module_preset=&#8221;default&#8221; global_colors_info=&#8221;{}&#8221;][et_pb_column type=&#8221;4_4&#8243; _builder_version=&#8221;4.16&#8243; _module_preset=&#8221;default&#8221; global_colors_info=&#8221;{}&#8221;][et_pb_code _builder_version=&#8221;4.27.5&#8243; _module_preset=&#8221;default&#8221; locked=&#8221;off&#8221; global_colors_info=&#8221;{}&#8221;]<!-- Gridbuilder \u1d42\u1d3e Plugin (https:\/\/wpgridbuilder.com) -->\n<div class=\"wp-grid-builder wpgb-grid-62\" data-options=\"{&quot;id&quot;:62,&quot;type&quot;:&quot;masonry&quot;,&quot;source&quot;:&quot;post_type&quot;,&quot;loader&quot;:false,&quot;layout&quot;:&quot;vertical&quot;,&quot;reveal&quot;:0,&quot;isMainQuery&quot;:0,&quot;lazyLoad&quot;:false,&quot;cardSizes&quot;:{&quot;9999&quot;:{&quot;columns&quot;:4,&quot;height&quot;:240,&quot;gutter&quot;:20,&quot;ratio&quot;:&quot;1.33333&quot;},&quot;1200&quot;:{&quot;columns&quot;:4,&quot;height&quot;:240,&quot;gutter&quot;:20,&quot;ratio&quot;:&quot;1.33333&quot;},&quot;992&quot;:{&quot;columns&quot;:2,&quot;height&quot;:220,&quot;gutter&quot;:20,&quot;ratio&quot;:&quot;1.33333&quot;},&quot;768&quot;:{&quot;columns&quot;:1,&quot;height&quot;:220,&quot;gutter&quot;:0,&quot;ratio&quot;:&quot;1.33333&quot;},&quot;576&quot;:{&quot;columns&quot;:1,&quot;height&quot;:200,&quot;gutter&quot;:0,&quot;ratio&quot;:&quot;1.33333&quot;},&quot;320&quot;:{&quot;columns&quot;:1,&quot;height&quot;:200,&quot;gutter&quot;:0,&quot;ratio&quot;:&quot;1.33333&quot;}},&quot;fitRows&quot;:true,&quot;equalRows&quot;:0,&quot;equalColumns&quot;:true,&quot;fillLastRow&quot;:0,&quot;centerLastRow&quot;:0,&quot;horizontalOrder&quot;:true,&quot;fullWidth&quot;:false,&quot;transitionDelay&quot;:100,&quot;gallerySlideshow&quot;:false,&quot;rowsNumber&quot;:1,&quot;slideAlign&quot;:&quot;left&quot;,&quot;groupCells&quot;:1,&quot;draggable&quot;:true,&quot;initialIndex&quot;:0,&quot;contain&quot;:false,&quot;freeScroll&quot;:false,&quot;freeFriction&quot;:&quot;0.075&quot;,&quot;friction&quot;:&quot;0.285&quot;,&quot;attraction&quot;:&quot;0.025&quot;,&quot;autoPlay&quot;:0,&quot;pageDotAriaLabel&quot;:&quot;Point de page %d&quot;,&quot;isPreview&quot;:false,&quot;isGutenberg&quot;:false,&quot;rightToLeft&quot;:false}\"><div class=\"wpgb-svg-icons\" hidden>\n\t<svg viewBox=\"0 0 120 24\" width=\"0\" height=\"0\">\n\t<defs>\n        <polygon id=\"wpgb-star-svg\" points=\"12 2.5 15.1 8.8 22 9.8 17 14.6 18.2 21.5 12 18.3 5.8 21.5 7 14.6 2 9.8 8.9 8.8\"><\/polygon>\n    <\/defs>\n    <symbol id=\"wpgb-rating-stars-svg\">\n        <use xlink:href=\"#wpgb-star-svg\"><\/use>\n        <use xlink:href=\"#wpgb-star-svg\" x=\"24\"><\/use>\n        <use xlink:href=\"#wpgb-star-svg\" x=\"48\"><\/use>\n        <use xlink:href=\"#wpgb-star-svg\" x=\"72\"><\/use>\n        <use xlink:href=\"#wpgb-star-svg\" x=\"96\"><\/use>\n    <\/symbol>\n<\/svg>\n<\/div>\n<div class=\"wpgb-wrapper\">\n\t<div class=\"wpgb-main\">\n\t<div class=\"wpgb-layout\">\n\t<div class=\"wpgb-viewport\">\n\t\t<div class=\"wpgb-masonry\">\n\t\t\t<article class=\"wpgb-card wpgb-card-16 wpgb-post-37438\" data-col=\"1\" data-row=\"1\" data-format=\"standard\"><div class=\"wpgb-card-wrapper\"><div class=\"wpgb-card-inner\"><div class=\"wpgb-card-media wpgb-scheme-light\" data-action><svg data-ratio style=\"padding-top:155.76%\" viewBox=\"0 0 321 500\" aria-hidden=\"true\"><\/svg><div class=\"wpgb-card-media-thumbnail\"><a href=\"https:\/\/www.imagesante.be\/wp-content\/uploads\/2025\/02\/2.jpg\" tabindex=\"-1\" class=\"wpgb-handle-lb wpgb-lightbox\" data-type=\"image\" data-rel=\"62\" data-title=\"2\" title=\"Agrandir la photo\"><div style=\"background-image:url(https:\/\/www.imagesante.be\/wp-content\/uploads\/2025\/02\/2-321x500.jpg)\"><\/div><noscript><img decoding=\"async\" class=\"wpgb-noscript-img\" src=\"https:\/\/www.imagesante.be\/wp-content\/uploads\/2025\/02\/2-321x500.jpg\" alt=\"\" height=\"500\" width=\"321\"><\/noscript><\/a><\/div><div class=\"wpgb-card-media-overlay\" data-action><a class=\"wpgb-card-layer-link\" href=\"https:\/\/www.imagesante.be\/fr\/film\/on-the-edge\/\"><\/a><\/div><div class=\"wpgb-card-media-content\"><div class=\"wpgb-card-media-content-center\"><div class=\"wpgb-block-1\">H\u00f4pital, sant\u00e9 mentale, travail m\u00e9decine, effondrement du syst\u00e8me public<\/div><\/div><\/div><a class=\"wpgb-card-layer-link\" href=\"https:\/\/www.imagesante.be\/fr\/film\/on-the-edge\/\"><\/a><\/div><div class=\"wpgb-card-content wpgb-scheme-dark\"><div class=\"wpgb-card-body\"><h4 class=\"wpgb-block-3\"><a target=\"_self\" href=\"https:\/\/www.imagesante.be\/fr\/film\/on-the-edge\/\">On the Edge<\/a><\/h4><div class=\"wpgb-block-2\">Prix sp\u00e9cial \"Comp\u00e9tition Officielle\"<\/div><\/div><\/div><\/div><\/div><\/article><article class=\"wpgb-card wpgb-card-16 wpgb-post-37467\" data-col=\"1\" data-row=\"1\" data-format=\"standard\"><div class=\"wpgb-card-wrapper\"><div class=\"wpgb-card-inner\"><div class=\"wpgb-card-media wpgb-scheme-light\" data-action><svg data-ratio style=\"padding-top:155.76%\" viewBox=\"0 0 321 500\" aria-hidden=\"true\"><\/svg><div class=\"wpgb-card-media-thumbnail\"><a href=\"https:\/\/www.imagesante.be\/wp-content\/uploads\/2025\/02\/1.jpg\" tabindex=\"-1\" class=\"wpgb-handle-lb wpgb-lightbox\" data-type=\"image\" data-rel=\"62\" data-title=\"1\" title=\"Agrandir la photo\"><div style=\"background-image:url(https:\/\/www.imagesante.be\/wp-content\/uploads\/2025\/02\/1-321x500.jpg)\"><\/div><noscript><img decoding=\"async\" class=\"wpgb-noscript-img\" src=\"https:\/\/www.imagesante.be\/wp-content\/uploads\/2025\/02\/1-321x500.jpg\" alt=\"\" height=\"500\" width=\"321\"><\/noscript><\/a><\/div><div class=\"wpgb-card-media-overlay\" data-action><a class=\"wpgb-card-layer-link\" href=\"https:\/\/www.imagesante.be\/fr\/film\/the-eternal-memory\/\"><\/a><\/div><div class=\"wpgb-card-media-content\"><div class=\"wpgb-card-media-content-center\"><div class=\"wpgb-block-1\">Alzheimer, fin de vie, conflit guerre civile, travail de m\u00e9moire<\/div><\/div><\/div><a class=\"wpgb-card-layer-link\" href=\"https:\/\/www.imagesante.be\/fr\/film\/the-eternal-memory\/\"><\/a><\/div><div class=\"wpgb-card-content wpgb-scheme-dark\"><div class=\"wpgb-card-body\"><h4 class=\"wpgb-block-3\"><a target=\"_self\" href=\"https:\/\/www.imagesante.be\/fr\/film\/the-eternal-memory\/\">The Eternal Memory<\/a><\/h4><div class=\"wpgb-block-2\">1er prix \"Comp\u00e9tition Sant\u00e9 Mentale Positive\" &amp; 1er prix \"Comp\u00e9tition Officielle\"<\/div><\/div><\/div><\/div><\/div><\/article><article class=\"wpgb-card wpgb-card-16 wpgb-post-37498\" data-col=\"1\" data-row=\"1\" data-format=\"standard\"><div class=\"wpgb-card-wrapper\"><div class=\"wpgb-card-inner\"><div class=\"wpgb-card-media wpgb-scheme-light\" data-action><svg data-ratio style=\"padding-top:155.76%\" viewBox=\"0 0 321 500\" aria-hidden=\"true\"><\/svg><div class=\"wpgb-card-media-thumbnail\"><a href=\"https:\/\/www.imagesante.be\/wp-content\/uploads\/2025\/02\/3-1.jpg\" tabindex=\"-1\" class=\"wpgb-handle-lb wpgb-lightbox\" data-type=\"image\" data-rel=\"62\" data-title=\"3\" title=\"Agrandir la photo\"><div style=\"background-image:url(https:\/\/www.imagesante.be\/wp-content\/uploads\/2025\/02\/3-1-321x500.jpg)\"><\/div><noscript><img decoding=\"async\" class=\"wpgb-noscript-img\" src=\"https:\/\/www.imagesante.be\/wp-content\/uploads\/2025\/02\/3-1-321x500.jpg\" alt=\"\" height=\"500\" width=\"321\"><\/noscript><\/a><\/div><div class=\"wpgb-card-media-overlay\" data-action><a class=\"wpgb-card-layer-link\" href=\"https:\/\/www.imagesante.be\/fr\/film\/les-oublies-de-la-belle-etoile\/\"><\/a><\/div><div class=\"wpgb-card-media-content\"><div class=\"wpgb-card-media-content-center\"><div class=\"wpgb-block-1\">Entraide, #metoo masculin<\/div><\/div><\/div><a class=\"wpgb-card-layer-link\" href=\"https:\/\/www.imagesante.be\/fr\/film\/les-oublies-de-la-belle-etoile\/\"><\/a><\/div><div class=\"wpgb-card-content wpgb-scheme-dark\"><div class=\"wpgb-card-body\"><h4 class=\"wpgb-block-3\"><a target=\"_self\" href=\"https:\/\/www.imagesante.be\/fr\/film\/les-oublies-de-la-belle-etoile\/\">Les Oubli\u00e9s de la Belle Etoile<\/a><\/h4><div class=\"wpgb-block-2\">1er prix \"Comp\u00e9tition Lever les Tabous\"<\/div><\/div><\/div><\/div><\/div><\/article><article class=\"wpgb-card wpgb-card-16 wpgb-post-37372\" data-col=\"1\" data-row=\"1\" data-format=\"standard\"><div class=\"wpgb-card-wrapper\"><div class=\"wpgb-card-inner\"><div class=\"wpgb-card-media wpgb-scheme-light\" data-action><svg data-ratio style=\"padding-top:155.76%\" viewBox=\"0 0 321 500\" aria-hidden=\"true\"><\/svg><div class=\"wpgb-card-media-thumbnail\"><a href=\"https:\/\/www.imagesante.be\/wp-content\/uploads\/2025\/02\/5.jpg\" tabindex=\"-1\" class=\"wpgb-handle-lb wpgb-lightbox\" data-type=\"image\" data-rel=\"62\" data-title=\"5\" title=\"Agrandir la photo\"><div style=\"background-image:url(https:\/\/www.imagesante.be\/wp-content\/uploads\/2025\/02\/5-321x500.jpg)\"><\/div><noscript><img decoding=\"async\" class=\"wpgb-noscript-img\" src=\"https:\/\/www.imagesante.be\/wp-content\/uploads\/2025\/02\/5-321x500.jpg\" alt=\"\" height=\"500\" width=\"321\"><\/noscript><\/a><\/div><div class=\"wpgb-card-media-overlay\" data-action><a class=\"wpgb-card-layer-link\" href=\"https:\/\/www.imagesante.be\/fr\/film\/628-years-of-potatoes\/\"><\/a><\/div><div class=\"wpgb-card-media-content\"><div class=\"wpgb-card-media-content-center\"><div class=\"wpgb-block-1\">Citoyennet\u00e9, entraide<\/div><\/div><\/div><a class=\"wpgb-card-layer-link\" href=\"https:\/\/www.imagesante.be\/fr\/film\/628-years-of-potatoes\/\"><\/a><\/div><div class=\"wpgb-card-content wpgb-scheme-dark\"><div class=\"wpgb-card-body\"><h4 class=\"wpgb-block-3\"><a target=\"_self\" href=\"https:\/\/www.imagesante.be\/fr\/film\/628-years-of-potatoes\/\">628 Years of Potatoes<\/a><\/h4><div class=\"wpgb-block-2\">1er prix \"Comp\u00e9tition Environnement et Sant\u00e9\"<\/div><\/div><\/div><\/div><\/div><\/article><article class=\"wpgb-card wpgb-card-16 wpgb-post-37500\" data-col=\"1\" data-row=\"1\" data-format=\"standard\"><div class=\"wpgb-card-wrapper\"><div class=\"wpgb-card-inner\"><div class=\"wpgb-card-media wpgb-scheme-light\" data-action><svg data-ratio style=\"padding-top:155.76%\" viewBox=\"0 0 321 500\" aria-hidden=\"true\"><\/svg><div class=\"wpgb-card-media-thumbnail\"><a href=\"https:\/\/www.imagesante.be\/wp-content\/uploads\/2025\/02\/4.jpg\" tabindex=\"-1\" class=\"wpgb-handle-lb wpgb-lightbox\" data-type=\"image\" data-rel=\"62\" data-title=\"4\" title=\"Agrandir la photo\"><div style=\"background-image:url(https:\/\/www.imagesante.be\/wp-content\/uploads\/2025\/02\/4-321x500.jpg)\"><\/div><noscript><img decoding=\"async\" class=\"wpgb-noscript-img\" src=\"https:\/\/www.imagesante.be\/wp-content\/uploads\/2025\/02\/4-321x500.jpg\" alt=\"\" height=\"500\" width=\"321\"><\/noscript><\/a><\/div><div class=\"wpgb-card-media-overlay\" data-action><a class=\"wpgb-card-layer-link\" href=\"https:\/\/www.imagesante.be\/fr\/film\/zaad\/\"><\/a><\/div><div class=\"wpgb-card-media-content\"><div class=\"wpgb-card-media-content-center\"><div class=\"wpgb-block-1\">Sant\u00e9 mentale <\/div><\/div><\/div><a class=\"wpgb-card-layer-link\" href=\"https:\/\/www.imagesante.be\/fr\/film\/zaad\/\"><\/a><\/div><div class=\"wpgb-card-content wpgb-scheme-dark\"><div class=\"wpgb-card-body\"><h4 class=\"wpgb-block-3\"><a target=\"_self\" href=\"https:\/\/www.imagesante.be\/fr\/film\/zaad\/\">ZAAD<\/a><\/h4><div class=\"wpgb-block-2\">1er prix \"Comp\u00e9tition Soulever des Montagnes\"<\/div><\/div><\/div><\/div><\/div><\/article><article class=\"wpgb-card wpgb-card-16 wpgb-post-37511\" data-col=\"1\" data-row=\"1\" data-format=\"standard\"><div class=\"wpgb-card-wrapper\"><div class=\"wpgb-card-inner\"><div class=\"wpgb-card-media wpgb-scheme-light\" data-action><svg data-ratio style=\"padding-top:155.76%\" viewBox=\"0 0 321 500\" aria-hidden=\"true\"><\/svg><div class=\"wpgb-card-media-thumbnail\"><a href=\"https:\/\/www.imagesante.be\/wp-content\/uploads\/2025\/02\/6.jpg\" tabindex=\"-1\" class=\"wpgb-handle-lb wpgb-lightbox\" data-type=\"image\" data-rel=\"62\" data-title=\"6\" title=\"Agrandir la photo\"><div style=\"background-image:url(https:\/\/www.imagesante.be\/wp-content\/uploads\/2025\/02\/6-321x500.jpg)\"><\/div><noscript><img decoding=\"async\" class=\"wpgb-noscript-img\" src=\"https:\/\/www.imagesante.be\/wp-content\/uploads\/2025\/02\/6-321x500.jpg\" alt=\"\" height=\"500\" width=\"321\"><\/noscript><\/a><\/div><div class=\"wpgb-card-media-overlay\" data-action><a class=\"wpgb-card-layer-link\" href=\"https:\/\/www.imagesante.be\/fr\/film\/prete-moi-ton-docteur\/\"><\/a><\/div><div class=\"wpgb-card-media-content\"><div class=\"wpgb-card-media-content-center\"><div class=\"wpgb-block-1\">Entraide citoyen<\/div><\/div><\/div><a class=\"wpgb-card-layer-link\" href=\"https:\/\/www.imagesante.be\/fr\/film\/prete-moi-ton-docteur\/\"><\/a><\/div><div class=\"wpgb-card-content wpgb-scheme-dark\"><div class=\"wpgb-card-body\"><h4 class=\"wpgb-block-3\"><a target=\"_self\" href=\"https:\/\/www.imagesante.be\/fr\/film\/prete-moi-ton-docteur\/\">Pr\u00eate-moi ton docteur<\/a><\/h4><div class=\"wpgb-block-2\">1er prix \"Comp\u00e9tition Engagement Citoyen et Sant\u00e9\"<\/div><\/div><\/div><\/div><\/div><\/article>\t\t<\/div>\n\t<\/div>\n\t<\/div>\n\t<\/div>\n\t\t<\/div>\n<\/div>\n[\/et_pb_code][\/et_pb_column][\/et_pb_row][et_pb_row admin_label=&#8221;row&#8221; _builder_version=&#8221;4.16&#8243; background_size=&#8221;initial&#8221; background_position=&#8221;top_left&#8221; background_repeat=&#8221;repeat&#8221; global_colors_info=&#8221;{}&#8221;][et_pb_column type=&#8221;4_4&#8243; _builder_version=&#8221;4.16&#8243; custom_padding=&#8221;|||&#8221; global_colors_info=&#8221;{}&#8221; custom_padding__hover=&#8221;|||&#8221;][et_pb_text admin_label=&#8221;Comp\u00e9tition Internationale&#8221; _builder_version=&#8221;4.19.5&#8243; background_size=&#8221;initial&#8221; background_position=&#8221;top_left&#8221; background_repeat=&#8221;repeat&#8221; use_border_color=&#8221;off&#8221; border_color=&#8221;#ffffff&#8221; border_style=&#8221;solid&#8221; global_colors_info=&#8221;{}&#8221;]<\/p>\n<h2>Comp\u00e9tition officielle<\/h2>\n<p>[\/et_pb_text][et_pb_text _builder_version=&#8221;4.27.4&#8243; _module_preset=&#8221;default&#8221; global_colors_info=&#8221;{}&#8221;]<\/p>\n<p><span style=\"font-weight: 400;\">La Comp\u00e9tition Officielle de cette ann\u00e9e pr\u00e9sente 10 films, 10 histoires, 10 exp\u00e9riences personnelles, tout un monde autour de th\u00e8mes de sant\u00e9 passionnants et vari\u00e9s.<\/span><\/p>\n<!-- Gridbuilder \u1d42\u1d3e Plugin (https:\/\/wpgridbuilder.com) -->\n<div class=\"wp-grid-builder wpgb-grid-47\" data-options=\"{&quot;id&quot;:47,&quot;type&quot;:&quot;masonry&quot;,&quot;source&quot;:&quot;post_type&quot;,&quot;loader&quot;:false,&quot;layout&quot;:&quot;vertical&quot;,&quot;reveal&quot;:0,&quot;isMainQuery&quot;:0,&quot;lazyLoad&quot;:false,&quot;cardSizes&quot;:{&quot;9999&quot;:{&quot;columns&quot;:4,&quot;height&quot;:240,&quot;gutter&quot;:18,&quot;ratio&quot;:&quot;1.33333&quot;},&quot;1200&quot;:{&quot;columns&quot;:4,&quot;height&quot;:240,&quot;gutter&quot;:18,&quot;ratio&quot;:&quot;1.33333&quot;},&quot;992&quot;:{&quot;columns&quot;:4,&quot;height&quot;:220,&quot;gutter&quot;:18,&quot;ratio&quot;:&quot;1.33333&quot;},&quot;768&quot;:{&quot;columns&quot;:3,&quot;height&quot;:220,&quot;gutter&quot;:18,&quot;ratio&quot;:&quot;1.33333&quot;},&quot;576&quot;:{&quot;columns&quot;:2,&quot;height&quot;:200,&quot;gutter&quot;:18,&quot;ratio&quot;:&quot;1.33333&quot;},&quot;320&quot;:{&quot;columns&quot;:1,&quot;height&quot;:200,&quot;gutter&quot;:18,&quot;ratio&quot;:&quot;1.33333&quot;}},&quot;fitRows&quot;:false,&quot;equalRows&quot;:0,&quot;equalColumns&quot;:true,&quot;fillLastRow&quot;:0,&quot;centerLastRow&quot;:0,&quot;horizontalOrder&quot;:true,&quot;fullWidth&quot;:false,&quot;transitionDelay&quot;:100,&quot;gallerySlideshow&quot;:false,&quot;rowsNumber&quot;:1,&quot;slideAlign&quot;:&quot;left&quot;,&quot;groupCells&quot;:1,&quot;draggable&quot;:true,&quot;initialIndex&quot;:0,&quot;contain&quot;:false,&quot;freeScroll&quot;:false,&quot;freeFriction&quot;:&quot;0.075&quot;,&quot;friction&quot;:&quot;0.285&quot;,&quot;attraction&quot;:&quot;0.025&quot;,&quot;autoPlay&quot;:0,&quot;pageDotAriaLabel&quot;:&quot;Point de page %d&quot;,&quot;isPreview&quot;:false,&quot;isGutenberg&quot;:false,&quot;rightToLeft&quot;:false}\"><div class=\"wpgb-wrapper\">\n\t<div class=\"wpgb-main\">\n\t<div class=\"wpgb-layout\">\n\t<div class=\"wpgb-viewport\">\n\t\t<div class=\"wpgb-masonry\">\n\t\t\t<article class=\"wpgb-card wpgb-card-9 wpgb-post-33654\" data-col=\"1\" data-row=\"1\" data-format=\"standard\"><div class=\"wpgb-card-wrapper\"><div class=\"wpgb-card-inner\" data-action><div class=\"wpgb-card-media wpgb-scheme-light\"><svg data-ratio style=\"padding-top:100%\" viewBox=\"0 0 1 1\" aria-hidden=\"true\"><\/svg><div class=\"wpgb-card-media-thumbnail\"><a href=\"https:\/\/www.imagesante.be\/wp-content\/uploads\/2023\/02\/Eric-Chaudier.jpg\" tabindex=\"-1\" class=\"wpgb-handle-lb wpgb-lightbox\" data-type=\"image\" data-rel=\"47\" data-title=\"Eric Chaudier\" title=\"Agrandir la photo\"><div style=\"background-image:url(https:\/\/www.imagesante.be\/wp-content\/uploads\/2023\/02\/Eric-Chaudier-400x400.jpg)\"><\/div><noscript><img decoding=\"async\" class=\"wpgb-noscript-img\" src=\"https:\/\/www.imagesante.be\/wp-content\/uploads\/2023\/02\/Eric-Chaudier-400x400.jpg\" alt=\"\" height=\"400\" width=\"400\"><\/noscript><\/a><\/div><div class=\"wpgb-card-media-overlay\"><\/div><\/div><div class=\"wpgb-card-content wpgb-scheme-dark\"><div class=\"wpgb-card-body\"><h4 class=\"wpgb-block-3\">Fr\u00e9d\u00e9ric Chaudier<\/h4><div class=\"wpgb-block-4\">Auteur \u2013 R\u00e9alisateur \u2013 Producteur<\/div><div class=\"wpgb-block-1\">Pr\u00e9sident du Jury<\/div><\/div><\/div><a class=\"wpgb-card-layer-link\" href=\"https:\/\/www.imagesante.be\/fr\/personnalite\/frederic-chaudier\/\"><\/a><\/div><\/div><\/article><article class=\"wpgb-card wpgb-card-9 wpgb-post-39659\" data-col=\"1\" data-row=\"1\" data-format=\"standard\"><div class=\"wpgb-card-wrapper\"><div class=\"wpgb-card-inner\" data-action><div class=\"wpgb-card-media wpgb-scheme-light\"><svg data-ratio style=\"padding-top:100%\" viewBox=\"0 0 1 1\" aria-hidden=\"true\"><\/svg><div class=\"wpgb-card-media-thumbnail\"><a href=\"https:\/\/www.imagesante.be\/wp-content\/uploads\/2025\/03\/FannyPLUYMERS-e1741267047347.jpg\" tabindex=\"-1\" class=\"wpgb-handle-lb wpgb-lightbox\" data-type=\"image\" data-rel=\"47\" data-title=\"FannyPLUYMERS\" title=\"Agrandir la photo\"><div style=\"background-image:url(https:\/\/www.imagesante.be\/wp-content\/uploads\/2025\/03\/FannyPLUYMERS-e1741267047347-400x400.jpg)\"><\/div><noscript><img decoding=\"async\" class=\"wpgb-noscript-img\" src=\"https:\/\/www.imagesante.be\/wp-content\/uploads\/2025\/03\/FannyPLUYMERS-e1741267047347-400x400.jpg\" alt=\"\" height=\"400\" width=\"400\"><\/noscript><\/a><\/div><div class=\"wpgb-card-media-overlay\"><\/div><\/div><div class=\"wpgb-card-content wpgb-scheme-dark\"><div class=\"wpgb-card-body\"><h4 class=\"wpgb-block-3\">Fanny Pluymers<\/h4><div class=\"wpgb-block-4\">Responsable du laboratoire audiovisuel en cin\u00e9ma de l\u2019Universit\u00e9 de Li\u00e8ge<\/div><\/div><\/div><a class=\"wpgb-card-layer-link\" href=\"https:\/\/www.imagesante.be\/fr\/personnalite\/fanny-pluymers\/\"><\/a><\/div><\/div><\/article><article class=\"wpgb-card wpgb-card-9 wpgb-post-39379\" data-col=\"1\" data-row=\"1\" data-format=\"standard\"><div class=\"wpgb-card-wrapper\"><div class=\"wpgb-card-inner\" data-action><div class=\"wpgb-card-media wpgb-scheme-light\"><svg data-ratio style=\"padding-top:100%\" viewBox=\"0 0 1 1\" aria-hidden=\"true\"><\/svg><div class=\"wpgb-card-media-thumbnail\"><a href=\"https:\/\/www.imagesante.be\/wp-content\/uploads\/2025\/02\/Francois-Damas.jpg\" tabindex=\"-1\" class=\"wpgb-handle-lb wpgb-lightbox\" data-type=\"image\" data-rel=\"47\" data-title=\"Fran\u00e7ois Damas\" title=\"Agrandir la photo\"><div style=\"background-image:url(https:\/\/www.imagesante.be\/wp-content\/uploads\/2025\/02\/Francois-Damas-400x400.jpg)\"><\/div><noscript><img decoding=\"async\" class=\"wpgb-noscript-img\" src=\"https:\/\/www.imagesante.be\/wp-content\/uploads\/2025\/02\/Francois-Damas-400x400.jpg\" alt=\"\" height=\"400\" width=\"400\"><\/noscript><\/a><\/div><div class=\"wpgb-card-media-overlay\"><\/div><\/div><div class=\"wpgb-card-content wpgb-scheme-dark\"><div class=\"wpgb-card-body\"><h4 class=\"wpgb-block-3\">Fran\u00e7ois Damas<\/h4><div class=\"wpgb-block-4\">Chef de service des Soins Intensifs du CHR Citadelle, Pr\u00e9sident honoraire du Comit\u00e9 d'Ethique.<\/div><\/div><\/div><a class=\"wpgb-card-layer-link\" href=\"https:\/\/www.imagesante.be\/fr\/personnalite\/francois-damas\/\"><\/a><\/div><\/div><\/article><article class=\"wpgb-card wpgb-card-9 wpgb-post-32895\" data-col=\"1\" data-row=\"1\" data-format=\"standard\"><div class=\"wpgb-card-wrapper\"><div class=\"wpgb-card-inner\" data-action><div class=\"wpgb-card-media wpgb-scheme-light\"><svg data-ratio style=\"padding-top:100%\" viewBox=\"0 0 1 1\" aria-hidden=\"true\"><\/svg><div class=\"wpgb-card-media-thumbnail\"><a href=\"https:\/\/www.imagesante.be\/wp-content\/uploads\/2023\/01\/Pierre-Wolper-12-2020.jpeg\" tabindex=\"-1\" class=\"wpgb-handle-lb wpgb-lightbox\" data-type=\"image\" data-rel=\"47\" data-title=\"Pierre Wolper\" data-desc=\"Portrait du recteur Pierre Wolper. ULi\u00e8ge. Photo : Jean Louis Wertz\" title=\"Agrandir la photo\"><div style=\"background-image:url(https:\/\/www.imagesante.be\/wp-content\/uploads\/2023\/01\/Pierre-Wolper-12-2020-400x400.jpeg)\"><\/div><noscript><img decoding=\"async\" class=\"wpgb-noscript-img\" src=\"https:\/\/www.imagesante.be\/wp-content\/uploads\/2023\/01\/Pierre-Wolper-12-2020-400x400.jpeg\" alt=\"\" height=\"400\" width=\"400\"><\/noscript><\/a><\/div><div class=\"wpgb-card-media-overlay\"><\/div><\/div><div class=\"wpgb-card-content wpgb-scheme-dark\"><div class=\"wpgb-card-body\"><h4 class=\"wpgb-block-3\">Pierre Wolper<\/h4><div class=\"wpgb-block-4\">Ancien Professeur ordinaire, Vice-Recteur \u00e0 la recherche, Doyen de la Facult\u00e9 des Sciences Appliqu\u00e9es, Recteur de l\u2019ULi\u00e8ge<\/div><\/div><\/div><a class=\"wpgb-card-layer-link\" href=\"https:\/\/www.imagesante.be\/fr\/personnalite\/pierre-wolper\/\"><\/a><\/div><\/div><\/article><article class=\"wpgb-card wpgb-card-9 wpgb-post-32628\" data-col=\"1\" data-row=\"1\" data-format=\"standard\"><div class=\"wpgb-card-wrapper\"><div class=\"wpgb-card-inner\" data-action><div class=\"wpgb-card-media wpgb-scheme-light\"><svg data-ratio style=\"padding-top:100%\" viewBox=\"0 0 1 1\" aria-hidden=\"true\"><\/svg><div class=\"wpgb-card-media-thumbnail\"><a href=\"https:\/\/www.imagesante.be\/wp-content\/uploads\/2020\/02\/Marie-Fran\u00e7oise-PLISSART-e1581949929361.jpg\" tabindex=\"-1\" class=\"wpgb-handle-lb wpgb-lightbox\" data-type=\"image\" data-rel=\"47\" data-title=\"Marie-Fran\u00e7oise PLISSART\" title=\"Agrandir la photo\"><div style=\"background-image:url(https:\/\/www.imagesante.be\/wp-content\/uploads\/2020\/02\/Marie-Fran\u00e7oise-PLISSART-e1581949929361-400x400.jpg)\"><\/div><noscript><img decoding=\"async\" class=\"wpgb-noscript-img\" src=\"https:\/\/www.imagesante.be\/wp-content\/uploads\/2020\/02\/Marie-Fran\u00e7oise-PLISSART-e1581949929361-400x400.jpg\" alt=\"\" height=\"400\" width=\"400\"><\/noscript><\/a><\/div><div class=\"wpgb-card-media-overlay\"><\/div><\/div><div class=\"wpgb-card-content wpgb-scheme-dark\"><div class=\"wpgb-card-body\"><h4 class=\"wpgb-block-3\">Marie-Fran\u00e7oise Plissart<\/h4><div class=\"wpgb-block-4\">Photographe - Vid\u00e9aste - R\u00e9alisatrice - Lion d\u2019or \u00e0 la Biennale d\u2019architecture de Venise<\/div><\/div><\/div><a class=\"wpgb-card-layer-link\" href=\"https:\/\/www.imagesante.be\/fr\/personnalite\/marie-francoise-plissart\/\"><\/a><\/div><\/div><\/article>\t\t<\/div>\n\t<\/div>\n\t<\/div>\n\t<\/div>\n\t\t<\/div>\n<\/div>\n\n<p>[\/et_pb_text][\/et_pb_column][\/et_pb_row][et_pb_row admin_label=&#8221;row&#8221; _builder_version=&#8221;4.16&#8243; background_size=&#8221;initial&#8221; background_position=&#8221;top_left&#8221; background_repeat=&#8221;repeat&#8221; global_colors_info=&#8221;{}&#8221;][et_pb_column type=&#8221;4_4&#8243; _builder_version=&#8221;4.16&#8243; custom_padding=&#8221;|||&#8221; global_colors_info=&#8221;{}&#8221; custom_padding__hover=&#8221;|||&#8221;][et_pb_text admin_label=&#8221;Lever les tabous&#8221; _builder_version=&#8221;4.27.4&#8243; background_size=&#8221;initial&#8221; background_position=&#8221;top_left&#8221; background_repeat=&#8221;repeat&#8221; custom_padding=&#8221;0px|||||&#8221; use_border_color=&#8221;off&#8221; border_color=&#8221;#ffffff&#8221; border_style=&#8221;solid&#8221; global_colors_info=&#8221;{}&#8221;]<\/p>\n<h2><span class=\"et-fb-editable-element et-fb-editable-element__editing\" contenteditable=\"true\" data-shortcode-id=\"7.0.0.0-1582037107975\">Lever les tabous<\/span><\/h2>\n<p>[\/et_pb_text][et_pb_text _builder_version=&#8221;4.27.4&#8243; _module_preset=&#8221;default&#8221; global_colors_info=&#8221;{}&#8221;]<\/p>\n<p><span style=\"font-weight: 400;\">\u00a0Que peut le tout petit face au tout grand ? Voil\u00e0 la question que posent les films de cette comp\u00e9tition.<\/span><\/p>\n<!-- Gridbuilder \u1d42\u1d3e Plugin (https:\/\/wpgridbuilder.com) -->\n<div class=\"wp-grid-builder wpgb-grid-48\" data-options=\"{&quot;id&quot;:48,&quot;type&quot;:&quot;masonry&quot;,&quot;source&quot;:&quot;post_type&quot;,&quot;loader&quot;:false,&quot;layout&quot;:&quot;vertical&quot;,&quot;reveal&quot;:0,&quot;isMainQuery&quot;:0,&quot;lazyLoad&quot;:false,&quot;cardSizes&quot;:{&quot;9999&quot;:{&quot;columns&quot;:4,&quot;height&quot;:240,&quot;gutter&quot;:18,&quot;ratio&quot;:&quot;1.33333&quot;},&quot;1200&quot;:{&quot;columns&quot;:4,&quot;height&quot;:240,&quot;gutter&quot;:18,&quot;ratio&quot;:&quot;1.33333&quot;},&quot;992&quot;:{&quot;columns&quot;:4,&quot;height&quot;:220,&quot;gutter&quot;:18,&quot;ratio&quot;:&quot;1.33333&quot;},&quot;768&quot;:{&quot;columns&quot;:3,&quot;height&quot;:220,&quot;gutter&quot;:18,&quot;ratio&quot;:&quot;1.33333&quot;},&quot;576&quot;:{&quot;columns&quot;:2,&quot;height&quot;:200,&quot;gutter&quot;:18,&quot;ratio&quot;:&quot;1.33333&quot;},&quot;320&quot;:{&quot;columns&quot;:1,&quot;height&quot;:200,&quot;gutter&quot;:18,&quot;ratio&quot;:&quot;1.33333&quot;}},&quot;fitRows&quot;:false,&quot;equalRows&quot;:0,&quot;equalColumns&quot;:true,&quot;fillLastRow&quot;:0,&quot;centerLastRow&quot;:0,&quot;horizontalOrder&quot;:true,&quot;fullWidth&quot;:false,&quot;transitionDelay&quot;:100,&quot;gallerySlideshow&quot;:false,&quot;rowsNumber&quot;:1,&quot;slideAlign&quot;:&quot;left&quot;,&quot;groupCells&quot;:1,&quot;draggable&quot;:true,&quot;initialIndex&quot;:0,&quot;contain&quot;:false,&quot;freeScroll&quot;:false,&quot;freeFriction&quot;:&quot;0.075&quot;,&quot;friction&quot;:&quot;0.285&quot;,&quot;attraction&quot;:&quot;0.025&quot;,&quot;autoPlay&quot;:0,&quot;pageDotAriaLabel&quot;:&quot;Point de page %d&quot;,&quot;isPreview&quot;:false,&quot;isGutenberg&quot;:false,&quot;rightToLeft&quot;:false}\"><div class=\"wpgb-wrapper\">\n\t<div class=\"wpgb-main\">\n\t<div class=\"wpgb-layout\">\n\t<div class=\"wpgb-viewport\">\n\t\t<div class=\"wpgb-masonry\">\n\t\t\t<article class=\"wpgb-card wpgb-card-9 wpgb-post-38655\" data-col=\"1\" data-row=\"1\" data-format=\"standard\"><div class=\"wpgb-card-wrapper\"><div class=\"wpgb-card-inner\" data-action><div class=\"wpgb-card-media wpgb-scheme-light\"><svg data-ratio style=\"padding-top:100%\" viewBox=\"0 0 1 1\" aria-hidden=\"true\"><\/svg><div class=\"wpgb-card-media-thumbnail\"><a href=\"https:\/\/www.imagesante.be\/wp-content\/uploads\/2025\/02\/Philippe-Reynaert.jpg\" tabindex=\"-1\" class=\"wpgb-handle-lb wpgb-lightbox\" data-type=\"image\" data-rel=\"48\" data-title=\"Philippe Reynaert\" title=\"Agrandir la photo\"><div style=\"background-image:url(https:\/\/www.imagesante.be\/wp-content\/uploads\/2025\/02\/Philippe-Reynaert-400x400.jpg)\"><\/div><noscript><img decoding=\"async\" class=\"wpgb-noscript-img\" src=\"https:\/\/www.imagesante.be\/wp-content\/uploads\/2025\/02\/Philippe-Reynaert-400x400.jpg\" alt=\"\" height=\"400\" width=\"400\"><\/noscript><\/a><\/div><div class=\"wpgb-card-media-overlay\"><\/div><\/div><div class=\"wpgb-card-content wpgb-scheme-dark\"><div class=\"wpgb-card-body\"><h4 class=\"wpgb-block-3\">Philippe Reynaert<\/h4><div class=\"wpgb-block-4\">Journaliste, ancien Membre du Conseil d'Administration de la RTBF, Directeur honoraire de Wallimage <\/div><div class=\"wpgb-block-1\">Pr\u00e9sident du Jury<\/div><\/div><\/div><a class=\"wpgb-card-layer-link\" href=\"https:\/\/www.imagesante.be\/fr\/personnalite\/philippe-reynaert-2\/\"><\/a><\/div><\/div><\/article><article class=\"wpgb-card wpgb-card-9 wpgb-post-38704\" data-col=\"1\" data-row=\"1\" data-format=\"standard\"><div class=\"wpgb-card-wrapper\"><div class=\"wpgb-card-inner\" data-action><div class=\"wpgb-card-media wpgb-scheme-light\"><svg data-ratio style=\"padding-top:100%\" viewBox=\"0 0 1 1\" aria-hidden=\"true\"><\/svg><div class=\"wpgb-card-media-thumbnail\"><a href=\"https:\/\/www.imagesante.be\/wp-content\/uploads\/2025\/02\/OK-2.jpg\" tabindex=\"-1\" class=\"wpgb-handle-lb wpgb-lightbox\" data-type=\"image\" data-rel=\"48\" data-title=\"OK\" title=\"Agrandir la photo\"><div style=\"background-image:url(https:\/\/www.imagesante.be\/wp-content\/uploads\/2025\/02\/OK-2-400x400.jpg)\"><\/div><noscript><img decoding=\"async\" class=\"wpgb-noscript-img\" src=\"https:\/\/www.imagesante.be\/wp-content\/uploads\/2025\/02\/OK-2-400x400.jpg\" alt=\"\" height=\"400\" width=\"400\"><\/noscript><\/a><\/div><div class=\"wpgb-card-media-overlay\"><\/div><\/div><div class=\"wpgb-card-content wpgb-scheme-dark\"><div class=\"wpgb-card-body\"><h4 class=\"wpgb-block-3\">Murielle Labrosse<\/h4><div class=\"wpgb-block-4\">R\u00e9alisatrice, Photographe, Premier prix de la cat\u00e9gorie Lever les Tabous en 2023<\/div><\/div><\/div><a class=\"wpgb-card-layer-link\" href=\"https:\/\/www.imagesante.be\/fr\/personnalite\/murielle-labrosse\/\"><\/a><\/div><\/div><\/article><article class=\"wpgb-card wpgb-card-9 wpgb-post-32652\" data-col=\"1\" data-row=\"1\" data-format=\"standard\"><div class=\"wpgb-card-wrapper\"><div class=\"wpgb-card-inner\" data-action><div class=\"wpgb-card-media wpgb-scheme-light\"><svg data-ratio style=\"padding-top:100%\" viewBox=\"0 0 1 1\" aria-hidden=\"true\"><\/svg><div class=\"wpgb-card-media-thumbnail\"><a href=\"https:\/\/www.imagesante.be\/wp-content\/uploads\/2022\/12\/CHRISTIAN-LAJOUMARD-PHOTO.jpg\" tabindex=\"-1\" class=\"wpgb-handle-lb wpgb-lightbox\" data-type=\"image\" data-rel=\"48\" data-title=\"CHRISTIAN LAJOUMARD PHOTO\" title=\"Agrandir la photo\"><div style=\"background-image:url(https:\/\/www.imagesante.be\/wp-content\/uploads\/2022\/12\/CHRISTIAN-LAJOUMARD-PHOTO-400x400.jpg)\"><\/div><noscript><img decoding=\"async\" class=\"wpgb-noscript-img\" src=\"https:\/\/www.imagesante.be\/wp-content\/uploads\/2022\/12\/CHRISTIAN-LAJOUMARD-PHOTO-400x400.jpg\" alt=\"\" height=\"400\" width=\"400\"><\/noscript><\/a><\/div><div class=\"wpgb-card-media-overlay\"><\/div><\/div><div class=\"wpgb-card-content wpgb-scheme-dark\"><div class=\"wpgb-card-body\"><h4 class=\"wpgb-block-3\">Christian Lajoumard<\/h4><div class=\"wpgb-block-4\">Auteur - R\u00e9alisateur - Producteur de films documentaires, Marseille<\/div><\/div><\/div><a class=\"wpgb-card-layer-link\" href=\"https:\/\/www.imagesante.be\/fr\/personnalite\/christian-lajoumard\/\"><\/a><\/div><\/div><\/article><article class=\"wpgb-card wpgb-card-9 wpgb-post-33662\" data-col=\"1\" data-row=\"1\" data-format=\"standard\"><div class=\"wpgb-card-wrapper\"><div class=\"wpgb-card-inner\" data-action><div class=\"wpgb-card-media wpgb-scheme-light\"><svg data-ratio style=\"padding-top:100%\" viewBox=\"0 0 1 1\" aria-hidden=\"true\"><\/svg><div class=\"wpgb-card-media-thumbnail\"><a href=\"https:\/\/www.imagesante.be\/wp-content\/uploads\/2023\/02\/anne-sophie-leurquin.jpg\" tabindex=\"-1\" class=\"wpgb-handle-lb wpgb-lightbox\" data-type=\"image\" data-rel=\"48\" data-title=\"ANNE-SOPHIE LEURQUIN\" data-desc=\"BRUXELLES, BELGIQUE. ANNE-SOPHIE LEURQUIN, JOURNALISTE LE SOIR. POUR LE SOIR. PHOTO : PIERRE-YVES THIENPONT\/LE SOIR\" title=\"Agrandir la photo\"><div style=\"background-image:url(https:\/\/www.imagesante.be\/wp-content\/uploads\/2023\/02\/anne-sophie-leurquin-400x400.jpg)\"><\/div><noscript><img decoding=\"async\" class=\"wpgb-noscript-img\" src=\"https:\/\/www.imagesante.be\/wp-content\/uploads\/2023\/02\/anne-sophie-leurquin-400x400.jpg\" alt=\"\" height=\"400\" width=\"400\"><\/noscript><\/a><\/div><div class=\"wpgb-card-media-overlay\"><\/div><\/div><div class=\"wpgb-card-content wpgb-scheme-dark\"><div class=\"wpgb-card-body\"><h4 class=\"wpgb-block-3\">Anne-Sophie Leurquin<\/h4><div class=\"wpgb-block-4\">Journaliste, Sp\u00e9cialiste des sujets de soci\u00e9t\u00e9 et de sant\u00e9, Contributrice \u00e0 l'enqu\u00eate de l'ICIJ sur les implants <\/div><\/div><\/div><a class=\"wpgb-card-layer-link\" href=\"https:\/\/www.imagesante.be\/fr\/personnalite\/anne-sophie-leurquin\/\"><\/a><\/div><\/div><\/article><article class=\"wpgb-card wpgb-card-9 wpgb-post-33658\" data-col=\"1\" data-row=\"1\" data-format=\"standard\"><div class=\"wpgb-card-wrapper\"><div class=\"wpgb-card-inner\" data-action><div class=\"wpgb-card-media wpgb-scheme-light\"><svg data-ratio style=\"padding-top:100%\" viewBox=\"0 0 1 1\" aria-hidden=\"true\"><\/svg><div class=\"wpgb-card-media-thumbnail\"><a href=\"https:\/\/www.imagesante.be\/wp-content\/uploads\/2020\/01\/Mireille-MONVILLE-e1613988014868.png\" tabindex=\"-1\" class=\"wpgb-handle-lb wpgb-lightbox\" data-type=\"image\" data-rel=\"48\" data-title=\"Mireille MONVILLE\" title=\"Agrandir la photo\"><div style=\"background-image:url(https:\/\/www.imagesante.be\/wp-content\/uploads\/2020\/01\/Mireille-MONVILLE-e1613988014868.png)\"><\/div><noscript><img decoding=\"async\" class=\"wpgb-noscript-img\" src=\"https:\/\/www.imagesante.be\/wp-content\/uploads\/2020\/01\/Mireille-MONVILLE-e1613988014868.png\" alt=\"\" height=\"400\" width=\"400\"><\/noscript><\/a><\/div><div class=\"wpgb-card-media-overlay\"><\/div><\/div><div class=\"wpgb-card-content wpgb-scheme-dark\"><div class=\"wpgb-card-body\"><h4 class=\"wpgb-block-3\">Mireille Monville<\/h4><div class=\"wpgb-block-4\">Psychologue, Chef du Service Valorisation de l'Humanisation, Ma\u00eetre de conf\u00e9rences, Unit\u00e9 de psycho-traumatismes et psychologie l\u00e9gale, ULi\u00e8ge<\/div><\/div><\/div><a class=\"wpgb-card-layer-link\" href=\"https:\/\/www.imagesante.be\/fr\/personnalite\/mireille-monville\/\"><\/a><\/div><\/div><\/article>\t\t<\/div>\n\t<\/div>\n\t<\/div>\n\t<\/div>\n\t\t<\/div>\n<\/div>\n\n<p>[\/et_pb_text][\/et_pb_column][\/et_pb_row][et_pb_row admin_label=&#8221;row&#8221; _builder_version=&#8221;4.16&#8243; background_size=&#8221;initial&#8221; background_position=&#8221;top_left&#8221; background_repeat=&#8221;repeat&#8221; global_colors_info=&#8221;{}&#8221;][et_pb_column type=&#8221;4_4&#8243; _builder_version=&#8221;4.16&#8243; custom_padding=&#8221;|||&#8221; global_colors_info=&#8221;{}&#8221; custom_padding__hover=&#8221;|||&#8221;][et_pb_text admin_label=&#8221;Soulever des Montagnes&#8221; _builder_version=&#8221;4.27.4&#8243; background_size=&#8221;initial&#8221; background_position=&#8221;top_left&#8221; background_repeat=&#8221;repeat&#8221; use_border_color=&#8221;off&#8221; border_color=&#8221;#ffffff&#8221; border_style=&#8221;solid&#8221; global_colors_info=&#8221;{}&#8221;]<\/p>\n<h2>Soulever des Montagnes<\/h2>\n<p>[\/et_pb_text][et_pb_text _builder_version=&#8221;4.27.4&#8243; _module_preset=&#8221;default&#8221; custom_padding=&#8221;3px|||||&#8221; global_colors_info=&#8221;{}&#8221;]<\/p>\n<p><span style=\"font-weight: 400;\">Combien de difficult\u00e9s de vie sont occult\u00e9es sous pr\u00e9texte que cela fait peur ? C&#8217;est la probl\u00e9matique envisag\u00e9e par cette comp\u00e9tition.<br \/><\/span><\/p>\n<!-- Gridbuilder \u1d42\u1d3e Plugin (https:\/\/wpgridbuilder.com) -->\n<div class=\"wp-grid-builder wpgb-grid-46\" data-options=\"{&quot;id&quot;:46,&quot;type&quot;:&quot;masonry&quot;,&quot;source&quot;:&quot;post_type&quot;,&quot;loader&quot;:false,&quot;layout&quot;:&quot;vertical&quot;,&quot;reveal&quot;:0,&quot;isMainQuery&quot;:0,&quot;lazyLoad&quot;:false,&quot;cardSizes&quot;:{&quot;9999&quot;:{&quot;columns&quot;:4,&quot;height&quot;:240,&quot;gutter&quot;:18,&quot;ratio&quot;:&quot;1.33333&quot;},&quot;1200&quot;:{&quot;columns&quot;:4,&quot;height&quot;:240,&quot;gutter&quot;:18,&quot;ratio&quot;:&quot;1.33333&quot;},&quot;992&quot;:{&quot;columns&quot;:4,&quot;height&quot;:220,&quot;gutter&quot;:18,&quot;ratio&quot;:&quot;1.33333&quot;},&quot;768&quot;:{&quot;columns&quot;:3,&quot;height&quot;:220,&quot;gutter&quot;:18,&quot;ratio&quot;:&quot;1.33333&quot;},&quot;576&quot;:{&quot;columns&quot;:2,&quot;height&quot;:200,&quot;gutter&quot;:18,&quot;ratio&quot;:&quot;1.33333&quot;},&quot;320&quot;:{&quot;columns&quot;:1,&quot;height&quot;:200,&quot;gutter&quot;:18,&quot;ratio&quot;:&quot;1.33333&quot;}},&quot;fitRows&quot;:false,&quot;equalRows&quot;:0,&quot;equalColumns&quot;:true,&quot;fillLastRow&quot;:0,&quot;centerLastRow&quot;:0,&quot;horizontalOrder&quot;:true,&quot;fullWidth&quot;:false,&quot;transitionDelay&quot;:100,&quot;gallerySlideshow&quot;:false,&quot;rowsNumber&quot;:1,&quot;slideAlign&quot;:&quot;left&quot;,&quot;groupCells&quot;:1,&quot;draggable&quot;:true,&quot;initialIndex&quot;:0,&quot;contain&quot;:false,&quot;freeScroll&quot;:false,&quot;freeFriction&quot;:&quot;0.075&quot;,&quot;friction&quot;:&quot;0.285&quot;,&quot;attraction&quot;:&quot;0.025&quot;,&quot;autoPlay&quot;:0,&quot;pageDotAriaLabel&quot;:&quot;Point de page %d&quot;,&quot;isPreview&quot;:false,&quot;isGutenberg&quot;:false,&quot;rightToLeft&quot;:false}\"><div class=\"wpgb-wrapper\">\n\t<div class=\"wpgb-main\">\n\t<div class=\"wpgb-layout\">\n\t<div class=\"wpgb-viewport\">\n\t\t<div class=\"wpgb-masonry\">\n\t\t\t<article class=\"wpgb-card wpgb-card-9 wpgb-post-38873\" data-col=\"1\" data-row=\"1\" data-format=\"standard\"><div class=\"wpgb-card-wrapper\"><div class=\"wpgb-card-inner\" data-action><div class=\"wpgb-card-media wpgb-scheme-light\"><svg data-ratio style=\"padding-top:100%\" viewBox=\"0 0 1 1\" aria-hidden=\"true\"><\/svg><div class=\"wpgb-card-media-thumbnail\"><a href=\"https:\/\/www.imagesante.be\/wp-content\/uploads\/2025\/02\/Nathalie-Evrard.jpg\" tabindex=\"-1\" class=\"wpgb-handle-lb wpgb-lightbox\" data-type=\"image\" data-rel=\"46\" data-title=\"Nathalie Evrard\" title=\"Agrandir la photo\"><div style=\"background-image:url(https:\/\/www.imagesante.be\/wp-content\/uploads\/2025\/02\/Nathalie-Evrard-400x400.jpg)\"><\/div><noscript><img decoding=\"async\" class=\"wpgb-noscript-img\" src=\"https:\/\/www.imagesante.be\/wp-content\/uploads\/2025\/02\/Nathalie-Evrard-400x400.jpg\" alt=\"\" height=\"400\" width=\"400\"><\/noscript><\/a><\/div><div class=\"wpgb-card-media-overlay\"><\/div><\/div><div class=\"wpgb-card-content wpgb-scheme-dark\"><div class=\"wpgb-card-body\"><h4 class=\"wpgb-block-3\">Nathalie Evrard<\/h4><div class=\"wpgb-block-4\">R\u00e9dactrice en chef de Qu4tre Liege Media<\/div><div class=\"wpgb-block-1\">Pr\u00e9sidente du Jury<\/div><\/div><\/div><a class=\"wpgb-card-layer-link\" href=\"https:\/\/www.imagesante.be\/fr\/personnalite\/nathalie-evrard-2\/\"><\/a><\/div><\/div><\/article><article class=\"wpgb-card wpgb-card-9 wpgb-post-32908\" data-col=\"1\" data-row=\"1\" data-format=\"standard\"><div class=\"wpgb-card-wrapper\"><div class=\"wpgb-card-inner\" data-action><div class=\"wpgb-card-media wpgb-scheme-light\"><svg data-ratio style=\"padding-top:100%\" viewBox=\"0 0 1 1\" aria-hidden=\"true\"><\/svg><div class=\"wpgb-card-media-thumbnail\"><a href=\"https:\/\/www.imagesante.be\/wp-content\/uploads\/2023\/01\/Brigitte-Pittet.jpg\" tabindex=\"-1\" class=\"wpgb-handle-lb wpgb-lightbox\" data-type=\"image\" data-rel=\"46\" data-title=\"Brigitte Pittet\" title=\"Agrandir la photo\"><div style=\"background-image:url(https:\/\/www.imagesante.be\/wp-content\/uploads\/2023\/01\/Brigitte-Pittet-400x400.jpg)\"><\/div><noscript><img decoding=\"async\" class=\"wpgb-noscript-img\" src=\"https:\/\/www.imagesante.be\/wp-content\/uploads\/2023\/01\/Brigitte-Pittet-400x400.jpg\" alt=\"\" height=\"400\" width=\"400\"><\/noscript><\/a><\/div><div class=\"wpgb-card-media-overlay\"><\/div><\/div><div class=\"wpgb-card-content wpgb-scheme-dark\"><div class=\"wpgb-card-body\"><h4 class=\"wpgb-block-3\">Brigitte Pittet<\/h4><div class=\"wpgb-block-4\">Pr. honoraire et M\u00e9decin consultante des H\u00f4pitaux Universitaires de Gen\u00e8ve<\/div><\/div><\/div><a class=\"wpgb-card-layer-link\" href=\"https:\/\/www.imagesante.be\/fr\/personnalite\/brigitte-pittet\/\"><\/a><\/div><\/div><\/article><article class=\"wpgb-card wpgb-card-9 wpgb-post-33666\" data-col=\"1\" data-row=\"1\" data-format=\"standard\"><div class=\"wpgb-card-wrapper\"><div class=\"wpgb-card-inner\" data-action><div class=\"wpgb-card-media wpgb-scheme-light\"><svg data-ratio style=\"padding-top:100%\" viewBox=\"0 0 1 1\" aria-hidden=\"true\"><\/svg><div class=\"wpgb-card-media-thumbnail\"><a href=\"https:\/\/www.imagesante.be\/wp-content\/uploads\/2023\/02\/patrick-lemy.jpg\" tabindex=\"-1\" class=\"wpgb-handle-lb wpgb-lightbox\" data-type=\"image\" data-rel=\"46\" data-title=\"patrick lemy\" title=\"Agrandir la photo\"><div style=\"background-image:url(https:\/\/www.imagesante.be\/wp-content\/uploads\/2023\/02\/patrick-lemy-400x400.jpg)\"><\/div><noscript><img decoding=\"async\" class=\"wpgb-noscript-img\" src=\"https:\/\/www.imagesante.be\/wp-content\/uploads\/2023\/02\/patrick-lemy-400x400.jpg\" alt=\"\" height=\"400\" width=\"400\"><\/noscript><\/a><\/div><div class=\"wpgb-card-media-overlay\"><\/div><\/div><div class=\"wpgb-card-content wpgb-scheme-dark\"><div class=\"wpgb-card-body\"><h4 class=\"wpgb-block-3\">Patrick Lemy<\/h4><div class=\"wpgb-block-4\">R\u00e9alisateur de films documentaires et de courts-me\u0301trages<\/div><\/div><\/div><a class=\"wpgb-card-layer-link\" href=\"https:\/\/www.imagesante.be\/fr\/personnalite\/patrick-lemy-2\/\"><\/a><\/div><\/div><\/article><article class=\"wpgb-card wpgb-card-9 wpgb-post-38714\" data-col=\"1\" data-row=\"1\" data-format=\"standard\"><div class=\"wpgb-card-wrapper\"><div class=\"wpgb-card-inner\" data-action><div class=\"wpgb-card-media wpgb-scheme-light\"><svg data-ratio style=\"padding-top:100%\" viewBox=\"0 0 1 1\" aria-hidden=\"true\"><\/svg><div class=\"wpgb-card-media-thumbnail\"><a href=\"https:\/\/www.imagesante.be\/wp-content\/uploads\/2025\/02\/Nicolas-Janeaud.png\" tabindex=\"-1\" class=\"wpgb-handle-lb wpgb-lightbox\" data-type=\"image\" data-rel=\"46\" data-title=\"Nicolas Janeaud\" title=\"Agrandir la photo\"><div style=\"background-image:url(https:\/\/www.imagesante.be\/wp-content\/uploads\/2025\/02\/Nicolas-Janeaud.png)\"><\/div><noscript><img decoding=\"async\" class=\"wpgb-noscript-img\" src=\"https:\/\/www.imagesante.be\/wp-content\/uploads\/2025\/02\/Nicolas-Janeaud.png\" alt=\"\" height=\"200\" width=\"200\"><\/noscript><\/a><\/div><div class=\"wpgb-card-media-overlay\"><\/div><\/div><div class=\"wpgb-card-content wpgb-scheme-dark\"><div class=\"wpgb-card-body\"><h4 class=\"wpgb-block-3\">Nicolas Janaud<\/h4><div class=\"wpgb-block-4\">Psychiatre au C.H de St Cyr \u00e0 Lyon, coordinateur des journ\u00e9es Cin\u00e9ma et Psychiatrie<\/div><\/div><\/div><a class=\"wpgb-card-layer-link\" href=\"https:\/\/www.imagesante.be\/fr\/personnalite\/nicolas-janeaud\/\"><\/a><\/div><\/div><\/article><article class=\"wpgb-card wpgb-card-9 wpgb-post-32668\" data-col=\"1\" data-row=\"1\" data-format=\"standard\"><div class=\"wpgb-card-wrapper\"><div class=\"wpgb-card-inner\" data-action><div class=\"wpgb-card-media wpgb-scheme-light\"><svg data-ratio style=\"padding-top:100%\" viewBox=\"0 0 1 1\" aria-hidden=\"true\"><\/svg><div class=\"wpgb-card-media-thumbnail\"><a href=\"https:\/\/www.imagesante.be\/wp-content\/uploads\/2020\/02\/Isabel-SANTOS-1.jpg\" tabindex=\"-1\" class=\"wpgb-handle-lb wpgb-lightbox\" data-type=\"image\" data-rel=\"46\" data-title=\"Isabel SANTOS\" title=\"Agrandir la photo\"><div style=\"background-image:url(https:\/\/www.imagesante.be\/wp-content\/uploads\/2020\/02\/Isabel-SANTOS-1.jpg)\"><\/div><noscript><img decoding=\"async\" class=\"wpgb-noscript-img\" src=\"https:\/\/www.imagesante.be\/wp-content\/uploads\/2020\/02\/Isabel-SANTOS-1.jpg\" alt=\"\" height=\"300\" width=\"300\"><\/noscript><\/a><\/div><div class=\"wpgb-card-media-overlay\"><\/div><\/div><div class=\"wpgb-card-content wpgb-scheme-dark\"><div class=\"wpgb-card-body\"><h4 class=\"wpgb-block-3\">Isabel Santos<\/h4><div class=\"wpgb-block-4\">Dir. Audiovisuel Cit\u00e9 des Sciences, Charg\u00e9e des productions num\u00e9riques \u00e0 Universcience, Paris <\/div><\/div><\/div><a class=\"wpgb-card-layer-link\" href=\"https:\/\/www.imagesante.be\/fr\/personnalite\/isabel-santos\/\"><\/a><\/div><\/div><\/article>\t\t<\/div>\n\t<\/div>\n\t<\/div>\n\t<\/div>\n\t\t<\/div>\n<\/div>\n\n<p>[\/et_pb_text][\/et_pb_column][\/et_pb_row][et_pb_row admin_label=&#8221;row&#8221; _builder_version=&#8221;4.16&#8243; background_size=&#8221;initial&#8221; background_position=&#8221;top_left&#8221; background_repeat=&#8221;repeat&#8221; global_colors_info=&#8221;{}&#8221;][et_pb_column type=&#8221;4_4&#8243; _builder_version=&#8221;4.16&#8243; custom_padding=&#8221;|||&#8221; global_colors_info=&#8221;{}&#8221; custom_padding__hover=&#8221;|||&#8221;][et_pb_text admin_label=&#8221;Sant\u00e9 Mentale&#8221; _builder_version=&#8221;4.20.0&#8243; background_size=&#8221;initial&#8221; background_position=&#8221;top_left&#8221; background_repeat=&#8221;repeat&#8221; use_border_color=&#8221;off&#8221; border_color=&#8221;#ffffff&#8221; border_style=&#8221;solid&#8221; global_colors_info=&#8221;{}&#8221;]<\/p>\n<h2><span class=\"et-fb-editable-element et-fb-editable-element__editing\" contenteditable=\"true\" data-shortcode-id=\"7.0.0.0-1582037107975\">Sant\u00e9 Mentale positive (Province de Li\u00e8ge)<br \/><\/span><\/h2>\n<div id=\"ConnectiveDocSignExtentionInstalled\" data-extension-version=\"1.0.4\">\u00a0<\/div>\n<p>[\/et_pb_text][et_pb_text _builder_version=&#8221;4.27.4&#8243; _module_preset=&#8221;default&#8221; global_colors_info=&#8221;{}&#8221;]<\/p>\n<!-- Gridbuilder \u1d42\u1d3e Plugin (https:\/\/wpgridbuilder.com) -->\n<div class=\"wp-grid-builder wpgb-grid-49\" data-options=\"{&quot;id&quot;:49,&quot;type&quot;:&quot;masonry&quot;,&quot;source&quot;:&quot;post_type&quot;,&quot;loader&quot;:false,&quot;layout&quot;:&quot;vertical&quot;,&quot;reveal&quot;:0,&quot;isMainQuery&quot;:0,&quot;lazyLoad&quot;:false,&quot;cardSizes&quot;:{&quot;9999&quot;:{&quot;columns&quot;:4,&quot;height&quot;:240,&quot;gutter&quot;:18,&quot;ratio&quot;:&quot;1.33333&quot;},&quot;1200&quot;:{&quot;columns&quot;:4,&quot;height&quot;:240,&quot;gutter&quot;:18,&quot;ratio&quot;:&quot;1.33333&quot;},&quot;992&quot;:{&quot;columns&quot;:4,&quot;height&quot;:220,&quot;gutter&quot;:18,&quot;ratio&quot;:&quot;1.33333&quot;},&quot;768&quot;:{&quot;columns&quot;:3,&quot;height&quot;:220,&quot;gutter&quot;:18,&quot;ratio&quot;:&quot;1.33333&quot;},&quot;576&quot;:{&quot;columns&quot;:2,&quot;height&quot;:200,&quot;gutter&quot;:18,&quot;ratio&quot;:&quot;1.33333&quot;},&quot;320&quot;:{&quot;columns&quot;:1,&quot;height&quot;:200,&quot;gutter&quot;:18,&quot;ratio&quot;:&quot;1.33333&quot;}},&quot;fitRows&quot;:false,&quot;equalRows&quot;:0,&quot;equalColumns&quot;:true,&quot;fillLastRow&quot;:0,&quot;centerLastRow&quot;:0,&quot;horizontalOrder&quot;:true,&quot;fullWidth&quot;:false,&quot;transitionDelay&quot;:100,&quot;gallerySlideshow&quot;:false,&quot;rowsNumber&quot;:1,&quot;slideAlign&quot;:&quot;left&quot;,&quot;groupCells&quot;:1,&quot;draggable&quot;:true,&quot;initialIndex&quot;:0,&quot;contain&quot;:false,&quot;freeScroll&quot;:false,&quot;freeFriction&quot;:&quot;0.075&quot;,&quot;friction&quot;:&quot;0.285&quot;,&quot;attraction&quot;:&quot;0.025&quot;,&quot;autoPlay&quot;:0,&quot;pageDotAriaLabel&quot;:&quot;Point de page %d&quot;,&quot;isPreview&quot;:false,&quot;isGutenberg&quot;:false,&quot;rightToLeft&quot;:false}\"><div class=\"wpgb-wrapper\">\n\t<div class=\"wpgb-main\">\n\t<div class=\"wpgb-layout\">\n\t<div class=\"wpgb-viewport\">\n\t\t<div class=\"wpgb-masonry\">\n\t\t\t<article class=\"wpgb-card wpgb-card-9 wpgb-post-39091\" data-col=\"1\" data-row=\"1\" data-format=\"standard\"><div class=\"wpgb-card-wrapper\"><div class=\"wpgb-card-inner\" data-action><div class=\"wpgb-card-media wpgb-scheme-light\"><svg data-ratio style=\"padding-top:100%\" viewBox=\"0 0 1 1\" aria-hidden=\"true\"><\/svg><div class=\"wpgb-card-media-thumbnail\"><a href=\"https:\/\/www.imagesante.be\/wp-content\/uploads\/2025\/02\/Sabine-DOGNIEZ.jpg\" tabindex=\"-1\" class=\"wpgb-handle-lb wpgb-lightbox\" data-type=\"image\" data-rel=\"49\" data-title=\"Sabine DOGNIEZ\" title=\"Agrandir la photo\"><div style=\"background-image:url(https:\/\/www.imagesante.be\/wp-content\/uploads\/2025\/02\/Sabine-DOGNIEZ-400x400.jpg)\"><\/div><noscript><img decoding=\"async\" class=\"wpgb-noscript-img\" src=\"https:\/\/www.imagesante.be\/wp-content\/uploads\/2025\/02\/Sabine-DOGNIEZ-400x400.jpg\" alt=\"\" height=\"400\" width=\"400\"><\/noscript><\/a><\/div><div class=\"wpgb-card-media-overlay\"><\/div><\/div><div class=\"wpgb-card-content wpgb-scheme-dark\"><div class=\"wpgb-card-body\"><h4 class=\"wpgb-block-3\">Sabine Dogniez<\/h4><div class=\"wpgb-block-4\">Charg\u00e9e en Communication, D\u00e9partement Sant\u00e9 et Affaires sociales de la Province de Li\u00e8ge<\/div><\/div><\/div><a class=\"wpgb-card-layer-link\" href=\"https:\/\/www.imagesante.be\/fr\/personnalite\/sabine-dogniez\/\"><\/a><\/div><\/div><\/article><article class=\"wpgb-card wpgb-card-9 wpgb-post-39084\" data-col=\"1\" data-row=\"1\" data-format=\"standard\"><div class=\"wpgb-card-wrapper\"><div class=\"wpgb-card-inner\" data-action><div class=\"wpgb-card-media wpgb-scheme-light\"><svg data-ratio style=\"padding-top:100%\" viewBox=\"0 0 1 1\" aria-hidden=\"true\"><\/svg><div class=\"wpgb-card-media-thumbnail\"><a href=\"https:\/\/www.imagesante.be\/wp-content\/uploads\/2025\/02\/Martine-REYNDERS.jpg\" tabindex=\"-1\" class=\"wpgb-handle-lb wpgb-lightbox\" data-type=\"image\" data-rel=\"49\" data-title=\"Martine REYNDERS\" title=\"Agrandir la photo\"><div style=\"background-image:url(https:\/\/www.imagesante.be\/wp-content\/uploads\/2025\/02\/Martine-REYNDERS-400x400.jpg)\"><\/div><noscript><img decoding=\"async\" class=\"wpgb-noscript-img\" src=\"https:\/\/www.imagesante.be\/wp-content\/uploads\/2025\/02\/Martine-REYNDERS-400x400.jpg\" alt=\"\" height=\"400\" width=\"400\"><\/noscript><\/a><\/div><div class=\"wpgb-card-media-overlay\"><\/div><\/div><div class=\"wpgb-card-content wpgb-scheme-dark\"><div class=\"wpgb-card-body\"><h4 class=\"wpgb-block-3\">Martine Reynders<\/h4><div class=\"wpgb-block-4\">Psychologue clinicienne et tabacologue P\u00f4le Promotion et Animations du D\u00e9partement Sant\u00e9 et Affaires sociales de la Province de Li\u00e8ge<\/div><\/div><\/div><a class=\"wpgb-card-layer-link\" href=\"https:\/\/www.imagesante.be\/fr\/personnalite\/martine-reynders\/\"><\/a><\/div><\/div><\/article><article class=\"wpgb-card wpgb-card-9 wpgb-post-32673\" data-col=\"1\" data-row=\"1\" data-format=\"standard\"><div class=\"wpgb-card-wrapper\"><div class=\"wpgb-card-inner\" data-action><div class=\"wpgb-card-media wpgb-scheme-light\"><svg data-ratio style=\"padding-top:100%\" viewBox=\"0 0 1 1\" aria-hidden=\"true\"><\/svg><div class=\"wpgb-card-media-thumbnail\"><a href=\"https:\/\/www.imagesante.be\/wp-content\/uploads\/2022\/12\/Geraldine-JACQUEMIN.jpg\" tabindex=\"-1\" class=\"wpgb-handle-lb wpgb-lightbox\" data-type=\"image\" data-rel=\"49\" data-title=\"Geraldine JACQUEMIN\" title=\"Agrandir la photo\"><div style=\"background-image:url(https:\/\/www.imagesante.be\/wp-content\/uploads\/2022\/12\/Geraldine-JACQUEMIN-400x400.jpg)\"><\/div><noscript><img decoding=\"async\" class=\"wpgb-noscript-img\" src=\"https:\/\/www.imagesante.be\/wp-content\/uploads\/2022\/12\/Geraldine-JACQUEMIN-400x400.jpg\" alt=\"\" height=\"400\" width=\"400\"><\/noscript><\/a><\/div><div class=\"wpgb-card-media-overlay\"><\/div><\/div><div class=\"wpgb-card-content wpgb-scheme-dark\"><div class=\"wpgb-card-body\"><h4 class=\"wpgb-block-3\">G\u00e9raldine Jacquemin<\/h4><div class=\"wpgb-block-4\">Attach\u00e9e au Dpt. de la Sant\u00e9 et des Affaires sociales (Province de Li\u00e8ge) &amp; Sexologue clinicienne<\/div><\/div><\/div><a class=\"wpgb-card-layer-link\" href=\"https:\/\/www.imagesante.be\/fr\/personnalite\/geraldine-jacquemin\/\"><\/a><\/div><\/div><\/article>\t\t<\/div>\n\t<\/div>\n\t<\/div>\n\t<\/div>\n\t\t<\/div>\n<\/div>\n\n<div id=\"ConnectiveDocSignExtentionInstalled\" data-extension-version=\"1.0.4\">\u00a0<\/div>\n<p>[\/et_pb_text][\/et_pb_column][\/et_pb_row][et_pb_row admin_label=&#8221;row&#8221; _builder_version=&#8221;4.27.4&#8243; background_size=&#8221;initial&#8221; background_position=&#8221;top_left&#8221; background_repeat=&#8221;repeat&#8221; global_colors_info=&#8221;{}&#8221;][et_pb_column type=&#8221;4_4&#8243; _builder_version=&#8221;4.16&#8243; custom_padding=&#8221;|||&#8221; global_colors_info=&#8221;{}&#8221; custom_padding__hover=&#8221;|||&#8221;][et_pb_text admin_label=&#8221;Engagement Citoyen et Sant\u00e9&#8221; _builder_version=&#8221;4.27.4&#8243; background_size=&#8221;initial&#8221; background_position=&#8221;top_left&#8221; background_repeat=&#8221;repeat&#8221; use_border_color=&#8221;off&#8221; border_color=&#8221;#ffffff&#8221; border_style=&#8221;solid&#8221; global_colors_info=&#8221;{}&#8221;]<\/p>\n<h2><span class=\"et-fb-editable-element et-fb-editable-element__editing\" contenteditable=\"true\" data-shortcode-id=\"7.0.0.0-1582037107975\">Engagement Citoyen et Sant\u00e9 (Mutualite chr<\/span><span class=\"et-fb-editable-element et-fb-editable-element__editing\" contenteditable=\"true\" data-shortcode-id=\"7.0.0.0-1582037107975\">\u00e9<\/span><span class=\"et-fb-editable-element et-fb-editable-element__editing\" contenteditable=\"true\" data-shortcode-id=\"7.0.0.0-1582037107975\">tienne)<\/span><\/h2>\n<div id=\"ConnectiveDocSignExtentionInstalled\" data-extension-version=\"1.0.4\">\u00a0<\/div>\n<p>[\/et_pb_text][et_pb_text _builder_version=&#8221;4.27.4&#8243; _module_preset=&#8221;default&#8221; global_colors_info=&#8221;{}&#8221;]<\/p>\n<!-- Gridbuilder \u1d42\u1d3e Plugin (https:\/\/wpgridbuilder.com) -->\n<div class=\"wp-grid-builder wpgb-grid-55\" data-options=\"{&quot;id&quot;:55,&quot;type&quot;:&quot;masonry&quot;,&quot;source&quot;:&quot;post_type&quot;,&quot;loader&quot;:false,&quot;layout&quot;:&quot;vertical&quot;,&quot;reveal&quot;:0,&quot;isMainQuery&quot;:0,&quot;lazyLoad&quot;:false,&quot;cardSizes&quot;:{&quot;9999&quot;:{&quot;columns&quot;:4,&quot;height&quot;:240,&quot;gutter&quot;:18,&quot;ratio&quot;:&quot;1.33333&quot;},&quot;1200&quot;:{&quot;columns&quot;:4,&quot;height&quot;:240,&quot;gutter&quot;:18,&quot;ratio&quot;:&quot;1.33333&quot;},&quot;992&quot;:{&quot;columns&quot;:4,&quot;height&quot;:220,&quot;gutter&quot;:18,&quot;ratio&quot;:&quot;1.33333&quot;},&quot;768&quot;:{&quot;columns&quot;:3,&quot;height&quot;:220,&quot;gutter&quot;:18,&quot;ratio&quot;:&quot;1.33333&quot;},&quot;576&quot;:{&quot;columns&quot;:2,&quot;height&quot;:200,&quot;gutter&quot;:18,&quot;ratio&quot;:&quot;1.33333&quot;},&quot;320&quot;:{&quot;columns&quot;:1,&quot;height&quot;:200,&quot;gutter&quot;:18,&quot;ratio&quot;:&quot;1.33333&quot;}},&quot;fitRows&quot;:false,&quot;equalRows&quot;:0,&quot;equalColumns&quot;:true,&quot;fillLastRow&quot;:0,&quot;centerLastRow&quot;:0,&quot;horizontalOrder&quot;:true,&quot;fullWidth&quot;:false,&quot;transitionDelay&quot;:100,&quot;gallerySlideshow&quot;:false,&quot;rowsNumber&quot;:1,&quot;slideAlign&quot;:&quot;left&quot;,&quot;groupCells&quot;:1,&quot;draggable&quot;:true,&quot;initialIndex&quot;:0,&quot;contain&quot;:false,&quot;freeScroll&quot;:false,&quot;freeFriction&quot;:&quot;0.075&quot;,&quot;friction&quot;:&quot;0.285&quot;,&quot;attraction&quot;:&quot;0.025&quot;,&quot;autoPlay&quot;:0,&quot;pageDotAriaLabel&quot;:&quot;Point de page %d&quot;,&quot;isPreview&quot;:false,&quot;isGutenberg&quot;:false,&quot;rightToLeft&quot;:false}\"><div class=\"wpgb-wrapper\">\n\t<div class=\"wpgb-main\">\n\t<div class=\"wpgb-layout\">\n\t<div class=\"wpgb-viewport\">\n\t\t<div class=\"wpgb-masonry\">\n\t\t\t<article class=\"wpgb-card wpgb-card-9 wpgb-post-38925\" data-col=\"1\" data-row=\"1\" data-format=\"standard\"><div class=\"wpgb-card-wrapper\"><div class=\"wpgb-card-inner\" data-action><div class=\"wpgb-card-media wpgb-scheme-light\"><svg data-ratio style=\"padding-top:100%\" viewBox=\"0 0 1 1\" aria-hidden=\"true\"><\/svg><div class=\"wpgb-card-media-thumbnail\"><a href=\"https:\/\/www.imagesante.be\/wp-content\/uploads\/2025\/02\/Anais-Capece.jpg\" tabindex=\"-1\" class=\"wpgb-handle-lb wpgb-lightbox\" data-type=\"image\" data-rel=\"55\" data-title=\"Ana\u00efs Capece\" title=\"Agrandir la photo\"><div style=\"background-image:url(https:\/\/www.imagesante.be\/wp-content\/uploads\/2025\/02\/Anais-Capece-400x400.jpg)\"><\/div><noscript><img decoding=\"async\" class=\"wpgb-noscript-img\" src=\"https:\/\/www.imagesante.be\/wp-content\/uploads\/2025\/02\/Anais-Capece-400x400.jpg\" alt=\"\" height=\"400\" width=\"400\"><\/noscript><\/a><\/div><div class=\"wpgb-card-media-overlay\"><\/div><\/div><div class=\"wpgb-card-content wpgb-scheme-dark\"><div class=\"wpgb-card-body\"><h4 class=\"wpgb-block-3\">Ana\u00efs Capece<\/h4><div class=\"wpgb-block-4\">Responsable de l'Action Locale, MC <\/div><\/div><\/div><a class=\"wpgb-card-layer-link\" href=\"https:\/\/www.imagesante.be\/fr\/personnalite\/anais-capece\/\"><\/a><\/div><\/div><\/article><article class=\"wpgb-card wpgb-card-9 wpgb-post-38923\" data-col=\"1\" data-row=\"1\" data-format=\"standard\"><div class=\"wpgb-card-wrapper\"><div class=\"wpgb-card-inner\" data-action><div class=\"wpgb-card-media wpgb-scheme-light\"><svg data-ratio style=\"padding-top:100%\" viewBox=\"0 0 1 1\" aria-hidden=\"true\"><\/svg><div class=\"wpgb-card-media-thumbnail\"><a href=\"https:\/\/www.imagesante.be\/wp-content\/uploads\/2025\/02\/Joseph-Jeanfils.jpg\" tabindex=\"-1\" class=\"wpgb-handle-lb wpgb-lightbox\" data-type=\"image\" data-rel=\"55\" data-title=\"Joseph Jeanfils\" title=\"Agrandir la photo\"><div style=\"background-image:url(https:\/\/www.imagesante.be\/wp-content\/uploads\/2025\/02\/Joseph-Jeanfils.jpg)\"><\/div><noscript><img decoding=\"async\" class=\"wpgb-noscript-img\" src=\"https:\/\/www.imagesante.be\/wp-content\/uploads\/2025\/02\/Joseph-Jeanfils.jpg\" alt=\"\" height=\"352\" width=\"229\"><\/noscript><\/a><\/div><div class=\"wpgb-card-media-overlay\"><\/div><\/div><div class=\"wpgb-card-content wpgb-scheme-dark\"><div class=\"wpgb-card-body\"><h4 class=\"wpgb-block-3\">Joseph Jeanfils<\/h4><div class=\"wpgb-block-4\">Volontaire MC<\/div><\/div><\/div><a class=\"wpgb-card-layer-link\" href=\"https:\/\/www.imagesante.be\/fr\/personnalite\/joseph-jeanfils\/\"><\/a><\/div><\/div><\/article><article class=\"wpgb-card wpgb-card-9 wpgb-post-38919\" data-col=\"1\" data-row=\"1\" data-format=\"standard\"><div class=\"wpgb-card-wrapper\"><div class=\"wpgb-card-inner\" data-action><div class=\"wpgb-card-media wpgb-scheme-light\"><svg data-ratio style=\"padding-top:100%\" viewBox=\"0 0 1 1\" aria-hidden=\"true\"><\/svg><div class=\"wpgb-card-media-thumbnail\"><a href=\"https:\/\/www.imagesante.be\/wp-content\/uploads\/2025\/02\/Philippe-Sonck.jpg\" tabindex=\"-1\" class=\"wpgb-handle-lb wpgb-lightbox\" data-type=\"image\" data-rel=\"55\" data-title=\"Philippe Sonck\" title=\"Agrandir la photo\"><div style=\"background-image:url(https:\/\/www.imagesante.be\/wp-content\/uploads\/2025\/02\/Philippe-Sonck-400x400.jpg)\"><\/div><noscript><img decoding=\"async\" class=\"wpgb-noscript-img\" src=\"https:\/\/www.imagesante.be\/wp-content\/uploads\/2025\/02\/Philippe-Sonck-400x400.jpg\" alt=\"\" height=\"400\" width=\"400\"><\/noscript><\/a><\/div><div class=\"wpgb-card-media-overlay\"><\/div><\/div><div class=\"wpgb-card-content wpgb-scheme-dark\"><div class=\"wpgb-card-body\"><h4 class=\"wpgb-block-3\">Philippe Sonck<\/h4><div class=\"wpgb-block-4\">Volontaire MC<\/div><\/div><\/div><a class=\"wpgb-card-layer-link\" href=\"https:\/\/www.imagesante.be\/fr\/personnalite\/philippe-sonck\/\"><\/a><\/div><\/div><\/article><article class=\"wpgb-card wpgb-card-9 wpgb-post-38917\" data-col=\"1\" data-row=\"1\" data-format=\"standard\"><div class=\"wpgb-card-wrapper\"><div class=\"wpgb-card-inner\" data-action><div class=\"wpgb-card-media wpgb-scheme-light\"><svg data-ratio style=\"padding-top:100%\" viewBox=\"0 0 1 1\" aria-hidden=\"true\"><\/svg><div class=\"wpgb-card-media-thumbnail\"><a href=\"https:\/\/www.imagesante.be\/wp-content\/uploads\/2025\/02\/Marie-Noelle-Thomas.jpg\" tabindex=\"-1\" class=\"wpgb-handle-lb wpgb-lightbox\" data-type=\"image\" data-rel=\"55\" data-title=\"Marie-No\u00eblle Thomas\" title=\"Agrandir la photo\"><div style=\"background-image:url(https:\/\/www.imagesante.be\/wp-content\/uploads\/2025\/02\/Marie-Noelle-Thomas-400x400.jpg)\"><\/div><noscript><img decoding=\"async\" class=\"wpgb-noscript-img\" src=\"https:\/\/www.imagesante.be\/wp-content\/uploads\/2025\/02\/Marie-Noelle-Thomas-400x400.jpg\" alt=\"\" height=\"400\" width=\"400\"><\/noscript><\/a><\/div><div class=\"wpgb-card-media-overlay\"><\/div><\/div><div class=\"wpgb-card-content wpgb-scheme-dark\"><div class=\"wpgb-card-body\"><h4 class=\"wpgb-block-3\">Marie-No\u00eblle Thomas<\/h4><div class=\"wpgb-block-4\">Volontaire En\u00e9o<\/div><\/div><\/div><a class=\"wpgb-card-layer-link\" href=\"https:\/\/www.imagesante.be\/fr\/personnalite\/marie-noelle-thomas\/\"><\/a><\/div><\/div><\/article><article class=\"wpgb-card wpgb-card-9 wpgb-post-38913\" data-col=\"1\" data-row=\"1\" data-format=\"standard\"><div class=\"wpgb-card-wrapper\"><div class=\"wpgb-card-inner\" data-action><div class=\"wpgb-card-media wpgb-scheme-light\"><svg data-ratio style=\"padding-top:100%\" viewBox=\"0 0 1 1\" aria-hidden=\"true\"><\/svg><div class=\"wpgb-card-media-thumbnail\"><a href=\"https:\/\/www.imagesante.be\/wp-content\/uploads\/2025\/02\/Virginie-Collard.jpg\" tabindex=\"-1\" class=\"wpgb-handle-lb wpgb-lightbox\" data-type=\"image\" data-rel=\"55\" data-title=\"Virginie Collard\" title=\"Agrandir la photo\"><div style=\"background-image:url(https:\/\/www.imagesante.be\/wp-content\/uploads\/2025\/02\/Virginie-Collard.jpg)\"><\/div><noscript><img decoding=\"async\" class=\"wpgb-noscript-img\" src=\"https:\/\/www.imagesante.be\/wp-content\/uploads\/2025\/02\/Virginie-Collard.jpg\" alt=\"\" height=\"240\" width=\"320\"><\/noscript><\/a><\/div><div class=\"wpgb-card-media-overlay\"><\/div><\/div><div class=\"wpgb-card-content wpgb-scheme-dark\"><div class=\"wpgb-card-body\"><h4 class=\"wpgb-block-3\">Virginie Collard<\/h4><div class=\"wpgb-block-4\">Volontaire Alt\u00e9o<\/div><\/div><\/div><a class=\"wpgb-card-layer-link\" href=\"https:\/\/www.imagesante.be\/fr\/personnalite\/virginie-collard\/\"><\/a><\/div><\/div><\/article>\t\t<\/div>\n\t<\/div>\n\t<\/div>\n\t<\/div>\n\t\t<\/div>\n<\/div>\n\n<p>[\/et_pb_text][\/et_pb_column][\/et_pb_row][et_pb_row admin_label=&#8221;row&#8221; _builder_version=&#8221;4.16&#8243; background_size=&#8221;initial&#8221; background_position=&#8221;top_left&#8221; background_repeat=&#8221;repeat&#8221; global_colors_info=&#8221;{}&#8221;][et_pb_column type=&#8221;4_4&#8243; _builder_version=&#8221;4.16&#8243; custom_padding=&#8221;|||&#8221; global_colors_info=&#8221;{}&#8221; custom_padding__hover=&#8221;|||&#8221;][et_pb_text admin_label=&#8221;Environnement et sant\u00e9&#8221; _builder_version=&#8221;4.27.4&#8243; background_size=&#8221;initial&#8221; background_position=&#8221;top_left&#8221; background_repeat=&#8221;repeat&#8221; use_border_color=&#8221;off&#8221; border_color=&#8221;#ffffff&#8221; border_style=&#8221;solid&#8221; global_colors_info=&#8221;{}&#8221;]<\/p>\n<h2><span class=\"et-fb-editable-element et-fb-editable-element__editing\" contenteditable=\"true\" data-shortcode-id=\"7.0.0.0-1582037107975\">Environnement et sant\u00e9<\/span><\/h2>\n<div id=\"ConnectiveDocSignExtentionInstalled\" data-extension-version=\"1.0.4\">\u00a0<\/div>\n<p>[\/et_pb_text][et_pb_text _builder_version=&#8221;4.27.4&#8243; _module_preset=&#8221;default&#8221; global_colors_info=&#8221;{}&#8221;]<\/p>\n<!-- Gridbuilder \u1d42\u1d3e Plugin (https:\/\/wpgridbuilder.com) -->\n<div class=\"wp-grid-builder wpgb-grid-60\" data-options=\"{&quot;id&quot;:60,&quot;type&quot;:&quot;masonry&quot;,&quot;source&quot;:&quot;post_type&quot;,&quot;loader&quot;:false,&quot;layout&quot;:&quot;vertical&quot;,&quot;reveal&quot;:0,&quot;isMainQuery&quot;:0,&quot;lazyLoad&quot;:false,&quot;cardSizes&quot;:{&quot;9999&quot;:{&quot;columns&quot;:4,&quot;height&quot;:240,&quot;gutter&quot;:18,&quot;ratio&quot;:&quot;1.33333&quot;},&quot;1200&quot;:{&quot;columns&quot;:4,&quot;height&quot;:240,&quot;gutter&quot;:18,&quot;ratio&quot;:&quot;1.33333&quot;},&quot;992&quot;:{&quot;columns&quot;:4,&quot;height&quot;:220,&quot;gutter&quot;:18,&quot;ratio&quot;:&quot;1.33333&quot;},&quot;768&quot;:{&quot;columns&quot;:3,&quot;height&quot;:220,&quot;gutter&quot;:18,&quot;ratio&quot;:&quot;1.33333&quot;},&quot;576&quot;:{&quot;columns&quot;:2,&quot;height&quot;:200,&quot;gutter&quot;:18,&quot;ratio&quot;:&quot;1.33333&quot;},&quot;320&quot;:{&quot;columns&quot;:1,&quot;height&quot;:200,&quot;gutter&quot;:18,&quot;ratio&quot;:&quot;1.33333&quot;}},&quot;fitRows&quot;:false,&quot;equalRows&quot;:0,&quot;equalColumns&quot;:true,&quot;fillLastRow&quot;:0,&quot;centerLastRow&quot;:0,&quot;horizontalOrder&quot;:true,&quot;fullWidth&quot;:false,&quot;transitionDelay&quot;:100,&quot;gallerySlideshow&quot;:false,&quot;rowsNumber&quot;:1,&quot;slideAlign&quot;:&quot;left&quot;,&quot;groupCells&quot;:1,&quot;draggable&quot;:true,&quot;initialIndex&quot;:0,&quot;contain&quot;:false,&quot;freeScroll&quot;:false,&quot;freeFriction&quot;:&quot;0.075&quot;,&quot;friction&quot;:&quot;0.285&quot;,&quot;attraction&quot;:&quot;0.025&quot;,&quot;autoPlay&quot;:0,&quot;pageDotAriaLabel&quot;:&quot;Point de page %d&quot;,&quot;isPreview&quot;:false,&quot;isGutenberg&quot;:false,&quot;rightToLeft&quot;:false}\"><div class=\"wpgb-wrapper\">\n\t<div class=\"wpgb-main\">\n\t<div class=\"wpgb-layout\">\n\t<div class=\"wpgb-viewport\">\n\t\t<div class=\"wpgb-masonry\">\n\t\t\t<article class=\"wpgb-card wpgb-card-9 wpgb-post-40120\" data-col=\"1\" data-row=\"1\" data-format=\"standard\"><div class=\"wpgb-card-wrapper\"><div class=\"wpgb-card-inner\" data-action><div class=\"wpgb-card-media wpgb-scheme-light\"><svg data-ratio style=\"padding-top:100%\" viewBox=\"0 0 1 1\" aria-hidden=\"true\"><\/svg><div class=\"wpgb-card-media-thumbnail\"><a href=\"https:\/\/www.imagesante.be\/wp-content\/uploads\/2025\/03\/Vaalerie-Xhonneux.jpg\" tabindex=\"-1\" class=\"wpgb-handle-lb wpgb-lightbox\" data-type=\"image\" data-rel=\"60\" data-title=\"Vaal\u00e9rie Xhonneux\" title=\"Agrandir la photo\"><div style=\"background-image:url(https:\/\/www.imagesante.be\/wp-content\/uploads\/2025\/03\/Vaalerie-Xhonneux-400x400.jpg)\"><\/div><noscript><img decoding=\"async\" class=\"wpgb-noscript-img\" src=\"https:\/\/www.imagesante.be\/wp-content\/uploads\/2025\/03\/Vaalerie-Xhonneux-400x400.jpg\" alt=\"\" height=\"400\" width=\"400\"><\/noscript><\/a><\/div><div class=\"wpgb-card-media-overlay\"><\/div><\/div><div class=\"wpgb-card-content wpgb-scheme-dark\"><div class=\"wpgb-card-body\"><h4 class=\"wpgb-block-3\">Val\u00e9rie Xhonneux<\/h4><div class=\"wpgb-block-4\">Conseill\u00e8re Sant\u00e9-Environnement aupr\u00e8s du Ministre de la Sant\u00e9 et de l\u2019Environnement de la R\u00e9gion wallonne<\/div><\/div><\/div><a class=\"wpgb-card-layer-link\" href=\"https:\/\/www.imagesante.be\/fr\/personnalite\/valerie-xhonneux\/\"><\/a><\/div><\/div><\/article><article class=\"wpgb-card wpgb-card-9 wpgb-post-39747\" data-col=\"1\" data-row=\"1\" data-format=\"standard\"><div class=\"wpgb-card-wrapper\"><div class=\"wpgb-card-inner\" data-action><div class=\"wpgb-card-media wpgb-scheme-light\"><svg data-ratio style=\"padding-top:100%\" viewBox=\"0 0 1 1\" aria-hidden=\"true\"><\/svg><div class=\"wpgb-card-media-thumbnail\"><a href=\"https:\/\/www.imagesante.be\/wp-content\/uploads\/2025\/03\/Fabien-Spailier-1.jpg\" tabindex=\"-1\" class=\"wpgb-handle-lb wpgb-lightbox\" data-type=\"image\" data-rel=\"60\" data-title=\"Fabien Spailier\" title=\"Agrandir la photo\"><div style=\"background-image:url(https:\/\/www.imagesante.be\/wp-content\/uploads\/2025\/03\/Fabien-Spailier-1-400x400.jpg)\"><\/div><noscript><img decoding=\"async\" class=\"wpgb-noscript-img\" src=\"https:\/\/www.imagesante.be\/wp-content\/uploads\/2025\/03\/Fabien-Spailier-1-400x400.jpg\" alt=\"\" height=\"400\" width=\"400\"><\/noscript><\/a><\/div><div class=\"wpgb-card-media-overlay\"><\/div><\/div><div class=\"wpgb-card-content wpgb-scheme-dark\"><div class=\"wpgb-card-body\"><h4 class=\"wpgb-block-3\">Fabien Spailier<\/h4><div class=\"wpgb-block-4\">Directeur du Domaine de B\u00e9rinzenne (Spa), G\u00e9ographe de formation, Sp\u00e9cialiste des questions environnementales<\/div><\/div><\/div><a class=\"wpgb-card-layer-link\" href=\"https:\/\/www.imagesante.be\/fr\/personnalite\/fabien-spailier\/\"><\/a><\/div><\/div><\/article><article class=\"wpgb-card wpgb-card-9 wpgb-post-39102\" data-col=\"1\" data-row=\"1\" data-format=\"standard\"><div class=\"wpgb-card-wrapper\"><div class=\"wpgb-card-inner\" data-action><div class=\"wpgb-card-media wpgb-scheme-light\"><svg data-ratio style=\"padding-top:100%\" viewBox=\"0 0 1 1\" aria-hidden=\"true\"><\/svg><div class=\"wpgb-card-media-thumbnail\"><a href=\"https:\/\/www.imagesante.be\/wp-content\/uploads\/2025\/02\/Fanny-Buntinx-1.jpg\" tabindex=\"-1\" class=\"wpgb-handle-lb wpgb-lightbox\" data-type=\"image\" data-rel=\"60\" data-title=\"Fanny Buntinx\" title=\"Agrandir la photo\"><div style=\"background-image:url(https:\/\/www.imagesante.be\/wp-content\/uploads\/2025\/02\/Fanny-Buntinx-1-400x400.jpg)\"><\/div><noscript><img decoding=\"async\" class=\"wpgb-noscript-img\" src=\"https:\/\/www.imagesante.be\/wp-content\/uploads\/2025\/02\/Fanny-Buntinx-1-400x400.jpg\" alt=\"\" height=\"400\" width=\"400\"><\/noscript><\/a><\/div><div class=\"wpgb-card-media-overlay\"><\/div><\/div><div class=\"wpgb-card-content wpgb-scheme-dark\"><div class=\"wpgb-card-body\"><h4 class=\"wpgb-block-3\">Fanny Buntinx<\/h4><div class=\"wpgb-block-4\">Sociologue de formation, collaboratrice au sein du Cabinet Environnement et Biodiversit\u00e9 de la Ville de Li\u00e8ge<\/div><\/div><\/div><a class=\"wpgb-card-layer-link\" href=\"https:\/\/www.imagesante.be\/fr\/personnalite\/fanny-buntinx\/\"><\/a><\/div><\/div><\/article><article class=\"wpgb-card wpgb-card-9 wpgb-post-39073\" data-col=\"1\" data-row=\"1\" data-format=\"standard\"><div class=\"wpgb-card-wrapper\"><div class=\"wpgb-card-inner\" data-action><div class=\"wpgb-card-media wpgb-scheme-light\"><svg data-ratio style=\"padding-top:100%\" viewBox=\"0 0 1 1\" aria-hidden=\"true\"><\/svg><div class=\"wpgb-card-media-thumbnail\"><a href=\"https:\/\/www.imagesante.be\/wp-content\/uploads\/2025\/02\/Renaud-Keutgen.jpg\" tabindex=\"-1\" class=\"wpgb-handle-lb wpgb-lightbox\" data-type=\"image\" data-rel=\"60\" data-title=\"Renaud Keutgen\" title=\"Agrandir la photo\"><div style=\"background-image:url(https:\/\/www.imagesante.be\/wp-content\/uploads\/2025\/02\/Renaud-Keutgen-400x400.jpg)\"><\/div><noscript><img decoding=\"async\" class=\"wpgb-noscript-img\" src=\"https:\/\/www.imagesante.be\/wp-content\/uploads\/2025\/02\/Renaud-Keutgen-400x400.jpg\" alt=\"\" height=\"400\" width=\"400\"><\/noscript><\/a><\/div><div class=\"wpgb-card-media-overlay\"><\/div><\/div><div class=\"wpgb-card-content wpgb-scheme-dark\"><div class=\"wpgb-card-body\"><h4 class=\"wpgb-block-3\">Renaud Keutgen<\/h4><div class=\"wpgb-block-4\">Expert en Environnement, Economiste de formation, sp\u00e9cialis\u00e9 en \u00e9conomie sociale et gestion du d\u00e9veloppement <\/div><\/div><\/div><a class=\"wpgb-card-layer-link\" href=\"https:\/\/www.imagesante.be\/fr\/personnalite\/renaud-keutgen\/\"><\/a><\/div><\/div><\/article>\t\t<\/div>\n\t<\/div>\n\t<\/div>\n\t<\/div>\n\t\t<\/div>\n<\/div>\n\n<div id=\"ConnectiveDocSignExtentionInstalled\" data-extension-version=\"1.0.4\">\u00a0<\/div>\n<p>[\/et_pb_text][\/et_pb_column][\/et_pb_row][et_pb_row admin_label=&#8221;row&#8221; _builder_version=&#8221;4.16&#8243; background_size=&#8221;initial&#8221; background_position=&#8221;top_left&#8221; background_repeat=&#8221;repeat&#8221; global_colors_info=&#8221;{}&#8221;][et_pb_column type=&#8221;4_4&#8243; _builder_version=&#8221;4.16&#8243; custom_padding=&#8221;|||&#8221; global_colors_info=&#8221;{}&#8221; custom_padding__hover=&#8221;|||&#8221;][et_pb_text admin_label=&#8221;Op\u00e9rations chirurgicales&#8221; _builder_version=&#8221;4.27.4&#8243; background_size=&#8221;initial&#8221; background_position=&#8221;top_left&#8221; background_repeat=&#8221;repeat&#8221; use_border_color=&#8221;off&#8221; border_color=&#8221;#ffffff&#8221; border_style=&#8221;solid&#8221; global_colors_info=&#8221;{}&#8221;]<\/p>\n<h2>Emissions<\/h2>\n<p>[\/et_pb_text][et_pb_code _builder_version=&#8221;4.27.5&#8243; _module_preset=&#8221;default&#8221; global_colors_info=&#8221;{}&#8221;]<!-- Gridbuilder \u1d42\u1d3e Plugin (https:\/\/wpgridbuilder.com) -->\n<div class=\"wp-grid-builder wpgb-grid-56\" data-options=\"{&quot;id&quot;:56,&quot;type&quot;:&quot;masonry&quot;,&quot;source&quot;:&quot;post_type&quot;,&quot;loader&quot;:true,&quot;layout&quot;:&quot;vertical&quot;,&quot;reveal&quot;:0,&quot;isMainQuery&quot;:0,&quot;lazyLoad&quot;:false,&quot;cardSizes&quot;:{&quot;9999&quot;:{&quot;columns&quot;:3,&quot;height&quot;:240,&quot;gutter&quot;:20,&quot;ratio&quot;:&quot;1.33333&quot;},&quot;1200&quot;:{&quot;columns&quot;:3,&quot;height&quot;:240,&quot;gutter&quot;:20,&quot;ratio&quot;:&quot;1.33333&quot;},&quot;992&quot;:{&quot;columns&quot;:3,&quot;height&quot;:220,&quot;gutter&quot;:20,&quot;ratio&quot;:&quot;1.33333&quot;},&quot;768&quot;:{&quot;columns&quot;:1,&quot;height&quot;:220,&quot;gutter&quot;:15,&quot;ratio&quot;:&quot;1.33333&quot;},&quot;576&quot;:{&quot;columns&quot;:1,&quot;height&quot;:200,&quot;gutter&quot;:15,&quot;ratio&quot;:&quot;1.33333&quot;},&quot;320&quot;:{&quot;columns&quot;:1,&quot;height&quot;:200,&quot;gutter&quot;:0,&quot;ratio&quot;:&quot;1.33333&quot;}},&quot;fitRows&quot;:true,&quot;equalRows&quot;:0,&quot;equalColumns&quot;:true,&quot;fillLastRow&quot;:0,&quot;centerLastRow&quot;:0,&quot;horizontalOrder&quot;:true,&quot;fullWidth&quot;:false,&quot;transitionDelay&quot;:100,&quot;gallerySlideshow&quot;:false,&quot;rowsNumber&quot;:1,&quot;slideAlign&quot;:&quot;left&quot;,&quot;groupCells&quot;:1,&quot;draggable&quot;:true,&quot;initialIndex&quot;:0,&quot;contain&quot;:false,&quot;freeScroll&quot;:false,&quot;freeFriction&quot;:&quot;0.075&quot;,&quot;friction&quot;:&quot;0.285&quot;,&quot;attraction&quot;:&quot;0.025&quot;,&quot;autoPlay&quot;:0,&quot;pageDotAriaLabel&quot;:&quot;Point de page %d&quot;,&quot;isPreview&quot;:false,&quot;isGutenberg&quot;:false,&quot;rightToLeft&quot;:false}\"><div class=\"wpgb-wrapper\">\n\t<div class=\"wpgb-main\">\n\t<div class=\"wpgb-layout\">\n\t<div class=\"wpgb-viewport\">\n\t\t<div class=\"wpgb-masonry\">\n\t\t\t<article class=\"wpgb-card wpgb-card-4 wpgb-post-37489\" data-col=\"1\" data-row=\"1\" data-format=\"standard\"><div class=\"wpgb-card-wrapper\"><div class=\"wpgb-card-inner\"><div class=\"wpgb-card-media wpgb-scheme-light\" data-action><svg data-ratio style=\"padding-top:75%\" viewBox=\"0 0 4 3\" aria-hidden=\"true\"><\/svg><div class=\"wpgb-card-media-thumbnail\"><a href=\"https:\/\/www.imagesante.be\/wp-content\/uploads\/2025\/02\/OK-1.jpg\" tabindex=\"-1\" class=\"wpgb-handle-lb wpgb-lightbox\" data-type=\"image\" data-rel=\"56\" data-title=\"OK\" title=\"Agrandir la photo\"><div style=\"background-image:url(https:\/\/www.imagesante.be\/wp-content\/uploads\/2025\/02\/OK-1-400x300.jpg)\"><\/div><noscript><img decoding=\"async\" class=\"wpgb-noscript-img\" src=\"https:\/\/www.imagesante.be\/wp-content\/uploads\/2025\/02\/OK-1-400x300.jpg\" alt=\"\" height=\"300\" width=\"400\"><\/noscript><\/a><\/div><div class=\"wpgb-card-media-overlay\" data-action><a class=\"wpgb-card-layer-link\" href=\"https:\/\/www.imagesante.be\/fr\/emission\/les-migraines-chroniques\/\"><\/a><\/div><a class=\"wpgb-card-layer-link\" href=\"https:\/\/www.imagesante.be\/fr\/emission\/les-migraines-chroniques\/\"><\/a><\/div><div class=\"wpgb-card-content wpgb-scheme-dark\"><div class=\"wpgb-card-body\"><h4 class=\"wpgb-block-3\"><a target=\"_self\" href=\"https:\/\/www.imagesante.be\/fr\/emission\/les-migraines-chroniques\/\">Tenir t\u00eate au mal de t\u00eate !<\/a><\/h4><div class=\"wpgb-block-1\">lundi 24 mars 2025 10:00<\/div><\/div><\/div><\/div><\/div><\/article><article class=\"wpgb-card wpgb-card-4 wpgb-post-38885\" data-col=\"1\" data-row=\"1\" data-format=\"standard\"><div class=\"wpgb-card-wrapper\"><div class=\"wpgb-card-inner\"><div class=\"wpgb-card-media wpgb-scheme-light\" data-action><svg data-ratio style=\"padding-top:75%\" viewBox=\"0 0 4 3\" aria-hidden=\"true\"><\/svg><div class=\"wpgb-card-media-thumbnail\"><a href=\"https:\/\/www.imagesante.be\/wp-content\/uploads\/2025\/02\/3-e1739808099934.jpg\" tabindex=\"-1\" class=\"wpgb-handle-lb wpgb-lightbox\" data-type=\"image\" data-rel=\"56\" data-title=\"3\" title=\"Agrandir la photo\"><div style=\"background-image:url(https:\/\/www.imagesante.be\/wp-content\/uploads\/2025\/02\/3-e1739808099934-400x300.jpg)\"><\/div><noscript><img decoding=\"async\" class=\"wpgb-noscript-img\" src=\"https:\/\/www.imagesante.be\/wp-content\/uploads\/2025\/02\/3-e1739808099934-400x300.jpg\" alt=\"\" height=\"300\" width=\"400\"><\/noscript><\/a><\/div><div class=\"wpgb-card-media-overlay\" data-action><a class=\"wpgb-card-layer-link\" href=\"https:\/\/www.imagesante.be\/fr\/emission\/sante-et-environnement-2\/\"><\/a><\/div><a class=\"wpgb-card-layer-link\" href=\"https:\/\/www.imagesante.be\/fr\/emission\/sante-et-environnement-2\/\"><\/a><\/div><div class=\"wpgb-card-content wpgb-scheme-dark\"><div class=\"wpgb-card-body\"><h4 class=\"wpgb-block-3\"><a target=\"_self\" href=\"https:\/\/www.imagesante.be\/fr\/emission\/sante-et-environnement-2\/\">L&#8217;environnement, cl\u00e9 pour une meilleure sant\u00e9<\/a><\/h4><div class=\"wpgb-block-1\">lundi 24 mars 2025 14:00<\/div><\/div><\/div><\/div><\/div><\/article><article class=\"wpgb-card wpgb-card-4 wpgb-post-39113\" data-col=\"1\" data-row=\"1\" data-format=\"standard\"><div class=\"wpgb-card-wrapper\"><div class=\"wpgb-card-inner\"><div class=\"wpgb-card-media wpgb-scheme-light\" data-action><svg data-ratio style=\"padding-top:75%\" viewBox=\"0 0 4 3\" aria-hidden=\"true\"><\/svg><div class=\"wpgb-card-media-thumbnail\"><a href=\"https:\/\/www.imagesante.be\/wp-content\/uploads\/2025\/02\/portrait-young-family_1328-3806-e1740393489670.jpg\" tabindex=\"-1\" class=\"wpgb-handle-lb wpgb-lightbox\" data-type=\"image\" data-rel=\"56\" data-title=\"portrait-young-family_1328-3806\" title=\"Agrandir la photo\"><div style=\"background-image:url(https:\/\/www.imagesante.be\/wp-content\/uploads\/2025\/02\/portrait-young-family_1328-3806-e1740393489670-400x300.jpg)\"><\/div><noscript><img decoding=\"async\" class=\"wpgb-noscript-img\" src=\"https:\/\/www.imagesante.be\/wp-content\/uploads\/2025\/02\/portrait-young-family_1328-3806-e1740393489670-400x300.jpg\" alt=\"\" height=\"300\" width=\"400\"><\/noscript><\/a><\/div><div class=\"wpgb-card-media-overlay\" data-action><a class=\"wpgb-card-layer-link\" href=\"https:\/\/www.imagesante.be\/fr\/emission\/une-prise-de-sange-a-la-naissance-pour-detecter-les-maladies-rares\/\"><\/a><\/div><a class=\"wpgb-card-layer-link\" href=\"https:\/\/www.imagesante.be\/fr\/emission\/une-prise-de-sange-a-la-naissance-pour-detecter-les-maladies-rares\/\"><\/a><\/div><div class=\"wpgb-card-content wpgb-scheme-dark\"><div class=\"wpgb-card-body\"><h4 class=\"wpgb-block-3\"><a target=\"_self\" href=\"https:\/\/www.imagesante.be\/fr\/emission\/une-prise-de-sange-a-la-naissance-pour-detecter-les-maladies-rares\/\">Une prise de sang \u00e0 la naissance pour d\u00e9tecter les maladies rares<\/a><\/h4><div class=\"wpgb-block-1\">mardi 25 mars 2025 10:00<\/div><\/div><\/div><\/div><\/div><\/article><article class=\"wpgb-card wpgb-card-4 wpgb-post-37531\" data-col=\"1\" data-row=\"1\" data-format=\"standard\"><div class=\"wpgb-card-wrapper\"><div class=\"wpgb-card-inner\"><div class=\"wpgb-card-media wpgb-scheme-light\" data-action><svg data-ratio style=\"padding-top:75%\" viewBox=\"0 0 4 3\" aria-hidden=\"true\"><\/svg><div class=\"wpgb-card-media-thumbnail\"><a href=\"https:\/\/www.imagesante.be\/wp-content\/uploads\/2025\/01\/engineer-4941342_1280-e1738318803308.jpg\" tabindex=\"-1\" class=\"wpgb-handle-lb wpgb-lightbox\" data-type=\"image\" data-rel=\"56\" data-title=\"engineer-4941342_1280\" title=\"Agrandir la photo\"><div style=\"background-image:url(https:\/\/www.imagesante.be\/wp-content\/uploads\/2025\/01\/engineer-4941342_1280-e1738318803308-400x300.jpg)\"><\/div><noscript><img decoding=\"async\" class=\"wpgb-noscript-img\" src=\"https:\/\/www.imagesante.be\/wp-content\/uploads\/2025\/01\/engineer-4941342_1280-e1738318803308-400x300.jpg\" alt=\"\" height=\"300\" width=\"400\"><\/noscript><\/a><\/div><div class=\"wpgb-card-media-overlay\" data-action><a class=\"wpgb-card-layer-link\" href=\"https:\/\/www.imagesante.be\/fr\/emission\/les-metiers-steam\/\"><\/a><\/div><a class=\"wpgb-card-layer-link\" href=\"https:\/\/www.imagesante.be\/fr\/emission\/les-metiers-steam\/\"><\/a><\/div><div class=\"wpgb-card-content wpgb-scheme-dark\"><div class=\"wpgb-card-body\"><h4 class=\"wpgb-block-3\"><a target=\"_self\" href=\"https:\/\/www.imagesante.be\/fr\/emission\/les-metiers-steam\/\">Les m\u00e9tiers des sciences de la vie, d\u00e9couvrez les formations en alternance de l&#8217;enseignement sup\u00e9rieur !<\/a><\/h4><div class=\"wpgb-block-1\">mardi 25 mars 2025 14:00<\/div><\/div><\/div><\/div><\/div><\/article><article class=\"wpgb-card wpgb-card-4 wpgb-post-37541\" data-col=\"1\" data-row=\"1\" data-format=\"standard\"><div class=\"wpgb-card-wrapper\"><div class=\"wpgb-card-inner\"><div class=\"wpgb-card-media wpgb-scheme-light\" data-action><svg data-ratio style=\"padding-top:75%\" viewBox=\"0 0 4 3\" aria-hidden=\"true\"><\/svg><div class=\"wpgb-card-media-thumbnail\"><a href=\"https:\/\/www.imagesante.be\/wp-content\/uploads\/2025\/02\/Biotechs-2-1.jpg\" tabindex=\"-1\" class=\"wpgb-handle-lb wpgb-lightbox\" data-type=\"image\" data-rel=\"56\" data-title=\"Biotechs (2)\" title=\"Agrandir la photo\"><div style=\"background-image:url(https:\/\/www.imagesante.be\/wp-content\/uploads\/2025\/02\/Biotechs-2-1-400x300.jpg)\"><\/div><noscript><img decoding=\"async\" class=\"wpgb-noscript-img\" src=\"https:\/\/www.imagesante.be\/wp-content\/uploads\/2025\/02\/Biotechs-2-1-400x300.jpg\" alt=\"\" height=\"300\" width=\"400\"><\/noscript><\/a><\/div><div class=\"wpgb-card-media-overlay\" data-action><a class=\"wpgb-card-layer-link\" href=\"https:\/\/www.imagesante.be\/fr\/emission\/lecosysteme-des-biotechs-liegeoise\/\"><\/a><\/div><a class=\"wpgb-card-layer-link\" href=\"https:\/\/www.imagesante.be\/fr\/emission\/lecosysteme-des-biotechs-liegeoise\/\"><\/a><\/div><div class=\"wpgb-card-content wpgb-scheme-dark\"><div class=\"wpgb-card-body\"><h4 class=\"wpgb-block-3\"><a target=\"_self\" href=\"https:\/\/www.imagesante.be\/fr\/emission\/lecosysteme-des-biotechs-liegeoise\/\">Du chercheur au patient, l&#8217;innovation en sant\u00e9 en Cit\u00e9 ardente<\/a><\/h4><div class=\"wpgb-block-1\">mercredi 26 mars 2025 10:00<\/div><\/div><\/div><\/div><\/div><\/article><article class=\"wpgb-card wpgb-card-4 wpgb-post-37535\" data-col=\"1\" data-row=\"1\" data-format=\"standard\"><div class=\"wpgb-card-wrapper\"><div class=\"wpgb-card-inner\"><div class=\"wpgb-card-media wpgb-scheme-light\" data-action><svg data-ratio style=\"padding-top:75%\" viewBox=\"0 0 4 3\" aria-hidden=\"true\"><\/svg><div class=\"wpgb-card-media-thumbnail\"><a href=\"https:\/\/www.imagesante.be\/wp-content\/uploads\/2025\/02\/Medecine-Nucleaire.jpg\" tabindex=\"-1\" class=\"wpgb-handle-lb wpgb-lightbox\" data-type=\"image\" data-rel=\"56\" data-title=\"M\u00e9decine Nucl\u00e9aire\" title=\"Agrandir la photo\"><div style=\"background-image:url(https:\/\/www.imagesante.be\/wp-content\/uploads\/2025\/02\/Medecine-Nucleaire-400x300.jpg)\"><\/div><noscript><img decoding=\"async\" class=\"wpgb-noscript-img\" src=\"https:\/\/www.imagesante.be\/wp-content\/uploads\/2025\/02\/Medecine-Nucleaire-400x300.jpg\" alt=\"\" height=\"300\" width=\"400\"><\/noscript><\/a><\/div><div class=\"wpgb-card-media-overlay\" data-action><a class=\"wpgb-card-layer-link\" href=\"https:\/\/www.imagesante.be\/fr\/emission\/medecine-nucleaire-un-espoir-dans-la-lutte-contre-le-cancer\/\"><\/a><\/div><a class=\"wpgb-card-layer-link\" href=\"https:\/\/www.imagesante.be\/fr\/emission\/medecine-nucleaire-un-espoir-dans-la-lutte-contre-le-cancer\/\"><\/a><\/div><div class=\"wpgb-card-content wpgb-scheme-dark\"><div class=\"wpgb-card-body\"><h4 class=\"wpgb-block-3\"><a target=\"_self\" href=\"https:\/\/www.imagesante.be\/fr\/emission\/medecine-nucleaire-un-espoir-dans-la-lutte-contre-le-cancer\/\">M\u00e9decine nucl\u00e9aire : un espoir dans la lutte contre le cancer<\/a><\/h4><div class=\"wpgb-block-1\">mercredi 26 mars 2025 14:00<\/div><\/div><\/div><\/div><\/div><\/article><article class=\"wpgb-card wpgb-card-4 wpgb-post-37543\" data-col=\"1\" data-row=\"1\" data-format=\"standard\"><div class=\"wpgb-card-wrapper\"><div class=\"wpgb-card-inner\"><div class=\"wpgb-card-media wpgb-scheme-light\" data-action><svg data-ratio style=\"padding-top:75%\" viewBox=\"0 0 4 3\" aria-hidden=\"true\"><\/svg><div class=\"wpgb-card-media-thumbnail\"><a href=\"https:\/\/www.imagesante.be\/wp-content\/uploads\/2025\/01\/Sante-Mantale-1.jpg\" tabindex=\"-1\" class=\"wpgb-handle-lb wpgb-lightbox\" data-type=\"image\" data-rel=\"56\" data-title=\"Multiracial group of young people taking selfie\" data-desc=\"Multiracial group of friends taking selfie in a urban street with a blonde woman in foreground. Three young women and two men wearing casual clothes.\" title=\"Agrandir la photo\"><div style=\"background-image:url(https:\/\/www.imagesante.be\/wp-content\/uploads\/2025\/01\/Sante-Mantale-1-400x300.jpg)\"><\/div><noscript><img decoding=\"async\" class=\"wpgb-noscript-img\" src=\"https:\/\/www.imagesante.be\/wp-content\/uploads\/2025\/01\/Sante-Mantale-1-400x300.jpg\" alt=\"\" height=\"300\" width=\"400\"><\/noscript><\/a><\/div><div class=\"wpgb-card-media-overlay\" data-action><a class=\"wpgb-card-layer-link\" href=\"https:\/\/www.imagesante.be\/fr\/emission\/la-sante-mentale-des-jeunes\/\"><\/a><\/div><a class=\"wpgb-card-layer-link\" href=\"https:\/\/www.imagesante.be\/fr\/emission\/la-sante-mentale-des-jeunes\/\"><\/a><\/div><div class=\"wpgb-card-content wpgb-scheme-dark\"><div class=\"wpgb-card-body\"><h4 class=\"wpgb-block-3\"><a target=\"_self\" href=\"https:\/\/www.imagesante.be\/fr\/emission\/la-sante-mentale-des-jeunes\/\">Les jeunes vont-ils si mal ? Parlons-en !<\/a><\/h4><div class=\"wpgb-block-1\">jeudi 27 mars 2025 10:00<\/div><\/div><\/div><\/div><\/div><\/article><article class=\"wpgb-card wpgb-card-4 wpgb-post-37552\" data-col=\"1\" data-row=\"1\" data-format=\"standard\"><div class=\"wpgb-card-wrapper\"><div class=\"wpgb-card-inner\"><div class=\"wpgb-card-media wpgb-scheme-light\" data-action><svg data-ratio style=\"padding-top:75%\" viewBox=\"0 0 4 3\" aria-hidden=\"true\"><\/svg><div class=\"wpgb-card-media-thumbnail\"><a href=\"https:\/\/www.imagesante.be\/wp-content\/uploads\/2025\/01\/Memoire-Collective-1-e1738744853861.jpg\" tabindex=\"-1\" class=\"wpgb-handle-lb wpgb-lightbox\" data-type=\"image\" data-rel=\"56\" data-title=\"M\u00e9moire Collective (1)\" title=\"Agrandir la photo\"><div style=\"background-image:url(https:\/\/www.imagesante.be\/wp-content\/uploads\/2025\/01\/Memoire-Collective-1-e1738744853861-400x300.jpg)\"><\/div><noscript><img decoding=\"async\" class=\"wpgb-noscript-img\" src=\"https:\/\/www.imagesante.be\/wp-content\/uploads\/2025\/01\/Memoire-Collective-1-e1738744853861-400x300.jpg\" alt=\"\" height=\"300\" width=\"400\"><\/noscript><\/a><\/div><div class=\"wpgb-card-media-overlay\" data-action><a class=\"wpgb-card-layer-link\" href=\"https:\/\/www.imagesante.be\/fr\/emission\/memoire-collective-et-sante-publique\/\"><\/a><\/div><a class=\"wpgb-card-layer-link\" href=\"https:\/\/www.imagesante.be\/fr\/emission\/memoire-collective-et-sante-publique\/\"><\/a><\/div><div class=\"wpgb-card-content wpgb-scheme-dark\"><div class=\"wpgb-card-body\"><h4 class=\"wpgb-block-3\"><a target=\"_self\" href=\"https:\/\/www.imagesante.be\/fr\/emission\/memoire-collective-et-sante-publique\/\">Qu&#8217;apprenons-nous des \u00e9pid\u00e9mies ? M\u00e9moire et sant\u00e9 publique<\/a><\/h4><div class=\"wpgb-block-1\">jeudi 27 mars 2025 14:00<\/div><\/div><\/div><\/div><\/div><\/article>\t\t<\/div>\n\t<\/div>\n\t<div class=\"wpgb-loader\">\n\t<div class=\"wpgb-loader-3\">\n\t\t<div><\/div>\t<\/div>\n<\/div>\n<\/div>\n\t<\/div>\n\t\t<\/div>\n<\/div>\n[\/et_pb_code][\/et_pb_column][\/et_pb_row][et_pb_row admin_label=&#8221;row&#8221; _builder_version=&#8221;4.16&#8243; background_size=&#8221;initial&#8221; background_position=&#8221;top_left&#8221; background_repeat=&#8221;repeat&#8221; global_colors_info=&#8221;{}&#8221;][et_pb_column type=&#8221;4_4&#8243; _builder_version=&#8221;4.16&#8243; custom_padding=&#8221;|||&#8221; global_colors_info=&#8221;{}&#8221; custom_padding__hover=&#8221;|||&#8221;][et_pb_text admin_label=&#8221;Op\u00e9rations chirurgicales&#8221; _builder_version=&#8221;4.16&#8243; background_size=&#8221;initial&#8221; background_position=&#8221;top_left&#8221; background_repeat=&#8221;repeat&#8221; use_border_color=&#8221;off&#8221; border_color=&#8221;#ffffff&#8221; border_style=&#8221;solid&#8221; global_colors_info=&#8221;{}&#8221;]<\/p>\n<h2>Op\u00e9rations chirurgicales<\/h2>\n<p>[\/et_pb_text][\/et_pb_column][\/et_pb_row][et_pb_row admin_label=&#8221;row&#8221; _builder_version=&#8221;4.16&#8243; background_size=&#8221;initial&#8221; background_position=&#8221;top_left&#8221; background_repeat=&#8221;repeat&#8221; global_colors_info=&#8221;{}&#8221;][et_pb_column type=&#8221;4_4&#8243; _builder_version=&#8221;4.16&#8243; custom_padding=&#8221;|||&#8221; global_colors_info=&#8221;{}&#8221; custom_padding__hover=&#8221;|||&#8221;][et_pb_text admin_label=&#8221;Liste des op\u00e9rations&#8221; module_id=&#8221;2303&#8243; _builder_version=&#8221;4.27.5&#8243; background_size=&#8221;initial&#8221; background_position=&#8221;top_left&#8221; background_repeat=&#8221;repeat&#8221; use_border_color=&#8221;off&#8221; border_color=&#8221;#ffffff&#8221; border_style=&#8221;solid&#8221; global_colors_info=&#8221;{}&#8221;]<\/p>\n<!-- Gridbuilder \u1d42\u1d3e Plugin (https:\/\/wpgridbuilder.com) -->\n<div class=\"wp-grid-builder wpgb-grid-45\" data-options=\"{&quot;id&quot;:45,&quot;type&quot;:&quot;masonry&quot;,&quot;source&quot;:&quot;post_type&quot;,&quot;loader&quot;:false,&quot;layout&quot;:&quot;vertical&quot;,&quot;reveal&quot;:0,&quot;isMainQuery&quot;:0,&quot;lazyLoad&quot;:false,&quot;cardSizes&quot;:{&quot;9999&quot;:{&quot;columns&quot;:2,&quot;height&quot;:240,&quot;gutter&quot;:20,&quot;ratio&quot;:&quot;1.33333&quot;},&quot;1200&quot;:{&quot;columns&quot;:2,&quot;height&quot;:240,&quot;gutter&quot;:20,&quot;ratio&quot;:&quot;1.33333&quot;},&quot;992&quot;:{&quot;columns&quot;:2,&quot;height&quot;:220,&quot;gutter&quot;:20,&quot;ratio&quot;:&quot;1.33333&quot;},&quot;768&quot;:{&quot;columns&quot;:1,&quot;height&quot;:220,&quot;gutter&quot;:0,&quot;ratio&quot;:&quot;1.33333&quot;},&quot;576&quot;:{&quot;columns&quot;:1,&quot;height&quot;:200,&quot;gutter&quot;:0,&quot;ratio&quot;:&quot;1.33333&quot;},&quot;320&quot;:{&quot;columns&quot;:1,&quot;height&quot;:200,&quot;gutter&quot;:0,&quot;ratio&quot;:&quot;1.33333&quot;}},&quot;fitRows&quot;:true,&quot;equalRows&quot;:0,&quot;equalColumns&quot;:true,&quot;fillLastRow&quot;:0,&quot;centerLastRow&quot;:0,&quot;horizontalOrder&quot;:true,&quot;fullWidth&quot;:false,&quot;transitionDelay&quot;:100,&quot;gallerySlideshow&quot;:false,&quot;rowsNumber&quot;:1,&quot;slideAlign&quot;:&quot;left&quot;,&quot;groupCells&quot;:1,&quot;draggable&quot;:true,&quot;initialIndex&quot;:0,&quot;contain&quot;:false,&quot;freeScroll&quot;:false,&quot;freeFriction&quot;:&quot;0.075&quot;,&quot;friction&quot;:&quot;0.285&quot;,&quot;attraction&quot;:&quot;0.025&quot;,&quot;autoPlay&quot;:0,&quot;pageDotAriaLabel&quot;:&quot;Point de page %d&quot;,&quot;isPreview&quot;:false,&quot;isGutenberg&quot;:false,&quot;rightToLeft&quot;:false}\"><div class=\"wpgb-wrapper\">\n\t<div class=\"wpgb-main\">\n\t<div class=\"wpgb-area wpgb-area-top-2\">\n\t<div class=\"wpgb-facet wpgb-loading wpgb-facet-5\" data-facet=\"5\" data-grid=\"45\">\t<h4 class=\"wpgb-facet-title\">Date<\/h4>\n\t\t<fieldset>\n\t\t<legend class=\"wpgb-facet-title wpgb-sr-only\">Date<\/legend>\n\t\t<div class=\"wpgb-button-facet\"><ul class=\"wpgb-inline-list\"><li><div class=\"wpgb-button\" role=\"button\" aria-pressed=\"true\" tabindex=\"0\"><input type=\"hidden\" name=\"date\" value=\"\"><span class=\"wpgb-button-label\">Tous<\/span><\/div><\/li><li><div class=\"wpgb-button\" role=\"button\" aria-pressed=\"false\" tabindex=\"0\"><input type=\"hidden\" name=\"date\" value=\"25-03\"><span class=\"wpgb-button-label\">25\/03\/25 <span>(11)<\/span><\/span><\/div><\/li><li><div class=\"wpgb-button\" role=\"button\" aria-pressed=\"false\" tabindex=\"0\"><input type=\"hidden\" name=\"date\" value=\"27-03\"><span class=\"wpgb-button-label\">27\/03\/25 <span>(14)<\/span><\/span><\/div><\/li><li><div class=\"wpgb-button\" role=\"button\" aria-pressed=\"false\" tabindex=\"0\"><input type=\"hidden\" name=\"date\" value=\"28-03\"><span class=\"wpgb-button-label\">28\/03\/25 <span>(6)<\/span><\/span><\/div><\/li><\/ul><\/div>\t<\/fieldset>\n\t<\/div><\/div>\n<div class=\"wpgb-layout\">\n\t<div class=\"wpgb-viewport\">\n\t\t<div class=\"wpgb-masonry\">\n\t\t\t<article class=\"wpgb-card wpgb-card-11 wpgb-post-39249\" data-col=\"1\" data-row=\"1\" data-format=\"standard\"><div class=\"wpgb-card-wrapper\"><div class=\"wpgb-card-inner\"><div class=\"wpgb-card-content wpgb-scheme-dark\"><div class=\"wpgb-card-body\"><h4 class=\"wpgb-block-3\">Revascularisation myocardique selon la technique BABLIAK<\/h4><div class=\"wpgb-block-2\">Date : mardi 25 mars - 07h45<\/div><div class=\"wpgb-block-7\">- Dur\u00e9e : 5h00<\/div><div class=\"wpgb-block-4\">Discipline : Chirurgie Cardio-Vasculaire<\/div><div class=\"wpgb-block-1 photo-medecin\"><img decoding=\"async\" src=\"https:\/\/www.imagesante.be\/wp-content\/uploads\/2023\/03\/Samuel-BRULS-200x200.jpg\" alt=\"Dr. Samuel BRULS\" width=\"200\" height=\"200\" \/><br\/>Dr. Samuel BRULS<\/div><div class=\"wpgb-block-6\"><img decoding=\"async\" src=\"https:\/\/www.imagesante.be\/wp-content\/uploads\/2023\/03\/Quentin-DESIRON-1-200x200.jpg\" width=\"200\" height=\"200\" alt=\"Dr. Quentin DESIRON\t\" \/><br\/>Dr. Quentin DESIRON\t<\/div><a class=\"wpgb-block-8\" target=\"_blank\" rel=\"external noopener noreferrer\" href=\"https:\/\/youtu.be\/EXtNg9NYXtI\">Revoir<\/a><\/div><\/div><\/div><\/div><\/article><article class=\"wpgb-card wpgb-card-11 wpgb-post-39569\" data-col=\"1\" data-row=\"1\" data-format=\"standard\"><div class=\"wpgb-card-wrapper\"><div class=\"wpgb-card-inner\"><div class=\"wpgb-card-content wpgb-scheme-dark\"><div class=\"wpgb-card-body\"><h4 class=\"wpgb-block-3\">Proth\u00e8se totale de genou droit<\/h4><div class=\"wpgb-block-2\">Date : mardi 25 mars - 08h00<\/div><div class=\"wpgb-block-7\">- Dur\u00e9e : 3h00<\/div><div class=\"wpgb-block-4\">Discipline : Chirurgie Orthop\u00e9dique<\/div><div class=\"wpgb-block-1 photo-medecin\"><img decoding=\"async\" src=\"https:\/\/www.imagesante.be\/wp-content\/uploads\/2025\/02\/THIRION-Thierry-200x200.jpg\" alt=\"Pr. Thierry THIRION\" width=\"200\" height=\"200\" \/><br\/>Pr. Thierry THIRION<\/div><a class=\"wpgb-block-8\" target=\"_blank\" rel=\"external noopener noreferrer\" href=\"https:\/\/youtu.be\/P5O5KojH7w4\">Revoir<\/a><\/div><\/div><\/div><\/div><\/article><article class=\"wpgb-card wpgb-card-11 wpgb-post-40192\" data-col=\"1\" data-row=\"1\" data-format=\"standard\"><div class=\"wpgb-card-wrapper\"><div class=\"wpgb-card-inner\"><div class=\"wpgb-card-content wpgb-scheme-dark\"><div class=\"wpgb-card-body\"><h4 class=\"wpgb-block-3\">Esth\u00e9sioneuroblastome de la fente olfactive droite<\/h4><div class=\"wpgb-block-2\">Date : mardi 25 mars - 08h00<\/div><div class=\"wpgb-block-7\">- Dur\u00e9e : 04h00<\/div><div class=\"wpgb-block-4\">Discipline : ORL\/Neurochirurgie<\/div><div class=\"wpgb-block-1 photo-medecin\"><img decoding=\"async\" src=\"https:\/\/www.imagesante.be\/wp-content\/uploads\/2025\/03\/REUTER-Gilles-200x200.jpg\" alt=\"Dr. Gilles REUTER\" width=\"200\" height=\"200\" \/><br\/>Dr. Gilles REUTER<\/div><div class=\"wpgb-block-6\"><img decoding=\"async\" src=\"https:\/\/www.imagesante.be\/wp-content\/uploads\/2025\/03\/BOUCHAIN-Olivier-200x200.jpg\" width=\"200\" height=\"200\" alt=\"Dr. Olivier BOUCHAIN\" \/><br\/>Dr. Olivier BOUCHAIN<\/div><a class=\"wpgb-block-8\" target=\"_blank\" rel=\"external noopener noreferrer\" href=\"https:\/\/youtu.be\/lUzNEVg5P_4\">Revoir<\/a><\/div><\/div><\/div><\/div><\/article><article class=\"wpgb-card wpgb-card-11 wpgb-post-39848\" data-col=\"1\" data-row=\"1\" data-format=\"standard\"><div class=\"wpgb-card-wrapper\"><div class=\"wpgb-card-inner\"><div class=\"wpgb-card-content wpgb-scheme-dark\"><div class=\"wpgb-card-body\"><h4 class=\"wpgb-block-3\">Parotidectomie gauche<\/h4><div class=\"wpgb-block-2\">Date : mardi 25 mars - 08h30<\/div><div class=\"wpgb-block-7\">- Dur\u00e9e : 3h00<\/div><div class=\"wpgb-block-4\">Discipline : ORL<\/div><div class=\"wpgb-block-1 photo-medecin\"><img decoding=\"async\" src=\"https:\/\/www.imagesante.be\/wp-content\/uploads\/2025\/03\/RANSY-Pierre-e1741944630350-200x200.jpg\" alt=\"Dr. Pierre RANSY\" width=\"200\" height=\"200\" \/><br\/>Dr. Pierre RANSY<\/div><a class=\"wpgb-block-8\" target=\"_blank\" rel=\"external noopener noreferrer\" href=\"https:\/\/youtu.be\/N7hXvzloTkE\">Revoir<\/a><\/div><\/div><\/div><\/div><\/article><article class=\"wpgb-card wpgb-card-11 wpgb-post-39571\" data-col=\"1\" data-row=\"1\" data-format=\"standard\"><div class=\"wpgb-card-wrapper\"><div class=\"wpgb-card-inner\"><div class=\"wpgb-card-content wpgb-scheme-dark\"><div class=\"wpgb-card-body\"><h4 class=\"wpgb-block-3\">Plastie LCA + PEA<\/h4><div class=\"wpgb-block-2\">Date : mardi 25 mars - 11h00<\/div><div class=\"wpgb-block-7\">- Dur\u00e9e : 2h00<\/div><div class=\"wpgb-block-4\">Discipline : Chirurgie Orthop\u00e9dique<\/div><div class=\"wpgb-block-1 photo-medecin\"><img decoding=\"async\" src=\"https:\/\/www.imagesante.be\/wp-content\/uploads\/2025\/02\/DANIEL-Christophe-1-200x200.jpg\" alt=\"Dr. Christophe DANIEL\" width=\"200\" height=\"200\" \/><br\/>Dr. Christophe DANIEL<\/div><a class=\"wpgb-block-8\" target=\"_blank\" rel=\"external noopener noreferrer\" href=\"https:\/\/youtu.be\/ypW9LnjPIa8\">Revoir<\/a><\/div><\/div><\/div><\/div><\/article><article class=\"wpgb-card wpgb-card-11 wpgb-post-39574\" data-col=\"1\" data-row=\"1\" data-format=\"standard\"><div class=\"wpgb-card-wrapper\"><div class=\"wpgb-card-inner\"><div class=\"wpgb-card-content wpgb-scheme-dark\"><div class=\"wpgb-card-body\"><h4 class=\"wpgb-block-3\">Pleuroscopie<\/h4><div class=\"wpgb-block-2\">Date : mardi 25 mars - 13h00<\/div><div class=\"wpgb-block-4\">Discipline : Pneumo-endoscopie<\/div><div class=\"wpgb-block-1 photo-medecin\"><img decoding=\"async\" src=\"https:\/\/www.imagesante.be\/wp-content\/uploads\/2023\/03\/Bernard-DUYSINX-e1740735052377-200x200.jpg\" alt=\"Pr. Bernard DUYSINX\" width=\"200\" height=\"200\" \/><br\/>Pr. Bernard DUYSINX<\/div><a class=\"wpgb-block-8\" target=\"_blank\" rel=\"external noopener noreferrer\" href=\"https:\/\/youtu.be\/OuCxehQNJUA\">Revoir<\/a><\/div><\/div><\/div><\/div><\/article><article class=\"wpgb-card wpgb-card-11 wpgb-post-39581\" data-col=\"1\" data-row=\"1\" data-format=\"standard\"><div class=\"wpgb-card-wrapper\"><div class=\"wpgb-card-inner\"><div class=\"wpgb-card-content wpgb-scheme-dark\"><div class=\"wpgb-card-body\"><h4 class=\"wpgb-block-3\">Proth\u00e8se totale de genou gauche<\/h4><div class=\"wpgb-block-2\">Date : mardi 25 mars - 13h00<\/div><div class=\"wpgb-block-7\">- Dur\u00e9e : 01h30'<\/div><div class=\"wpgb-block-4\">Discipline : Chirurgie Orthop\u00e9dique<\/div><div class=\"wpgb-block-1 photo-medecin\"><img decoding=\"async\" src=\"https:\/\/www.imagesante.be\/wp-content\/uploads\/2025\/02\/DANIEL-Christophe-1-200x200.jpg\" alt=\"Dr. Christophe DANIEL\" width=\"200\" height=\"200\" \/><br\/>Dr. Christophe DANIEL<\/div><a class=\"wpgb-block-8\" target=\"_blank\" rel=\"external noopener noreferrer\" href=\"https:\/\/youtu.be\/Adw0xHvZogY\">Revoir<\/a><\/div><\/div><\/div><\/div><\/article><article class=\"wpgb-card wpgb-card-11 wpgb-post-39583\" data-col=\"1\" data-row=\"1\" data-format=\"standard\"><div class=\"wpgb-card-wrapper\"><div class=\"wpgb-card-inner\"><div class=\"wpgb-card-content wpgb-scheme-dark\"><div class=\"wpgb-card-body\"><h4 class=\"wpgb-block-3\">Greffe de corn\u00e9e<\/h4><div class=\"wpgb-block-2\">Date : mardi 25 mars - 13h00<\/div><div class=\"wpgb-block-7\">- Dur\u00e9e : 75'<\/div><div class=\"wpgb-block-4\">Discipline : Ophtalmologie<\/div><div class=\"wpgb-block-1 photo-medecin\"><img decoding=\"async\" src=\"https:\/\/www.imagesante.be\/wp-content\/uploads\/2025\/02\/DUCHESNE-Bernard-200x200.jpg\" alt=\"Pr. Bernard DUCHESNE\" width=\"200\" height=\"200\" \/><br\/>Pr. Bernard DUCHESNE<\/div><a class=\"wpgb-block-8\" target=\"_blank\" rel=\"external noopener noreferrer\" href=\"https:\/\/youtu.be\/y34VJM3-G24\">Revoir<\/a><\/div><\/div><\/div><\/div><\/article><article class=\"wpgb-card wpgb-card-11 wpgb-post-40104\" data-col=\"1\" data-row=\"1\" data-format=\"standard\"><div class=\"wpgb-card-wrapper\"><div class=\"wpgb-card-inner\"><div class=\"wpgb-card-content wpgb-scheme-dark\"><div class=\"wpgb-card-body\"><h4 class=\"wpgb-block-3\">Colectomie droite<\/h4><div class=\"wpgb-block-2\">Date : mardi 25 mars - 13h00<\/div><div class=\"wpgb-block-7\">- Dur\u00e9e : 2h00<\/div><div class=\"wpgb-block-4\">Discipline : Chirurgie Abdominale<\/div><div class=\"wpgb-block-1 photo-medecin\"><img decoding=\"async\" src=\"https:\/\/www.imagesante.be\/wp-content\/uploads\/2025\/03\/NEUBERG-Maud-e1742843082638-200x200.jpg\" alt=\"Dr. Maud NEUBERG\" width=\"200\" height=\"200\" \/><br\/>Dr. Maud NEUBERG<\/div><a class=\"wpgb-block-8\" target=\"_blank\" rel=\"external noopener noreferrer\" href=\"https:\/\/youtu.be\/WowPTMLjtU4\">Revoir<\/a><\/div><\/div><\/div><\/div><\/article><article class=\"wpgb-card wpgb-card-11 wpgb-post-39585\" data-col=\"1\" data-row=\"1\" data-format=\"standard\"><div class=\"wpgb-card-wrapper\"><div class=\"wpgb-card-inner\"><div class=\"wpgb-card-content wpgb-scheme-dark\"><div class=\"wpgb-card-body\"><h4 class=\"wpgb-block-3\">Greffe de corn\u00e9e + cataracte<\/h4><div class=\"wpgb-block-2\">Date : mardi 25 mars - 14h15<\/div><div class=\"wpgb-block-7\">- Dur\u00e9e : 85'<\/div><div class=\"wpgb-block-4\">Discipline : Ophtalmologie<\/div><div class=\"wpgb-block-1 photo-medecin\"><img decoding=\"async\" src=\"https:\/\/www.imagesante.be\/wp-content\/uploads\/2025\/02\/DUCHESNE-Bernard-200x200.jpg\" alt=\"Pr. Bernard DUCHESNE\" width=\"200\" height=\"200\" \/><br\/>Pr. Bernard DUCHESNE<\/div><a class=\"wpgb-block-8\" target=\"_blank\" rel=\"external noopener noreferrer\" href=\"https:\/\/youtu.be\/Mon0IVHi2g4\">Revoir<\/a><\/div><\/div><\/div><\/div><\/article><article class=\"wpgb-card wpgb-card-11 wpgb-post-39587\" data-col=\"1\" data-row=\"1\" data-format=\"standard\"><div class=\"wpgb-card-wrapper\"><div class=\"wpgb-card-inner\"><div class=\"wpgb-card-content wpgb-scheme-dark\"><div class=\"wpgb-card-body\"><h4 class=\"wpgb-block-3\">Greffe de corn\u00e9e + cataracte<\/h4><div class=\"wpgb-block-2\">Date : mardi 25 mars - 15h35<\/div><div class=\"wpgb-block-7\">- Dur\u00e9e : 85'<\/div><div class=\"wpgb-block-4\">Discipline : Ophtalmologie<\/div><div class=\"wpgb-block-1 photo-medecin\"><img decoding=\"async\" src=\"https:\/\/www.imagesante.be\/wp-content\/uploads\/2025\/02\/DUCHESNE-Bernard-1-200x200.jpg\" alt=\"Pr Bernard DUCHESNE\" width=\"200\" height=\"200\" \/><br\/>Pr Bernard DUCHESNE<\/div><a class=\"wpgb-block-8\" target=\"_blank\" rel=\"external noopener noreferrer\" href=\"https:\/\/youtu.be\/y34VJM3-G24\">Revoir<\/a><\/div><\/div><\/div><\/div><\/article><article class=\"wpgb-card wpgb-card-11 wpgb-post-39259\" data-col=\"1\" data-row=\"1\" data-format=\"standard\"><div class=\"wpgb-card-wrapper\"><div class=\"wpgb-card-inner\"><div class=\"wpgb-card-content wpgb-scheme-dark\"><div class=\"wpgb-card-body\"><h4 class=\"wpgb-block-3\">Remplacement valvulaire aortique par mini-thoraco par voie axillaire<\/h4><div class=\"wpgb-block-2\">Date : jeudi 27 mars - 07h45<\/div><div class=\"wpgb-block-7\">- Dur\u00e9e : 4h00<\/div><div class=\"wpgb-block-4\">Discipline : Chirurgie Cardio-Vasculaire<\/div><div class=\"wpgb-block-1 photo-medecin\"><img decoding=\"async\" src=\"https:\/\/www.imagesante.be\/wp-content\/uploads\/2023\/03\/Jean-Paul-LAVIGNE-1-e1679063027404-200x200.jpg\" alt=\"Pr. Jean-Paul LAVIGNE\t\" width=\"200\" height=\"200\" \/><br\/>Pr. Jean-Paul LAVIGNE\t<\/div><div class=\"wpgb-block-6\"><img decoding=\"async\" src=\"https:\/\/www.imagesante.be\/wp-content\/uploads\/2025\/02\/HALLEUX-Danae-200x200.jpg\" width=\"200\" height=\"200\" alt=\"Dr. Dana\u00e9 HALLEUX\" \/><br\/>Dr. Dana\u00e9 HALLEUX<\/div><a class=\"wpgb-block-8\" target=\"_blank\" rel=\"external noopener noreferrer\" href=\"https:\/\/youtu.be\/B1ybvNNd5mg\">Revoir<\/a><\/div><\/div><\/div><\/div><\/article><article class=\"wpgb-card wpgb-card-11 wpgb-post-39257\" data-col=\"1\" data-row=\"1\" data-format=\"standard\"><div class=\"wpgb-card-wrapper\"><div class=\"wpgb-card-inner\"><div class=\"wpgb-card-content wpgb-scheme-dark\"><div class=\"wpgb-card-body\"><h4 class=\"wpgb-block-3\">D\u00e9socclusion coronaire chronique<\/h4><div class=\"wpgb-block-2\">Date : jeudi 27 mars - 08h00<\/div><div class=\"wpgb-block-4\">Discipline : Cardiologie<\/div><div class=\"wpgb-block-1 photo-medecin\"><img decoding=\"async\" src=\"https:\/\/www.imagesante.be\/wp-content\/uploads\/2023\/03\/Patrizio-LANCELLOTTI-200x200.jpg\" alt=\"Pr. Patrizio LANCELLOTTI\t\" width=\"200\" height=\"200\" \/><br\/>Pr. Patrizio LANCELLOTTI\t<\/div><a class=\"wpgb-block-8\" target=\"_blank\" rel=\"external noopener noreferrer\" href=\"https:\/\/youtu.be\/Y-j5zS68YgU\">Revoir<\/a><\/div><\/div><\/div><\/div><\/article><article class=\"wpgb-card wpgb-card-11 wpgb-post-39590\" data-col=\"1\" data-row=\"1\" data-format=\"standard\"><div class=\"wpgb-card-wrapper\"><div class=\"wpgb-card-inner\"><div class=\"wpgb-card-content wpgb-scheme-dark\"><div class=\"wpgb-card-body\"><h4 class=\"wpgb-block-3\">Mise en place d&#8217;une endoproth\u00e8se BEVAR<\/h4><div class=\"wpgb-block-2\">Date : jeudi 27 mars - 08h00<\/div><div class=\"wpgb-block-7\">- Dur\u00e9e : 6h00<\/div><div class=\"wpgb-block-4\">Discipline : Chirurgie Cardio-Vasculaire<\/div><div class=\"wpgb-block-1 photo-medecin\"><img decoding=\"async\" src=\"https:\/\/www.imagesante.be\/wp-content\/uploads\/2025\/02\/KERZMANN-Arnaud-1-200x200.jpg\" alt=\"Dr. Arnaud KERZMANN\t\" width=\"200\" height=\"200\" \/><br\/>Dr. Arnaud KERZMANN\t<\/div><div class=\"wpgb-block-6\"><img decoding=\"async\" src=\"https:\/\/www.imagesante.be\/wp-content\/uploads\/2025\/03\/BOESMANS-Evelyne-161x200.jpg\" width=\"200\" height=\"200\" alt=\"Dr. Evelyne BOESMANS\" \/><br\/>Dr. Evelyne BOESMANS<\/div><a class=\"wpgb-block-8\" target=\"_blank\" rel=\"external noopener noreferrer\" href=\"https:\/\/youtu.be\/UgDFmINhSVY\">Revoir<\/a><\/div><\/div><\/div><\/div><\/article><article class=\"wpgb-card wpgb-card-11 wpgb-post-39710\" data-col=\"1\" data-row=\"1\" data-format=\"standard\"><div class=\"wpgb-card-wrapper\"><div class=\"wpgb-card-inner\"><div class=\"wpgb-card-content wpgb-scheme-dark\"><div class=\"wpgb-card-body\"><h4 class=\"wpgb-block-3\">Double mastectomie prophylactique avec reconstruction imm\u00e9diate par proth\u00e8ses et lipofilling<\/h4><div class=\"wpgb-block-2\">Date : jeudi 27 mars - 08h00<\/div><div class=\"wpgb-block-7\">- Dur\u00e9e : 3h00<\/div><div class=\"wpgb-block-4\">Discipline : Chirurgie Plastique<\/div><div class=\"wpgb-block-1 photo-medecin\"><img decoding=\"async\" src=\"https:\/\/www.imagesante.be\/wp-content\/uploads\/2025\/03\/NELISSEN-Xavier-200x200.jpg\" alt=\"Dr Xavier NELISSEN\" width=\"200\" height=\"200\" \/><br\/>Dr Xavier NELISSEN<\/div><div class=\"wpgb-block-6\"><img decoding=\"async\" src=\"https:\/\/www.imagesante.be\/wp-content\/uploads\/2023\/03\/Christophe-NIZET-1-200x200.jpg\" width=\"200\" height=\"200\" alt=\"Dr Christophe NIZET\" \/><br\/>Dr Christophe NIZET<\/div><a class=\"wpgb-block-8\" target=\"_blank\" rel=\"external noopener noreferrer\" href=\"https:\/\/youtu.be\/p_4yrDjSMP0\">Revoir<\/a><\/div><\/div><\/div><\/div><\/article><article class=\"wpgb-card wpgb-card-11 wpgb-post-39867\" data-col=\"1\" data-row=\"1\" data-format=\"standard\"><div class=\"wpgb-card-wrapper\"><div class=\"wpgb-card-inner\"><div class=\"wpgb-card-content wpgb-scheme-dark\"><div class=\"wpgb-card-body\"><h4 class=\"wpgb-block-3\">Pontage aorto-coronaire x1 MIDCAB<\/h4><div class=\"wpgb-block-2\">Date : jeudi 27 mars - 08h00<\/div><div class=\"wpgb-block-7\">- Dur\u00e9e : 5h00<\/div><div class=\"wpgb-block-4\">Discipline : Chirurgie Cardio-Vasculaire<\/div><div class=\"wpgb-block-1 photo-medecin\"><img decoding=\"async\" src=\"https:\/\/www.imagesante.be\/wp-content\/uploads\/2025\/03\/SZECEL-Delphine-200x200.jpg\" alt=\"Dr. Delphine SZECEL\" width=\"200\" height=\"200\" \/><br\/>Dr. Delphine SZECEL<\/div><div class=\"wpgb-block-6\"><img decoding=\"async\" src=\"https:\/\/www.imagesante.be\/wp-content\/uploads\/2025\/03\/DURIEUX-Rodolphe-200x200.jpg\" width=\"200\" height=\"200\" alt=\"Pr. Rodolphe DURIEUX\" \/><br\/>Pr. Rodolphe DURIEUX<\/div><a class=\"wpgb-block-8\" target=\"_blank\" rel=\"external noopener noreferrer\" href=\"https:\/\/youtu.be\/w5HzJ7fT_e8\">Revoir<\/a><\/div><\/div><\/div><\/div><\/article><article class=\"wpgb-card wpgb-card-11 wpgb-post-39593\" data-col=\"1\" data-row=\"1\" data-format=\"standard\"><div class=\"wpgb-card-wrapper\"><div class=\"wpgb-card-inner\"><div class=\"wpgb-card-content wpgb-scheme-dark\"><div class=\"wpgb-card-body\"><h4 class=\"wpgb-block-3\">Reconstruction sein gauche par lambeau DIEP post cancer<\/h4><div class=\"wpgb-block-2\">Date : jeudi 27 mars - 11h00<\/div><div class=\"wpgb-block-7\">- Dur\u00e9e : 06h00<\/div><div class=\"wpgb-block-4\">Discipline : Chirurgie Plastique<\/div><div class=\"wpgb-block-1 photo-medecin\"><img decoding=\"async\" src=\"https:\/\/www.imagesante.be\/wp-content\/uploads\/2023\/03\/Christophe-NIZET-1-200x200.jpg\" alt=\"Dr. Christophe NIZET\" width=\"200\" height=\"200\" \/><br\/>Dr. Christophe NIZET<\/div><div class=\"wpgb-block-6\"><img decoding=\"async\" src=\"https:\/\/www.imagesante.be\/wp-content\/uploads\/2025\/03\/NELISSEN-Xavier-200x200.jpg\" width=\"200\" height=\"200\" alt=\"Dr Xavier NELISSEN\" \/><br\/>Dr Xavier NELISSEN<\/div><a class=\"wpgb-block-8\" target=\"_blank\" rel=\"external noopener noreferrer\" href=\"https:\/\/youtu.be\/obXrNLUAqvU\">Revoir<\/a><\/div><\/div><\/div><\/div><\/article><article class=\"wpgb-card wpgb-card-11 wpgb-post-39926\" data-col=\"1\" data-row=\"1\" data-format=\"standard\"><div class=\"wpgb-card-wrapper\"><div class=\"wpgb-card-inner\"><div class=\"wpgb-card-content wpgb-scheme-dark\"><div class=\"wpgb-card-body\"><h4 class=\"wpgb-block-3\">Hyst\u00e9rectomie<\/h4><div class=\"wpgb-block-2\">Date : jeudi 27 mars - 13h00<\/div><div class=\"wpgb-block-7\">- Dur\u00e9e : 2h00<\/div><div class=\"wpgb-block-4\">Discipline : Gyn\u00e9cologie<\/div><div class=\"wpgb-block-1 photo-medecin\"><img decoding=\"async\" src=\"https:\/\/www.imagesante.be\/wp-content\/uploads\/2025\/03\/NERVO-Patricia-1-e1742921007792-200x200.jpg\" alt=\"Dr. Patricia NERVO\" width=\"200\" height=\"200\" \/><br\/>Dr. Patricia NERVO<\/div><a class=\"wpgb-block-8\" target=\"_blank\" rel=\"external noopener noreferrer\" href=\"https:\/\/youtu.be\/nlEERDQeyyc\">Revoir<\/a><\/div><\/div><\/div><\/div><\/article><article class=\"wpgb-card wpgb-card-11 wpgb-post-40179\" data-col=\"1\" data-row=\"1\" data-format=\"standard\"><div class=\"wpgb-card-wrapper\"><div class=\"wpgb-card-inner\"><div class=\"wpgb-card-content wpgb-scheme-dark\"><div class=\"wpgb-card-body\"><h4 class=\"wpgb-block-3\">Hernie inguinale<\/h4><div class=\"wpgb-block-2\">Date : jeudi 27 mars - 14h00<\/div><div class=\"wpgb-block-7\">- Dur\u00e9e : 75'<\/div><div class=\"wpgb-block-4\">Discipline : Chirurgie Abdominale<\/div><div class=\"wpgb-block-1 photo-medecin\"><img decoding=\"async\" src=\"https:\/\/www.imagesante.be\/wp-content\/uploads\/2025\/03\/NEUBERG-Maud-e1742843082638-200x200.jpg\" alt=\"Dr. Maud NEUBERG\" width=\"200\" height=\"200\" \/><br\/>Dr. Maud NEUBERG<\/div><a class=\"wpgb-block-8\" target=\"_blank\" rel=\"external noopener noreferrer\" href=\"https:\/\/youtu.be\/2ZUyEg3w3Gs\">Revoir<\/a><\/div><\/div><\/div><\/div><\/article><article class=\"wpgb-card wpgb-card-11 wpgb-post-39930\" data-col=\"1\" data-row=\"1\" data-format=\"standard\"><div class=\"wpgb-card-wrapper\"><div class=\"wpgb-card-inner\"><div class=\"wpgb-card-content wpgb-scheme-dark\"><div class=\"wpgb-card-body\"><h4 class=\"wpgb-block-3\">Hyst\u00e9roscopie op\u00e9ratoire<\/h4><div class=\"wpgb-block-2\">Date : jeudi 27 mars - 15h00<\/div><div class=\"wpgb-block-7\">- Dur\u00e9e : 30'<\/div><div class=\"wpgb-block-4\">Discipline : Gyn\u00e9cologie<\/div><div class=\"wpgb-block-1 photo-medecin\"><img decoding=\"async\" src=\"https:\/\/www.imagesante.be\/wp-content\/uploads\/2025\/03\/NERVO-Patricia-1-e1742921007792-200x200.jpg\" alt=\"Dr.Patricia NERVO\" width=\"200\" height=\"200\" \/><br\/>Dr.Patricia NERVO<\/div><a class=\"wpgb-block-8\" target=\"_blank\" rel=\"external noopener noreferrer\" href=\"https:\/\/youtu.be\/DnQ4Qu2qH98\">Revoir<\/a><\/div><\/div><\/div><\/div><\/article><article class=\"wpgb-card wpgb-card-11 wpgb-post-39912\" data-col=\"1\" data-row=\"1\" data-format=\"standard\"><div class=\"wpgb-card-wrapper\"><div class=\"wpgb-card-inner\"><div class=\"wpgb-card-content wpgb-scheme-dark\"><div class=\"wpgb-card-body\"><h4 class=\"wpgb-block-3\">Tumorectomie sein D avec extraction ganglion sentinelle et sym\u00e9trisation G<\/h4><div class=\"wpgb-block-2\">Date : jeudi 27 mars - 20h00<\/div><div class=\"wpgb-block-4\">Discipline : Chirurgie Plastique<\/div><div class=\"wpgb-block-1 photo-medecin\"><img decoding=\"async\" src=\"https:\/\/www.imagesante.be\/wp-content\/uploads\/2025\/03\/NIZET-Christophe-200x200.jpg\" alt=\"Dr. Christophe NIZET\" width=\"200\" height=\"200\" \/><br\/>Dr. Christophe NIZET<\/div><a class=\"wpgb-block-8\" target=\"_blank\" rel=\"external noopener noreferrer\" href=\"https:\/\/youtu.be\/KDk6NT3hxGA\">Revoir<\/a><\/div><\/div><\/div><\/div><\/article><article class=\"wpgb-card wpgb-card-11 wpgb-post-39932\" data-col=\"1\" data-row=\"1\" data-format=\"standard\"><div class=\"wpgb-card-wrapper\"><div class=\"wpgb-card-inner\"><div class=\"wpgb-card-content wpgb-scheme-dark\"><div class=\"wpgb-card-body\"><h4 class=\"wpgb-block-3\">Greffe de corn\u00e9e<\/h4><div class=\"wpgb-block-2\">Date : jeudi 27 mars - 20h00<\/div><div class=\"wpgb-block-7\">- Dur\u00e9e : 1H00<\/div><div class=\"wpgb-block-4\">Discipline : Ophtalmologie<\/div><div class=\"wpgb-block-1 photo-medecin\"><img decoding=\"async\" src=\"https:\/\/www.imagesante.be\/wp-content\/uploads\/2025\/02\/DUCHESNE-Bernard-200x200.jpg\" alt=\"Pr. Bernard DUCHESNE\" width=\"200\" height=\"200\" \/><br\/>Pr. Bernard DUCHESNE<\/div><div class=\"wpgb-block-6\"><img decoding=\"async\" src=\"https:\/\/www.imagesante.be\/wp-content\/uploads\/2023\/02\/woocommerce-placeholder-1024x1024-1.png\" width=\"200\" height=\"200\" alt=\"Dr C\u00e9line LA\" \/><br\/>Dr C\u00e9line LA<\/div><a class=\"wpgb-block-8\" target=\"_blank\" rel=\"external noopener noreferrer\" href=\"https:\/\/youtu.be\/y34VJM3-G24\">Revoir<\/a><\/div><\/div><\/div><\/div><\/article><article class=\"wpgb-card wpgb-card-11 wpgb-post-40008\" data-col=\"1\" data-row=\"1\" data-format=\"standard\"><div class=\"wpgb-card-wrapper\"><div class=\"wpgb-card-inner\"><div class=\"wpgb-card-content wpgb-scheme-dark\"><div class=\"wpgb-card-body\"><h4 class=\"wpgb-block-3\">Stap\u00e9dotomie<\/h4><div class=\"wpgb-block-2\">Date : jeudi 27 mars - 20h00<\/div><div class=\"wpgb-block-7\">- Dur\u00e9e : 30'<\/div><div class=\"wpgb-block-4\">Discipline : ORL<\/div><div class=\"wpgb-block-1 photo-medecin\"><img decoding=\"async\" src=\"https:\/\/www.imagesante.be\/wp-content\/uploads\/2025\/03\/LEFEBVRE-Philippe-200x200.jpg\" alt=\"Pr. Philippe LEFEBVRE\" width=\"200\" height=\"200\" \/><br\/>Pr. Philippe LEFEBVRE<\/div><a class=\"wpgb-block-8\" target=\"_blank\" rel=\"external noopener noreferrer\" href=\"https:\/\/youtu.be\/c6uMpH6USWA\">Revoir<\/a><\/div><\/div><\/div><\/div><\/article><article class=\"wpgb-card wpgb-card-11 wpgb-post-40010\" data-col=\"1\" data-row=\"1\" data-format=\"standard\"><div class=\"wpgb-card-wrapper\"><div class=\"wpgb-card-inner\"><div class=\"wpgb-card-content wpgb-scheme-dark\"><div class=\"wpgb-card-body\"><h4 class=\"wpgb-block-3\">By-pass gastrique pour ob\u00e9sit\u00e9<\/h4><div class=\"wpgb-block-2\">Date : jeudi 27 mars - 20h00<\/div><div class=\"wpgb-block-7\">- Dur\u00e9e : 90'<\/div><div class=\"wpgb-block-4\">Discipline : Chirurgie Abdominale<\/div><div class=\"wpgb-block-1 photo-medecin\"><img decoding=\"async\" src=\"https:\/\/www.imagesante.be\/wp-content\/uploads\/2025\/03\/HAUMANN-Alexandre-e1742216659687-200x200.jpg\" alt=\"Dr. Alexandre HAUMANN\" width=\"200\" height=\"200\" \/><br\/>Dr. Alexandre HAUMANN<\/div><a class=\"wpgb-block-8\" target=\"_blank\" rel=\"external noopener noreferrer\" href=\"https:\/\/youtu.be\/6eVw6xzgkA0\">Revoir<\/a><\/div><\/div><\/div><\/div><\/article><article class=\"wpgb-card wpgb-card-11 wpgb-post-39934\" data-col=\"1\" data-row=\"1\" data-format=\"standard\"><div class=\"wpgb-card-wrapper\"><div class=\"wpgb-card-inner\"><div class=\"wpgb-card-content wpgb-scheme-dark\"><div class=\"wpgb-card-body\"><h4 class=\"wpgb-block-3\">Greffe de corn\u00e9e + cataracte<\/h4><div class=\"wpgb-block-2\">Date : jeudi 27 mars - 21h00<\/div><div class=\"wpgb-block-7\">- Dur\u00e9e : 1H00<\/div><div class=\"wpgb-block-4\">Discipline : Ophtalmologie<\/div><div class=\"wpgb-block-1 photo-medecin\"><img decoding=\"async\" src=\"https:\/\/www.imagesante.be\/wp-content\/uploads\/2025\/02\/DUCHESNE-Bernard-1-200x200.jpg\" alt=\"Pr. Bernard DUCHESNE\" width=\"200\" height=\"200\" \/><br\/>Pr. Bernard DUCHESNE<\/div><div class=\"wpgb-block-6\"><img decoding=\"async\" src=\"https:\/\/www.imagesante.be\/wp-content\/uploads\/2023\/02\/woocommerce-placeholder-1024x1024-1.png\" width=\"200\" height=\"200\" alt=\"Dr C\u00e9line LA\" \/><br\/>Dr C\u00e9line LA<\/div><a class=\"wpgb-block-8\" target=\"_blank\" rel=\"external noopener noreferrer\" href=\"https:\/\/youtu.be\/y34VJM3-G24\">Revoir<\/a><\/div><\/div><\/div><\/div><\/article><article class=\"wpgb-card wpgb-card-11 wpgb-post-39595\" data-col=\"1\" data-row=\"1\" data-format=\"standard\"><div class=\"wpgb-card-wrapper\"><div class=\"wpgb-card-inner\"><div class=\"wpgb-card-content wpgb-scheme-dark\"><div class=\"wpgb-card-body\"><h4 class=\"wpgb-block-3\">Remplacement de l&#8217;aorte ascendante mini J<\/h4><div class=\"wpgb-block-2\">Date : vendredi 28 mars - 07h45<\/div><div class=\"wpgb-block-7\">- Dur\u00e9e : 5h00<\/div><div class=\"wpgb-block-4\">Discipline : Chirurgie Cardio-Vasculaire<\/div><div class=\"wpgb-block-1 photo-medecin\"><img decoding=\"async\" src=\"https:\/\/www.imagesante.be\/wp-content\/uploads\/2023\/03\/Quentin-DESIRON-200x200.jpg\" alt=\"Dr. Quentin DESIRON\" width=\"200\" height=\"200\" \/><br\/>Dr. Quentin DESIRON<\/div><div class=\"wpgb-block-6\"><img decoding=\"async\" src=\"https:\/\/www.imagesante.be\/wp-content\/uploads\/2025\/02\/TCHANA-SATO-Vincent-1-200x200.jpg\" width=\"200\" height=\"200\" alt=\"Pr. Vincent TCHANA-SATO\" \/><br\/>Pr. Vincent TCHANA-SATO<\/div><a class=\"wpgb-block-8\" target=\"_blank\" rel=\"external noopener noreferrer\" href=\"https:\/\/youtu.be\/_Ml6Fy9lLQA\">Revoir<\/a><\/div><\/div><\/div><\/div><\/article><article class=\"wpgb-card wpgb-card-11 wpgb-post-40006\" data-col=\"1\" data-row=\"1\" data-format=\"standard\"><div class=\"wpgb-card-wrapper\"><div class=\"wpgb-card-inner\"><div class=\"wpgb-card-content wpgb-scheme-dark\"><div class=\"wpgb-card-body\"><h4 class=\"wpgb-block-3\">R\u00e9duction mammaire<\/h4><div class=\"wpgb-block-2\">Date : vendredi 28 mars - 09h30<\/div><div class=\"wpgb-block-7\">- Dur\u00e9e : 3h00<\/div><div class=\"wpgb-block-4\">Discipline : Chirurgie Plastique<\/div><div class=\"wpgb-block-1 photo-medecin\"><img decoding=\"async\" src=\"https:\/\/www.imagesante.be\/wp-content\/uploads\/2025\/03\/NIZET-Jean-Luc-200x200.jpg\" alt=\"Pr. Jean-Luc NIZET\" width=\"200\" height=\"200\" \/><br\/>Pr. Jean-Luc NIZET<\/div><a class=\"wpgb-block-8\" target=\"_blank\" rel=\"external noopener noreferrer\" href=\"https:\/\/youtu.be\/kqC8MlWrWb8\">Revoir<\/a><\/div><\/div><\/div><\/div><\/article><article class=\"wpgb-card wpgb-card-11 wpgb-post-40051\" data-col=\"1\" data-row=\"1\" data-format=\"standard\"><div class=\"wpgb-card-wrapper\"><div class=\"wpgb-card-inner\"><div class=\"wpgb-card-content wpgb-scheme-dark\"><div class=\"wpgb-card-body\"><h4 class=\"wpgb-block-3\">Sleeve r\u00e9versible<\/h4><div class=\"wpgb-block-2\">Date : vendredi 28 mars - 11h00<\/div><div class=\"wpgb-block-7\">- Dur\u00e9e : 3h00<\/div><div class=\"wpgb-block-4\">Discipline : Chirurgie Abdominale<\/div><div class=\"wpgb-block-1 photo-medecin\"><img decoding=\"async\" src=\"https:\/\/www.imagesante.be\/wp-content\/uploads\/2025\/03\/HAUMANN-Alexandre-e1742216659687-200x200.jpg\" alt=\"Dr. Alexandre HAUMANN\" width=\"200\" height=\"200\" \/><br\/>Dr. Alexandre HAUMANN<\/div><a class=\"wpgb-block-8\" target=\"_blank\" rel=\"external noopener noreferrer\" href=\"https:\/\/youtu.be\/nwRGFQ0pexY\">Revoir<\/a><\/div><\/div><\/div><\/div><\/article><article class=\"wpgb-card wpgb-card-11 wpgb-post-40110\" data-col=\"1\" data-row=\"1\" data-format=\"standard\"><div class=\"wpgb-card-wrapper\"><div class=\"wpgb-card-inner\"><div class=\"wpgb-card-content wpgb-scheme-dark\"><div class=\"wpgb-card-body\"><h4 class=\"wpgb-block-3\">Colonoscopie<\/h4><div class=\"wpgb-block-2\">Date : vendredi 28 mars - 13h00<\/div><div class=\"wpgb-block-7\">- Dur\u00e9e : 45'<\/div><div class=\"wpgb-block-4\">Discipline : Gastro-ent\u00e9rologie<\/div><div class=\"wpgb-block-1 photo-medecin\"><img decoding=\"async\" src=\"https:\/\/www.imagesante.be\/wp-content\/uploads\/2025\/03\/LOLY-Jean-Philippe-200x200.jpg\" alt=\"Dr. Jean-Philippe LOLY\" width=\"200\" height=\"200\" \/><br\/>Dr. Jean-Philippe LOLY<\/div><a class=\"wpgb-block-8\" target=\"_blank\" rel=\"external noopener noreferrer\" href=\"https:\/\/youtu.be\/XJhukFycNy8\">Revoir<\/a><\/div><\/div><\/div><\/div><\/article><article class=\"wpgb-card wpgb-card-11 wpgb-post-40053\" data-col=\"1\" data-row=\"1\" data-format=\"standard\"><div class=\"wpgb-card-wrapper\"><div class=\"wpgb-card-inner\"><div class=\"wpgb-card-content wpgb-scheme-dark\"><div class=\"wpgb-card-body\"><h4 class=\"wpgb-block-3\">By-Pass gastrique<\/h4><div class=\"wpgb-block-2\">Date : vendredi 28 mars - 13h30<\/div><div class=\"wpgb-block-4\">Discipline : Chirurgie Abdominale<\/div><div class=\"wpgb-block-1 photo-medecin\"><img decoding=\"async\" src=\"https:\/\/www.imagesante.be\/wp-content\/uploads\/2025\/03\/HAUMANN-Alexandre-e1742216659687-200x200.jpg\" alt=\"Dr. Alexandre HAUMANN\" width=\"200\" height=\"200\" \/><br\/>Dr. Alexandre HAUMANN<\/div><a class=\"wpgb-block-8\" target=\"_blank\" rel=\"external noopener noreferrer\" href=\"https:\/\/youtu.be\/avatdDw_1l4\">Revoir<\/a><\/div><\/div><\/div><\/div><\/article><article class=\"wpgb-card wpgb-card-11 wpgb-post-40112\" data-col=\"1\" data-row=\"1\" data-format=\"standard\"><div class=\"wpgb-card-wrapper\"><div class=\"wpgb-card-inner\"><div class=\"wpgb-card-content wpgb-scheme-dark\"><div class=\"wpgb-card-body\"><h4 class=\"wpgb-block-3\">R\u00e9section polype estomac<\/h4><div class=\"wpgb-block-2\">Date : vendredi 28 mars - 14h45<\/div><div class=\"wpgb-block-7\">- Dur\u00e9e : 90'<\/div><div class=\"wpgb-block-4\">Discipline : Gastro-ent\u00e9rologie<\/div><div class=\"wpgb-block-1 photo-medecin\"><img decoding=\"async\" src=\"https:\/\/www.imagesante.be\/wp-content\/uploads\/2025\/03\/LOLY-Jean-Philippe-200x200.jpg\" alt=\"Dr. Jean-Philippe LOLY\" width=\"200\" height=\"200\" \/><br\/>Dr. Jean-Philippe LOLY<\/div><a class=\"wpgb-block-8\" target=\"_blank\" rel=\"external noopener noreferrer\" href=\"https:\/\/youtu.be\/EoDpwVTSbD0\">Revoir<\/a><\/div><\/div><\/div><\/div><\/article>\t\t<\/div>\n\t<\/div>\n\t<\/div>\n\t<\/div>\n\t\t<\/div>\n<\/div>\n\n<p>[\/et_pb_text][\/et_pb_column][\/et_pb_row][\/et_pb_section]<\/p>\n","protected":false},"excerpt":{"rendered":"<p>Festival Imag\u00e9sant\u00e9 2025<\/p>\n","protected":false},"author":1,"featured_media":0,"parent":0,"menu_order":0,"comment_status":"closed","ping_status":"closed","template":"","meta":{"_acf_changed":false,"_et_pb_use_builder":"on","_et_pb_old_content":"","_et_gb_content_width":"","_lmt_disableupdate":"no","_lmt_disable":"","_monsterinsights_skip_tracking":false,"_monsterinsights_sitenote_active":false,"_monsterinsights_sitenote_note":"","_monsterinsights_sitenote_category":0,"footnotes":"","_wp_rev_ctl_limit":""},"class_list":["post-40524","page","type-page","status-publish","hentry"],"acf":[],"yoast_head":"<!-- This site is optimized with the Yoast SEO plugin v25.0 - https:\/\/yoast.com\/wordpress\/plugins\/seo\/ -->\n<title>Imag\u00e9sant\u00e9 2025 - Festival Imag\u00e9sant\u00e9<\/title>\n<meta name=\"description\" content=\"Festival Imag\u00e9sant\u00e9 2025\" \/>\n<meta name=\"robots\" content=\"index, follow, max-snippet:-1, max-image-preview:large, max-video-preview:-1\" \/>\n<link rel=\"canonical\" href=\"https:\/\/www.imagesante.be\/fr\/imagesante-2025\/\" \/>\n<meta property=\"og:locale\" content=\"fr_FR\" \/>\n<meta property=\"og:type\" content=\"article\" \/>\n<meta property=\"og:title\" content=\"Imag\u00e9sant\u00e9 2025 - Festival Imag\u00e9sant\u00e9\" \/>\n<meta property=\"og:description\" content=\"Festival Imag\u00e9sant\u00e9 2025\" \/>\n<meta property=\"og:url\" content=\"https:\/\/www.imagesante.be\/fr\/imagesante-2025\/\" \/>\n<meta property=\"og:site_name\" content=\"Festival Imag\u00e9sant\u00e9\" \/>\n<meta property=\"article:modified_time\" content=\"2026-02-02T12:09:02+00:00\" \/>\n<meta name=\"twitter:card\" content=\"summary_large_image\" \/>\n<script type=\"application\/ld+json\" class=\"yoast-schema-graph\">{\"@context\":\"https:\/\/schema.org\",\"@graph\":[{\"@type\":\"WebPage\",\"@id\":\"https:\/\/www.imagesante.be\/fr\/imagesante-2025\/\",\"url\":\"https:\/\/www.imagesante.be\/fr\/imagesante-2025\/\",\"name\":\"Imag\u00e9sant\u00e9 2025 - Festival Imag\u00e9sant\u00e9\",\"isPartOf\":{\"@id\":\"https:\/\/www.imagesante.be\/fr\/#website\"},\"datePublished\":\"2026-02-02T11:12:10+00:00\",\"dateModified\":\"2026-02-02T12:09:02+00:00\",\"description\":\"Festival Imag\u00e9sant\u00e9 2025\",\"breadcrumb\":{\"@id\":\"https:\/\/www.imagesante.be\/fr\/imagesante-2025\/#breadcrumb\"},\"inLanguage\":\"fr-FR\",\"potentialAction\":[{\"@type\":\"ReadAction\",\"target\":[\"https:\/\/www.imagesante.be\/fr\/imagesante-2025\/\"]}]},{\"@type\":\"BreadcrumbList\",\"@id\":\"https:\/\/www.imagesante.be\/fr\/imagesante-2025\/#breadcrumb\",\"itemListElement\":[{\"@type\":\"ListItem\",\"position\":1,\"name\":\"Accueil\",\"item\":\"https:\/\/www.imagesante.be\/fr\/\"},{\"@type\":\"ListItem\",\"position\":2,\"name\":\"Imag\u00e9sant\u00e9 2025\"}]},{\"@type\":\"WebSite\",\"@id\":\"https:\/\/www.imagesante.be\/fr\/#website\",\"url\":\"https:\/\/www.imagesante.be\/fr\/\",\"name\":\"Festival Imag\u00e9sant\u00e9\",\"description\":\"\",\"publisher\":{\"@id\":\"https:\/\/www.imagesante.be\/fr\/#organization\"},\"potentialAction\":[{\"@type\":\"SearchAction\",\"target\":{\"@type\":\"EntryPoint\",\"urlTemplate\":\"https:\/\/www.imagesante.be\/fr\/?s={search_term_string}\"},\"query-input\":{\"@type\":\"PropertyValueSpecification\",\"valueRequired\":true,\"valueName\":\"search_term_string\"}}],\"inLanguage\":\"fr-FR\"},{\"@type\":\"Organization\",\"@id\":\"https:\/\/www.imagesante.be\/fr\/#organization\",\"name\":\"Imag\u00e9Sant\u00e9\",\"url\":\"https:\/\/www.imagesante.be\/fr\/\",\"logo\":{\"@type\":\"ImageObject\",\"inLanguage\":\"fr-FR\",\"@id\":\"https:\/\/www.imagesante.be\/fr\/#\/schema\/logo\/image\/\",\"url\":\"https:\/\/www.imagesante.be\/wp-content\/uploads\/2019\/06\/Festival-positif-carre.jpg\",\"contentUrl\":\"https:\/\/www.imagesante.be\/wp-content\/uploads\/2019\/06\/Festival-positif-carre.jpg\",\"width\":498,\"height\":498,\"caption\":\"Imag\u00e9Sant\u00e9\"},\"image\":{\"@id\":\"https:\/\/www.imagesante.be\/fr\/#\/schema\/logo\/image\/\"}}]}<\/script>\n<!-- \/ Yoast SEO plugin. -->","yoast_head_json":{"title":"Imag\u00e9sant\u00e9 2025 - Festival Imag\u00e9sant\u00e9","description":"Festival Imag\u00e9sant\u00e9 2025","robots":{"index":"index","follow":"follow","max-snippet":"max-snippet:-1","max-image-preview":"max-image-preview:large","max-video-preview":"max-video-preview:-1"},"canonical":"https:\/\/www.imagesante.be\/fr\/imagesante-2025\/","og_locale":"fr_FR","og_type":"article","og_title":"Imag\u00e9sant\u00e9 2025 - Festival Imag\u00e9sant\u00e9","og_description":"Festival Imag\u00e9sant\u00e9 2025","og_url":"https:\/\/www.imagesante.be\/fr\/imagesante-2025\/","og_site_name":"Festival Imag\u00e9sant\u00e9","article_modified_time":"2026-02-02T12:09:02+00:00","twitter_card":"summary_large_image","schema":{"@context":"https:\/\/schema.org","@graph":[{"@type":"WebPage","@id":"https:\/\/www.imagesante.be\/fr\/imagesante-2025\/","url":"https:\/\/www.imagesante.be\/fr\/imagesante-2025\/","name":"Imag\u00e9sant\u00e9 2025 - Festival Imag\u00e9sant\u00e9","isPartOf":{"@id":"https:\/\/www.imagesante.be\/fr\/#website"},"datePublished":"2026-02-02T11:12:10+00:00","dateModified":"2026-02-02T12:09:02+00:00","description":"Festival Imag\u00e9sant\u00e9 2025","breadcrumb":{"@id":"https:\/\/www.imagesante.be\/fr\/imagesante-2025\/#breadcrumb"},"inLanguage":"fr-FR","potentialAction":[{"@type":"ReadAction","target":["https:\/\/www.imagesante.be\/fr\/imagesante-2025\/"]}]},{"@type":"BreadcrumbList","@id":"https:\/\/www.imagesante.be\/fr\/imagesante-2025\/#breadcrumb","itemListElement":[{"@type":"ListItem","position":1,"name":"Accueil","item":"https:\/\/www.imagesante.be\/fr\/"},{"@type":"ListItem","position":2,"name":"Imag\u00e9sant\u00e9 2025"}]},{"@type":"WebSite","@id":"https:\/\/www.imagesante.be\/fr\/#website","url":"https:\/\/www.imagesante.be\/fr\/","name":"Festival Imag\u00e9sant\u00e9","description":"","publisher":{"@id":"https:\/\/www.imagesante.be\/fr\/#organization"},"potentialAction":[{"@type":"SearchAction","target":{"@type":"EntryPoint","urlTemplate":"https:\/\/www.imagesante.be\/fr\/?s={search_term_string}"},"query-input":{"@type":"PropertyValueSpecification","valueRequired":true,"valueName":"search_term_string"}}],"inLanguage":"fr-FR"},{"@type":"Organization","@id":"https:\/\/www.imagesante.be\/fr\/#organization","name":"Imag\u00e9Sant\u00e9","url":"https:\/\/www.imagesante.be\/fr\/","logo":{"@type":"ImageObject","inLanguage":"fr-FR","@id":"https:\/\/www.imagesante.be\/fr\/#\/schema\/logo\/image\/","url":"https:\/\/www.imagesante.be\/wp-content\/uploads\/2019\/06\/Festival-positif-carre.jpg","contentUrl":"https:\/\/www.imagesante.be\/wp-content\/uploads\/2019\/06\/Festival-positif-carre.jpg","width":498,"height":498,"caption":"Imag\u00e9Sant\u00e9"},"image":{"@id":"https:\/\/www.imagesante.be\/fr\/#\/schema\/logo\/image\/"}}]}},"_links":{"self":[{"href":"https:\/\/www.imagesante.be\/fr\/wp-json\/wp\/v2\/pages\/40524","targetHints":{"allow":["GET"]}}],"collection":[{"href":"https:\/\/www.imagesante.be\/fr\/wp-json\/wp\/v2\/pages"}],"about":[{"href":"https:\/\/www.imagesante.be\/fr\/wp-json\/wp\/v2\/types\/page"}],"author":[{"embeddable":true,"href":"https:\/\/www.imagesante.be\/fr\/wp-json\/wp\/v2\/users\/1"}],"replies":[{"embeddable":true,"href":"https:\/\/www.imagesante.be\/fr\/wp-json\/wp\/v2\/comments?post=40524"}],"version-history":[{"count":4,"href":"https:\/\/www.imagesante.be\/fr\/wp-json\/wp\/v2\/pages\/40524\/revisions"}],"predecessor-version":[{"id":40540,"href":"https:\/\/www.imagesante.be\/fr\/wp-json\/wp\/v2\/pages\/40524\/revisions\/40540"}],"wp:attachment":[{"href":"https:\/\/www.imagesante.be\/fr\/wp-json\/wp\/v2\/media?parent=40524"}],"curies":[{"name":"wp","href":"https:\/\/api.w.org\/{rel}","templated":true}]}}