{"id":34976,"date":"2024-04-15T08:43:57","date_gmt":"2024-04-15T06:43:57","guid":{"rendered":"http:\/\/www.imagesante.be\/?page_id=34976"},"modified":"2026-02-11T14:48:31","modified_gmt":"2026-02-11T13:48:31","slug":"reglement","status":"publish","type":"page","link":"https:\/\/www.imagesante.be\/fr\/reglement\/","title":{"rendered":"R\u00e8glement &#8211; Festival Imag\u00e9sant\u00e9 2027"},"content":{"rendered":"<p>[et_pb_section fb_built=&#8221;1&#8243; fullwidth=&#8221;on&#8221; admin_label=&#8221;Section titre normal&#8221; module_class=&#8221;banniere_titre&#8221; _builder_version=&#8221;4.27.4&#8243; _dynamic_attributes=&#8221;background_image&#8221; background_image=&#8221;@ET-DC@eyJkeW5hbWljIjp0cnVlLCJjb250ZW50IjoiY3VzdG9tX21ldGFfYmFubmllcmUiLCJzZXR0aW5ncyI6eyJiZWZvcmUiOiIiLCJhZnRlciI6IiIsImVuYWJsZV9odG1sIjoib2ZmIn19@&#8221; width=&#8221;100%&#8221; max_width=&#8221;100%&#8221; min_height=&#8221;33px&#8221; height=&#8221;587px&#8221; max_height=&#8221;358px&#8221; custom_margin=&#8221;0px||-20px||false|false&#8221; custom_padding=&#8221;270px||0px||false|false&#8221; global_module=&#8221;4454&#8243; saved_tabs=&#8221;all&#8221; locked=&#8221;off&#8221; collapsed=&#8221;off&#8221; global_colors_info=&#8221;{}&#8221;][et_pb_fullwidth_post_title meta=&#8221;off&#8221; featured_image=&#8221;off&#8221; admin_label=&#8221;Titre du poste en pleine largeur&#8221; module_class=&#8221;page_title&#8221; _builder_version=&#8221;4.27.4&#8243; title_font=&#8221;|700||on|||||&#8221; title_text_align=&#8221;center&#8221; title_text_color=&#8221;#ffffff&#8221; title_font_size=&#8221;35px&#8221; title_letter_spacing=&#8221;5px&#8221; background_color=&#8221;#b09458&#8243; max_width=&#8221;100%&#8221; min_height=&#8221;100px&#8221; height=&#8221;100px&#8221; max_height=&#8221;100px&#8221; custom_margin=&#8221;0px||||false|false&#8221; custom_padding=&#8221;5px||0px||false|false&#8221; title_font_size_tablet=&#8221;&#8221; title_font_size_phone=&#8221;31px&#8221; title_font_size_last_edited=&#8221;on|phone&#8221; custom_css_post_title=&#8221;min-height: 4vw;||display: flex;||align-items: center;||justify-content: center;&#8221; locked=&#8221;off&#8221; global_colors_info=&#8221;{}&#8221;][\/et_pb_fullwidth_post_title][\/et_pb_section][et_pb_section fb_built=&#8221;1&#8243; admin_label=&#8221;section&#8221; _builder_version=&#8221;4.16&#8243; global_colors_info=&#8221;{}&#8221;][et_pb_row admin_label=&#8221;row&#8221; _builder_version=&#8221;4.16&#8243; background_size=&#8221;initial&#8221; background_position=&#8221;top_left&#8221; background_repeat=&#8221;repeat&#8221; global_colors_info=&#8221;{}&#8221;][et_pb_column type=&#8221;4_4&#8243; _builder_version=&#8221;4.16&#8243; custom_padding=&#8221;|||&#8221; global_colors_info=&#8221;{}&#8221; custom_padding__hover=&#8221;|||&#8221;][et_pb_text admin_label=&#8221;Text&#8221; _builder_version=&#8221;4.27.5&#8243; hover_enabled=&#8221;0&#8243; z_index_tablet=&#8221;500&#8243; use_border_color=&#8221;off&#8221; global_colors_info=&#8221;{}&#8221; sticky_enabled=&#8221;0&#8243;]<\/p>\n<p>Langues officielles\u00a0: fran\u00e7ais \/ anglais<\/p>\n<h3><strong>1 &#8211; Objectifs\u00a0<\/strong><\/h3>\n<p>Le Festival International du Film de Sant\u00e9 de Li\u00e8ge, Imag\u00e9sant\u00e9, a pour objectif principal la promotion de la formation et de l\u2019information en mati\u00e8re de sant\u00e9 par l\u2019interm\u00e9diaire de tout moyen audiovisuel.<\/p>\n<p>Imag\u00e9sant\u00e9 est \u00e9galement un stimulant \u00e0 la cr\u00e9ation de nouveaux documents audiovisuels de qualit\u00e9, innovateurs, tant au niveau national qu&#8217;international.<\/p>\n<p>Un autre objectif du Festival est de pr\u00e9senter les d\u00e9veloppements actuels dans le domaine des nouveaux m\u00e9dias, de l&#8217;informatique m\u00e9dicale et de l&#8217;imagerie en g\u00e9n\u00e9ral.<\/p>\n<p>Imag\u00e9sant\u00e9, c&#8217;est 5 jours consacr\u00e9s aux nouvelles techniques et moyens th\u00e9rapeutiques, aux r\u00e9sultats de la recherche, \u00e0 la pr\u00e9vention et, bien s\u00fbr, \u00e0 l&#8217;\u00e9ducation \u00e0 la sant\u00e9 pour tous, ce au moyen de l&#8217;image.<\/p>\n<h3><strong>2 &#8211; Modalit\u00e9s d\u2019admission<\/strong><\/h3>\n<h4><strong>Article 2.1<\/strong><\/h4>\n<p>Sont\u00a0admis\u00a0\u00e0 concourir les documents conformes aux objectifs mentionn\u00e9s ci-dessus. Ils seront soumis au Comit\u00e9 de s\u00e9lection du Festival, en collaboration avec la F\u00e9d\u00e9ration Wallonie-Bruxelles et la Facult\u00e9 de Philo et Lettres de l\u2019Universit\u00e9 de Li\u00e8ge.<\/p>\n<h4><strong>Article 2.2<\/strong><\/h4>\n<p>Sont\u00a0admis\u00a0\u00e0 concourir\u00a0:<\/p>\n<ul>\n<li>Les films destin\u00e9s \u00e0 un public m\u00e9dical ou param\u00e9dical produits \u00e0 partir du 1<sup>er<\/sup> janvier 2025.<\/li>\n<li>Les films traitant d\u2019un sujet de sant\u00e9 ou d\u2019\u00e9ducation \u00e0 la sant\u00e9 (grand public) produits \u00e0 partir du 1<sup>er<\/sup> janvier 2025.<\/li>\n<li>Les films r\u00e9alis\u00e9s avec le support de soci\u00e9t\u00e9s commerciales produits \u00e0 partir du 1<sup>er<\/sup> janvier 2025.<\/li>\n<li>Les films technologiques publicitaires produits \u00e0 partir du 1<sup>er<\/sup> janvier 2025 et exclusivement inscrits dans la s\u00e9lection Recherche &amp; Sant\u00e9.<\/li>\n<\/ul>\n<h4><strong>\u00a0<\/strong><strong>Article 2.3<\/strong><\/h4>\n<p>Sont\u00a0exclus\u00a0:<\/p>\n<ul>\n<li>Les documents inscrits \u00e0 une \u00e9dition ant\u00e9rieure dudit Festival.<\/li>\n<li>Les films publicitaires autres que du domaine de la recherche en lien avec la sant\u00e9.<\/li>\n<\/ul>\n<h4><strong>Article 2.4<\/strong><\/h4>\n<p>Sp\u00e9cificit\u00e9s techniques de projection :<\/p>\n<ul>\n<li>Blu-ray.<\/li>\n<li>DVD\u00a0(zone 2 de pr\u00e9f\u00e9rence\u00a0; les frais d\u2019envois et de retour sont \u00e0 charge du participant).<\/li>\n<li>Exclus\u00a0: les cassettes U-MATIC-NTSC et BETACAM-OXYDE, les mini DVD, les VHS.<\/li>\n<li>Dur\u00e9e maximale\u00a0: 120 minutes.<\/li>\n<li>Les films dont la langue principale n\u2019est ni le fran\u00e7ais ni l&#8217;anglais doivent contenir des sous-titres dans l&#8217;une des deux langues pr\u00e9cit\u00e9es ou procurer le texte du film traduit en fran\u00e7ais.<\/li>\n<li>Dans le cas d\u2019une s\u00e9lection du film au Festival et de la r\u00e9alisation par le comit\u00e9 organisateur d\u2019un sous-titrage fran\u00e7ais aux fins de bonne projection dans le cadre du Festival, la copie sous-titr\u00e9e pourra \u00eatre restitu\u00e9e moyennant le paiement d\u2019une contribution aux frais techniques de 500 \u20ac htva.<\/li>\n<\/ul>\n<h3><strong>\u00a0<\/strong><strong>3 &#8211; Modalit\u00e9s d\u2019inscription\u00a0<\/strong><\/h3>\n<h4><strong>\u00a0<\/strong><strong>Article 3.1<\/strong><\/h4>\n<p>Pour les documentaires internationaux la deadline pour les inscriptions est le 31 ao\u00fbt 2026.<\/p>\n<p>Pour les documentaires belges, la deadline pour les inscriptions est prolong\u00e9 jusqu\u2019au 31\u00a0octobre\u00a02026.<\/p>\n<h4><strong>Article 3.2<\/strong><\/h4>\n<p>Le producteur ou le commanditaire doit \u00eatre en possession des droits du film ou d&#8217;une autorisation de diffusion.<\/p>\n<h4><strong>Article 3.3<\/strong><\/h4>\n<p>Toute inscription doit \u00eatre accompagn\u00e9e d&#8217;une photo promotionnelle au format TIFF 300 dpi ou EPS vectoris\u00e9, libre de droit, d&#8217;un teaser promotionnel vid\u00e9o\u00a0post\u00e9 sur YouTube, Vimeo ou Dailymotion \u00e0 nous envoyer \u00e0 l&#8217;adresse <a href=\"mailto:info@imagesante.be\">info@imagesante.be<\/a>.<\/p>\n<h4><strong>Article 3.4<\/strong><\/h4>\n<p>Le lien de visionnement et ses codes doivent \u00eatre valides jusqu&#8217;aux 1\/4\/2027. L\u2019organisateur s\u2019engage \u00e0 ne les utiliser que dans le cadre strictement d\u00e9limit\u00e9 du processus de s\u00e9lection.<\/p>\n<h4><strong>Article 3.5<\/strong><\/h4>\n<p>Les informations figurant sur la fiche d\u2019inscription et parvenues avant le 1\/11\/2026 seront int\u00e9gr\u00e9es dans le catalogue Imag\u00e9sant\u00e9.<\/p>\n<h4><strong>Article 3.6<\/strong><\/h4>\n<p>Tous les \u00e9ventuels frais de livraison et d\u2019assurance doivent \u00eatre pr\u00e9pay\u00e9s par l\u2019exp\u00e9diteur.<\/p>\n<h3><strong>4 &#8211; Th\u00e8mes &amp; Prix de cat\u00e9gories<\/strong><\/h3>\n<h4><strong>Article 4.1<\/strong><\/h4>\n<p>Les projections des films sont regroup\u00e9es par cat\u00e9gories dont la liste est d\u00e9finie par le jury de pr\u00e9s\u00e9lection du Festival en fonction des publics concern\u00e9s et des sujets trait\u00e9s.<\/p>\n<h4><strong>Article 4.2<\/strong><\/h4>\n<p>Un film ne peut \u00eatre projet\u00e9 que dans une seule cat\u00e9gorie. L\u2019auteur propose la cat\u00e9gorie dans laquelle il souhaite faire concourir le film. Cette proposition sera valid\u00e9e par le jury de pr\u00e9s\u00e9lection et au besoin modifi\u00e9e.<\/p>\n<h4><strong>Article 4.3<\/strong><\/h4>\n<p>Dans chaque cat\u00e9gorie, un Jury compos\u00e9 de sp\u00e9cialistes de la discipline attribue un ou plusieurs prix de la cat\u00e9gorie.<\/p>\n<h4><strong>Article 4.4<\/strong><\/h4>\n<p>Un film ne peut recevoir qu\u2019un seul prix mais peut \u00eatre couronn\u00e9 de plusieurs mentions.<\/p>\n<h4><strong>Article 4.5<\/strong><\/h4>\n<p>Apr\u00e8s d\u00e9lib\u00e9ration des Jurys, les r\u00e9sultats sont proclam\u00e9s lors de la Soir\u00e9e de Cl\u00f4ture le samedi cl\u00f4turant la semaine du Festival.<\/p>\n<p>Si le film obtient un prix, la pr\u00e9sence d&#8217;un membre de l\u2019\u00e9quipe du film est vivement souhait\u00e9e lors de la soir\u00e9e de cl\u00f4ture.<strong>\u00a0<\/strong><\/p>\n<h4><strong>Article 4.6<\/strong><\/h4>\n<p>Les d\u00e9cisions du Jury sont sans appel.<\/p>\n<h3><strong>5 \u2013 Promotion &amp; Publicit\u00e9<\/strong><\/h3>\n<h4><strong>Article 5.1<\/strong><\/h4>\n<p>Les commanditaires sont pri\u00e9s d\u2019accorder une cession de droits pour les diffusions de l\u2019organisateur (site internet du Festival et \u00e9v\u00e8nements) et de ses partenaires, \u00e0 des fins de promotion du Festival et de ses laur\u00e9ats (entre autres, utiliser le film ou des extraits du film aux \u00e9v\u00e9nements ou \u00e9missions t\u00e9l\u00e9vis\u00e9es qui font la promotion du Festival).<\/p>\n<h4><strong>Article 5.2<\/strong><\/h4>\n<p>Le producteur ou commanditaire est responsable du paiement des droits de la musique, qui peuvent leur \u00eatre demand\u00e9s par les soci\u00e9t\u00e9s de gestion des droits d\u2019auteur lors de la projection des films (ex. Internet streaming) ainsi que de tout probl\u00e8me de copyright qui puisse avoir lieu lors de la diffusion des \u0153uvres.<\/p>\n<p>En cas de d\u00e9saccord sur ces engagements, merci de nous le signaler.<\/p>\n<h3><strong>6 \u2013 Vid\u00e9oth\u00e8que Imag\u00e9sant\u00e9<\/strong><\/h3>\n<h4><strong>Article 6.1<\/strong><\/h4>\n<p><strong>Tout document projet\u00e9 au Festival Imag\u00e9sant\u00e9 est int\u00e9gr\u00e9 \u00e0 la Vid\u00e9oth\u00e8que Imag\u00e9sant\u00e9. Il\u00a0pourra \u00eatre projet\u00e9 post\u00e9rieurement au Festival, partiellement ou int\u00e9gralement, avec l\u2019autorisation du Comit\u00e9 Organisateur dans un but non commercial \u00e0 caract\u00e8re culturel, scientifique ou p\u00e9dagogique.<\/strong><strong>\u00a0<\/strong><\/p>\n<h3><strong>7 \u2013 Informations g\u00e9n\u00e9rales<\/strong><\/h3>\n<h4><strong>Article 7.1<\/strong><\/h4>\n<p><strong>L\u2019inscription d\u2019un document \u00e0 Imag\u00e9sant\u00e9 implique l\u2019acceptation du pr\u00e9sent document.<\/strong><\/p>\n<h4><strong>Article 7.2<\/strong><\/h4>\n<p>Tout renseignement compl\u00e9mentaire peut \u00eatre obtenu aupr\u00e8s de :<br \/>ENJEU asbl &#8211; Rue Vaudr\u00e9e 157 &#8211; B-4031 Li\u00e8ge<br \/>T\u00e9l\u00a0: +32 (0)4 254 97 97<br \/>Contact\u00a0: <a href=\"mailto:info@imagesante.be\">info@imagesante.be<\/a><\/p>\n<p>[\/et_pb_text][\/et_pb_column][\/et_pb_row][\/et_pb_section]<\/p>\n","protected":false},"excerpt":{"rendered":"<p>Langues officielles\u00a0: fran\u00e7ais \/ anglais 1 &#8211; Objectifs\u00a0 Le Festival International du Film de Sant\u00e9 de Li\u00e8ge, Imag\u00e9sant\u00e9, a pour objectif principal la promotion de la formation et de l\u2019information en mati\u00e8re de sant\u00e9 par l\u2019interm\u00e9diaire de tout moyen audiovisuel. Imag\u00e9sant\u00e9 est \u00e9galement un stimulant \u00e0 la cr\u00e9ation de nouveaux documents audiovisuels de qualit\u00e9, innovateurs, [&hellip;]<\/p>\n","protected":false},"author":1,"featured_media":0,"parent":0,"menu_order":0,"comment_status":"closed","ping_status":"closed","template":"","meta":{"_acf_changed":false,"_et_pb_use_builder":"on","_et_pb_old_content":"","_et_gb_content_width":"","_lmt_disableupdate":"no","_lmt_disable":"","_monsterinsights_skip_tracking":false,"_monsterinsights_sitenote_active":false,"_monsterinsights_sitenote_note":"","_monsterinsights_sitenote_category":0,"footnotes":"","_wp_rev_ctl_limit":""},"class_list":["post-34976","page","type-page","status-publish","hentry"],"acf":[],"yoast_head":"<!-- This site is optimized with the Yoast SEO plugin v25.0 - https:\/\/yoast.com\/wordpress\/plugins\/seo\/ -->\n<title>R\u00e8glement - Festival Imag\u00e9sant\u00e9 2027 - Festival Imag\u00e9sant\u00e9<\/title>\n<meta name=\"robots\" content=\"index, follow, max-snippet:-1, max-image-preview:large, max-video-preview:-1\" \/>\n<link rel=\"canonical\" href=\"https:\/\/www.imagesante.be\/fr\/reglement\/\" \/>\n<meta property=\"og:locale\" content=\"fr_FR\" \/>\n<meta property=\"og:type\" content=\"article\" \/>\n<meta property=\"og:title\" content=\"R\u00e8glement - Festival Imag\u00e9sant\u00e9 2027 - Festival Imag\u00e9sant\u00e9\" \/>\n<meta property=\"og:url\" content=\"https:\/\/www.imagesante.be\/fr\/reglement\/\" \/>\n<meta property=\"og:site_name\" content=\"Festival Imag\u00e9sant\u00e9\" \/>\n<meta property=\"article:modified_time\" content=\"2026-02-11T13:48:31+00:00\" \/>\n<meta name=\"twitter:card\" content=\"summary_large_image\" \/>\n<script type=\"application\/ld+json\" class=\"yoast-schema-graph\">{\"@context\":\"https:\/\/schema.org\",\"@graph\":[{\"@type\":\"WebPage\",\"@id\":\"https:\/\/www.imagesante.be\/fr\/reglement\/\",\"url\":\"https:\/\/www.imagesante.be\/fr\/reglement\/\",\"name\":\"R\u00e8glement - Festival Imag\u00e9sant\u00e9 2027 - Festival Imag\u00e9sant\u00e9\",\"isPartOf\":{\"@id\":\"https:\/\/www.imagesante.be\/fr\/#website\"},\"datePublished\":\"2024-04-15T06:43:57+00:00\",\"dateModified\":\"2026-02-11T13:48:31+00:00\",\"breadcrumb\":{\"@id\":\"https:\/\/www.imagesante.be\/fr\/reglement\/#breadcrumb\"},\"inLanguage\":\"fr-FR\",\"potentialAction\":[{\"@type\":\"ReadAction\",\"target\":[\"https:\/\/www.imagesante.be\/fr\/reglement\/\"]}]},{\"@type\":\"BreadcrumbList\",\"@id\":\"https:\/\/www.imagesante.be\/fr\/reglement\/#breadcrumb\",\"itemListElement\":[{\"@type\":\"ListItem\",\"position\":1,\"name\":\"Accueil\",\"item\":\"https:\/\/www.imagesante.be\/fr\/\"},{\"@type\":\"ListItem\",\"position\":2,\"name\":\"R\u00e8glement &#8211; Festival Imag\u00e9sant\u00e9 2027\"}]},{\"@type\":\"WebSite\",\"@id\":\"https:\/\/www.imagesante.be\/fr\/#website\",\"url\":\"https:\/\/www.imagesante.be\/fr\/\",\"name\":\"Festival Imag\u00e9sant\u00e9\",\"description\":\"\",\"publisher\":{\"@id\":\"https:\/\/www.imagesante.be\/fr\/#organization\"},\"potentialAction\":[{\"@type\":\"SearchAction\",\"target\":{\"@type\":\"EntryPoint\",\"urlTemplate\":\"https:\/\/www.imagesante.be\/fr\/?s={search_term_string}\"},\"query-input\":{\"@type\":\"PropertyValueSpecification\",\"valueRequired\":true,\"valueName\":\"search_term_string\"}}],\"inLanguage\":\"fr-FR\"},{\"@type\":\"Organization\",\"@id\":\"https:\/\/www.imagesante.be\/fr\/#organization\",\"name\":\"Imag\u00e9Sant\u00e9\",\"url\":\"https:\/\/www.imagesante.be\/fr\/\",\"logo\":{\"@type\":\"ImageObject\",\"inLanguage\":\"fr-FR\",\"@id\":\"https:\/\/www.imagesante.be\/fr\/#\/schema\/logo\/image\/\",\"url\":\"https:\/\/www.imagesante.be\/wp-content\/uploads\/2019\/06\/Festival-positif-carre.jpg\",\"contentUrl\":\"https:\/\/www.imagesante.be\/wp-content\/uploads\/2019\/06\/Festival-positif-carre.jpg\",\"width\":498,\"height\":498,\"caption\":\"Imag\u00e9Sant\u00e9\"},\"image\":{\"@id\":\"https:\/\/www.imagesante.be\/fr\/#\/schema\/logo\/image\/\"}}]}<\/script>\n<!-- \/ Yoast SEO plugin. -->","yoast_head_json":{"title":"R\u00e8glement - Festival Imag\u00e9sant\u00e9 2027 - Festival Imag\u00e9sant\u00e9","robots":{"index":"index","follow":"follow","max-snippet":"max-snippet:-1","max-image-preview":"max-image-preview:large","max-video-preview":"max-video-preview:-1"},"canonical":"https:\/\/www.imagesante.be\/fr\/reglement\/","og_locale":"fr_FR","og_type":"article","og_title":"R\u00e8glement - Festival Imag\u00e9sant\u00e9 2027 - Festival Imag\u00e9sant\u00e9","og_url":"https:\/\/www.imagesante.be\/fr\/reglement\/","og_site_name":"Festival Imag\u00e9sant\u00e9","article_modified_time":"2026-02-11T13:48:31+00:00","twitter_card":"summary_large_image","schema":{"@context":"https:\/\/schema.org","@graph":[{"@type":"WebPage","@id":"https:\/\/www.imagesante.be\/fr\/reglement\/","url":"https:\/\/www.imagesante.be\/fr\/reglement\/","name":"R\u00e8glement - Festival Imag\u00e9sant\u00e9 2027 - Festival Imag\u00e9sant\u00e9","isPartOf":{"@id":"https:\/\/www.imagesante.be\/fr\/#website"},"datePublished":"2024-04-15T06:43:57+00:00","dateModified":"2026-02-11T13:48:31+00:00","breadcrumb":{"@id":"https:\/\/www.imagesante.be\/fr\/reglement\/#breadcrumb"},"inLanguage":"fr-FR","potentialAction":[{"@type":"ReadAction","target":["https:\/\/www.imagesante.be\/fr\/reglement\/"]}]},{"@type":"BreadcrumbList","@id":"https:\/\/www.imagesante.be\/fr\/reglement\/#breadcrumb","itemListElement":[{"@type":"ListItem","position":1,"name":"Accueil","item":"https:\/\/www.imagesante.be\/fr\/"},{"@type":"ListItem","position":2,"name":"R\u00e8glement &#8211; Festival Imag\u00e9sant\u00e9 2027"}]},{"@type":"WebSite","@id":"https:\/\/www.imagesante.be\/fr\/#website","url":"https:\/\/www.imagesante.be\/fr\/","name":"Festival Imag\u00e9sant\u00e9","description":"","publisher":{"@id":"https:\/\/www.imagesante.be\/fr\/#organization"},"potentialAction":[{"@type":"SearchAction","target":{"@type":"EntryPoint","urlTemplate":"https:\/\/www.imagesante.be\/fr\/?s={search_term_string}"},"query-input":{"@type":"PropertyValueSpecification","valueRequired":true,"valueName":"search_term_string"}}],"inLanguage":"fr-FR"},{"@type":"Organization","@id":"https:\/\/www.imagesante.be\/fr\/#organization","name":"Imag\u00e9Sant\u00e9","url":"https:\/\/www.imagesante.be\/fr\/","logo":{"@type":"ImageObject","inLanguage":"fr-FR","@id":"https:\/\/www.imagesante.be\/fr\/#\/schema\/logo\/image\/","url":"https:\/\/www.imagesante.be\/wp-content\/uploads\/2019\/06\/Festival-positif-carre.jpg","contentUrl":"https:\/\/www.imagesante.be\/wp-content\/uploads\/2019\/06\/Festival-positif-carre.jpg","width":498,"height":498,"caption":"Imag\u00e9Sant\u00e9"},"image":{"@id":"https:\/\/www.imagesante.be\/fr\/#\/schema\/logo\/image\/"}}]}},"_links":{"self":[{"href":"https:\/\/www.imagesante.be\/fr\/wp-json\/wp\/v2\/pages\/34976","targetHints":{"allow":["GET"]}}],"collection":[{"href":"https:\/\/www.imagesante.be\/fr\/wp-json\/wp\/v2\/pages"}],"about":[{"href":"https:\/\/www.imagesante.be\/fr\/wp-json\/wp\/v2\/types\/page"}],"author":[{"embeddable":true,"href":"https:\/\/www.imagesante.be\/fr\/wp-json\/wp\/v2\/users\/1"}],"replies":[{"embeddable":true,"href":"https:\/\/www.imagesante.be\/fr\/wp-json\/wp\/v2\/comments?post=34976"}],"version-history":[{"count":3,"href":"https:\/\/www.imagesante.be\/fr\/wp-json\/wp\/v2\/pages\/34976\/revisions"}],"predecessor-version":[{"id":40606,"href":"https:\/\/www.imagesante.be\/fr\/wp-json\/wp\/v2\/pages\/34976\/revisions\/40606"}],"wp:attachment":[{"href":"https:\/\/www.imagesante.be\/fr\/wp-json\/wp\/v2\/media?parent=34976"}],"curies":[{"name":"wp","href":"https:\/\/api.w.org\/{rel}","templated":true}]}}