{"id":34773,"date":"2023-03-31T08:00:31","date_gmt":"2023-03-31T06:00:31","guid":{"rendered":"http:\/\/www.imagesante.be\/?page_id=34773"},"modified":"2023-03-31T11:40:15","modified_gmt":"2023-03-31T09:40:15","slug":"laureats-2023","status":"publish","type":"page","link":"https:\/\/www.imagesante.be\/fr\/laureats-2023\/","title":{"rendered":"Laur\u00e9ats Imag\u00e9Sant\u00e9 2023"},"content":{"rendered":"<p>[et_pb_section fb_built=&#8221;1&#8243; fullwidth=&#8221;on&#8221; admin_label=&#8221;Section titre normal&#8221; module_class=&#8221;banniere_titre&#8221; _builder_version=&#8221;4.19.5&#8243; _dynamic_attributes=&#8221;background_image&#8221; background_image=&#8221;@ET-DC@eyJkeW5hbWljIjp0cnVlLCJjb250ZW50IjoiY3VzdG9tX21ldGFfYmFubmllcmUiLCJzZXR0aW5ncyI6eyJiZWZvcmUiOiIiLCJhZnRlciI6IiIsImVuYWJsZV9odG1sIjoib2ZmIn19@&#8221; width=&#8221;100%&#8221; max_width=&#8221;100%&#8221; min_height=&#8221;33px&#8221; height=&#8221;587px&#8221; max_height=&#8221;358px&#8221; custom_margin=&#8221;0px||-20px||false|false&#8221; custom_padding=&#8221;270px||0px||false|false&#8221; global_module=&#8221;4454&#8243; saved_tabs=&#8221;all&#8221; locked=&#8221;off&#8221; global_colors_info=&#8221;{}&#8221;][et_pb_fullwidth_post_title meta=&#8221;off&#8221; featured_image=&#8221;off&#8221; admin_label=&#8221;Titre du poste en pleine largeur&#8221; module_class=&#8221;page_title&#8221; _builder_version=&#8221;4.19.5&#8243; title_font=&#8221;|700||on|||||&#8221; title_text_align=&#8221;center&#8221; title_text_color=&#8221;#ffffff&#8221; title_font_size=&#8221;35px&#8221; title_letter_spacing=&#8221;5px&#8221; background_color=&#8221;#b09458&#8243; max_width=&#8221;100%&#8221; min_height=&#8221;100px&#8221; height=&#8221;100px&#8221; max_height=&#8221;100px&#8221; custom_margin=&#8221;0px||||false|false&#8221; custom_padding=&#8221;5px||0px||false|false&#8221; title_font_size_tablet=&#8221;&#8221; title_font_size_phone=&#8221;31px&#8221; title_font_size_last_edited=&#8221;on|phone&#8221; custom_css_post_title=&#8221;min-height: 4vw;||display: flex;||align-items: center;||justify-content: center;&#8221; locked=&#8221;off&#8221; global_colors_info=&#8221;{}&#8221;][\/et_pb_fullwidth_post_title][\/et_pb_section][et_pb_section fb_built=&#8221;1&#8243; _builder_version=&#8221;4.20.2&#8243; _module_preset=&#8221;default&#8221; global_colors_info=&#8221;{}&#8221;][et_pb_row _builder_version=&#8221;4.20.2&#8243; _module_preset=&#8221;default&#8221; global_colors_info=&#8221;{}&#8221;][et_pb_column type=&#8221;4_4&#8243; _builder_version=&#8221;4.20.2&#8243; _module_preset=&#8221;default&#8221; global_colors_info=&#8221;{}&#8221;][et_pb_code _builder_version=&#8221;4.20.2&#8243; _module_preset=&#8221;default&#8221; global_colors_info=&#8221;{}&#8221;]<!-- Gridbuilder \u1d42\u1d3e Plugin (https:\/\/wpgridbuilder.com) -->\n<div class=\"wp-grid-builder wpgb-grid-44\" data-options=\"{&quot;id&quot;:44,&quot;type&quot;:&quot;masonry&quot;,&quot;source&quot;:&quot;post_type&quot;,&quot;loader&quot;:0,&quot;layout&quot;:&quot;vertical&quot;,&quot;reveal&quot;:0,&quot;isMainQuery&quot;:0,&quot;lazyLoad&quot;:0,&quot;cardSizes&quot;:{&quot;9999&quot;:{&quot;columns&quot;:4,&quot;height&quot;:240,&quot;gutter&quot;:20,&quot;ratio&quot;:&quot;1.33333&quot;},&quot;1200&quot;:{&quot;columns&quot;:4,&quot;height&quot;:240,&quot;gutter&quot;:20,&quot;ratio&quot;:&quot;1.33333&quot;},&quot;992&quot;:{&quot;columns&quot;:2,&quot;height&quot;:220,&quot;gutter&quot;:20,&quot;ratio&quot;:&quot;1.33333&quot;},&quot;768&quot;:{&quot;columns&quot;:1,&quot;height&quot;:220,&quot;gutter&quot;:0,&quot;ratio&quot;:&quot;1.33333&quot;},&quot;576&quot;:{&quot;columns&quot;:1,&quot;height&quot;:200,&quot;gutter&quot;:0,&quot;ratio&quot;:&quot;1.33333&quot;},&quot;320&quot;:{&quot;columns&quot;:1,&quot;height&quot;:200,&quot;gutter&quot;:0,&quot;ratio&quot;:&quot;1.33333&quot;}},&quot;fitRows&quot;:1,&quot;equalRows&quot;:0,&quot;equalColumns&quot;:1,&quot;fillLastRow&quot;:0,&quot;centerLastRow&quot;:0,&quot;horizontalOrder&quot;:1,&quot;fullWidth&quot;:0,&quot;transitionDelay&quot;:100,&quot;gallerySlideshow&quot;:0,&quot;rowsNumber&quot;:1,&quot;slideAlign&quot;:&quot;left&quot;,&quot;groupCells&quot;:1,&quot;draggable&quot;:1,&quot;initialIndex&quot;:0,&quot;contain&quot;:0,&quot;freeScroll&quot;:0,&quot;freeFriction&quot;:&quot;0.075&quot;,&quot;friction&quot;:&quot;0.285&quot;,&quot;attraction&quot;:&quot;0.025&quot;,&quot;autoPlay&quot;:0,&quot;pageDotAriaLabel&quot;:&quot;Point de page %d&quot;,&quot;isPreview&quot;:false,&quot;isGutenberg&quot;:false,&quot;rightToLeft&quot;:false}\"><div class=\"wpgb-svg-icons\" hidden>\n\t<svg viewBox=\"0 0 120 24\" width=\"0\" height=\"0\">\n\t<defs>\n        <polygon id=\"wpgb-star-svg\" points=\"12 2.5 15.1 8.8 22 9.8 17 14.6 18.2 21.5 12 18.3 5.8 21.5 7 14.6 2 9.8 8.9 8.8\"><\/polygon>\n    <\/defs>\n    <symbol id=\"wpgb-rating-stars-svg\">\n        <use xlink:href=\"#wpgb-star-svg\"><\/use>\n        <use xlink:href=\"#wpgb-star-svg\" x=\"24\"><\/use>\n        <use xlink:href=\"#wpgb-star-svg\" x=\"48\"><\/use>\n        <use xlink:href=\"#wpgb-star-svg\" x=\"72\"><\/use>\n        <use xlink:href=\"#wpgb-star-svg\" x=\"96\"><\/use>\n    <\/symbol>\n<\/svg>\n<\/div>\n<div class=\"wpgb-wrapper\">\n\t<div class=\"wpgb-main\">\n\t<div class=\"wpgb-layout\">\n\t<div class=\"wpgb-viewport\">\n\t\t<div class=\"wpgb-masonry\">\n\t\t\t<article class=\"wpgb-card wpgb-card-15 wpgb-post-33325\" data-col=\"1\" data-row=\"1\" data-format=\"standard\"><div class=\"wpgb-card-wrapper\"><div class=\"wpgb-card-inner\"><div class=\"wpgb-card-media wpgb-scheme-light\" data-action><svg data-ratio style=\"padding-top:155.76%\" viewBox=\"0 0 321 500\" aria-hidden=\"true\"><\/svg><div class=\"wpgb-card-media-thumbnail\"><a href=\"https:\/\/www.imagesante.be\/wp-content\/uploads\/2023\/02\/Little-Palestine.jpg\" tabindex=\"-1\" class=\"wpgb-handle-lb wpgb-lightbox\" data-type=\"image\" data-rel=\"44\" data-title=\"Little Palestine\" title=\"Agrandir la photo\"><div style=\"background-image:url(https:\/\/www.imagesante.be\/wp-content\/uploads\/2023\/02\/Little-Palestine-321x500.jpg)\"><\/div><noscript><img decoding=\"async\" class=\"wpgb-noscript-img\" src=\"https:\/\/www.imagesante.be\/wp-content\/uploads\/2023\/02\/Little-Palestine-321x500.jpg\" alt=\"\" height=\"500\" width=\"321\"><\/noscript><\/a><\/div><div class=\"wpgb-card-media-overlay\" data-action><a class=\"wpgb-card-layer-link\" href=\"https:\/\/www.imagesante.be\/fr\/film\/little-palestine-journal-dun-siege\/\"><\/a><\/div><div class=\"wpgb-card-media-content\"><div class=\"wpgb-card-media-content-center\"><div class=\"wpgb-block-1 wpgb-idle-scheme-1\">Guerre civile - R\u00e9silience<\/div><\/div><div class=\"wpgb-card-media-content-bottom\"><div class=\"wpgb-block-2\"><img decoding=\"async\" class=\"laureat\" src=\"https:\/\/www.imagesante.be\/wp-content\/uploads\/2023\/03\/prix.png\" width=\"335\" alt=\"Prix\" border=\"0\" \/><\/div><\/div><\/div><a class=\"wpgb-card-layer-link\" href=\"https:\/\/www.imagesante.be\/fr\/film\/little-palestine-journal-dun-siege\/\"><\/a><\/div><div class=\"wpgb-card-content wpgb-scheme-dark\"><div class=\"wpgb-card-body\"><h4 class=\"wpgb-block-3 wpgb-idle-scheme-1\"><a target=\"_self\" href=\"https:\/\/www.imagesante.be\/fr\/film\/little-palestine-journal-dun-siege\/\">Little Palestine, journal d&#8217;un si\u00e8ge<\/a><\/h4><h4 class=\"wpgb-block-4 wpgb-idle-scheme-1\"><a target=\"_self\" href=\"https:\/\/www.imagesante.be\/fr\/film\/little-palestine-journal-dun-siege\/\">Comp\u00e9tition Internationale<\/a><\/h4><\/div><\/div><\/div><\/div><\/article><article class=\"wpgb-card wpgb-card-15 wpgb-post-33336\" data-col=\"1\" data-row=\"1\" data-format=\"standard\"><div class=\"wpgb-card-wrapper\"><div class=\"wpgb-card-inner\"><div class=\"wpgb-card-media wpgb-scheme-light\" data-action><svg data-ratio style=\"padding-top:155.76%\" viewBox=\"0 0 321 500\" aria-hidden=\"true\"><\/svg><div class=\"wpgb-card-media-thumbnail\"><a href=\"https:\/\/www.imagesante.be\/wp-content\/uploads\/2023\/02\/Jason.jpg\" tabindex=\"-1\" class=\"wpgb-handle-lb wpgb-lightbox\" data-type=\"image\" data-rel=\"44\" data-title=\"Jason\" title=\"Agrandir la photo\"><div style=\"background-image:url(https:\/\/www.imagesante.be\/wp-content\/uploads\/2023\/02\/Jason.jpg)\"><\/div><noscript><img decoding=\"async\" class=\"wpgb-noscript-img\" src=\"https:\/\/www.imagesante.be\/wp-content\/uploads\/2023\/02\/Jason.jpg\" alt=\"\" height=\"450\" width=\"300\"><\/noscript><\/a><\/div><div class=\"wpgb-card-media-overlay\" data-action><a class=\"wpgb-card-layer-link\" href=\"https:\/\/www.imagesante.be\/fr\/film\/jason\/\"><\/a><\/div><div class=\"wpgb-card-media-content\"><div class=\"wpgb-card-media-content-center\"><div class=\"wpgb-block-1 wpgb-idle-scheme-1\">Th\u00e9rapie - Traumatismes <\/div><\/div><div class=\"wpgb-card-media-content-bottom\"><div class=\"wpgb-block-2\"><img decoding=\"async\" class=\"laureat\" src=\"https:\/\/www.imagesante.be\/wp-content\/uploads\/2023\/03\/coup-de-coeur.png\" width=\"335\" alt=\"Coup de coeur\" border=\"0\" \/><\/div><\/div><\/div><a class=\"wpgb-card-layer-link\" href=\"https:\/\/www.imagesante.be\/fr\/film\/jason\/\"><\/a><\/div><div class=\"wpgb-card-content wpgb-scheme-dark\"><div class=\"wpgb-card-body\"><h4 class=\"wpgb-block-3 wpgb-idle-scheme-1\"><a target=\"_self\" href=\"https:\/\/www.imagesante.be\/fr\/film\/jason\/\">Jason<\/a><\/h4><h4 class=\"wpgb-block-4 wpgb-idle-scheme-1\"><a target=\"_self\" href=\"https:\/\/www.imagesante.be\/fr\/film\/jason\/\">Comp\u00e9tition Internationale<\/a><\/h4><\/div><\/div><\/div><\/div><\/article><article class=\"wpgb-card wpgb-card-15 wpgb-post-33153\" data-col=\"1\" data-row=\"1\" data-format=\"standard\"><div class=\"wpgb-card-wrapper\"><div class=\"wpgb-card-inner\"><div class=\"wpgb-card-media wpgb-scheme-light\" data-action><svg data-ratio style=\"padding-top:155.76%\" viewBox=\"0 0 321 500\" aria-hidden=\"true\"><\/svg><div class=\"wpgb-card-media-thumbnail\"><a href=\"https:\/\/www.imagesante.be\/wp-content\/uploads\/2023\/02\/Affiche_LOMBRE-DES-MERES_40x60cm_HD-1.jpg\" tabindex=\"-1\" class=\"wpgb-handle-lb wpgb-lightbox\" data-type=\"image\" data-rel=\"44\" data-title=\"Affiche_LOMBRE-DES-MERES_40x60cm_HD-1.jpg\" title=\"Agrandir la photo\"><div style=\"background-image:url(https:\/\/www.imagesante.be\/wp-content\/uploads\/2023\/02\/Affiche_LOMBRE-DES-MERES_40x60cm_HD-1-321x500.jpg)\"><\/div><noscript><img decoding=\"async\" class=\"wpgb-noscript-img\" src=\"https:\/\/www.imagesante.be\/wp-content\/uploads\/2023\/02\/Affiche_LOMBRE-DES-MERES_40x60cm_HD-1-321x500.jpg\" alt=\"\" height=\"500\" width=\"321\"><\/noscript><\/a><\/div><div class=\"wpgb-card-media-overlay\" data-action><a class=\"wpgb-card-layer-link\" href=\"https:\/\/www.imagesante.be\/fr\/film\/lombre-des-meres\/\"><\/a><\/div><div class=\"wpgb-card-media-content\"><div class=\"wpgb-card-media-content-center\"><div class=\"wpgb-block-1 wpgb-idle-scheme-1\">Maternit\u00e9<\/div><\/div><div class=\"wpgb-card-media-content-bottom\"><div class=\"wpgb-block-2\"><img decoding=\"async\" class=\"laureat\" src=\"https:\/\/www.imagesante.be\/wp-content\/uploads\/2023\/03\/prix.png\" width=\"335\" alt=\"Prix\" border=\"0\" \/><\/div><\/div><\/div><a class=\"wpgb-card-layer-link\" href=\"https:\/\/www.imagesante.be\/fr\/film\/lombre-des-meres\/\"><\/a><\/div><div class=\"wpgb-card-content wpgb-scheme-dark\"><div class=\"wpgb-card-body\"><h4 class=\"wpgb-block-3 wpgb-idle-scheme-1\"><a target=\"_self\" href=\"https:\/\/www.imagesante.be\/fr\/film\/lombre-des-meres\/\">L&#8217;ombre des m\u00e8res<\/a><\/h4><h4 class=\"wpgb-block-4 wpgb-idle-scheme-1\"><a target=\"_self\" href=\"https:\/\/www.imagesante.be\/fr\/film\/lombre-des-meres\/\">Lever les Tabous<\/a><\/h4><\/div><\/div><\/div><\/div><\/article><article class=\"wpgb-card wpgb-card-15 wpgb-post-33380\" data-col=\"1\" data-row=\"1\" data-format=\"standard\"><div class=\"wpgb-card-wrapper\"><div class=\"wpgb-card-inner\"><div class=\"wpgb-card-media wpgb-scheme-light\" data-action><svg data-ratio style=\"padding-top:155.76%\" viewBox=\"0 0 321 500\" aria-hidden=\"true\"><\/svg><div class=\"wpgb-card-media-thumbnail\"><a href=\"https:\/\/www.imagesante.be\/wp-content\/uploads\/2023\/02\/Affiche-1.jpg\" tabindex=\"-1\" class=\"wpgb-handle-lb wpgb-lightbox\" data-type=\"image\" data-rel=\"44\" data-title=\"Affiche\" title=\"Agrandir la photo\"><div style=\"background-image:url(https:\/\/www.imagesante.be\/wp-content\/uploads\/2023\/02\/Affiche-1-321x500.jpg)\"><\/div><noscript><img decoding=\"async\" class=\"wpgb-noscript-img\" src=\"https:\/\/www.imagesante.be\/wp-content\/uploads\/2023\/02\/Affiche-1-321x500.jpg\" alt=\"\" height=\"500\" width=\"321\"><\/noscript><\/a><\/div><div class=\"wpgb-card-media-overlay\" data-action><a class=\"wpgb-card-layer-link\" href=\"https:\/\/www.imagesante.be\/fr\/film\/changer-de-role\/\"><\/a><\/div><div class=\"wpgb-card-media-content\"><div class=\"wpgb-card-media-content-center\"><div class=\"wpgb-block-1 wpgb-idle-scheme-1\">Handicap mental - Th\u00e9\u00e2tre<\/div><\/div><div class=\"wpgb-card-media-content-bottom\"><div class=\"wpgb-block-2\"><img decoding=\"async\" class=\"laureat\" src=\"https:\/\/www.imagesante.be\/wp-content\/uploads\/2023\/03\/prix.png\" width=\"335\" alt=\"Prix\" border=\"0\" \/><\/div><\/div><\/div><a class=\"wpgb-card-layer-link\" href=\"https:\/\/www.imagesante.be\/fr\/film\/changer-de-role\/\"><\/a><\/div><div class=\"wpgb-card-content wpgb-scheme-dark\"><div class=\"wpgb-card-body\"><h4 class=\"wpgb-block-3 wpgb-idle-scheme-1\"><a target=\"_self\" href=\"https:\/\/www.imagesante.be\/fr\/film\/changer-de-role\/\">Changer de R\u00f4le<\/a><\/h4><h4 class=\"wpgb-block-4 wpgb-idle-scheme-1\"><a target=\"_self\" href=\"https:\/\/www.imagesante.be\/fr\/film\/changer-de-role\/\">Sant\u00e9 Mentale Positive <\/a><\/h4><\/div><\/div><\/div><\/div><\/article><article class=\"wpgb-card wpgb-card-15 wpgb-post-33351\" data-col=\"1\" data-row=\"1\" data-format=\"standard\"><div class=\"wpgb-card-wrapper\"><div class=\"wpgb-card-inner\"><div class=\"wpgb-card-media wpgb-scheme-light\" data-action><svg data-ratio style=\"padding-top:155.76%\" viewBox=\"0 0 321 500\" aria-hidden=\"true\"><\/svg><div class=\"wpgb-card-media-thumbnail\"><a href=\"https:\/\/www.imagesante.be\/wp-content\/uploads\/2023\/02\/All-that-remains-to-be-seen.jpg\" tabindex=\"-1\" class=\"wpgb-handle-lb wpgb-lightbox\" data-type=\"image\" data-rel=\"44\" data-title=\"All that remains to be seen\" title=\"Agrandir la photo\"><div style=\"background-image:url(https:\/\/www.imagesante.be\/wp-content\/uploads\/2023\/02\/All-that-remains-to-be-seen-321x500.jpg)\"><\/div><noscript><img decoding=\"async\" class=\"wpgb-noscript-img\" src=\"https:\/\/www.imagesante.be\/wp-content\/uploads\/2023\/02\/All-that-remains-to-be-seen-321x500.jpg\" alt=\"\" height=\"500\" width=\"321\"><\/noscript><\/a><\/div><div class=\"wpgb-card-media-overlay\" data-action><a class=\"wpgb-card-layer-link\" href=\"https:\/\/www.imagesante.be\/fr\/film\/all-that-remains-to-be-seen\/\"><\/a><\/div><div class=\"wpgb-card-media-content\"><div class=\"wpgb-card-media-content-center\"><div class=\"wpgb-block-1 wpgb-idle-scheme-1\">C\u00e9cit\u00e9 - Handicap<\/div><\/div><div class=\"wpgb-card-media-content-bottom\"><div class=\"wpgb-block-2\"><img decoding=\"async\" class=\"laureat\" src=\"https:\/\/www.imagesante.be\/wp-content\/uploads\/2023\/03\/prix.png\" width=\"335\" alt=\"Prix\" border=\"0\" \/><\/div><\/div><\/div><a class=\"wpgb-card-layer-link\" href=\"https:\/\/www.imagesante.be\/fr\/film\/all-that-remains-to-be-seen\/\"><\/a><\/div><div class=\"wpgb-card-content wpgb-scheme-dark\"><div class=\"wpgb-card-body\"><h4 class=\"wpgb-block-3 wpgb-idle-scheme-1\"><a target=\"_self\" href=\"https:\/\/www.imagesante.be\/fr\/film\/all-that-remains-to-be-seen\/\">All that Remains to be Seen<\/a><\/h4><h4 class=\"wpgb-block-4 wpgb-idle-scheme-1\"><a target=\"_self\" href=\"https:\/\/www.imagesante.be\/fr\/film\/all-that-remains-to-be-seen\/\">Soulever des Montagnes<\/a><\/h4><\/div><\/div><\/div><\/div><\/article>\t\t<\/div>\n\t<\/div>\n\t<\/div>\n\t<\/div>\n\t\t<\/div>\n<\/div>\n[\/et_pb_code][\/et_pb_column][\/et_pb_row][\/et_pb_section]<\/p>\n","protected":false},"excerpt":{"rendered":"<p>Laur\u00e9ats Imag\u00e9Sant\u00e9 2023<\/p>\n","protected":false},"author":1,"featured_media":0,"parent":0,"menu_order":0,"comment_status":"closed","ping_status":"closed","template":"","meta":{"_acf_changed":false,"_et_pb_use_builder":"on","_et_pb_old_content":"","_et_gb_content_width":"","_lmt_disableupdate":"no","_lmt_disable":"","_monsterinsights_skip_tracking":false,"_monsterinsights_sitenote_active":false,"_monsterinsights_sitenote_note":"","_monsterinsights_sitenote_category":0,"footnotes":"","_wp_rev_ctl_limit":""},"class_list":["post-34773","page","type-page","status-publish","hentry"],"acf":[],"yoast_head":"<!-- This site is optimized with the Yoast SEO plugin v25.0 - https:\/\/yoast.com\/wordpress\/plugins\/seo\/ -->\n<title>Laur\u00e9ats Imag\u00e9Sant\u00e9 2023 - Festival Imag\u00e9sant\u00e9<\/title>\n<meta name=\"description\" content=\"Laur\u00e9ats Imag\u00e9Sant\u00e9 2023\" \/>\n<meta name=\"robots\" content=\"index, follow, max-snippet:-1, max-image-preview:large, max-video-preview:-1\" \/>\n<link rel=\"canonical\" href=\"https:\/\/www.imagesante.be\/fr\/laureats-2023\/\" \/>\n<meta property=\"og:locale\" content=\"fr_FR\" \/>\n<meta property=\"og:type\" content=\"article\" \/>\n<meta property=\"og:title\" content=\"Laur\u00e9ats Imag\u00e9Sant\u00e9 2023 - Festival Imag\u00e9sant\u00e9\" \/>\n<meta property=\"og:description\" content=\"Laur\u00e9ats Imag\u00e9Sant\u00e9 2023\" \/>\n<meta property=\"og:url\" content=\"https:\/\/www.imagesante.be\/fr\/laureats-2023\/\" \/>\n<meta property=\"og:site_name\" content=\"Festival Imag\u00e9sant\u00e9\" \/>\n<meta property=\"article:modified_time\" content=\"2023-03-31T09:40:15+00:00\" \/>\n<meta name=\"twitter:card\" content=\"summary_large_image\" \/>\n<script type=\"application\/ld+json\" class=\"yoast-schema-graph\">{\"@context\":\"https:\/\/schema.org\",\"@graph\":[{\"@type\":\"WebPage\",\"@id\":\"https:\/\/www.imagesante.be\/fr\/laureats-2023\/\",\"url\":\"https:\/\/www.imagesante.be\/fr\/laureats-2023\/\",\"name\":\"Laur\u00e9ats Imag\u00e9Sant\u00e9 2023 - Festival Imag\u00e9sant\u00e9\",\"isPartOf\":{\"@id\":\"https:\/\/www.imagesante.be\/fr\/#website\"},\"datePublished\":\"2023-03-31T06:00:31+00:00\",\"dateModified\":\"2023-03-31T09:40:15+00:00\",\"description\":\"Laur\u00e9ats Imag\u00e9Sant\u00e9 2023\",\"breadcrumb\":{\"@id\":\"https:\/\/www.imagesante.be\/fr\/laureats-2023\/#breadcrumb\"},\"inLanguage\":\"fr-FR\",\"potentialAction\":[{\"@type\":\"ReadAction\",\"target\":[\"https:\/\/www.imagesante.be\/fr\/laureats-2023\/\"]}]},{\"@type\":\"BreadcrumbList\",\"@id\":\"https:\/\/www.imagesante.be\/fr\/laureats-2023\/#breadcrumb\",\"itemListElement\":[{\"@type\":\"ListItem\",\"position\":1,\"name\":\"Accueil\",\"item\":\"https:\/\/www.imagesante.be\/fr\/\"},{\"@type\":\"ListItem\",\"position\":2,\"name\":\"Laur\u00e9ats Imag\u00e9Sant\u00e9 2023\"}]},{\"@type\":\"WebSite\",\"@id\":\"https:\/\/www.imagesante.be\/fr\/#website\",\"url\":\"https:\/\/www.imagesante.be\/fr\/\",\"name\":\"Festival Imag\u00e9sant\u00e9\",\"description\":\"\",\"publisher\":{\"@id\":\"https:\/\/www.imagesante.be\/fr\/#organization\"},\"potentialAction\":[{\"@type\":\"SearchAction\",\"target\":{\"@type\":\"EntryPoint\",\"urlTemplate\":\"https:\/\/www.imagesante.be\/fr\/?s={search_term_string}\"},\"query-input\":{\"@type\":\"PropertyValueSpecification\",\"valueRequired\":true,\"valueName\":\"search_term_string\"}}],\"inLanguage\":\"fr-FR\"},{\"@type\":\"Organization\",\"@id\":\"https:\/\/www.imagesante.be\/fr\/#organization\",\"name\":\"Imag\u00e9Sant\u00e9\",\"url\":\"https:\/\/www.imagesante.be\/fr\/\",\"logo\":{\"@type\":\"ImageObject\",\"inLanguage\":\"fr-FR\",\"@id\":\"https:\/\/www.imagesante.be\/fr\/#\/schema\/logo\/image\/\",\"url\":\"https:\/\/www.imagesante.be\/wp-content\/uploads\/2019\/06\/Festival-positif-carre.jpg\",\"contentUrl\":\"https:\/\/www.imagesante.be\/wp-content\/uploads\/2019\/06\/Festival-positif-carre.jpg\",\"width\":498,\"height\":498,\"caption\":\"Imag\u00e9Sant\u00e9\"},\"image\":{\"@id\":\"https:\/\/www.imagesante.be\/fr\/#\/schema\/logo\/image\/\"}}]}<\/script>\n<!-- \/ Yoast SEO plugin. -->","yoast_head_json":{"title":"Laur\u00e9ats Imag\u00e9Sant\u00e9 2023 - Festival Imag\u00e9sant\u00e9","description":"Laur\u00e9ats Imag\u00e9Sant\u00e9 2023","robots":{"index":"index","follow":"follow","max-snippet":"max-snippet:-1","max-image-preview":"max-image-preview:large","max-video-preview":"max-video-preview:-1"},"canonical":"https:\/\/www.imagesante.be\/fr\/laureats-2023\/","og_locale":"fr_FR","og_type":"article","og_title":"Laur\u00e9ats Imag\u00e9Sant\u00e9 2023 - Festival Imag\u00e9sant\u00e9","og_description":"Laur\u00e9ats Imag\u00e9Sant\u00e9 2023","og_url":"https:\/\/www.imagesante.be\/fr\/laureats-2023\/","og_site_name":"Festival Imag\u00e9sant\u00e9","article_modified_time":"2023-03-31T09:40:15+00:00","twitter_card":"summary_large_image","schema":{"@context":"https:\/\/schema.org","@graph":[{"@type":"WebPage","@id":"https:\/\/www.imagesante.be\/fr\/laureats-2023\/","url":"https:\/\/www.imagesante.be\/fr\/laureats-2023\/","name":"Laur\u00e9ats Imag\u00e9Sant\u00e9 2023 - Festival Imag\u00e9sant\u00e9","isPartOf":{"@id":"https:\/\/www.imagesante.be\/fr\/#website"},"datePublished":"2023-03-31T06:00:31+00:00","dateModified":"2023-03-31T09:40:15+00:00","description":"Laur\u00e9ats Imag\u00e9Sant\u00e9 2023","breadcrumb":{"@id":"https:\/\/www.imagesante.be\/fr\/laureats-2023\/#breadcrumb"},"inLanguage":"fr-FR","potentialAction":[{"@type":"ReadAction","target":["https:\/\/www.imagesante.be\/fr\/laureats-2023\/"]}]},{"@type":"BreadcrumbList","@id":"https:\/\/www.imagesante.be\/fr\/laureats-2023\/#breadcrumb","itemListElement":[{"@type":"ListItem","position":1,"name":"Accueil","item":"https:\/\/www.imagesante.be\/fr\/"},{"@type":"ListItem","position":2,"name":"Laur\u00e9ats Imag\u00e9Sant\u00e9 2023"}]},{"@type":"WebSite","@id":"https:\/\/www.imagesante.be\/fr\/#website","url":"https:\/\/www.imagesante.be\/fr\/","name":"Festival Imag\u00e9sant\u00e9","description":"","publisher":{"@id":"https:\/\/www.imagesante.be\/fr\/#organization"},"potentialAction":[{"@type":"SearchAction","target":{"@type":"EntryPoint","urlTemplate":"https:\/\/www.imagesante.be\/fr\/?s={search_term_string}"},"query-input":{"@type":"PropertyValueSpecification","valueRequired":true,"valueName":"search_term_string"}}],"inLanguage":"fr-FR"},{"@type":"Organization","@id":"https:\/\/www.imagesante.be\/fr\/#organization","name":"Imag\u00e9Sant\u00e9","url":"https:\/\/www.imagesante.be\/fr\/","logo":{"@type":"ImageObject","inLanguage":"fr-FR","@id":"https:\/\/www.imagesante.be\/fr\/#\/schema\/logo\/image\/","url":"https:\/\/www.imagesante.be\/wp-content\/uploads\/2019\/06\/Festival-positif-carre.jpg","contentUrl":"https:\/\/www.imagesante.be\/wp-content\/uploads\/2019\/06\/Festival-positif-carre.jpg","width":498,"height":498,"caption":"Imag\u00e9Sant\u00e9"},"image":{"@id":"https:\/\/www.imagesante.be\/fr\/#\/schema\/logo\/image\/"}}]}},"_links":{"self":[{"href":"https:\/\/www.imagesante.be\/fr\/wp-json\/wp\/v2\/pages\/34773","targetHints":{"allow":["GET"]}}],"collection":[{"href":"https:\/\/www.imagesante.be\/fr\/wp-json\/wp\/v2\/pages"}],"about":[{"href":"https:\/\/www.imagesante.be\/fr\/wp-json\/wp\/v2\/types\/page"}],"author":[{"embeddable":true,"href":"https:\/\/www.imagesante.be\/fr\/wp-json\/wp\/v2\/users\/1"}],"replies":[{"embeddable":true,"href":"https:\/\/www.imagesante.be\/fr\/wp-json\/wp\/v2\/comments?post=34773"}],"version-history":[{"count":0,"href":"https:\/\/www.imagesante.be\/fr\/wp-json\/wp\/v2\/pages\/34773\/revisions"}],"wp:attachment":[{"href":"https:\/\/www.imagesante.be\/fr\/wp-json\/wp\/v2\/media?parent=34773"}],"curies":[{"name":"wp","href":"https:\/\/api.w.org\/{rel}","templated":true}]}}