{"id":17242,"date":"2019-07-16T10:47:59","date_gmt":"2019-07-16T09:47:59","guid":{"rendered":"https:\/\/imagesante.beontheweb.be\/?page_id=17242"},"modified":"2019-11-13T14:23:21","modified_gmt":"2019-11-13T13:23:21","slug":"imagesante-2008","status":"publish","type":"page","link":"https:\/\/www.imagesante.be\/fr\/imagesante-2008\/","title":{"rendered":"Imag\u00e9sant\u00e9 2008"},"content":{"rendered":"<p>[et_pb_section fb_built=&#8221;1&#8243; fullwidth=&#8221;on&#8221; module_class=&#8221;banniere_titre&#8221; _builder_version=&#8221;3.29.3&#8243; _dynamic_attributes=&#8221;background_image&#8221; background_image=&#8221;@ET-DC@eyJkeW5hbWljIjp0cnVlLCJjb250ZW50IjoiY3VzdG9tX21ldGFfYmFubmllcmUiLCJzZXR0aW5ncyI6eyJiZWZvcmUiOiIiLCJhZnRlciI6IiIsImVuYWJsZV9odG1sIjoib2ZmIn19@&#8221; height=&#8221;350px&#8221; custom_padding=&#8221;||0px||false|false&#8221; global_module=&#8221;4454&#8243; saved_tabs=&#8221;all&#8221; locked=&#8221;off&#8221; fb_built=&#8221;1&#8243; _i=&#8221;0&#8243; _address=&#8221;0&#8243;][et_pb_fullwidth_header text_orientation=&#8221;center&#8221; button_one_text=&#8221;@ET-DC@eyJkeW5hbWljIjp0cnVlLCJjb250ZW50IjoiY3VzdG9tX21ldGFfcGFnZV9wYXJlbnRlIiwic2V0dGluZ3MiOnsiYmVmb3JlIjoiIiwiYWZ0ZXIiOiIiLCJlbmFibGVfaHRtbCI6Im9mZiJ9fQ==@&#8221; button_one_url=&#8221;@ET-DC@eyJkeW5hbWljIjp0cnVlLCJjb250ZW50IjoiY3VzdG9tX21ldGFfdXJsX3BhZ2VfcGFyZW50ZSIsInNldHRpbmdzIjp7ImJlZm9yZSI6IiIsImFmdGVyIjoiIiwiZW5hYmxlX2h0bWwiOiJvZmYifX0=@&#8221; disabled_on=&#8221;off|off|off&#8221; admin_label=&#8221;Titre + Image&#8221; _builder_version=&#8221;3.29.3&#8243; _dynamic_attributes=&#8221;button_one_text,button_one_url&#8221; title_font=&#8221;BebasNeueRegular||||||||&#8221; title_text_align=&#8221;center&#8221; title_font_size=&#8221;70px&#8221; title_letter_spacing=&#8221;2px&#8221; content_font=&#8221;||||||||&#8221; content_text_align=&#8221;center&#8221; subhead_font=&#8221;||||||||&#8221; subhead_text_align=&#8221;center&#8221; subhead_text_color=&#8221;#ffffff&#8221; background_color=&#8221;rgba(176,148,88,0.42)&#8221; custom_button_one=&#8221;on&#8221; button_one_text_size=&#8221;15px&#8221; button_one_text_color=&#8221;#ffffff&#8221; button_one_bg_color=&#8221;#b09458&#8243; button_one_border_width=&#8221;0px&#8221; button_one_font=&#8221;||||||||&#8221; button_one_icon=&#8221;%%41%%&#8221; button_one_icon_color=&#8221;#ffffff&#8221; button_one_custom_margin=&#8221;160px||||false|false&#8221; button_one_custom_padding=&#8221;|50px||50px|false|false&#8221; height=&#8221;295px&#8221; title_font_size_last_edited=&#8221;on|desktop&#8221; locked=&#8221;off&#8221; button_one_bg_color__hover_enabled=&#8221;on&#8221; button_one_bg_color__hover=&#8221;#ffffff&#8221; button_one_bg_enable_color__hover=&#8221;on&#8221; button_one_text_color__hover_enabled=&#8221;on&#8221; button_one_text_color__hover=&#8221;#b09458&#8243; button_one_icon_color__hover_enabled=&#8221;on&#8221; button_one_icon_color__hover=&#8221;#b09458&#8243; _i=&#8221;0&#8243; _address=&#8221;0.0&#8243;][\/et_pb_fullwidth_header][et_pb_fullwidth_post_title meta=&#8221;off&#8221; featured_image=&#8221;off&#8221; _builder_version=&#8221;3.29.3&#8243; title_font=&#8221;Bebas|||on|||||&#8221; title_text_align=&#8221;center&#8221; title_text_color=&#8221;#ffffff&#8221; title_font_size=&#8221;35px&#8221; title_letter_spacing=&#8221;5px&#8221; background_color=&#8221;#b09458&#8243; height=&#8221;55px&#8221; max_height=&#8221;55px&#8221; custom_margin=&#8221;0px||95px||false|false&#8221; custom_padding=&#8221;10px||0px||false|false&#8221; title_font_size_phone=&#8221;31px&#8221; title_font_size_last_edited=&#8221;on|desktop&#8221; locked=&#8221;off&#8221; _i=&#8221;1&#8243; _address=&#8221;0.1&#8243; column_structure=&#8221;4_4&#8243;][\/et_pb_fullwidth_post_title][\/et_pb_section][et_pb_section fb_built=&#8221;1&#8243; admin_label=&#8221;Section&#8221; _builder_version=&#8221;3.22.3&#8243; fb_built=&#8221;1&#8243; _i=&#8221;1&#8243; _address=&#8221;1&#8243;][et_pb_row admin_label=&#8221;row&#8221; _builder_version=&#8221;3.25&#8243; background_size=&#8221;initial&#8221; background_position=&#8221;top_left&#8221; background_repeat=&#8221;repeat&#8221; _i=&#8221;0&#8243; _address=&#8221;1.0&#8243;][et_pb_column type=&#8221;4_4&#8243; _builder_version=&#8221;3.25&#8243; custom_padding=&#8221;|||&#8221; custom_padding__hover=&#8221;|||&#8221; _i=&#8221;0&#8243; _address=&#8221;1.0.0&#8243;][et_pb_text admin_label=&#8221;Texte&#8221; _builder_version=&#8221;3.29.3&#8243; background_size=&#8221;initial&#8221; background_position=&#8221;top_left&#8221; background_repeat=&#8221;repeat&#8221; hover_enabled=&#8221;0&#8243; use_border_color=&#8221;off&#8221; border_color=&#8221;#ffffff&#8221; border_style=&#8221;solid&#8221; _i=&#8221;0&#8243; _address=&#8221;1.0.0.0&#8243;]<\/p>\n<h2>&#8220;Assurances&#8221; Session<\/h2>\n<p>First Prize :\u00a0Le sexe, c\u2019est la sant\u00e9 !<br \/>\nAuthor\u00a0&amp; Realisation : Sabrina FAETANINI<br \/>\nProducer : J\u00e9r\u00f4me CAZA<br \/>\nOrigin : France<\/p>\n<p>Mention \u00ab Authenticity\u00bb :\u00a0Foutue adolescence !<br \/>\nRealisation : N\u00e9gar ZOKA<br \/>\nProducer : Quark Productions<br \/>\nOrigin : France<\/p>\n<p>Mention \u00ab Originality \u00bb :\u00a0Dognews<br \/>\nAuthors &amp; Realisation : 25 pupils of the\u00a06\u00e8me primaire of l&#8217;EFC Wandre-Pont<br \/>\nProducer : Jean-Luc SLOCK \u2013 Cam\u00e9ra Enfants Admis<br \/>\nOrigin : Belgium<\/p>\n<h2>&#8220;Environment&#8221; Session<\/h2>\n<p>First Prize :\u00a0Alix au pays des g\u00e8nes<br \/>\nAuthor &amp; Realisation : Okinawa GUERARD<br \/>\nProducer : Michel DAVID<br \/>\nOrigin : France<\/p>\n<p>Special Mention\u00a0for\u00a0transversal and philsophic approach :\u00a0Moteur de recherche : les risques<br \/>\nAuthors &amp; Realisation : Marie CUISSET &amp; Anne JAFFRENNOU<br \/>\nProducer : Les Films \u00e0 Lou | ARTE France | ZKO<br \/>\nOrigin : France<\/p>\n<p>Special Mention for journalistic quality :\u00a0Source<br \/>\nAuthor &amp; Realisation : Martin MARECEK<br \/>\nProducer : Bionaut | Vratislav Slajer<br \/>\nOrigin : Czech Republic<\/p>\n<h2>&#8220;Health Education&#8221; Session<\/h2>\n<p>First Prize :\u00a0Entre les deux, la vie<br \/>\nAuthor &amp; Realisation : Val\u00e9rie WINCKLER<br \/>\nProducer : Jean-Pierre GIBRAT<br \/>\nOrigin : France<\/p>\n<p>Second Prize :\u00a0D\u00e9routes &amp; parcours<br \/>\nAuthor &amp; Realisation : Myriam FOUGERE<br \/>\nProducer : Vid\u00e9os Femmes<br \/>\nOrigin : Canada<\/p>\n<p>Third Prize :\u00a0Mon petit fr\u00e8re de la lune<br \/>\nAuthor\u00a0&amp; Realisation : Fr\u00e9d\u00e9ric PHILIBERT<br \/>\nOrigin : France<\/p>\n<p>Third Prize :\u00a0Alice ou la vie en noir et blanc<br \/>\nAuthor &amp; Realisation : Sophie SCHOUKENS<br \/>\nProducer : Jan ROEKENS<br \/>\nOrigin : Belgium<\/p>\n<p>Mention &#8220;Creativity&#8221; :\u00a0Papotins et fiers de l\u2019\u00eatre<br \/>\nAuthor &amp; Realisation : Annie MORILLON<br \/>\nProducer : Minou AZOULAI<br \/>\nOrigin : France<\/p>\n<p>Mention &#8220;Originality&#8221; :\u00a0Vivre en silence<br \/>\nAuthor, Realisation &amp; Producer : Mika\u00ebl LEMERCIER<br \/>\nOrigin : France<\/p>\n<p>Mention\u00a0 &#8220;Peronal Approach&#8221; :\u00a0Les villageois, chronique d\u2019un village presque comme les autres<br \/>\nAuthor &amp; Realisation : Rapha\u00eblle AELLIG REGNIER<br \/>\nProducer : RaR Film<br \/>\nOrigin : Switzerland<\/p>\n<p>Mention\u00a0 &#8220;Young authors&#8221; :\u00a0Z\u2019avez pas vu L\u00e9on<br \/>\nAuthors: Les Jeunes de l\u2019association \u00ab Dessine-moi un mouton \u00bb, association de lutte contre le sida<br \/>\nRealisation : Claude THERET<br \/>\nProducer : Pierre-Henry LOYS<br \/>\nOrigin : France<\/p>\n<h2>&#8220;Medical&#8221; Session<\/h2>\n<p>First Prize :\u00a0Gu\u00e9rir en Nanos<br \/>\nAuthor &amp; Realisation : Marcel DALAISE<br \/>\nProducer : CNRS Images<br \/>\nOrigin : France<\/p>\n<p>Second Prize :\u00a0La Douleur des Mots \u2013 Voyage en dysphasie<br \/>\nAuthor and Realisation : Christine RABETTE<br \/>\nProducer : Olivier RAUSIN | Climax Films<br \/>\nOrigin : Belgium<\/p>\n<p>Third Prize :\u00a0L\u2019Homme sans Douleur<br \/>\nAuthors &amp; Realisation : Mr. COULIN &amp; R. ZYLBERMANN<br \/>\nProducer : Les Films du Poisson<br \/>\nOrigin : France<\/p>\n<p>Mention scientific :\u00a0The Inside-Out Transobturator Sling for the Treatment of Male Urinary Incontinence<br \/>\nAuthor : Prof. J. DE LEVAL<br \/>\nCo-authors : Pr. P. BONNET, Dr. W. HAMIDA, Ch. MARECHAL, D. WALTREGNY<br \/>\nProducer : Pierre JAMART<br \/>\nOrigin : Belgium<\/p>\n<p>Mention for the best utlisation of different media :\u00a0Super ver<br \/>\nAuthor &amp; Realisation : Pascal CUISSOT<br \/>\nProducer : G\u00e9d\u00e9on Programmes<br \/>\nOrigin : France<\/p>\n<p>Mention &#8220;Excellent interactiv media&#8221; :\u00a0Cardiopathies cong\u00e9nitales en p\u00e9diatrie<br \/>\nAuthor : Cristian L. ZAMPA &amp; Sandra E. ROMERO<br \/>\nRealisation : Cristian L. ZAMPA<br \/>\nProducer : Sandra E. ROMERO<br \/>\nOrigin : Argentina<\/p>\n<h2>&#8220;MIF-Sciences&#8221; Session<\/h2>\n<p>First Prize :\u00a0Sur les traces des paresseux g\u00e9ants<br \/>\nAuthors : Didier DUTHEIL, Tulio SCHARGEL, Dominique LECUIVRE, Mauricio DIAS<br \/>\nRealisation : Dominique LECUIVRE, Tulio SCHARGEL, Mauricio DIAS<br \/>\nProducer : G\u00e9d\u00e9on Programmes<br \/>\nOrigin : France<\/p>\n<p>Mention :\u00a0Grey matter\u00a0:\u00a0Hier, c\u2019est demain<br \/>\nAuthor &amp; Producer : Patrice GOLDBERG &#8211; RTBF<br \/>\nRealisation : Felice GASPERONI<br \/>\nOrigin : Belgium<\/p>\n<p>Best scientifical emission of the year:\u00a0Mati\u00e8re Grise<br \/>\nAuthor, Realisation &amp; Producer : Patrice GOLDBERG &#8211; RTBF<br \/>\nOrigin : Belgium<\/p>\n<p>[\/et_pb_text][\/et_pb_column][\/et_pb_row][\/et_pb_section]<\/p>\n","protected":false},"excerpt":{"rendered":"<p>&#8220;Assurances&#8221; Session First Prize :\u00a0Le sexe, c\u2019est la sant\u00e9 ! Author\u00a0&amp; Realisation : Sabrina FAETANINI Producer : J\u00e9r\u00f4me CAZA Origin : France Mention \u00ab Authenticity\u00bb :\u00a0Foutue adolescence ! Realisation : N\u00e9gar ZOKA Producer : Quark Productions Origin : France Mention \u00ab Originality \u00bb :\u00a0Dognews Authors &amp; Realisation : 25 pupils of the\u00a06\u00e8me primaire of l&#8217;EFC [&hellip;]<\/p>\n","protected":false},"author":1,"featured_media":0,"parent":0,"menu_order":0,"comment_status":"closed","ping_status":"closed","template":"","meta":{"_acf_changed":false,"_et_pb_use_builder":"on","_et_pb_old_content":"","_et_gb_content_width":"","_lmt_disableupdate":"","_lmt_disable":"","_monsterinsights_skip_tracking":false,"_monsterinsights_sitenote_active":false,"_monsterinsights_sitenote_note":"","_monsterinsights_sitenote_category":0,"footnotes":"","_wp_rev_ctl_limit":""},"class_list":["post-17242","page","type-page","status-publish","hentry"],"acf":[],"yoast_head":"<!-- This site is optimized with the Yoast SEO plugin v25.0 - https:\/\/yoast.com\/wordpress\/plugins\/seo\/ -->\n<title>Imag\u00e9sant\u00e9 2008 - Festival Imag\u00e9sant\u00e9<\/title>\n<meta name=\"robots\" content=\"index, follow, max-snippet:-1, max-image-preview:large, max-video-preview:-1\" \/>\n<link rel=\"canonical\" href=\"https:\/\/www.imagesante.be\/fr\/imagesante-2008\/\" \/>\n<meta property=\"og:locale\" content=\"fr_FR\" \/>\n<meta property=\"og:type\" content=\"article\" \/>\n<meta property=\"og:title\" content=\"Imag\u00e9sant\u00e9 2008 - Festival Imag\u00e9sant\u00e9\" \/>\n<meta property=\"og:url\" content=\"https:\/\/www.imagesante.be\/fr\/imagesante-2008\/\" \/>\n<meta property=\"og:site_name\" content=\"Festival Imag\u00e9sant\u00e9\" \/>\n<meta property=\"article:modified_time\" content=\"2019-11-13T13:23:21+00:00\" \/>\n<meta name=\"twitter:card\" content=\"summary_large_image\" \/>\n<script type=\"application\/ld+json\" class=\"yoast-schema-graph\">{\"@context\":\"https:\/\/schema.org\",\"@graph\":[{\"@type\":\"WebPage\",\"@id\":\"https:\/\/www.imagesante.be\/fr\/imagesante-2008\/\",\"url\":\"https:\/\/www.imagesante.be\/fr\/imagesante-2008\/\",\"name\":\"Imag\u00e9sant\u00e9 2008 - Festival Imag\u00e9sant\u00e9\",\"isPartOf\":{\"@id\":\"https:\/\/www.imagesante.be\/fr\/#website\"},\"datePublished\":\"2019-07-16T09:47:59+00:00\",\"dateModified\":\"2019-11-13T13:23:21+00:00\",\"breadcrumb\":{\"@id\":\"https:\/\/www.imagesante.be\/fr\/imagesante-2008\/#breadcrumb\"},\"inLanguage\":\"fr-FR\",\"potentialAction\":[{\"@type\":\"ReadAction\",\"target\":[\"https:\/\/www.imagesante.be\/fr\/imagesante-2008\/\"]}]},{\"@type\":\"BreadcrumbList\",\"@id\":\"https:\/\/www.imagesante.be\/fr\/imagesante-2008\/#breadcrumb\",\"itemListElement\":[{\"@type\":\"ListItem\",\"position\":1,\"name\":\"Accueil\",\"item\":\"https:\/\/www.imagesante.be\/fr\/\"},{\"@type\":\"ListItem\",\"position\":2,\"name\":\"Imag\u00e9sant\u00e9 2008\"}]},{\"@type\":\"WebSite\",\"@id\":\"https:\/\/www.imagesante.be\/fr\/#website\",\"url\":\"https:\/\/www.imagesante.be\/fr\/\",\"name\":\"Festival Imag\u00e9sant\u00e9\",\"description\":\"\",\"publisher\":{\"@id\":\"https:\/\/www.imagesante.be\/fr\/#organization\"},\"potentialAction\":[{\"@type\":\"SearchAction\",\"target\":{\"@type\":\"EntryPoint\",\"urlTemplate\":\"https:\/\/www.imagesante.be\/fr\/?s={search_term_string}\"},\"query-input\":{\"@type\":\"PropertyValueSpecification\",\"valueRequired\":true,\"valueName\":\"search_term_string\"}}],\"inLanguage\":\"fr-FR\"},{\"@type\":\"Organization\",\"@id\":\"https:\/\/www.imagesante.be\/fr\/#organization\",\"name\":\"Imag\u00e9Sant\u00e9\",\"url\":\"https:\/\/www.imagesante.be\/fr\/\",\"logo\":{\"@type\":\"ImageObject\",\"inLanguage\":\"fr-FR\",\"@id\":\"https:\/\/www.imagesante.be\/fr\/#\/schema\/logo\/image\/\",\"url\":\"https:\/\/www.imagesante.be\/wp-content\/uploads\/2019\/06\/Festival-positif-carre.jpg\",\"contentUrl\":\"https:\/\/www.imagesante.be\/wp-content\/uploads\/2019\/06\/Festival-positif-carre.jpg\",\"width\":498,\"height\":498,\"caption\":\"Imag\u00e9Sant\u00e9\"},\"image\":{\"@id\":\"https:\/\/www.imagesante.be\/fr\/#\/schema\/logo\/image\/\"}}]}<\/script>\n<!-- \/ Yoast SEO plugin. -->","yoast_head_json":{"title":"Imag\u00e9sant\u00e9 2008 - Festival Imag\u00e9sant\u00e9","robots":{"index":"index","follow":"follow","max-snippet":"max-snippet:-1","max-image-preview":"max-image-preview:large","max-video-preview":"max-video-preview:-1"},"canonical":"https:\/\/www.imagesante.be\/fr\/imagesante-2008\/","og_locale":"fr_FR","og_type":"article","og_title":"Imag\u00e9sant\u00e9 2008 - Festival Imag\u00e9sant\u00e9","og_url":"https:\/\/www.imagesante.be\/fr\/imagesante-2008\/","og_site_name":"Festival Imag\u00e9sant\u00e9","article_modified_time":"2019-11-13T13:23:21+00:00","twitter_card":"summary_large_image","schema":{"@context":"https:\/\/schema.org","@graph":[{"@type":"WebPage","@id":"https:\/\/www.imagesante.be\/fr\/imagesante-2008\/","url":"https:\/\/www.imagesante.be\/fr\/imagesante-2008\/","name":"Imag\u00e9sant\u00e9 2008 - Festival Imag\u00e9sant\u00e9","isPartOf":{"@id":"https:\/\/www.imagesante.be\/fr\/#website"},"datePublished":"2019-07-16T09:47:59+00:00","dateModified":"2019-11-13T13:23:21+00:00","breadcrumb":{"@id":"https:\/\/www.imagesante.be\/fr\/imagesante-2008\/#breadcrumb"},"inLanguage":"fr-FR","potentialAction":[{"@type":"ReadAction","target":["https:\/\/www.imagesante.be\/fr\/imagesante-2008\/"]}]},{"@type":"BreadcrumbList","@id":"https:\/\/www.imagesante.be\/fr\/imagesante-2008\/#breadcrumb","itemListElement":[{"@type":"ListItem","position":1,"name":"Accueil","item":"https:\/\/www.imagesante.be\/fr\/"},{"@type":"ListItem","position":2,"name":"Imag\u00e9sant\u00e9 2008"}]},{"@type":"WebSite","@id":"https:\/\/www.imagesante.be\/fr\/#website","url":"https:\/\/www.imagesante.be\/fr\/","name":"Festival Imag\u00e9sant\u00e9","description":"","publisher":{"@id":"https:\/\/www.imagesante.be\/fr\/#organization"},"potentialAction":[{"@type":"SearchAction","target":{"@type":"EntryPoint","urlTemplate":"https:\/\/www.imagesante.be\/fr\/?s={search_term_string}"},"query-input":{"@type":"PropertyValueSpecification","valueRequired":true,"valueName":"search_term_string"}}],"inLanguage":"fr-FR"},{"@type":"Organization","@id":"https:\/\/www.imagesante.be\/fr\/#organization","name":"Imag\u00e9Sant\u00e9","url":"https:\/\/www.imagesante.be\/fr\/","logo":{"@type":"ImageObject","inLanguage":"fr-FR","@id":"https:\/\/www.imagesante.be\/fr\/#\/schema\/logo\/image\/","url":"https:\/\/www.imagesante.be\/wp-content\/uploads\/2019\/06\/Festival-positif-carre.jpg","contentUrl":"https:\/\/www.imagesante.be\/wp-content\/uploads\/2019\/06\/Festival-positif-carre.jpg","width":498,"height":498,"caption":"Imag\u00e9Sant\u00e9"},"image":{"@id":"https:\/\/www.imagesante.be\/fr\/#\/schema\/logo\/image\/"}}]}},"_links":{"self":[{"href":"https:\/\/www.imagesante.be\/fr\/wp-json\/wp\/v2\/pages\/17242","targetHints":{"allow":["GET"]}}],"collection":[{"href":"https:\/\/www.imagesante.be\/fr\/wp-json\/wp\/v2\/pages"}],"about":[{"href":"https:\/\/www.imagesante.be\/fr\/wp-json\/wp\/v2\/types\/page"}],"author":[{"embeddable":true,"href":"https:\/\/www.imagesante.be\/fr\/wp-json\/wp\/v2\/users\/1"}],"replies":[{"embeddable":true,"href":"https:\/\/www.imagesante.be\/fr\/wp-json\/wp\/v2\/comments?post=17242"}],"version-history":[{"count":0,"href":"https:\/\/www.imagesante.be\/fr\/wp-json\/wp\/v2\/pages\/17242\/revisions"}],"wp:attachment":[{"href":"https:\/\/www.imagesante.be\/fr\/wp-json\/wp\/v2\/media?parent=17242"}],"curies":[{"name":"wp","href":"https:\/\/api.w.org\/{rel}","templated":true}]}}