{"id":40525,"date":"2026-02-02T12:12:10","date_gmt":"2026-02-02T11:12:10","guid":{"rendered":"https:\/\/www.imagesante.be\/?page_id=40525"},"modified":"2026-02-02T12:12:10","modified_gmt":"2026-02-02T11:12:10","slug":"imagesante-2023-2","status":"publish","type":"page","link":"https:\/\/www.imagesante.be\/en\/imagesante-2023-2\/","title":{"rendered":"Imag\u00e9Sant\u00e9 2023"},"content":{"rendered":"<p>[et_pb_section fb_built=&#8221;1&#8243; fullwidth=&#8221;on&#8221; admin_label=&#8221;Section titre normal&#8221; module_class=&#8221;banniere_titre&#8221; _builder_version=&#8221;4.19.5&#8243; _dynamic_attributes=&#8221;background_image&#8221; background_image=&#8221;@ET-DC@eyJkeW5hbWljIjp0cnVlLCJjb250ZW50IjoiY3VzdG9tX21ldGFfYmFubmllcmUiLCJzZXR0aW5ncyI6eyJiZWZvcmUiOiIiLCJhZnRlciI6IiIsImVuYWJsZV9odG1sIjoib2ZmIn19@&#8221; width=&#8221;100%&#8221; max_width=&#8221;100%&#8221; min_height=&#8221;33px&#8221; height=&#8221;587px&#8221; max_height=&#8221;358px&#8221; custom_margin=&#8221;0px||-20px||false|false&#8221; custom_padding=&#8221;270px||0px||false|false&#8221; global_module=&#8221;4454&#8243; saved_tabs=&#8221;all&#8221; locked=&#8221;off&#8221; global_colors_info=&#8221;{}&#8221;][et_pb_fullwidth_post_title meta=&#8221;off&#8221; featured_image=&#8221;off&#8221; admin_label=&#8221;Titre du poste en pleine largeur&#8221; module_class=&#8221;page_title&#8221; _builder_version=&#8221;4.19.5&#8243; title_font=&#8221;|700||on|||||&#8221; title_text_align=&#8221;center&#8221; title_text_color=&#8221;#ffffff&#8221; title_font_size=&#8221;35px&#8221; title_letter_spacing=&#8221;5px&#8221; background_color=&#8221;#b09458&#8243; max_width=&#8221;100%&#8221; min_height=&#8221;100px&#8221; height=&#8221;100px&#8221; max_height=&#8221;100px&#8221; custom_margin=&#8221;0px||||false|false&#8221; custom_padding=&#8221;5px||0px||false|false&#8221; title_font_size_tablet=&#8221;&#8221; title_font_size_phone=&#8221;31px&#8221; title_font_size_last_edited=&#8221;on|phone&#8221; custom_css_post_title=&#8221;min-height: 4vw;||display: flex;||align-items: center;||justify-content: center;&#8221; locked=&#8221;off&#8221; global_colors_info=&#8221;{}&#8221;][\/et_pb_fullwidth_post_title][\/et_pb_section][et_pb_section fb_built=&#8221;1&#8243; admin_label=&#8221;Palmar\u00e8s&#8221; _builder_version=&#8221;4.16&#8243; global_colors_info=&#8221;{}&#8221;][et_pb_row admin_label=&#8221;row&#8221; _builder_version=&#8221;4.16&#8243; background_size=&#8221;initial&#8221; background_position=&#8221;top_left&#8221; background_repeat=&#8221;repeat&#8221; global_colors_info=&#8221;{}&#8221;][et_pb_column type=&#8221;4_4&#8243; _builder_version=&#8221;4.16&#8243; custom_padding=&#8221;|||&#8221; global_colors_info=&#8221;{}&#8221; custom_padding__hover=&#8221;|||&#8221;][et_pb_text admin_label=&#8221;Palmar\u00e8s&#8221; _builder_version=&#8221;4.16&#8243; background_size=&#8221;initial&#8221; background_position=&#8221;top_left&#8221; background_repeat=&#8221;repeat&#8221; use_border_color=&#8221;off&#8221; border_color=&#8221;#ffffff&#8221; border_style=&#8221;solid&#8221; global_colors_info=&#8221;{}&#8221;]<\/p>\n<h2>Awards<\/h2>\n<p>[\/et_pb_text][\/et_pb_column][\/et_pb_row][et_pb_row _builder_version=&#8221;4.16&#8243; _module_preset=&#8221;default&#8221; global_colors_info=&#8221;{}&#8221;][et_pb_column type=&#8221;4_4&#8243; _builder_version=&#8221;4.16&#8243; _module_preset=&#8221;default&#8221; global_colors_info=&#8221;{}&#8221;][et_pb_code _builder_version=&#8221;4.20.2&#8243; _module_preset=&#8221;default&#8221; global_colors_info=&#8221;{}&#8221; locked=&#8221;off&#8221;]<!-- Gridbuilder \u1d42\u1d3e Plugin (https:\/\/wpgridbuilder.com) -->\n<div class=\"wp-grid-builder wpgb-grid-44\" data-options=\"{&quot;id&quot;:44,&quot;type&quot;:&quot;masonry&quot;,&quot;source&quot;:&quot;post_type&quot;,&quot;loader&quot;:0,&quot;layout&quot;:&quot;vertical&quot;,&quot;reveal&quot;:0,&quot;isMainQuery&quot;:0,&quot;lazyLoad&quot;:0,&quot;cardSizes&quot;:{&quot;9999&quot;:{&quot;columns&quot;:4,&quot;height&quot;:240,&quot;gutter&quot;:20,&quot;ratio&quot;:&quot;1.33333&quot;},&quot;1200&quot;:{&quot;columns&quot;:4,&quot;height&quot;:240,&quot;gutter&quot;:20,&quot;ratio&quot;:&quot;1.33333&quot;},&quot;992&quot;:{&quot;columns&quot;:2,&quot;height&quot;:220,&quot;gutter&quot;:20,&quot;ratio&quot;:&quot;1.33333&quot;},&quot;768&quot;:{&quot;columns&quot;:1,&quot;height&quot;:220,&quot;gutter&quot;:0,&quot;ratio&quot;:&quot;1.33333&quot;},&quot;576&quot;:{&quot;columns&quot;:1,&quot;height&quot;:200,&quot;gutter&quot;:0,&quot;ratio&quot;:&quot;1.33333&quot;},&quot;320&quot;:{&quot;columns&quot;:1,&quot;height&quot;:200,&quot;gutter&quot;:0,&quot;ratio&quot;:&quot;1.33333&quot;}},&quot;fitRows&quot;:1,&quot;equalRows&quot;:0,&quot;equalColumns&quot;:1,&quot;fillLastRow&quot;:0,&quot;centerLastRow&quot;:0,&quot;horizontalOrder&quot;:1,&quot;fullWidth&quot;:0,&quot;transitionDelay&quot;:100,&quot;gallerySlideshow&quot;:0,&quot;rowsNumber&quot;:1,&quot;slideAlign&quot;:&quot;left&quot;,&quot;groupCells&quot;:1,&quot;draggable&quot;:1,&quot;initialIndex&quot;:0,&quot;contain&quot;:0,&quot;freeScroll&quot;:0,&quot;freeFriction&quot;:&quot;0.075&quot;,&quot;friction&quot;:&quot;0.285&quot;,&quot;attraction&quot;:&quot;0.025&quot;,&quot;autoPlay&quot;:0,&quot;pageDotAriaLabel&quot;:&quot;Page dot %d&quot;,&quot;isPreview&quot;:false,&quot;isGutenberg&quot;:false,&quot;rightToLeft&quot;:false}\"><div class=\"wpgb-svg-icons\" hidden>\n\t<svg viewBox=\"0 0 120 24\" width=\"0\" height=\"0\">\n\t<defs>\n        <polygon id=\"wpgb-star-svg\" points=\"12 2.5 15.1 8.8 22 9.8 17 14.6 18.2 21.5 12 18.3 5.8 21.5 7 14.6 2 9.8 8.9 8.8\"><\/polygon>\n    <\/defs>\n    <symbol id=\"wpgb-rating-stars-svg\">\n        <use xlink:href=\"#wpgb-star-svg\"><\/use>\n        <use xlink:href=\"#wpgb-star-svg\" x=\"24\"><\/use>\n        <use xlink:href=\"#wpgb-star-svg\" x=\"48\"><\/use>\n        <use xlink:href=\"#wpgb-star-svg\" x=\"72\"><\/use>\n        <use xlink:href=\"#wpgb-star-svg\" x=\"96\"><\/use>\n    <\/symbol>\n<\/svg>\n<\/div>\n<div class=\"wpgb-wrapper\">\n\t<div class=\"wpgb-main\">\n\t<div class=\"wpgb-layout\">\n\t<div class=\"wpgb-viewport\">\n\t\t<div class=\"wpgb-masonry\">\n\t\t\t<div class=\"wpgb-card wpgb-no-result\" data-col=\"12\" data-row=\"1\">\n\t<div class=\"wpgb-card-wrapper\">\n\t\tLes laur\u00e9ats seront communiqu\u00e9s prochainement\t<\/div>\n<\/div>\n\t\t<\/div>\n\t<\/div>\n\t<\/div>\n\t<\/div>\n\t\t<\/div>\n<\/div>\n[\/et_pb_code][\/et_pb_column][\/et_pb_row][\/et_pb_section][et_pb_section fb_built=&#8221;1&#8243; admin_label=&#8221;Jury1&#8243; _builder_version=&#8221;4.16&#8243; global_colors_info=&#8221;{}&#8221; locked=&#8221;off&#8221;][et_pb_row admin_label=&#8221;row&#8221; _builder_version=&#8221;4.16&#8243; background_size=&#8221;initial&#8221; background_position=&#8221;top_left&#8221; background_repeat=&#8221;repeat&#8221; global_colors_info=&#8221;{}&#8221;][et_pb_column type=&#8221;4_4&#8243; _builder_version=&#8221;4.16&#8243; custom_padding=&#8221;|||&#8221; global_colors_info=&#8221;{}&#8221; custom_padding__hover=&#8221;|||&#8221;][et_pb_text admin_label=&#8221;Comp\u00e9tition Internationale&#8221; _builder_version=&#8221;4.27.4&#8243; background_size=&#8221;initial&#8221; background_position=&#8221;top_left&#8221; background_repeat=&#8221;repeat&#8221; hover_enabled=&#8221;0&#8243; use_border_color=&#8221;off&#8221; border_color=&#8221;#ffffff&#8221; border_style=&#8221;solid&#8221; global_colors_info=&#8221;{}&#8221; sticky_enabled=&#8221;0&#8243;]<\/p>\n<h2>International Competition Jury<\/h2>\n<p>[\/et_pb_text][et_pb_text _builder_version=&#8221;4.20.2&#8243; _module_preset=&#8221;default&#8221; global_colors_info=&#8221;{}&#8221;]<\/p>\n<p><span style=\"font-weight: 400;\">This year&#8217;s International Competition features 10 films, 10 stories, 10 personal experiences, a whole world of exciting and varied healthcare themes.<\/span><\/p>\n<!-- Gridbuilder \u1d42\u1d3e Plugin (https:\/\/wpgridbuilder.com) -->\n<div class=\"wp-grid-builder wpgb-grid-37\" data-options=\"{&quot;id&quot;:37,&quot;type&quot;:&quot;masonry&quot;,&quot;source&quot;:&quot;post_type&quot;,&quot;loader&quot;:0,&quot;layout&quot;:&quot;vertical&quot;,&quot;reveal&quot;:0,&quot;isMainQuery&quot;:0,&quot;lazyLoad&quot;:0,&quot;cardSizes&quot;:{&quot;9999&quot;:{&quot;columns&quot;:4,&quot;height&quot;:240,&quot;gutter&quot;:18,&quot;ratio&quot;:&quot;1.33333&quot;},&quot;1200&quot;:{&quot;columns&quot;:4,&quot;height&quot;:240,&quot;gutter&quot;:18,&quot;ratio&quot;:&quot;1.33333&quot;},&quot;992&quot;:{&quot;columns&quot;:4,&quot;height&quot;:220,&quot;gutter&quot;:18,&quot;ratio&quot;:&quot;1.33333&quot;},&quot;768&quot;:{&quot;columns&quot;:3,&quot;height&quot;:220,&quot;gutter&quot;:18,&quot;ratio&quot;:&quot;1.33333&quot;},&quot;576&quot;:{&quot;columns&quot;:2,&quot;height&quot;:200,&quot;gutter&quot;:18,&quot;ratio&quot;:&quot;1.33333&quot;},&quot;320&quot;:{&quot;columns&quot;:1,&quot;height&quot;:200,&quot;gutter&quot;:18,&quot;ratio&quot;:&quot;1.33333&quot;}},&quot;fitRows&quot;:0,&quot;equalRows&quot;:0,&quot;equalColumns&quot;:1,&quot;fillLastRow&quot;:0,&quot;centerLastRow&quot;:0,&quot;horizontalOrder&quot;:1,&quot;fullWidth&quot;:0,&quot;transitionDelay&quot;:100,&quot;gallerySlideshow&quot;:0,&quot;rowsNumber&quot;:1,&quot;slideAlign&quot;:&quot;left&quot;,&quot;groupCells&quot;:1,&quot;draggable&quot;:1,&quot;initialIndex&quot;:0,&quot;contain&quot;:0,&quot;freeScroll&quot;:0,&quot;freeFriction&quot;:&quot;0.075&quot;,&quot;friction&quot;:&quot;0.285&quot;,&quot;attraction&quot;:&quot;0.025&quot;,&quot;autoPlay&quot;:0,&quot;pageDotAriaLabel&quot;:&quot;Page dot %d&quot;,&quot;isPreview&quot;:false,&quot;isGutenberg&quot;:false,&quot;rightToLeft&quot;:false}\"><div class=\"wpgb-wrapper\">\n\t<div class=\"wpgb-main\">\n\t<div class=\"wpgb-layout\">\n\t<div class=\"wpgb-viewport\">\n\t\t<div class=\"wpgb-masonry\">\n\t\t\t<article class=\"wpgb-card wpgb-card-9 wpgb-post-35394\" data-col=\"1\" data-row=\"1\" data-format=\"standard\"><div class=\"wpgb-card-wrapper\"><div class=\"wpgb-card-inner\" data-action><div class=\"wpgb-card-media wpgb-scheme-light\"><svg data-ratio style=\"padding-top:100%\" viewBox=\"0 0 1 1\" aria-hidden=\"true\"><\/svg><div class=\"wpgb-card-media-thumbnail\"><a href=\"https:\/\/www.imagesante.be\/wp-content\/uploads\/2023\/02\/Eric-Chaudier.jpg\" tabindex=\"-1\" class=\"wpgb-handle-lb wpgb-lightbox\" data-type=\"image\" data-rel=\"37\" data-title=\"Eric Chaudier\" title=\"Enlarge photo\"><div style=\"background-image:url(https:\/\/www.imagesante.be\/wp-content\/uploads\/2023\/02\/Eric-Chaudier-400x400.jpg)\"><\/div><noscript><img decoding=\"async\" class=\"wpgb-noscript-img\" src=\"https:\/\/www.imagesante.be\/wp-content\/uploads\/2023\/02\/Eric-Chaudier-400x400.jpg\" alt=\"\" height=\"400\" width=\"400\"><\/noscript><\/a><\/div><div class=\"wpgb-card-media-overlay\"><\/div><\/div><div class=\"wpgb-card-content wpgb-scheme-dark\"><div class=\"wpgb-card-body\"><h4 class=\"wpgb-block-3\">Fr\u00e9d\u00e9ric Chaudier<\/h4><div class=\"wpgb-block-4\">Author - Director - Producer<\/div><div class=\"wpgb-block-1\">Chairman of the Jury<\/div><\/div><\/div><a class=\"wpgb-card-layer-link\" href=\"https:\/\/www.imagesante.be\/en\/personnalite\/frederic-chaudier\/\"><\/a><\/div><\/div><\/article><article class=\"wpgb-card wpgb-card-9 wpgb-post-35213\" data-col=\"1\" data-row=\"1\" data-format=\"standard\"><div class=\"wpgb-card-wrapper\"><div class=\"wpgb-card-inner\" data-action><div class=\"wpgb-card-media wpgb-scheme-light\"><svg data-ratio style=\"padding-top:100%\" viewBox=\"0 0 1 1\" aria-hidden=\"true\"><\/svg><div class=\"wpgb-card-media-thumbnail\"><a href=\"https:\/\/www.imagesante.be\/wp-content\/uploads\/2023\/01\/Pierre-Wolper-12-2020.jpeg\" tabindex=\"-1\" class=\"wpgb-handle-lb wpgb-lightbox\" data-type=\"image\" data-rel=\"37\" data-title=\"Pierre Wolper\" data-desc=\"Portrait du recteur Pierre Wolper. ULi\u00e8ge. Photo : Jean Louis Wertz\" title=\"Enlarge photo\"><div style=\"background-image:url(https:\/\/www.imagesante.be\/wp-content\/uploads\/2023\/01\/Pierre-Wolper-12-2020-400x400.jpeg)\"><\/div><noscript><img decoding=\"async\" class=\"wpgb-noscript-img\" src=\"https:\/\/www.imagesante.be\/wp-content\/uploads\/2023\/01\/Pierre-Wolper-12-2020-400x400.jpeg\" alt=\"\" height=\"400\" width=\"400\"><\/noscript><\/a><\/div><div class=\"wpgb-card-media-overlay\"><\/div><\/div><div class=\"wpgb-card-content wpgb-scheme-dark\"><div class=\"wpgb-card-body\"><h4 class=\"wpgb-block-3\">Pierre Wolper<\/h4><div class=\"wpgb-block-4\">Former Professor, Vice-Rector for Research, Dean of the Faculty of Applied Sciences, Rector of ULi\u00e8ge<\/div><\/div><\/div><a class=\"wpgb-card-layer-link\" href=\"https:\/\/www.imagesante.be\/en\/personnalite\/pierre-wolper\/\"><\/a><\/div><\/div><\/article><article class=\"wpgb-card wpgb-card-9 wpgb-post-35226\" data-col=\"1\" data-row=\"1\" data-format=\"standard\"><div class=\"wpgb-card-wrapper\"><div class=\"wpgb-card-inner\" data-action><div class=\"wpgb-card-media wpgb-scheme-light\"><svg data-ratio style=\"padding-top:100%\" viewBox=\"0 0 1 1\" aria-hidden=\"true\"><\/svg><div class=\"wpgb-card-media-thumbnail\"><a href=\"https:\/\/www.imagesante.be\/wp-content\/uploads\/2023\/02\/Dimitra.jpg\" tabindex=\"-1\" class=\"wpgb-handle-lb wpgb-lightbox\" data-type=\"image\" data-rel=\"37\" data-title=\"Dimitra\" title=\"Enlarge photo\"><div style=\"background-image:url(https:\/\/www.imagesante.be\/wp-content\/uploads\/2023\/02\/Dimitra-400x400.jpg)\"><\/div><noscript><img decoding=\"async\" class=\"wpgb-noscript-img\" src=\"https:\/\/www.imagesante.be\/wp-content\/uploads\/2023\/02\/Dimitra-400x400.jpg\" alt=\"\" height=\"400\" width=\"400\"><\/noscript><\/a><\/div><div class=\"wpgb-card-media-overlay\"><\/div><\/div><div class=\"wpgb-card-content wpgb-scheme-dark\"><div class=\"wpgb-card-body\"><h4 class=\"wpgb-block-3\">Dimitra Bouras<\/h4><div class=\"wpgb-block-4\">Film critic, editor-in-chief of Cinergie.be<\/div><\/div><\/div><a class=\"wpgb-card-layer-link\" href=\"https:\/\/www.imagesante.be\/en\/personnalite\/dimitra-bouras\/\"><\/a><\/div><\/div><\/article><article class=\"wpgb-card wpgb-card-9 wpgb-post-35217\" data-col=\"1\" data-row=\"1\" data-format=\"standard\"><div class=\"wpgb-card-wrapper\"><div class=\"wpgb-card-inner\" data-action><div class=\"wpgb-card-media wpgb-scheme-light\"><svg data-ratio style=\"padding-top:100%\" viewBox=\"0 0 1 1\" aria-hidden=\"true\"><\/svg><div class=\"wpgb-card-media-thumbnail\"><a href=\"https:\/\/www.imagesante.be\/wp-content\/uploads\/2023\/01\/Christophe-Hermans.jpg\" tabindex=\"-1\" class=\"wpgb-handle-lb wpgb-lightbox\" data-type=\"image\" data-rel=\"37\" data-title=\"Christophe Hermans\" title=\"Enlarge photo\"><div style=\"background-image:url(https:\/\/www.imagesante.be\/wp-content\/uploads\/2023\/01\/Christophe-Hermans-400x400.jpg)\"><\/div><noscript><img decoding=\"async\" class=\"wpgb-noscript-img\" src=\"https:\/\/www.imagesante.be\/wp-content\/uploads\/2023\/01\/Christophe-Hermans-400x400.jpg\" alt=\"\" height=\"400\" width=\"400\"><\/noscript><\/a><\/div><div class=\"wpgb-card-media-overlay\"><\/div><\/div><div class=\"wpgb-card-content wpgb-scheme-dark\"><div class=\"wpgb-card-body\"><h4 class=\"wpgb-block-3\">Christophe Hermans<\/h4><div class=\"wpgb-block-4\">Director - Writer<\/div><\/div><\/div><a class=\"wpgb-card-layer-link\" href=\"https:\/\/www.imagesante.be\/en\/personnalite\/christophe-hermans\/\"><\/a><\/div><\/div><\/article><article class=\"wpgb-card wpgb-card-9 wpgb-post-35588\" data-col=\"1\" data-row=\"1\" data-format=\"standard\"><div class=\"wpgb-card-wrapper\"><div class=\"wpgb-card-inner\" data-action><div class=\"wpgb-card-media wpgb-scheme-light\"><svg data-ratio style=\"padding-top:100%\" viewBox=\"0 0 1 1\" aria-hidden=\"true\"><\/svg><div class=\"wpgb-card-media-thumbnail\"><a href=\"https:\/\/www.imagesante.be\/wp-content\/uploads\/2020\/02\/Marie-Fran\u00e7oise-PLISSART-e1581949929361.jpg\" tabindex=\"-1\" class=\"wpgb-handle-lb wpgb-lightbox\" data-type=\"image\" data-rel=\"37\" data-title=\"Marie-Fran\u00e7oise PLISSART\" title=\"Enlarge photo\"><div style=\"background-image:url(https:\/\/www.imagesante.be\/wp-content\/uploads\/2020\/02\/Marie-Fran\u00e7oise-PLISSART-e1581949929361-400x400.jpg)\"><\/div><noscript><img decoding=\"async\" class=\"wpgb-noscript-img\" src=\"https:\/\/www.imagesante.be\/wp-content\/uploads\/2020\/02\/Marie-Fran\u00e7oise-PLISSART-e1581949929361-400x400.jpg\" alt=\"\" height=\"400\" width=\"400\"><\/noscript><\/a><\/div><div class=\"wpgb-card-media-overlay\"><\/div><\/div><div class=\"wpgb-card-content wpgb-scheme-dark\"><div class=\"wpgb-card-body\"><h4 class=\"wpgb-block-3\">Marie-Fran\u00e7oise Plissart<\/h4><div class=\"wpgb-block-4\">Photographer - Director<\/div><\/div><\/div><a class=\"wpgb-card-layer-link\" href=\"https:\/\/www.imagesante.be\/en\/personnalite\/marie-francoise-plissart\/\"><\/a><\/div><\/div><\/article>\t\t<\/div>\n\t<\/div>\n\t<\/div>\n\t<\/div>\n\t\t<\/div>\n<\/div>\n\n<p>[\/et_pb_text][\/et_pb_column][\/et_pb_row][\/et_pb_section][et_pb_section fb_built=&#8221;1&#8243; admin_label=&#8221;Jury3&#8243; _builder_version=&#8221;4.16&#8243; global_colors_info=&#8221;{}&#8221; locked=&#8221;off&#8221;][et_pb_row admin_label=&#8221;row&#8221; _builder_version=&#8221;4.16&#8243; background_size=&#8221;initial&#8221; background_position=&#8221;top_left&#8221; background_repeat=&#8221;repeat&#8221; global_colors_info=&#8221;{}&#8221;][et_pb_column type=&#8221;4_4&#8243; _builder_version=&#8221;4.16&#8243; custom_padding=&#8221;|||&#8221; global_colors_info=&#8221;{}&#8221; custom_padding__hover=&#8221;|||&#8221;][et_pb_text admin_label=&#8221;Soulever des Montagnes&#8221; _builder_version=&#8221;4.27.4&#8243; background_size=&#8221;initial&#8221; background_position=&#8221;top_left&#8221; background_repeat=&#8221;repeat&#8221; hover_enabled=&#8221;0&#8243; use_border_color=&#8221;off&#8221; border_color=&#8221;#ffffff&#8221; border_style=&#8221;solid&#8221; global_colors_info=&#8221;{}&#8221; sticky_enabled=&#8221;0&#8243;]<\/p>\n<h2><span class=\"et-fb-editable-element et-fb-editable-element__editing\" contenteditable=\"true\" data-shortcode-id=\"5.0.0.0-1581963379071\">Soulever des Montagnes&#8221; jury<\/span><\/h2>\n<p>[\/et_pb_text][et_pb_text _builder_version=&#8221;4.20.2&#8243; _module_preset=&#8221;default&#8221; global_colors_info=&#8221;{}&#8221;]<\/p>\n<p><span style=\"font-weight: 400;\">What can the very small do when faced with the very large? This is the question posed by the films in this competition.   <br \/><\/span><\/p>\n<!-- Gridbuilder \u1d42\u1d3e Plugin (https:\/\/wpgridbuilder.com) -->\n<div class=\"wp-grid-builder wpgb-grid-35\" data-options=\"{&quot;id&quot;:35,&quot;type&quot;:&quot;masonry&quot;,&quot;source&quot;:&quot;post_type&quot;,&quot;loader&quot;:0,&quot;layout&quot;:&quot;vertical&quot;,&quot;reveal&quot;:0,&quot;isMainQuery&quot;:0,&quot;lazyLoad&quot;:0,&quot;cardSizes&quot;:{&quot;9999&quot;:{&quot;columns&quot;:4,&quot;height&quot;:240,&quot;gutter&quot;:18,&quot;ratio&quot;:&quot;1.33333&quot;},&quot;1200&quot;:{&quot;columns&quot;:4,&quot;height&quot;:240,&quot;gutter&quot;:18,&quot;ratio&quot;:&quot;1.33333&quot;},&quot;992&quot;:{&quot;columns&quot;:4,&quot;height&quot;:220,&quot;gutter&quot;:18,&quot;ratio&quot;:&quot;1.33333&quot;},&quot;768&quot;:{&quot;columns&quot;:3,&quot;height&quot;:220,&quot;gutter&quot;:18,&quot;ratio&quot;:&quot;1.33333&quot;},&quot;576&quot;:{&quot;columns&quot;:2,&quot;height&quot;:200,&quot;gutter&quot;:18,&quot;ratio&quot;:&quot;1.33333&quot;},&quot;320&quot;:{&quot;columns&quot;:1,&quot;height&quot;:200,&quot;gutter&quot;:18,&quot;ratio&quot;:&quot;1.33333&quot;}},&quot;fitRows&quot;:0,&quot;equalRows&quot;:0,&quot;equalColumns&quot;:1,&quot;fillLastRow&quot;:0,&quot;centerLastRow&quot;:0,&quot;horizontalOrder&quot;:1,&quot;fullWidth&quot;:0,&quot;transitionDelay&quot;:100,&quot;gallerySlideshow&quot;:0,&quot;rowsNumber&quot;:1,&quot;slideAlign&quot;:&quot;left&quot;,&quot;groupCells&quot;:1,&quot;draggable&quot;:1,&quot;initialIndex&quot;:0,&quot;contain&quot;:0,&quot;freeScroll&quot;:0,&quot;freeFriction&quot;:&quot;0.075&quot;,&quot;friction&quot;:&quot;0.285&quot;,&quot;attraction&quot;:&quot;0.025&quot;,&quot;autoPlay&quot;:0,&quot;pageDotAriaLabel&quot;:&quot;Page dot %d&quot;,&quot;isPreview&quot;:false,&quot;isGutenberg&quot;:false,&quot;rightToLeft&quot;:false}\"><div class=\"wpgb-wrapper\">\n\t<div class=\"wpgb-main\">\n\t<div class=\"wpgb-layout\">\n\t<div class=\"wpgb-viewport\">\n\t\t<div class=\"wpgb-masonry\">\n\t\t\t<article class=\"wpgb-card wpgb-card-9 wpgb-post-35221\" data-col=\"1\" data-row=\"1\" data-format=\"standard\"><div class=\"wpgb-card-wrapper\"><div class=\"wpgb-card-inner\" data-action><div class=\"wpgb-card-media wpgb-scheme-light\"><svg data-ratio style=\"padding-top:100%\" viewBox=\"0 0 1 1\" aria-hidden=\"true\"><\/svg><div class=\"wpgb-card-media-thumbnail\"><a href=\"https:\/\/www.imagesante.be\/wp-content\/uploads\/2023\/01\/Brigitte-Pittet.jpg\" tabindex=\"-1\" class=\"wpgb-handle-lb wpgb-lightbox\" data-type=\"image\" data-rel=\"35\" data-title=\"Brigitte Pittet\" title=\"Enlarge photo\"><div style=\"background-image:url(https:\/\/www.imagesante.be\/wp-content\/uploads\/2023\/01\/Brigitte-Pittet-400x400.jpg)\"><\/div><noscript><img decoding=\"async\" class=\"wpgb-noscript-img\" src=\"https:\/\/www.imagesante.be\/wp-content\/uploads\/2023\/01\/Brigitte-Pittet-400x400.jpg\" alt=\"\" height=\"400\" width=\"400\"><\/noscript><\/a><\/div><div class=\"wpgb-card-media-overlay\"><\/div><\/div><div class=\"wpgb-card-content wpgb-scheme-dark\"><div class=\"wpgb-card-body\"><h4 class=\"wpgb-block-3\">Brigitte Pittet<\/h4><div class=\"wpgb-block-4\">Pr. Honorary Doctor and Consultant to the University Hospitals of Geneva<\/div><\/div><\/div><a class=\"wpgb-card-layer-link\" href=\"https:\/\/www.imagesante.be\/en\/personnalite\/brigitte-pittet\/\"><\/a><\/div><\/div><\/article><article class=\"wpgb-card wpgb-card-9 wpgb-post-35229\" data-col=\"1\" data-row=\"1\" data-format=\"standard\"><div class=\"wpgb-card-wrapper\"><div class=\"wpgb-card-inner\" data-action><div class=\"wpgb-card-media wpgb-scheme-light\"><svg data-ratio style=\"padding-top:100%\" viewBox=\"0 0 1 1\" aria-hidden=\"true\"><\/svg><div class=\"wpgb-card-media-thumbnail\"><a href=\"https:\/\/www.imagesante.be\/wp-content\/uploads\/2023\/02\/FBonivert.jpg\" tabindex=\"-1\" class=\"wpgb-handle-lb wpgb-lightbox\" data-type=\"image\" data-rel=\"35\" data-title=\"FBonivert\" title=\"Enlarge photo\"><div style=\"background-image:url(https:\/\/www.imagesante.be\/wp-content\/uploads\/2023\/02\/FBonivert-400x400.jpg)\"><\/div><noscript><img decoding=\"async\" class=\"wpgb-noscript-img\" src=\"https:\/\/www.imagesante.be\/wp-content\/uploads\/2023\/02\/FBonivert-400x400.jpg\" alt=\"\" height=\"400\" width=\"400\"><\/noscript><\/a><\/div><div class=\"wpgb-card-media-overlay\"><\/div><\/div><div class=\"wpgb-card-content wpgb-scheme-dark\"><div class=\"wpgb-card-body\"><h4 class=\"wpgb-block-3\">Fran\u00e7oise Bonivert<\/h4><div class=\"wpgb-block-4\">Qu4tre journalist<\/div><div class=\"wpgb-block-1\">President of the Jury  <\/div><\/div><\/div><a class=\"wpgb-card-layer-link\" href=\"https:\/\/www.imagesante.be\/en\/personnalite\/francoise-bonivert\/\"><\/a><\/div><\/div><\/article><article class=\"wpgb-card wpgb-card-9 wpgb-post-35205\" data-col=\"1\" data-row=\"1\" data-format=\"standard\"><div class=\"wpgb-card-wrapper\"><div class=\"wpgb-card-inner\" data-action><div class=\"wpgb-card-media wpgb-scheme-light\"><svg data-ratio style=\"padding-top:100%\" viewBox=\"0 0 1 1\" aria-hidden=\"true\"><\/svg><div class=\"wpgb-card-media-thumbnail\"><a href=\"https:\/\/www.imagesante.be\/wp-content\/uploads\/2023\/03\/Vero-Cratzborn.jpg\" tabindex=\"-1\" class=\"wpgb-handle-lb wpgb-lightbox\" data-type=\"image\" data-rel=\"35\" data-title=\"V\u00e9ro Cratzborn\" title=\"Enlarge photo\"><div style=\"background-image:url(https:\/\/www.imagesante.be\/wp-content\/uploads\/2023\/03\/Vero-Cratzborn-400x400.jpg)\"><\/div><noscript><img decoding=\"async\" class=\"wpgb-noscript-img\" src=\"https:\/\/www.imagesante.be\/wp-content\/uploads\/2023\/03\/Vero-Cratzborn-400x400.jpg\" alt=\"\" height=\"400\" width=\"400\"><\/noscript><\/a><\/div><div class=\"wpgb-card-media-overlay\"><\/div><\/div><div class=\"wpgb-card-content wpgb-scheme-dark\"><div class=\"wpgb-card-body\"><h4 class=\"wpgb-block-3\">Vero Cratzborn<\/h4><div class=\"wpgb-block-4\">Writer-Director<\/div><\/div><\/div><a class=\"wpgb-card-layer-link\" href=\"https:\/\/www.imagesante.be\/en\/personnalite\/vero-cratzborn\/\"><\/a><\/div><\/div><\/article><article class=\"wpgb-card wpgb-card-9 wpgb-post-35398\" data-col=\"1\" data-row=\"1\" data-format=\"standard\"><div class=\"wpgb-card-wrapper\"><div class=\"wpgb-card-inner\" data-action><div class=\"wpgb-card-media wpgb-scheme-light\"><svg data-ratio style=\"padding-top:100%\" viewBox=\"0 0 1 1\" aria-hidden=\"true\"><\/svg><div class=\"wpgb-card-media-thumbnail\"><a href=\"https:\/\/www.imagesante.be\/wp-content\/uploads\/2023\/02\/patrick-lemy.jpg\" tabindex=\"-1\" class=\"wpgb-handle-lb wpgb-lightbox\" data-type=\"image\" data-rel=\"35\" data-title=\"patrick lemy\" title=\"Enlarge photo\"><div style=\"background-image:url(https:\/\/www.imagesante.be\/wp-content\/uploads\/2023\/02\/patrick-lemy-400x400.jpg)\"><\/div><noscript><img decoding=\"async\" class=\"wpgb-noscript-img\" src=\"https:\/\/www.imagesante.be\/wp-content\/uploads\/2023\/02\/patrick-lemy-400x400.jpg\" alt=\"\" height=\"400\" width=\"400\"><\/noscript><\/a><\/div><div class=\"wpgb-card-media-overlay\"><\/div><\/div><div class=\"wpgb-card-content wpgb-scheme-dark\"><div class=\"wpgb-card-body\"><h4 class=\"wpgb-block-3\">Patrick Lemy<\/h4><div class=\"wpgb-block-4\">Director of documentaries and short films<\/div><\/div><\/div><a class=\"wpgb-card-layer-link\" href=\"https:\/\/www.imagesante.be\/en\/personnalite\/patrick-lemy\/\"><\/a><\/div><\/div><\/article><article class=\"wpgb-card wpgb-card-9 wpgb-post-35612\" data-col=\"1\" data-row=\"1\" data-format=\"standard\"><div class=\"wpgb-card-wrapper\"><div class=\"wpgb-card-inner\" data-action><div class=\"wpgb-card-media wpgb-scheme-light\"><svg data-ratio style=\"padding-top:100%\" viewBox=\"0 0 1 1\" aria-hidden=\"true\"><\/svg><div class=\"wpgb-card-media-thumbnail\"><a href=\"https:\/\/www.imagesante.be\/wp-content\/uploads\/2020\/02\/Isabel-SANTOS-1.jpg\" tabindex=\"-1\" class=\"wpgb-handle-lb wpgb-lightbox\" data-type=\"image\" data-rel=\"35\" data-title=\"Isabel SANTOS\" title=\"Enlarge photo\"><div style=\"background-image:url(https:\/\/www.imagesante.be\/wp-content\/uploads\/2020\/02\/Isabel-SANTOS-1.jpg)\"><\/div><noscript><img decoding=\"async\" class=\"wpgb-noscript-img\" src=\"https:\/\/www.imagesante.be\/wp-content\/uploads\/2020\/02\/Isabel-SANTOS-1.jpg\" alt=\"\" height=\"300\" width=\"300\"><\/noscript><\/a><\/div><div class=\"wpgb-card-media-overlay\"><\/div><\/div><div class=\"wpgb-card-content wpgb-scheme-dark\"><div class=\"wpgb-card-body\"><h4 class=\"wpgb-block-3\">Isabel Santos<\/h4><div class=\"wpgb-block-4\">Dir. Audiovisual Cit\u00e9 des Sciences, in charge of digital productions at Universcience, Paris  <\/div><\/div><\/div><a class=\"wpgb-card-layer-link\" href=\"https:\/\/www.imagesante.be\/en\/personnalite\/isabel-santos\/\"><\/a><\/div><\/div><\/article>\t\t<\/div>\n\t<\/div>\n\t<\/div>\n\t<\/div>\n\t\t<\/div>\n<\/div>\n\n<p>[\/et_pb_text][\/et_pb_column][\/et_pb_row][\/et_pb_section][et_pb_section fb_built=&#8221;1&#8243; disabled_on=&#8221;off|off|off&#8221; admin_label=&#8221;Jury4&#8243; _builder_version=&#8221;4.16&#8243; height=&#8221;500px&#8221; global_colors_info=&#8221;{}&#8221; locked=&#8221;off&#8221;][et_pb_row admin_label=&#8221;row&#8221; _builder_version=&#8221;4.16&#8243; background_size=&#8221;initial&#8221; background_position=&#8221;top_left&#8221; background_repeat=&#8221;repeat&#8221; global_colors_info=&#8221;{}&#8221;][et_pb_column type=&#8221;4_4&#8243; _builder_version=&#8221;4.16&#8243; custom_padding=&#8221;|||&#8221; global_colors_info=&#8221;{}&#8221; custom_padding__hover=&#8221;|||&#8221;][et_pb_text admin_label=&#8221;Lever les tabous&#8221; _builder_version=&#8221;4.27.4&#8243; background_size=&#8221;initial&#8221; background_position=&#8221;top_left&#8221; background_repeat=&#8221;repeat&#8221; hover_enabled=&#8221;0&#8243; use_border_color=&#8221;off&#8221; border_color=&#8221;#ffffff&#8221; border_style=&#8221;solid&#8221; global_colors_info=&#8221;{}&#8221; sticky_enabled=&#8221;0&#8243;]<\/p>\n<h2><span class=\"et-fb-editable-element et-fb-editable-element__editing\" contenteditable=\"true\" data-shortcode-id=\"7.0.0.0-1582037107975\">Lifting taboos&#8221; jury<br \/><\/span><\/h2>\n<p>[\/et_pb_text][et_pb_text _builder_version=&#8221;4.20.2&#8243; _module_preset=&#8221;default&#8221; global_colors_info=&#8221;{}&#8221;]<\/p>\n<p><span style=\"font-weight: 400;\">How many of life&#8217;s difficulties are concealed under the pretext that it&#8217;s scary?  <\/span><span style=\"font-weight: 400;\">That&#8217;s the question posed by the films in this competition.<\/span><span style=\"font-weight: 400;\"> <\/span><\/p>\n<!-- Gridbuilder \u1d42\u1d3e Plugin (https:\/\/wpgridbuilder.com) -->\n<div class=\"wp-grid-builder wpgb-grid-40\" data-options=\"{&quot;id&quot;:40,&quot;type&quot;:&quot;masonry&quot;,&quot;source&quot;:&quot;post_type&quot;,&quot;loader&quot;:0,&quot;layout&quot;:&quot;vertical&quot;,&quot;reveal&quot;:0,&quot;isMainQuery&quot;:0,&quot;lazyLoad&quot;:0,&quot;cardSizes&quot;:{&quot;9999&quot;:{&quot;columns&quot;:4,&quot;height&quot;:240,&quot;gutter&quot;:18,&quot;ratio&quot;:&quot;1.33333&quot;},&quot;1200&quot;:{&quot;columns&quot;:4,&quot;height&quot;:240,&quot;gutter&quot;:18,&quot;ratio&quot;:&quot;1.33333&quot;},&quot;992&quot;:{&quot;columns&quot;:4,&quot;height&quot;:220,&quot;gutter&quot;:18,&quot;ratio&quot;:&quot;1.33333&quot;},&quot;768&quot;:{&quot;columns&quot;:3,&quot;height&quot;:220,&quot;gutter&quot;:18,&quot;ratio&quot;:&quot;1.33333&quot;},&quot;576&quot;:{&quot;columns&quot;:2,&quot;height&quot;:200,&quot;gutter&quot;:18,&quot;ratio&quot;:&quot;1.33333&quot;},&quot;320&quot;:{&quot;columns&quot;:1,&quot;height&quot;:200,&quot;gutter&quot;:18,&quot;ratio&quot;:&quot;1.33333&quot;}},&quot;fitRows&quot;:0,&quot;equalRows&quot;:0,&quot;equalColumns&quot;:1,&quot;fillLastRow&quot;:0,&quot;centerLastRow&quot;:0,&quot;horizontalOrder&quot;:1,&quot;fullWidth&quot;:0,&quot;transitionDelay&quot;:100,&quot;gallerySlideshow&quot;:0,&quot;rowsNumber&quot;:1,&quot;slideAlign&quot;:&quot;left&quot;,&quot;groupCells&quot;:1,&quot;draggable&quot;:1,&quot;initialIndex&quot;:0,&quot;contain&quot;:0,&quot;freeScroll&quot;:0,&quot;freeFriction&quot;:&quot;0.075&quot;,&quot;friction&quot;:&quot;0.285&quot;,&quot;attraction&quot;:&quot;0.025&quot;,&quot;autoPlay&quot;:0,&quot;pageDotAriaLabel&quot;:&quot;Page dot %d&quot;,&quot;isPreview&quot;:false,&quot;isGutenberg&quot;:false,&quot;rightToLeft&quot;:false}\"><div class=\"wpgb-wrapper\">\n\t<div class=\"wpgb-main\">\n\t<div class=\"wpgb-layout\">\n\t<div class=\"wpgb-viewport\">\n\t\t<div class=\"wpgb-masonry\">\n\t\t\t<article class=\"wpgb-card wpgb-card-9 wpgb-post-35399\" data-col=\"1\" data-row=\"1\" data-format=\"standard\"><div class=\"wpgb-card-wrapper\"><div class=\"wpgb-card-inner\" data-action><div class=\"wpgb-card-media wpgb-scheme-light\"><svg data-ratio style=\"padding-top:100%\" viewBox=\"0 0 1 1\" aria-hidden=\"true\"><\/svg><div class=\"wpgb-card-media-thumbnail\"><a href=\"https:\/\/www.imagesante.be\/wp-content\/uploads\/2023\/02\/Bernard-Rentier.jpg\" tabindex=\"-1\" class=\"wpgb-handle-lb wpgb-lightbox\" data-type=\"image\" data-rel=\"40\" data-title=\"Bernard Rentier\" title=\"Enlarge photo\"><div style=\"background-image:url(https:\/\/www.imagesante.be\/wp-content\/uploads\/2023\/02\/Bernard-Rentier.jpg)\"><\/div><noscript><img decoding=\"async\" class=\"wpgb-noscript-img\" src=\"https:\/\/www.imagesante.be\/wp-content\/uploads\/2023\/02\/Bernard-Rentier.jpg\" alt=\"\" height=\"335\" width=\"260\"><\/noscript><\/a><\/div><div class=\"wpgb-card-media-overlay\"><\/div><\/div><div class=\"wpgb-card-content wpgb-scheme-dark\"><div class=\"wpgb-card-body\"><h4 class=\"wpgb-block-3\">Bernard Rentier<\/h4><div class=\"wpgb-block-1\">Chairman of the Jury<\/div><\/div><\/div><a class=\"wpgb-card-layer-link\" href=\"https:\/\/www.imagesante.be\/en\/personnalite\/bernard-rentier\/\"><\/a><\/div><\/div><\/article><article class=\"wpgb-card wpgb-card-9 wpgb-post-35407\" data-col=\"1\" data-row=\"1\" data-format=\"standard\"><div class=\"wpgb-card-wrapper\"><div class=\"wpgb-card-inner\" data-action><div class=\"wpgb-card-media wpgb-scheme-light\"><svg data-ratio style=\"padding-top:100%\" viewBox=\"0 0 1 1\" aria-hidden=\"true\"><\/svg><div class=\"wpgb-card-media-thumbnail\"><a href=\"https:\/\/www.imagesante.be\/wp-content\/uploads\/2023\/02\/Coline_Hasselblad_NB.jpg\" tabindex=\"-1\" class=\"wpgb-handle-lb wpgb-lightbox\" data-type=\"image\" data-rel=\"40\" data-title=\"Coline_Hasselblad_N&amp;B\" title=\"Enlarge photo\"><div style=\"background-image:url(https:\/\/www.imagesante.be\/wp-content\/uploads\/2023\/02\/Coline_Hasselblad_NB-400x400.jpg)\"><\/div><noscript><img decoding=\"async\" class=\"wpgb-noscript-img\" src=\"https:\/\/www.imagesante.be\/wp-content\/uploads\/2023\/02\/Coline_Hasselblad_NB-400x400.jpg\" alt=\"\" height=\"400\" width=\"400\"><\/noscript><\/a><\/div><div class=\"wpgb-card-media-overlay\"><\/div><\/div><div class=\"wpgb-card-content wpgb-scheme-dark\"><div class=\"wpgb-card-body\"><h4 class=\"wpgb-block-3\">Coline Grando<\/h4><div class=\"wpgb-block-4\">Director<\/div><\/div><\/div><a class=\"wpgb-card-layer-link\" href=\"https:\/\/www.imagesante.be\/en\/personnalite\/coline-grando\/\"><\/a><\/div><\/div><\/article><article class=\"wpgb-card wpgb-card-9 wpgb-post-35594\" data-col=\"1\" data-row=\"1\" data-format=\"standard\"><div class=\"wpgb-card-wrapper\"><div class=\"wpgb-card-inner\" data-action><div class=\"wpgb-card-media wpgb-scheme-light\"><svg data-ratio style=\"padding-top:100%\" viewBox=\"0 0 1 1\" aria-hidden=\"true\"><\/svg><div class=\"wpgb-card-media-thumbnail\"><a href=\"https:\/\/www.imagesante.be\/wp-content\/uploads\/2022\/12\/CHRISTIAN-LAJOUMARD-PHOTO.jpg\" tabindex=\"-1\" class=\"wpgb-handle-lb wpgb-lightbox\" data-type=\"image\" data-rel=\"40\" data-title=\"CHRISTIAN LAJOUMARD PHOTO\" title=\"Enlarge photo\"><div style=\"background-image:url(https:\/\/www.imagesante.be\/wp-content\/uploads\/2022\/12\/CHRISTIAN-LAJOUMARD-PHOTO-400x400.jpg)\"><\/div><noscript><img decoding=\"async\" class=\"wpgb-noscript-img\" src=\"https:\/\/www.imagesante.be\/wp-content\/uploads\/2022\/12\/CHRISTIAN-LAJOUMARD-PHOTO-400x400.jpg\" alt=\"\" height=\"400\" width=\"400\"><\/noscript><\/a><\/div><div class=\"wpgb-card-media-overlay\"><\/div><\/div><div class=\"wpgb-card-content wpgb-scheme-dark\"><div class=\"wpgb-card-body\"><h4 class=\"wpgb-block-3\">Christian Lajoumard<\/h4><div class=\"wpgb-block-4\">Author - Director - Documentary film producer, Marseille<\/div><\/div><\/div><a class=\"wpgb-card-layer-link\" href=\"https:\/\/www.imagesante.be\/en\/personnalite\/christian-lajoumard\/\"><\/a><\/div><\/div><\/article><article class=\"wpgb-card wpgb-card-9 wpgb-post-35390\" data-col=\"1\" data-row=\"1\" data-format=\"standard\"><div class=\"wpgb-card-wrapper\"><div class=\"wpgb-card-inner\" data-action><div class=\"wpgb-card-media wpgb-scheme-light\"><svg data-ratio style=\"padding-top:100%\" viewBox=\"0 0 1 1\" aria-hidden=\"true\"><\/svg><div class=\"wpgb-card-media-thumbnail\"><a href=\"https:\/\/www.imagesante.be\/wp-content\/uploads\/2023\/02\/anne-sophie-leurquin.jpg\" tabindex=\"-1\" class=\"wpgb-handle-lb wpgb-lightbox\" data-type=\"image\" data-rel=\"40\" data-title=\"ANNE-SOPHIE LEURQUIN\" data-desc=\"BRUXELLES, BELGIQUE. ANNE-SOPHIE LEURQUIN, JOURNALISTE LE SOIR. POUR LE SOIR. PHOTO : PIERRE-YVES THIENPONT\/LE SOIR\" title=\"Enlarge photo\"><div style=\"background-image:url(https:\/\/www.imagesante.be\/wp-content\/uploads\/2023\/02\/anne-sophie-leurquin-400x400.jpg)\"><\/div><noscript><img decoding=\"async\" class=\"wpgb-noscript-img\" src=\"https:\/\/www.imagesante.be\/wp-content\/uploads\/2023\/02\/anne-sophie-leurquin-400x400.jpg\" alt=\"\" height=\"400\" width=\"400\"><\/noscript><\/a><\/div><div class=\"wpgb-card-media-overlay\"><\/div><\/div><div class=\"wpgb-card-content wpgb-scheme-dark\"><div class=\"wpgb-card-body\"><h4 class=\"wpgb-block-3\">Anne-Sophie Leurquin<\/h4><div class=\"wpgb-block-4\">Journalist, Specialist in social and health issues, Contributor to the ICIJ investigation into implants  <\/div><\/div><\/div><a class=\"wpgb-card-layer-link\" href=\"https:\/\/www.imagesante.be\/en\/personnalite\/anne-sophie-leurquin\/\"><\/a><\/div><\/div><\/article><article class=\"wpgb-card wpgb-card-9 wpgb-post-35404\" data-col=\"1\" data-row=\"1\" data-format=\"standard\"><div class=\"wpgb-card-wrapper\"><div class=\"wpgb-card-inner\" data-action><div class=\"wpgb-card-media wpgb-scheme-light\"><svg data-ratio style=\"padding-top:100%\" viewBox=\"0 0 1 1\" aria-hidden=\"true\"><\/svg><div class=\"wpgb-card-media-thumbnail\"><a href=\"https:\/\/www.imagesante.be\/wp-content\/uploads\/2020\/01\/Mireille-MONVILLE-e1613988014868.png\" tabindex=\"-1\" class=\"wpgb-handle-lb wpgb-lightbox\" data-type=\"image\" data-rel=\"40\" data-title=\"Mireille MONVILLE\" title=\"Enlarge photo\"><div style=\"background-image:url(https:\/\/www.imagesante.be\/wp-content\/uploads\/2020\/01\/Mireille-MONVILLE-e1613988014868.png)\"><\/div><noscript><img decoding=\"async\" class=\"wpgb-noscript-img\" src=\"https:\/\/www.imagesante.be\/wp-content\/uploads\/2020\/01\/Mireille-MONVILLE-e1613988014868.png\" alt=\"\" height=\"400\" width=\"400\"><\/noscript><\/a><\/div><div class=\"wpgb-card-media-overlay\"><\/div><\/div><div class=\"wpgb-card-content wpgb-scheme-dark\"><div class=\"wpgb-card-body\"><h4 class=\"wpgb-block-3\">Mireille Monville<\/h4><div class=\"wpgb-block-4\">Psychologist, Head of the Valorisation de l'Humanisation Department, Senior Lecturer, Psycho-trauma and Forensic Psychology Unit, ULi\u00e8ge<\/div><\/div><\/div><a class=\"wpgb-card-layer-link\" href=\"https:\/\/www.imagesante.be\/en\/personnalite\/mireille-monville\/\"><\/a><\/div><\/div><\/article>\t\t<\/div>\n\t<\/div>\n\t<\/div>\n\t<\/div>\n\t\t<\/div>\n<\/div>\n\n<p>[\/et_pb_text][\/et_pb_column][\/et_pb_row][\/et_pb_section][et_pb_section fb_built=&#8221;1&#8243; disabled_on=&#8221;off|off|off&#8221; admin_label=&#8221;Jury4&#8243; _builder_version=&#8221;4.20.2&#8243; height=&#8221;500px&#8221; global_colors_info=&#8221;{}&#8221; locked=&#8221;off&#8221;][et_pb_row admin_label=&#8221;row&#8221; _builder_version=&#8221;4.16&#8243; background_size=&#8221;initial&#8221; background_position=&#8221;top_left&#8221; background_repeat=&#8221;repeat&#8221; global_colors_info=&#8221;{}&#8221;][et_pb_column type=&#8221;4_4&#8243; _builder_version=&#8221;4.16&#8243; custom_padding=&#8221;|||&#8221; global_colors_info=&#8221;{}&#8221; custom_padding__hover=&#8221;|||&#8221;][et_pb_text admin_label=&#8221;Sant\u00e9 Mentale&#8221; _builder_version=&#8221;4.27.4&#8243; background_size=&#8221;initial&#8221; background_position=&#8221;top_left&#8221; background_repeat=&#8221;repeat&#8221; hover_enabled=&#8221;0&#8243; use_border_color=&#8221;off&#8221; border_color=&#8221;#ffffff&#8221; border_style=&#8221;solid&#8221; global_colors_info=&#8221;{}&#8221; sticky_enabled=&#8221;0&#8243;]<\/p>\n<h2><span class=\"et-fb-editable-element et-fb-editable-element__editing\" contenteditable=\"true\" data-shortcode-id=\"7.0.0.0-1582037107975\">Positive Mental Health&#8221; Jury (Province of Li\u00e8ge)<br \/><\/span><\/h2>\n<div id=\"ConnectiveDocSignExtentionInstalled\" data-extension-version=\"1.0.4\"> <\/div>\n<p>[\/et_pb_text][et_pb_text _builder_version=&#8221;4.20.2&#8243; _module_preset=&#8221;default&#8221; global_colors_info=&#8221;{}&#8221;]<\/p>\n<p><span style=\"font-weight: 400;\">Six Festival films included in this competition are : How to Save a Dead Friend &#8211; The Marriage Project &#8211; Une vie comme une autre &#8211; Fr\u00e9quence Julie &#8211; Tant que j&#8217;ai du respir dans l&#8217;air &#8211; Changer de r\u00f4le<\/span><\/p>\n<!-- Gridbuilder \u1d42\u1d3e Plugin (https:\/\/wpgridbuilder.com) -->\n<div class=\"wp-grid-builder wpgb-grid-38\" data-options=\"{&quot;id&quot;:38,&quot;type&quot;:&quot;masonry&quot;,&quot;source&quot;:&quot;post_type&quot;,&quot;loader&quot;:0,&quot;layout&quot;:&quot;vertical&quot;,&quot;reveal&quot;:0,&quot;isMainQuery&quot;:0,&quot;lazyLoad&quot;:0,&quot;cardSizes&quot;:{&quot;9999&quot;:{&quot;columns&quot;:4,&quot;height&quot;:240,&quot;gutter&quot;:18,&quot;ratio&quot;:&quot;1.33333&quot;},&quot;1200&quot;:{&quot;columns&quot;:4,&quot;height&quot;:240,&quot;gutter&quot;:18,&quot;ratio&quot;:&quot;1.33333&quot;},&quot;992&quot;:{&quot;columns&quot;:4,&quot;height&quot;:220,&quot;gutter&quot;:18,&quot;ratio&quot;:&quot;1.33333&quot;},&quot;768&quot;:{&quot;columns&quot;:3,&quot;height&quot;:220,&quot;gutter&quot;:18,&quot;ratio&quot;:&quot;1.33333&quot;},&quot;576&quot;:{&quot;columns&quot;:2,&quot;height&quot;:200,&quot;gutter&quot;:18,&quot;ratio&quot;:&quot;1.33333&quot;},&quot;320&quot;:{&quot;columns&quot;:1,&quot;height&quot;:200,&quot;gutter&quot;:18,&quot;ratio&quot;:&quot;1.33333&quot;}},&quot;fitRows&quot;:0,&quot;equalRows&quot;:0,&quot;equalColumns&quot;:1,&quot;fillLastRow&quot;:0,&quot;centerLastRow&quot;:0,&quot;horizontalOrder&quot;:1,&quot;fullWidth&quot;:0,&quot;transitionDelay&quot;:100,&quot;gallerySlideshow&quot;:0,&quot;rowsNumber&quot;:1,&quot;slideAlign&quot;:&quot;left&quot;,&quot;groupCells&quot;:1,&quot;draggable&quot;:1,&quot;initialIndex&quot;:0,&quot;contain&quot;:0,&quot;freeScroll&quot;:0,&quot;freeFriction&quot;:&quot;0.075&quot;,&quot;friction&quot;:&quot;0.285&quot;,&quot;attraction&quot;:&quot;0.025&quot;,&quot;autoPlay&quot;:0,&quot;pageDotAriaLabel&quot;:&quot;Page dot %d&quot;,&quot;isPreview&quot;:false,&quot;isGutenberg&quot;:false,&quot;rightToLeft&quot;:false}\"><div class=\"wpgb-wrapper\">\n\t<div class=\"wpgb-main\">\n\t<div class=\"wpgb-layout\">\n\t<div class=\"wpgb-viewport\">\n\t\t<div class=\"wpgb-masonry\">\n\t\t\t<article class=\"wpgb-card wpgb-card-9 wpgb-post-35615\" data-col=\"1\" data-row=\"1\" data-format=\"standard\"><div class=\"wpgb-card-wrapper\"><div class=\"wpgb-card-inner\" data-action><div class=\"wpgb-card-media wpgb-scheme-light\"><svg data-ratio style=\"padding-top:100%\" viewBox=\"0 0 1 1\" aria-hidden=\"true\"><\/svg><div class=\"wpgb-card-media-thumbnail\"><a href=\"https:\/\/www.imagesante.be\/wp-content\/uploads\/2022\/12\/Geraldine-JACQUEMIN.jpg\" tabindex=\"-1\" class=\"wpgb-handle-lb wpgb-lightbox\" data-type=\"image\" data-rel=\"38\" data-title=\"Geraldine JACQUEMIN\" title=\"Enlarge photo\"><div style=\"background-image:url(https:\/\/www.imagesante.be\/wp-content\/uploads\/2022\/12\/Geraldine-JACQUEMIN-400x400.jpg)\"><\/div><noscript><img decoding=\"async\" class=\"wpgb-noscript-img\" src=\"https:\/\/www.imagesante.be\/wp-content\/uploads\/2022\/12\/Geraldine-JACQUEMIN-400x400.jpg\" alt=\"\" height=\"400\" width=\"400\"><\/noscript><\/a><\/div><div class=\"wpgb-card-media-overlay\"><\/div><\/div><div class=\"wpgb-card-content wpgb-scheme-dark\"><div class=\"wpgb-card-body\"><h4 class=\"wpgb-block-3\">G\u00e9raldine Jacquemin<\/h4><div class=\"wpgb-block-4\">Attach\u00e9e to the Department of Health and Social Affairs (Province of Li\u00e8ge) &amp; Clinical sexologist <\/div><\/div><\/div><a class=\"wpgb-card-layer-link\" href=\"https:\/\/www.imagesante.be\/en\/personnalite\/geraldine-jacquemin\/\"><\/a><\/div><\/div><\/article><article class=\"wpgb-card wpgb-card-9 wpgb-post-35402\" data-col=\"1\" data-row=\"1\" data-format=\"standard\"><div class=\"wpgb-card-wrapper\"><div class=\"wpgb-card-inner\" data-action><div class=\"wpgb-card-media wpgb-scheme-light\"><svg data-ratio style=\"padding-top:100%\" viewBox=\"0 0 1 1\" aria-hidden=\"true\"><\/svg><div class=\"wpgb-card-media-thumbnail\"><a href=\"https:\/\/www.imagesante.be\/wp-content\/uploads\/2023\/02\/Maryline-Muytjens.jpg\" tabindex=\"-1\" class=\"wpgb-handle-lb wpgb-lightbox\" data-type=\"image\" data-rel=\"38\" data-title=\"Maryline Muytjens\" title=\"Enlarge photo\"><div style=\"background-image:url(https:\/\/www.imagesante.be\/wp-content\/uploads\/2023\/02\/Maryline-Muytjens-400x400.jpg)\"><\/div><noscript><img decoding=\"async\" class=\"wpgb-noscript-img\" src=\"https:\/\/www.imagesante.be\/wp-content\/uploads\/2023\/02\/Maryline-Muytjens-400x400.jpg\" alt=\"\" height=\"400\" width=\"400\"><\/noscript><\/a><\/div><div class=\"wpgb-card-media-overlay\"><\/div><\/div><div class=\"wpgb-card-content wpgb-scheme-dark\"><div class=\"wpgb-card-body\"><h4 class=\"wpgb-block-3\">Maryline Muytjens<\/h4><div class=\"wpgb-block-4\">Social worker<\/div><\/div><\/div><a class=\"wpgb-card-layer-link\" href=\"https:\/\/www.imagesante.be\/en\/personnalite\/maryline-muytjens\/\"><\/a><\/div><\/div><\/article><article class=\"wpgb-card wpgb-card-9 wpgb-post-35618\" data-col=\"1\" data-row=\"1\" data-format=\"standard\"><div class=\"wpgb-card-wrapper\"><div class=\"wpgb-card-inner\" data-action><div class=\"wpgb-card-media wpgb-scheme-light\"><svg data-ratio style=\"padding-top:100%\" viewBox=\"0 0 1 1\" aria-hidden=\"true\"><\/svg><div class=\"wpgb-card-media-thumbnail\"><a href=\"https:\/\/www.imagesante.be\/wp-content\/uploads\/2020\/02\/Juliette-QUADRI-1.jpg\" tabindex=\"-1\" class=\"wpgb-handle-lb wpgb-lightbox\" data-type=\"image\" data-rel=\"38\" data-title=\"Juliette QUADRI\" title=\"Enlarge photo\"><div style=\"background-image:url(https:\/\/www.imagesante.be\/wp-content\/uploads\/2020\/02\/Juliette-QUADRI-1-400x400.jpg)\"><\/div><noscript><img decoding=\"async\" class=\"wpgb-noscript-img\" src=\"https:\/\/www.imagesante.be\/wp-content\/uploads\/2020\/02\/Juliette-QUADRI-1-400x400.jpg\" alt=\"\" height=\"400\" width=\"400\"><\/noscript><\/a><\/div><div class=\"wpgb-card-media-overlay\"><\/div><\/div><div class=\"wpgb-card-content wpgb-scheme-dark\"><div class=\"wpgb-card-body\"><h4 class=\"wpgb-block-3\">Juliette Quadri<\/h4><div class=\"wpgb-block-4\">Attach\u00e9 Psychologist<\/div><\/div><\/div><a class=\"wpgb-card-layer-link\" href=\"https:\/\/www.imagesante.be\/en\/personnalite\/juliette-quadri\/\"><\/a><\/div><\/div><\/article>\t\t<\/div>\n\t<\/div>\n\t<\/div>\n\t<\/div>\n\t\t<\/div>\n<\/div>\n\n<div id=\"ConnectiveDocSignExtentionInstalled\" data-extension-version=\"1.0.4\"> <\/div>\n<p>[\/et_pb_text][\/et_pb_column][\/et_pb_row][\/et_pb_section][et_pb_section fb_built=&#8221;1&#8243; admin_label=&#8221;section&#8221; _builder_version=&#8221;4.16&#8243; locked=&#8221;off&#8221; global_colors_info=&#8221;{}&#8221;][et_pb_row admin_label=&#8221;row&#8221; _builder_version=&#8221;4.16&#8243; background_size=&#8221;initial&#8221; background_position=&#8221;top_left&#8221; background_repeat=&#8221;repeat&#8221; global_colors_info=&#8221;{}&#8221;][et_pb_column type=&#8221;4_4&#8243; _builder_version=&#8221;4.16&#8243; custom_padding=&#8221;|||&#8221; global_colors_info=&#8221;{}&#8221; custom_padding__hover=&#8221;|||&#8221;][et_pb_text admin_label=&#8221;Op\u00e9rations chirurgicales&#8221; _builder_version=&#8221;4.27.4&#8243; background_size=&#8221;initial&#8221; background_position=&#8221;top_left&#8221; background_repeat=&#8221;repeat&#8221; hover_enabled=&#8221;0&#8243; use_border_color=&#8221;off&#8221; border_color=&#8221;#ffffff&#8221; border_style=&#8221;solid&#8221; global_colors_info=&#8221;{}&#8221; sticky_enabled=&#8221;0&#8243;]<\/p>\n<h2>Emissions<\/h2>\n<p>[\/et_pb_text][et_pb_code _builder_version=&#8221;4.27.4&#8243; _module_preset=&#8221;default&#8221; hover_enabled=&#8221;0&#8243; sticky_enabled=&#8221;0&#8243;]<!-- Gridbuilder \u1d42\u1d3e Plugin (https:\/\/wpgridbuilder.com) -->\n<div class=\"wp-grid-builder wpgb-grid-32\" data-options=\"{&quot;id&quot;:32,&quot;type&quot;:&quot;masonry&quot;,&quot;source&quot;:&quot;post_type&quot;,&quot;loader&quot;:1,&quot;layout&quot;:&quot;vertical&quot;,&quot;reveal&quot;:0,&quot;isMainQuery&quot;:0,&quot;lazyLoad&quot;:0,&quot;cardSizes&quot;:{&quot;9999&quot;:{&quot;columns&quot;:3,&quot;height&quot;:240,&quot;gutter&quot;:20,&quot;ratio&quot;:&quot;1.33333&quot;},&quot;1200&quot;:{&quot;columns&quot;:3,&quot;height&quot;:240,&quot;gutter&quot;:20,&quot;ratio&quot;:&quot;1.33333&quot;},&quot;992&quot;:{&quot;columns&quot;:3,&quot;height&quot;:220,&quot;gutter&quot;:20,&quot;ratio&quot;:&quot;1.33333&quot;},&quot;768&quot;:{&quot;columns&quot;:1,&quot;height&quot;:220,&quot;gutter&quot;:15,&quot;ratio&quot;:&quot;1.33333&quot;},&quot;576&quot;:{&quot;columns&quot;:1,&quot;height&quot;:200,&quot;gutter&quot;:15,&quot;ratio&quot;:&quot;1.33333&quot;},&quot;320&quot;:{&quot;columns&quot;:1,&quot;height&quot;:200,&quot;gutter&quot;:0,&quot;ratio&quot;:&quot;1.33333&quot;}},&quot;fitRows&quot;:1,&quot;equalRows&quot;:0,&quot;equalColumns&quot;:1,&quot;fillLastRow&quot;:0,&quot;centerLastRow&quot;:0,&quot;horizontalOrder&quot;:1,&quot;fullWidth&quot;:0,&quot;transitionDelay&quot;:100,&quot;gallerySlideshow&quot;:0,&quot;rowsNumber&quot;:1,&quot;slideAlign&quot;:&quot;left&quot;,&quot;groupCells&quot;:1,&quot;draggable&quot;:1,&quot;initialIndex&quot;:0,&quot;contain&quot;:0,&quot;freeScroll&quot;:0,&quot;freeFriction&quot;:&quot;0.075&quot;,&quot;friction&quot;:&quot;0.285&quot;,&quot;attraction&quot;:&quot;0.025&quot;,&quot;autoPlay&quot;:0,&quot;pageDotAriaLabel&quot;:&quot;Page dot %d&quot;,&quot;isPreview&quot;:false,&quot;isGutenberg&quot;:false,&quot;rightToLeft&quot;:false}\"><div class=\"wpgb-wrapper\">\n\t<div class=\"wpgb-main\">\n\t<div class=\"wpgb-layout\">\n\t<div class=\"wpgb-viewport\">\n\t\t<div class=\"wpgb-masonry\">\n\t\t\t<article class=\"wpgb-card wpgb-card-4 wpgb-post-35628\" data-col=\"1\" data-row=\"1\" data-format=\"standard\"><div class=\"wpgb-card-wrapper\"><div class=\"wpgb-card-inner\"><div class=\"wpgb-card-media wpgb-scheme-light\" data-action><svg data-ratio style=\"padding-top:75%\" viewBox=\"0 0 4 3\" aria-hidden=\"true\"><\/svg><div class=\"wpgb-card-media-thumbnail\"><a href=\"https:\/\/www.imagesante.be\/wp-content\/uploads\/2023\/01\/oncologie.jpg\" tabindex=\"-1\" class=\"wpgb-handle-lb wpgb-lightbox\" data-type=\"image\" data-rel=\"32\" data-title=\"oncologie\" title=\"Enlarge photo\"><div style=\"background-image:url(https:\/\/www.imagesante.be\/wp-content\/uploads\/2023\/01\/oncologie-400x300.jpg)\"><\/div><noscript><img decoding=\"async\" class=\"wpgb-noscript-img\" src=\"https:\/\/www.imagesante.be\/wp-content\/uploads\/2023\/01\/oncologie-400x300.jpg\" alt=\"\" height=\"300\" width=\"400\"><\/noscript><\/a><\/div><div class=\"wpgb-card-media-overlay\" data-action><a class=\"wpgb-card-layer-link\" href=\"https:\/\/www.imagesante.be\/en\/emission\/oncology-state-of-the-art\/\"><\/a><\/div><a class=\"wpgb-card-layer-link\" href=\"https:\/\/www.imagesante.be\/en\/emission\/oncology-state-of-the-art\/\"><\/a><\/div><div class=\"wpgb-card-content wpgb-scheme-dark\"><div class=\"wpgb-card-body\"><h4 class=\"wpgb-block-3\"><a target=\"_self\" href=\"https:\/\/www.imagesante.be\/en\/emission\/oncology-state-of-the-art\/\">Oncology &#8211; State of the art<\/a><\/h4><div class=\"wpgb-block-1\">Tuesday 28 March 2023 10:00<\/div><\/div><\/div><\/div><\/div><\/article><article class=\"wpgb-card wpgb-card-4 wpgb-post-35634\" data-col=\"1\" data-row=\"1\" data-format=\"standard\"><div class=\"wpgb-card-wrapper\"><div class=\"wpgb-card-inner\"><div class=\"wpgb-card-media wpgb-scheme-light\" data-action><svg data-ratio style=\"padding-top:75%\" viewBox=\"0 0 4 3\" aria-hidden=\"true\"><\/svg><div class=\"wpgb-card-media-thumbnail\"><a href=\"https:\/\/www.imagesante.be\/wp-content\/uploads\/2023\/01\/activite-physique2.jpg\" tabindex=\"-1\" class=\"wpgb-handle-lb wpgb-lightbox\" data-type=\"image\" data-rel=\"32\" data-title=\"activit\u00e9 physique2\" title=\"Enlarge photo\"><div style=\"background-image:url(https:\/\/www.imagesante.be\/wp-content\/uploads\/2023\/01\/activite-physique2-400x300.jpg)\"><\/div><noscript><img decoding=\"async\" class=\"wpgb-noscript-img\" src=\"https:\/\/www.imagesante.be\/wp-content\/uploads\/2023\/01\/activite-physique2-400x300.jpg\" alt=\"\" height=\"300\" width=\"400\"><\/noscript><\/a><\/div><div class=\"wpgb-card-media-overlay\" data-action><a class=\"wpgb-card-layer-link\" href=\"https:\/\/www.imagesante.be\/en\/emission\/physical-activity-benefits-and-dangers\/\"><\/a><\/div><a class=\"wpgb-card-layer-link\" href=\"https:\/\/www.imagesante.be\/en\/emission\/physical-activity-benefits-and-dangers\/\"><\/a><\/div><div class=\"wpgb-card-content wpgb-scheme-dark\"><div class=\"wpgb-card-body\"><h4 class=\"wpgb-block-3\"><a target=\"_self\" href=\"https:\/\/www.imagesante.be\/en\/emission\/physical-activity-benefits-and-dangers\/\">Physical activity &#8211; Benefits and dangers<\/a><\/h4><div class=\"wpgb-block-1\">Tuesday 28 March 2023 14:00<\/div><\/div><\/div><\/div><\/div><\/article><article class=\"wpgb-card wpgb-card-4 wpgb-post-35629\" data-col=\"1\" data-row=\"1\" data-format=\"standard\"><div class=\"wpgb-card-wrapper\"><div class=\"wpgb-card-inner\"><div class=\"wpgb-card-media wpgb-scheme-light\" data-action><svg data-ratio style=\"padding-top:75%\" viewBox=\"0 0 4 3\" aria-hidden=\"true\"><\/svg><div class=\"wpgb-card-media-thumbnail\"><a href=\"https:\/\/www.imagesante.be\/wp-content\/uploads\/2023\/01\/long-covid.jpg\" tabindex=\"-1\" class=\"wpgb-handle-lb wpgb-lightbox\" data-type=\"image\" data-rel=\"32\" data-title=\"long-covid\" title=\"Enlarge photo\"><div style=\"background-image:url(https:\/\/www.imagesante.be\/wp-content\/uploads\/2023\/01\/long-covid-400x300.jpg)\"><\/div><noscript><img decoding=\"async\" class=\"wpgb-noscript-img\" src=\"https:\/\/www.imagesante.be\/wp-content\/uploads\/2023\/01\/long-covid-400x300.jpg\" alt=\"\" height=\"300\" width=\"400\"><\/noscript><\/a><\/div><div class=\"wpgb-card-media-overlay\" data-action><a class=\"wpgb-card-layer-link\" href=\"https:\/\/www.imagesante.be\/en\/emission\/understanding-covid-long\/\"><\/a><\/div><a class=\"wpgb-card-layer-link\" href=\"https:\/\/www.imagesante.be\/en\/emission\/understanding-covid-long\/\"><\/a><\/div><div class=\"wpgb-card-content wpgb-scheme-dark\"><div class=\"wpgb-card-body\"><h4 class=\"wpgb-block-3\"><a target=\"_self\" href=\"https:\/\/www.imagesante.be\/en\/emission\/understanding-covid-long\/\">Understanding Covid long<\/a><\/h4><div class=\"wpgb-block-1\">Wednesday 29 March 2023 10:00<\/div><\/div><\/div><\/div><\/div><\/article><article class=\"wpgb-card wpgb-card-4 wpgb-post-35651\" data-col=\"1\" data-row=\"1\" data-format=\"standard\"><div class=\"wpgb-card-wrapper\"><div class=\"wpgb-card-inner\"><div class=\"wpgb-card-media wpgb-scheme-light\" data-action><svg data-ratio style=\"padding-top:75%\" viewBox=\"0 0 4 3\" aria-hidden=\"true\"><\/svg><div class=\"wpgb-card-media-thumbnail\"><a href=\"https:\/\/www.imagesante.be\/wp-content\/uploads\/2023\/01\/vaccination4.jpg\" tabindex=\"-1\" class=\"wpgb-handle-lb wpgb-lightbox\" data-type=\"image\" data-rel=\"32\" data-title=\"vaccination4\" title=\"Enlarge photo\"><div style=\"background-image:url(https:\/\/www.imagesante.be\/wp-content\/uploads\/2023\/01\/vaccination4-400x300.jpg)\"><\/div><noscript><img decoding=\"async\" class=\"wpgb-noscript-img\" src=\"https:\/\/www.imagesante.be\/wp-content\/uploads\/2023\/01\/vaccination4-400x300.jpg\" alt=\"\" height=\"300\" width=\"400\"><\/noscript><\/a><\/div><div class=\"wpgb-card-media-overlay\" data-action><a class=\"wpgb-card-layer-link\" href=\"https:\/\/www.imagesante.be\/en\/emission\/understanding-vaccination\/\"><\/a><\/div><a class=\"wpgb-card-layer-link\" href=\"https:\/\/www.imagesante.be\/en\/emission\/understanding-vaccination\/\"><\/a><\/div><div class=\"wpgb-card-content wpgb-scheme-dark\"><div class=\"wpgb-card-body\"><h4 class=\"wpgb-block-3\"><a target=\"_self\" href=\"https:\/\/www.imagesante.be\/en\/emission\/understanding-vaccination\/\">Understanding Vaccination<\/a><\/h4><div class=\"wpgb-block-1\">Wednesday 29 March 2023 14:00<\/div><\/div><\/div><\/div><\/div><\/article><article class=\"wpgb-card wpgb-card-4 wpgb-post-35642\" data-col=\"1\" data-row=\"1\" data-format=\"standard\"><div class=\"wpgb-card-wrapper\"><div class=\"wpgb-card-inner\"><div class=\"wpgb-card-media wpgb-scheme-light\" data-action><svg data-ratio style=\"padding-top:75%\" viewBox=\"0 0 4 3\" aria-hidden=\"true\"><\/svg><div class=\"wpgb-card-media-thumbnail\"><a href=\"https:\/\/www.imagesante.be\/wp-content\/uploads\/2022\/07\/RencontrePRO_WHealthTech-1127069581-scaled-1.jpg\" tabindex=\"-1\" class=\"wpgb-handle-lb wpgb-lightbox\" data-type=\"image\" data-rel=\"32\" data-title=\"Medical technology concept.\" title=\"Enlarge photo\"><div style=\"background-image:url(https:\/\/www.imagesante.be\/wp-content\/uploads\/2022\/07\/RencontrePRO_WHealthTech-1127069581-scaled-1.jpg)\"><\/div><noscript><img decoding=\"async\" class=\"wpgb-noscript-img\" src=\"https:\/\/www.imagesante.be\/wp-content\/uploads\/2022\/07\/RencontrePRO_WHealthTech-1127069581-scaled-1.jpg\" alt=\"\" height=\"227\" width=\"400\"><\/noscript><\/a><\/div><div class=\"wpgb-card-media-overlay\" data-action><a class=\"wpgb-card-layer-link\" href=\"https:\/\/www.imagesante.be\/en\/emission\/medicine-in-the-digital-age\/\"><\/a><\/div><a class=\"wpgb-card-layer-link\" href=\"https:\/\/www.imagesante.be\/en\/emission\/medicine-in-the-digital-age\/\"><\/a><\/div><div class=\"wpgb-card-content wpgb-scheme-dark\"><div class=\"wpgb-card-body\"><h4 class=\"wpgb-block-3\"><a target=\"_self\" href=\"https:\/\/www.imagesante.be\/en\/emission\/medicine-in-the-digital-age\/\">Medicine in the digital age<\/a><\/h4><div class=\"wpgb-block-1\">Thursday 30 March 2023 10:00<\/div><\/div><\/div><\/div><\/div><\/article><article class=\"wpgb-card wpgb-card-4 wpgb-post-35638\" data-col=\"1\" data-row=\"1\" data-format=\"standard\"><div class=\"wpgb-card-wrapper\"><div class=\"wpgb-card-inner\"><div class=\"wpgb-card-media wpgb-scheme-light\" data-action><svg data-ratio style=\"padding-top:75%\" viewBox=\"0 0 4 3\" aria-hidden=\"true\"><\/svg><div class=\"wpgb-card-media-thumbnail\"><a href=\"https:\/\/www.imagesante.be\/wp-content\/uploads\/2022\/07\/Alimentation-2-scaled-e1613056093575.jpg\" tabindex=\"-1\" class=\"wpgb-handle-lb wpgb-lightbox\" data-type=\"image\" data-rel=\"32\" data-title=\"Alimentation-2-scaled-e1613056093575.jpg\" title=\"Enlarge photo\"><div style=\"background-image:url(https:\/\/www.imagesante.be\/wp-content\/uploads\/2022\/07\/Alimentation-2-scaled-e1613056093575.jpg)\"><\/div><noscript><img decoding=\"async\" class=\"wpgb-noscript-img\" src=\"https:\/\/www.imagesante.be\/wp-content\/uploads\/2022\/07\/Alimentation-2-scaled-e1613056093575.jpg\" alt=\"\" height=\"75\" width=\"400\"><\/noscript><\/a><\/div><div class=\"wpgb-card-media-overlay\" data-action><a class=\"wpgb-card-layer-link\" href=\"https:\/\/www.imagesante.be\/en\/emission\/its-possible-to-eat-better\/\"><\/a><\/div><a class=\"wpgb-card-layer-link\" href=\"https:\/\/www.imagesante.be\/en\/emission\/its-possible-to-eat-better\/\"><\/a><\/div><div class=\"wpgb-card-content wpgb-scheme-dark\"><div class=\"wpgb-card-body\"><h4 class=\"wpgb-block-3\"><a target=\"_self\" href=\"https:\/\/www.imagesante.be\/en\/emission\/its-possible-to-eat-better\/\">It&#8217;s possible to eat better!<\/a><\/h4><div class=\"wpgb-block-1\">Thursday 30 March 2023 14:00<\/div><\/div><\/div><\/div><\/div><\/article><article class=\"wpgb-card wpgb-card-4 wpgb-post-35062\" data-col=\"1\" data-row=\"1\" data-format=\"standard\"><div class=\"wpgb-card-wrapper\"><div class=\"wpgb-card-inner\"><div class=\"wpgb-card-media wpgb-scheme-light\" data-action><svg data-ratio style=\"padding-top:75%\" viewBox=\"0 0 4 3\" aria-hidden=\"true\"><\/svg><div class=\"wpgb-card-media-thumbnail\"><a href=\"https:\/\/www.imagesante.be\/wp-content\/uploads\/2023\/03\/Metiers-1.jpg\" tabindex=\"-1\" class=\"wpgb-handle-lb wpgb-lightbox\" data-type=\"image\" data-rel=\"32\" data-title=\"Metiers 1\" title=\"Enlarge photo\"><div style=\"background-image:url(https:\/\/www.imagesante.be\/wp-content\/uploads\/2023\/03\/Metiers-1-400x300.jpg)\"><\/div><noscript><img decoding=\"async\" class=\"wpgb-noscript-img\" src=\"https:\/\/www.imagesante.be\/wp-content\/uploads\/2023\/03\/Metiers-1-400x300.jpg\" alt=\"\" height=\"300\" width=\"400\"><\/noscript><\/a><\/div><div class=\"wpgb-card-media-overlay\" data-action><a class=\"wpgb-card-layer-link\" href=\"https:\/\/www.imagesante.be\/en\/emission\/careers-in-the-life-sciences-a-guaranteed-future-for-secondary-school-students\/\"><\/a><\/div><a class=\"wpgb-card-layer-link\" href=\"https:\/\/www.imagesante.be\/en\/emission\/careers-in-the-life-sciences-a-guaranteed-future-for-secondary-school-students\/\"><\/a><\/div><div class=\"wpgb-card-content wpgb-scheme-dark\"><div class=\"wpgb-card-body\"><h4 class=\"wpgb-block-3\"><a target=\"_self\" href=\"https:\/\/www.imagesante.be\/en\/emission\/careers-in-the-life-sciences-a-guaranteed-future-for-secondary-school-students\/\">Careers in the Life Sciences: a guaranteed future! &#8211; For secondary school students<\/a><\/h4><div class=\"wpgb-block-1\">Friday 31 March 2023 09:00<\/div><\/div><\/div><\/div><\/div><\/article><article class=\"wpgb-card wpgb-card-4 wpgb-post-35083\" data-col=\"1\" data-row=\"1\" data-format=\"standard\"><div class=\"wpgb-card-wrapper\"><div class=\"wpgb-card-inner\"><div class=\"wpgb-card-media wpgb-scheme-light\" data-action><svg data-ratio style=\"padding-top:75%\" viewBox=\"0 0 4 3\" aria-hidden=\"true\"><\/svg><div class=\"wpgb-card-media-thumbnail\"><a href=\"https:\/\/www.imagesante.be\/wp-content\/uploads\/2023\/03\/metier-2.jpg\" tabindex=\"-1\" class=\"wpgb-handle-lb wpgb-lightbox\" data-type=\"image\" data-rel=\"32\" data-title=\"m\u00e9tier 2\" title=\"Enlarge photo\"><div style=\"background-image:url(https:\/\/www.imagesante.be\/wp-content\/uploads\/2023\/03\/metier-2-400x300.jpg)\"><\/div><noscript><img decoding=\"async\" class=\"wpgb-noscript-img\" src=\"https:\/\/www.imagesante.be\/wp-content\/uploads\/2023\/03\/metier-2-400x300.jpg\" alt=\"\" height=\"300\" width=\"400\"><\/noscript><\/a><\/div><div class=\"wpgb-card-media-overlay\" data-action><a class=\"wpgb-card-layer-link\" href=\"https:\/\/www.imagesante.be\/en\/emission\/careers-in-the-life-sciences-a-guaranteed-future-for-higher-education-students\/\"><\/a><\/div><a class=\"wpgb-card-layer-link\" href=\"https:\/\/www.imagesante.be\/en\/emission\/careers-in-the-life-sciences-a-guaranteed-future-for-higher-education-students\/\"><\/a><\/div><div class=\"wpgb-card-content wpgb-scheme-dark\"><div class=\"wpgb-card-body\"><h4 class=\"wpgb-block-3\"><a target=\"_self\" href=\"https:\/\/www.imagesante.be\/en\/emission\/careers-in-the-life-sciences-a-guaranteed-future-for-higher-education-students\/\">Careers in the Life Sciences: a guaranteed future! For higher education students<\/a><\/h4><div class=\"wpgb-block-1\">Friday 31 March 2023 11:00<\/div><\/div><\/div><\/div><\/div><\/article><article class=\"wpgb-card wpgb-card-4 wpgb-post-35625\" data-col=\"1\" data-row=\"1\" data-format=\"standard\"><div class=\"wpgb-card-wrapper\"><div class=\"wpgb-card-inner\"><div class=\"wpgb-card-media wpgb-scheme-light\" data-action><svg data-ratio style=\"padding-top:75%\" viewBox=\"0 0 4 3\" aria-hidden=\"true\"><\/svg><div class=\"wpgb-card-media-thumbnail\"><a href=\"https:\/\/www.imagesante.be\/wp-content\/uploads\/2023\/01\/Image3.jpg\" tabindex=\"-1\" class=\"wpgb-handle-lb wpgb-lightbox\" data-type=\"image\" data-rel=\"32\" data-title=\"Image3\" title=\"Enlarge photo\"><div style=\"background-image:url(https:\/\/www.imagesante.be\/wp-content\/uploads\/2023\/01\/Image3-400x300.jpg)\"><\/div><noscript><img decoding=\"async\" class=\"wpgb-noscript-img\" src=\"https:\/\/www.imagesante.be\/wp-content\/uploads\/2023\/01\/Image3-400x300.jpg\" alt=\"\" height=\"300\" width=\"400\"><\/noscript><\/a><\/div><div class=\"wpgb-card-media-overlay\" data-action><a class=\"wpgb-card-layer-link\" href=\"https:\/\/www.imagesante.be\/en\/emission\/the-impact-of-crises-on-our-mental-health\/\"><\/a><\/div><a class=\"wpgb-card-layer-link\" href=\"https:\/\/www.imagesante.be\/en\/emission\/the-impact-of-crises-on-our-mental-health\/\"><\/a><\/div><div class=\"wpgb-card-content wpgb-scheme-dark\"><div class=\"wpgb-card-body\"><h4 class=\"wpgb-block-3\"><a target=\"_self\" href=\"https:\/\/www.imagesante.be\/en\/emission\/the-impact-of-crises-on-our-mental-health\/\">The impact of crises on our mental health<\/a><\/h4><div class=\"wpgb-block-1\">Friday 31 March 2023 14:00<\/div><\/div><\/div><\/div><\/div><\/article>\t\t<\/div>\n\t<\/div>\n\t<div class=\"wpgb-loader\">\n\t<div class=\"wpgb-loader-3\">\n\t\t<div><\/div>\t<\/div>\n<\/div>\n<\/div>\n\t<\/div>\n\t\t<\/div>\n<\/div>\n[\/et_pb_code][\/et_pb_column][\/et_pb_row][\/et_pb_section][et_pb_section fb_built=&#8221;1&#8243; _builder_version=&#8221;4.16&#8243; collapsed=&#8221;off&#8221; global_colors_info=&#8221;{}&#8221; locked=&#8221;off&#8221;][et_pb_row admin_label=&#8221;row&#8221; _builder_version=&#8221;4.16&#8243; background_size=&#8221;initial&#8221; background_position=&#8221;top_left&#8221; background_repeat=&#8221;repeat&#8221; global_colors_info=&#8221;{}&#8221;][et_pb_column type=&#8221;4_4&#8243; _builder_version=&#8221;4.16&#8243; custom_padding=&#8221;|||&#8221; global_colors_info=&#8221;{}&#8221; custom_padding__hover=&#8221;|||&#8221;][et_pb_text admin_label=&#8221;Op\u00e9rations chirurgicales&#8221; _builder_version=&#8221;4.16&#8243; background_size=&#8221;initial&#8221; background_position=&#8221;top_left&#8221; background_repeat=&#8221;repeat&#8221; use_border_color=&#8221;off&#8221; border_color=&#8221;#ffffff&#8221; border_style=&#8221;solid&#8221; global_colors_info=&#8221;{}&#8221;]<\/p>\n<h2>Surgical operations<\/h2>\n<p>[\/et_pb_text][\/et_pb_column][\/et_pb_row][et_pb_row column_structure=&#8221;3_5,2_5&#8243; _builder_version=&#8221;4.16&#8243; _module_preset=&#8221;default&#8221; global_colors_info=&#8221;{}&#8221;][et_pb_column type=&#8221;3_5&#8243; _builder_version=&#8221;4.16&#8243; _module_preset=&#8221;default&#8221; global_colors_info=&#8221;{}&#8221;][et_pb_text _builder_version=&#8221;4.22.1&#8243; _module_preset=&#8221;default&#8221; hover_enabled=&#8221;0&#8243; global_colors_info=&#8221;{}&#8221; sticky_enabled=&#8221;0&#8243;]<\/p>\n<p>Celebrating innovation, Imag\u00e9Sant\u00e9 relies on cutting-edge techniques to enable festival-goers to follow operations live and interact with surgeons in real time. The launch of a Web TV channel in 2010 has made the Festival accessible worldwide, enabling anyone to discover the human body through the eyes of a surgeon. <\/p>\n<p>Some thirty surgical operations will be broadcast live from the CHU de Li\u00e8ge on the Festival&#8217;s Web TV, with commentary by medical students and the surgeons themselves.<\/p>\n<p><strong>To (re)discover the operations<\/strong>:<\/p>\n<ul>\n<li><a href=\"https:\/\/player.vimeo.com\/video\/813208265?h=fc5b7b09a9\" target=\"_blank\" rel=\"noopener\">monday 27\/03<\/a>,<\/li>\n<li><a href=\"https:\/\/player.vimeo.com\/video\/813213391?h=fcf1dbc9d5\" target=\"_blank\" rel=\"noopener\">tuesday 28\/03<\/a>,<\/li>\n<li><a href=\"https:\/\/player.vimeo.com\/video\/813587375?h=060518c178\" target=\"_blank\" rel=\"noopener\">Thursday 30\/03<\/a><\/li>\n<li><a href=\"https:\/\/player.vimeo.com\/video\/813529899?h=8ef0e0bc0e\" target=\"_blank\" rel=\"noopener\">Friday 31\/03<\/a><\/li>\n<\/ul>\n<p>[\/et_pb_text][\/et_pb_column][et_pb_column type=&#8221;2_5&#8243; _builder_version=&#8221;4.16&#8243; _module_preset=&#8221;default&#8221; global_colors_info=&#8221;{}&#8221;][et_pb_text admin_label=&#8221;Photo OP&#8221; _builder_version=&#8221;4.16&#8243; _module_preset=&#8221;default&#8221; global_colors_info=&#8221;{}&#8221;]<\/p>\n<p><img decoding=\"async\" class=\"wp-image-30451 alignnone size-medium\" src=\"https:\/\/www.imagesante.be\/wp-content\/uploads\/2021\/03\/FU5A8748-300x200.jpg\" alt=\"\" width=\"300\" height=\"200\"><\/p>\n<p>[\/et_pb_text][\/et_pb_column][\/et_pb_row][\/et_pb_section][et_pb_section fb_built=&#8221;1&#8243; disabled_on=&#8221;off|off|off&#8221; admin_label=&#8221;Jour Op\u00e9ration&#8221; _builder_version=&#8221;4.16&#8243; locked=&#8221;off&#8221; collapsed=&#8221;off&#8221; global_colors_info=&#8221;{}&#8221;][et_pb_row admin_label=&#8221;row&#8221; _builder_version=&#8221;4.16&#8243; background_size=&#8221;initial&#8221; background_position=&#8221;top_left&#8221; background_repeat=&#8221;repeat&#8221; global_colors_info=&#8221;{}&#8221;][et_pb_column type=&#8221;4_4&#8243; _builder_version=&#8221;4.16&#8243; custom_padding=&#8221;|||&#8221; global_colors_info=&#8221;{}&#8221; custom_padding__hover=&#8221;|||&#8221;][et_pb_text admin_label=&#8221;Liste des op\u00e9rations&#8221; module_id=&#8221;2303&#8243; _builder_version=&#8221;4.20.2&#8243; background_size=&#8221;initial&#8221; background_position=&#8221;top_left&#8221; background_repeat=&#8221;repeat&#8221; use_border_color=&#8221;off&#8221; border_color=&#8221;#ffffff&#8221; border_style=&#8221;solid&#8221; global_colors_info=&#8221;{}&#8221;]<\/p>\n<!-- Gridbuilder \u1d42\u1d3e Plugin (https:\/\/wpgridbuilder.com) -->\n<div class=\"wp-grid-builder wpgb-grid-43\" data-options=\"{&quot;id&quot;:43,&quot;type&quot;:&quot;masonry&quot;,&quot;source&quot;:&quot;post_type&quot;,&quot;loader&quot;:0,&quot;layout&quot;:&quot;vertical&quot;,&quot;reveal&quot;:0,&quot;isMainQuery&quot;:0,&quot;lazyLoad&quot;:0,&quot;cardSizes&quot;:{&quot;9999&quot;:{&quot;columns&quot;:2,&quot;height&quot;:240,&quot;gutter&quot;:20,&quot;ratio&quot;:&quot;1.33333&quot;},&quot;1200&quot;:{&quot;columns&quot;:2,&quot;height&quot;:240,&quot;gutter&quot;:20,&quot;ratio&quot;:&quot;1.33333&quot;},&quot;992&quot;:{&quot;columns&quot;:2,&quot;height&quot;:220,&quot;gutter&quot;:20,&quot;ratio&quot;:&quot;1.33333&quot;},&quot;768&quot;:{&quot;columns&quot;:1,&quot;height&quot;:220,&quot;gutter&quot;:0,&quot;ratio&quot;:&quot;1.33333&quot;},&quot;576&quot;:{&quot;columns&quot;:1,&quot;height&quot;:200,&quot;gutter&quot;:0,&quot;ratio&quot;:&quot;1.33333&quot;},&quot;320&quot;:{&quot;columns&quot;:1,&quot;height&quot;:200,&quot;gutter&quot;:0,&quot;ratio&quot;:&quot;1.33333&quot;}},&quot;fitRows&quot;:1,&quot;equalRows&quot;:0,&quot;equalColumns&quot;:1,&quot;fillLastRow&quot;:0,&quot;centerLastRow&quot;:0,&quot;horizontalOrder&quot;:1,&quot;fullWidth&quot;:0,&quot;transitionDelay&quot;:100,&quot;gallerySlideshow&quot;:0,&quot;rowsNumber&quot;:1,&quot;slideAlign&quot;:&quot;left&quot;,&quot;groupCells&quot;:1,&quot;draggable&quot;:1,&quot;initialIndex&quot;:0,&quot;contain&quot;:0,&quot;freeScroll&quot;:0,&quot;freeFriction&quot;:&quot;0.075&quot;,&quot;friction&quot;:&quot;0.285&quot;,&quot;attraction&quot;:&quot;0.025&quot;,&quot;autoPlay&quot;:0,&quot;pageDotAriaLabel&quot;:&quot;Page dot %d&quot;,&quot;isPreview&quot;:false,&quot;isGutenberg&quot;:false,&quot;rightToLeft&quot;:false}\"><div class=\"wpgb-wrapper\">\n\t<div class=\"wpgb-main\">\n\t<div class=\"wpgb-area wpgb-area-top-2\">\n\t<div class=\"wpgb-facet wpgb-loading wpgb-facet-5\" data-facet=\"5\" data-grid=\"43\"><\/div><\/div>\n<div class=\"wpgb-layout\">\n\t<div class=\"wpgb-viewport\">\n\t\t<div class=\"wpgb-masonry\">\n\t\t\t<article class=\"wpgb-card wpgb-card-11 wpgb-post-35113\" data-col=\"1\" data-row=\"1\" data-format=\"standard\"><div class=\"wpgb-card-wrapper\"><div class=\"wpgb-card-inner\"><div class=\"wpgb-card-content wpgb-scheme-dark\"><div class=\"wpgb-card-body\"><h4 class=\"wpgb-block-3\">Aortic valve replacement + ascending aorta by mini J-sterno<\/h4><div class=\"wpgb-block-2\">Date : Monday 27 March - 07h45<\/div><div class=\"wpgb-block-7\">- Dur\u00e9e : 5h<\/div><div class=\"wpgb-block-4\">Discipline : Cardiovascular Surgery<\/div><div class=\"wpgb-block-1 photo-medecin\"><img decoding=\"async\" src=\"https:\/\/www.imagesante.be\/wp-content\/uploads\/2023\/03\/Vincent-TCHANA-SATO.jpg\" alt=\"Pr. Vincent TCHANA SATO\" width=\"200\" height=\"200\" \/><br\/>Pr. Vincent TCHANA SATO<\/div><div class=\"wpgb-block-6\"><img decoding=\"async\" src=\"https:\/\/www.imagesante.be\/wp-content\/uploads\/2023\/03\/Quentin-DESIRON.jpg\" width=\"200\" height=\"200\" alt=\"Dr. Quentin DESIRON\" \/><br\/>Dr. Quentin DESIRON<\/div><\/div><\/div><\/div><\/div><\/article><article class=\"wpgb-card wpgb-card-11 wpgb-post-35029\" data-col=\"1\" data-row=\"1\" data-format=\"standard\"><div class=\"wpgb-card-wrapper\"><div class=\"wpgb-card-inner\"><div class=\"wpgb-card-content wpgb-scheme-dark\"><div class=\"wpgb-card-body\"><h4 class=\"wpgb-block-3\">Cataract treatment<\/h4><div class=\"wpgb-block-2\">Date : Monday 27 March - 08h00<\/div><div class=\"wpgb-block-7\">- Dur\u00e9e : 1h<\/div><div class=\"wpgb-block-4\">Discipline : Ophthalmology<\/div><div class=\"wpgb-block-1 photo-medecin\"><img decoding=\"async\" src=\"https:\/\/www.imagesante.be\/wp-content\/uploads\/2023\/03\/chu-200x200.jpg\" alt=\"Pr. Fran\u00e7oise VAN CAUWENBERGE\" width=\"200\" height=\"200\" \/><br\/>Pr. Fran\u00e7oise VAN CAUWENBERGE<\/div><\/div><\/div><\/div><\/div><\/article><article class=\"wpgb-card wpgb-card-11 wpgb-post-35108\" data-col=\"1\" data-row=\"1\" data-format=\"standard\"><div class=\"wpgb-card-wrapper\"><div class=\"wpgb-card-inner\"><div class=\"wpgb-card-content wpgb-scheme-dark\"><div class=\"wpgb-card-body\"><h4 class=\"wpgb-block-3\">Superior dento-portal disjunction<\/h4><div class=\"wpgb-block-2\">Date : Monday 27 March - 08h00<\/div><div class=\"wpgb-block-7\">- Dur\u00e9e : 3h<\/div><div class=\"wpgb-block-4\">Discipline : Maxillofacial Surgery<\/div><div class=\"wpgb-block-1 photo-medecin\"><img decoding=\"async\" src=\"https:\/\/www.imagesante.be\/wp-content\/uploads\/2023\/03\/Yves-GILON-300x300.jpg\" alt=\"Pr. Yves GILON\" width=\"200\" height=\"200\" \/><br\/>Pr. Yves GILON<\/div><\/div><\/div><\/div><\/div><\/article><article class=\"wpgb-card wpgb-card-11 wpgb-post-35003\" data-col=\"1\" data-row=\"1\" data-format=\"standard\"><div class=\"wpgb-card-wrapper\"><div class=\"wpgb-card-inner\"><div class=\"wpgb-card-content wpgb-scheme-dark\"><div class=\"wpgb-card-body\"><h4 class=\"wpgb-block-3\">Ablation of atrial fibrillation<\/h4><div class=\"wpgb-block-2\">Date : Monday 27 March - 09h00<\/div><div class=\"wpgb-block-7\">- Dur\u00e9e : 3h<\/div><div class=\"wpgb-block-4\">Discipline : Cardiology<\/div><div class=\"wpgb-block-1 photo-medecin\"><img decoding=\"async\" src=\"https:\/\/www.imagesante.be\/wp-content\/uploads\/2023\/03\/Lieve-VAN-CASTEREN-300x300.jpg\" alt=\"Dr. Lieve VAN CASTEREN\" width=\"200\" height=\"200\" \/><br\/>Dr. Lieve VAN CASTEREN<\/div><\/div><\/div><\/div><\/div><\/article><article class=\"wpgb-card wpgb-card-11 wpgb-post-35040\" data-col=\"1\" data-row=\"1\" data-format=\"standard\"><div class=\"wpgb-card-wrapper\"><div class=\"wpgb-card-inner\"><div class=\"wpgb-card-content wpgb-scheme-dark\"><div class=\"wpgb-card-body\"><h4 class=\"wpgb-block-3\">Anterior cervical approach (1 level)<\/h4><div class=\"wpgb-block-2\">Date : Monday 27 March - 09h00<\/div><div class=\"wpgb-block-7\">- Dur\u00e9e : 3h<\/div><div class=\"wpgb-block-4\">Discipline : Neurosurgery<\/div><div class=\"wpgb-block-1 photo-medecin\"><img decoding=\"async\" src=\"https:\/\/www.imagesante.be\/wp-content\/uploads\/2023\/03\/Tudor-RACARU--200x200.jpg\" alt=\"Dr. Tudor RACARU\" width=\"200\" height=\"200\" \/><br\/>Dr. Tudor RACARU<\/div><\/div><\/div><\/div><\/div><\/article><article class=\"wpgb-card wpgb-card-11 wpgb-post-35110\" data-col=\"1\" data-row=\"1\" data-format=\"standard\"><div class=\"wpgb-card-wrapper\"><div class=\"wpgb-card-inner\"><div class=\"wpgb-card-content wpgb-scheme-dark\"><div class=\"wpgb-card-body\"><h4 class=\"wpgb-block-3\">Permeable foramen ovale (PFO) closure<\/h4><div class=\"wpgb-block-2\">Date : Monday 27 March - 09h00<\/div><div class=\"wpgb-block-7\">- Dur\u00e9e : 1h<\/div><div class=\"wpgb-block-4\">Discipline : Cardiology<\/div><div class=\"wpgb-block-1 photo-medecin\"><img decoding=\"async\" src=\"https:\/\/www.imagesante.be\/wp-content\/uploads\/2023\/03\/Patrizio-LANCELLOTTI-300x300.jpg\" alt=\"Pr. Patrizio LANCELLOTTI\" width=\"200\" height=\"200\" \/><br\/>Pr. Patrizio LANCELLOTTI<\/div><div class=\"wpgb-block-6\"><img decoding=\"async\" src=\"https:\/\/www.imagesante.be\/wp-content\/uploads\/2023\/03\/Mathieu-LEMPEREUR.jpg\" width=\"200\" height=\"200\" alt=\"Dr. Mathieu LEMPEREUR\" \/><br\/>Dr. Mathieu LEMPEREUR<\/div><\/div><\/div><\/div><\/div><\/article><article class=\"wpgb-card wpgb-card-11 wpgb-post-35034\" data-col=\"1\" data-row=\"1\" data-format=\"standard\"><div class=\"wpgb-card-wrapper\"><div class=\"wpgb-card-inner\"><div class=\"wpgb-card-content wpgb-scheme-dark\"><div class=\"wpgb-card-body\"><h4 class=\"wpgb-block-3\">Cataract treatment<\/h4><div class=\"wpgb-block-2\">Date : Monday 27 March - 09h45<\/div><div class=\"wpgb-block-7\">- Dur\u00e9e : 45 min<\/div><div class=\"wpgb-block-4\">Discipline : Ophthalmology<\/div><div class=\"wpgb-block-1 photo-medecin\"><img decoding=\"async\" src=\"https:\/\/www.imagesante.be\/wp-content\/uploads\/2023\/03\/chu-200x200.jpg\" alt=\"Pr. Fran\u00e7oise VAN CAUWENBERGE\" width=\"200\" height=\"200\" \/><br\/>Pr. Fran\u00e7oise VAN CAUWENBERGE<\/div><\/div><\/div><\/div><\/div><\/article><article class=\"wpgb-card wpgb-card-11 wpgb-post-35097\" data-col=\"1\" data-row=\"1\" data-format=\"standard\"><div class=\"wpgb-card-wrapper\"><div class=\"wpgb-card-inner\"><div class=\"wpgb-card-content wpgb-scheme-dark\"><div class=\"wpgb-card-body\"><h4 class=\"wpgb-block-3\">Cataracts<\/h4><div class=\"wpgb-block-2\">Date : Monday 27 March - 09h50<\/div><div class=\"wpgb-block-7\">- Dur\u00e9e : 40min<\/div><div class=\"wpgb-block-4\">Discipline : Ophthalmology<\/div><div class=\"wpgb-block-1 photo-medecin\"><img decoding=\"async\" src=\"https:\/\/www.imagesante.be\/wp-content\/uploads\/2023\/03\/chu-200x200.jpg\" alt=\"Dr. Pierre BLAISE\" width=\"200\" height=\"200\" \/><br\/>Dr. Pierre BLAISE<\/div><\/div><\/div><\/div><\/div><\/article><article class=\"wpgb-card wpgb-card-11 wpgb-post-35000\" data-col=\"1\" data-row=\"1\" data-format=\"standard\"><div class=\"wpgb-card-wrapper\"><div class=\"wpgb-card-inner\"><div class=\"wpgb-card-content wpgb-scheme-dark\"><div class=\"wpgb-card-body\"><h4 class=\"wpgb-block-3\">Transcatheter aortic valve implantation (TAVI)<\/h4><div class=\"wpgb-block-2\">Date : Monday 27 March - 10h00<\/div><div class=\"wpgb-block-7\">- Dur\u00e9e : 2h<\/div><div class=\"wpgb-block-4\">Discipline : Cardiology<\/div><div class=\"wpgb-block-1 photo-medecin\"><img decoding=\"async\" src=\"https:\/\/www.imagesante.be\/wp-content\/uploads\/2023\/03\/Patrizio-LANCELLOTTI-300x300.jpg\" alt=\"Pr. Patrizio LANCELLOTTI\" width=\"200\" height=\"200\" \/><br\/>Pr. Patrizio LANCELLOTTI<\/div><div class=\"wpgb-block-6\"><img decoding=\"async\" src=\"https:\/\/www.imagesante.be\/wp-content\/uploads\/2023\/03\/Mathieu-LEMPEREUR.jpg\" width=\"200\" height=\"200\" alt=\"Dr. Mathieu LEMPEREUR\" \/><br\/>Dr. Mathieu LEMPEREUR<\/div><\/div><\/div><\/div><\/div><\/article><article class=\"wpgb-card wpgb-card-11 wpgb-post-35038\" data-col=\"1\" data-row=\"1\" data-format=\"standard\"><div class=\"wpgb-card-wrapper\"><div class=\"wpgb-card-inner\"><div class=\"wpgb-card-content wpgb-scheme-dark\"><div class=\"wpgb-card-body\"><h4 class=\"wpgb-block-3\">Cataract treatment<\/h4><div class=\"wpgb-block-2\">Date : Monday 27 March - 10h30<\/div><div class=\"wpgb-block-7\">- Dur\u00e9e : 45 min<\/div><div class=\"wpgb-block-4\">Discipline : Ophthalmology<\/div><div class=\"wpgb-block-1 photo-medecin\"><img decoding=\"async\" src=\"https:\/\/www.imagesante.be\/wp-content\/uploads\/2023\/03\/chu-200x200.jpg\" alt=\"Pr. Fran\u00e7oise VAN CAUWENBERGE\" width=\"200\" height=\"200\" \/><br\/>Pr. Fran\u00e7oise VAN CAUWENBERGE<\/div><\/div><\/div><\/div><\/div><\/article><article class=\"wpgb-card wpgb-card-11 wpgb-post-35091\" data-col=\"1\" data-row=\"1\" data-format=\"standard\"><div class=\"wpgb-card-wrapper\"><div class=\"wpgb-card-inner\"><div class=\"wpgb-card-content wpgb-scheme-dark\"><div class=\"wpgb-card-body\"><h4 class=\"wpgb-block-3\">Cataracts<\/h4><div class=\"wpgb-block-2\">Date : Monday 27 March - 10h30<\/div><div class=\"wpgb-block-7\">- Dur\u00e9e : 40min<\/div><div class=\"wpgb-block-4\">Discipline : Ophthalmology<\/div><div class=\"wpgb-block-1 photo-medecin\"><img decoding=\"async\" src=\"https:\/\/www.imagesante.be\/wp-content\/uploads\/2023\/03\/chu-200x200.jpg\" alt=\"Dr. Pierre BLAISE\" width=\"200\" height=\"200\" \/><br\/>Dr. Pierre BLAISE<\/div><\/div><\/div><\/div><\/div><\/article><article class=\"wpgb-card wpgb-card-11 wpgb-post-35004\" data-col=\"1\" data-row=\"1\" data-format=\"standard\"><div class=\"wpgb-card-wrapper\"><div class=\"wpgb-card-inner\"><div class=\"wpgb-card-content wpgb-scheme-dark\"><div class=\"wpgb-card-body\"><h4 class=\"wpgb-block-3\">Right exofacial parotidectomy<\/h4><div class=\"wpgb-block-2\">Date : Monday 27 March - 11h00<\/div><div class=\"wpgb-block-7\">- Dur\u00e9e : 5h30<\/div><div class=\"wpgb-block-4\">Discipline : Maxillofacial Surgery<\/div><div class=\"wpgb-block-1 photo-medecin\"><img decoding=\"async\" src=\"https:\/\/www.imagesante.be\/wp-content\/uploads\/2023\/03\/Yves-GILON-300x300.jpg\" alt=\"Pr. Yves GILON\" width=\"200\" height=\"200\" \/><br\/>Pr. Yves GILON<\/div><\/div><\/div><\/div><\/div><\/article><article class=\"wpgb-card wpgb-card-11 wpgb-post-35093\" data-col=\"1\" data-row=\"1\" data-format=\"standard\"><div class=\"wpgb-card-wrapper\"><div class=\"wpgb-card-inner\"><div class=\"wpgb-card-content wpgb-scheme-dark\"><div class=\"wpgb-card-body\"><h4 class=\"wpgb-block-3\">Cataracts<\/h4><div class=\"wpgb-block-2\">Date : Monday 27 March - 11h10<\/div><div class=\"wpgb-block-7\">- Dur\u00e9e : 40min<\/div><div class=\"wpgb-block-4\">Discipline : Ophthalmology<\/div><div class=\"wpgb-block-1 photo-medecin\"><img decoding=\"async\" src=\"https:\/\/www.imagesante.be\/wp-content\/uploads\/2023\/03\/chu-200x200.jpg\" alt=\"Dr. Pierre BLAISE\" width=\"200\" height=\"200\" \/><br\/>Dr. Pierre BLAISE<\/div><\/div><\/div><\/div><\/div><\/article><article class=\"wpgb-card wpgb-card-11 wpgb-post-35041\" data-col=\"1\" data-row=\"1\" data-format=\"standard\"><div class=\"wpgb-card-wrapper\"><div class=\"wpgb-card-inner\"><div class=\"wpgb-card-content wpgb-scheme-dark\"><div class=\"wpgb-card-body\"><h4 class=\"wpgb-block-3\">Cataract treatment<\/h4><div class=\"wpgb-block-2\">Date : Monday 27 March - 11h15<\/div><div class=\"wpgb-block-7\">- Dur\u00e9e : 45 min<\/div><div class=\"wpgb-block-4\">Discipline : Ophthalmology<\/div><div class=\"wpgb-block-1 photo-medecin\"><img decoding=\"async\" src=\"https:\/\/www.imagesante.be\/wp-content\/uploads\/2023\/03\/chu-200x200.jpg\" alt=\"Pr. Fran\u00e7oise VAN CAUWENBERGE\" width=\"200\" height=\"200\" \/><br\/>Pr. Fran\u00e7oise VAN CAUWENBERGE<\/div><\/div><\/div><\/div><\/div><\/article><article class=\"wpgb-card wpgb-card-11 wpgb-post-35043\" data-col=\"1\" data-row=\"1\" data-format=\"standard\"><div class=\"wpgb-card-wrapper\"><div class=\"wpgb-card-inner\"><div class=\"wpgb-card-content wpgb-scheme-dark\"><div class=\"wpgb-card-body\"><h4 class=\"wpgb-block-3\">Cataract treatment<\/h4><div class=\"wpgb-block-2\">Date : Monday 27 March - 12h00<\/div><div class=\"wpgb-block-7\">- Dur\u00e9e : 45 min<\/div><div class=\"wpgb-block-4\">Discipline : Ophthalmology<\/div><div class=\"wpgb-block-1 photo-medecin\"><img decoding=\"async\" src=\"https:\/\/www.imagesante.be\/wp-content\/uploads\/2023\/03\/chu-200x200.jpg\" alt=\"Pr. Fran\u00e7oise VAN CAUWENBERGE\" width=\"200\" height=\"200\" \/><br\/>Pr. Fran\u00e7oise VAN CAUWENBERGE<\/div><\/div><\/div><\/div><\/div><\/article><article class=\"wpgb-card wpgb-card-11 wpgb-post-35044\" data-col=\"1\" data-row=\"1\" data-format=\"standard\"><div class=\"wpgb-card-wrapper\"><div class=\"wpgb-card-inner\"><div class=\"wpgb-card-content wpgb-scheme-dark\"><div class=\"wpgb-card-body\"><h4 class=\"wpgb-block-3\">Anterior cervical approach (2 levels)<\/h4><div class=\"wpgb-block-2\">Date : Monday 27 March - 12h00<\/div><div class=\"wpgb-block-7\">- Dur\u00e9e : 3h<\/div><div class=\"wpgb-block-4\">Discipline : Neurosurgery<\/div><div class=\"wpgb-block-1 photo-medecin\"><img decoding=\"async\" src=\"https:\/\/www.imagesante.be\/wp-content\/uploads\/2023\/03\/Tudor-RACARU--200x200.jpg\" alt=\"Dr. Tudor RACARU\" width=\"200\" height=\"200\" \/><br\/>Dr. Tudor RACARU<\/div><\/div><\/div><\/div><\/div><\/article><article class=\"wpgb-card wpgb-card-11 wpgb-post-35046\" data-col=\"1\" data-row=\"1\" data-format=\"standard\"><div class=\"wpgb-card-wrapper\"><div class=\"wpgb-card-inner\"><div class=\"wpgb-card-content wpgb-scheme-dark\"><div class=\"wpgb-card-body\"><h4 class=\"wpgb-block-3\">Cataract treatment<\/h4><div class=\"wpgb-block-2\">Date : Monday 27 March - 12h45<\/div><div class=\"wpgb-block-7\">- Dur\u00e9e : 45 min<\/div><div class=\"wpgb-block-4\">Discipline : Ophthalmology<\/div><div class=\"wpgb-block-1 photo-medecin\"><img decoding=\"async\" src=\"https:\/\/www.imagesante.be\/wp-content\/uploads\/2023\/03\/chu-200x200.jpg\" alt=\"Pr. Fran\u00e7oise VAN CAUWENBERGE\" width=\"200\" height=\"200\" \/><br\/>Pr. Fran\u00e7oise VAN CAUWENBERGE<\/div><\/div><\/div><\/div><\/div><\/article><article class=\"wpgb-card wpgb-card-11 wpgb-post-35050\" data-col=\"1\" data-row=\"1\" data-format=\"standard\"><div class=\"wpgb-card-wrapper\"><div class=\"wpgb-card-inner\"><div class=\"wpgb-card-content wpgb-scheme-dark\"><div class=\"wpgb-card-body\"><h4 class=\"wpgb-block-3\">Toric implant + vitrectomy<\/h4><div class=\"wpgb-block-2\">Date : Monday 27 March - 13h00<\/div><div class=\"wpgb-block-7\">- Dur\u00e9e : 1h<\/div><div class=\"wpgb-block-4\">Discipline : Ophthalmology<\/div><div class=\"wpgb-block-1 photo-medecin\"><img decoding=\"async\" src=\"https:\/\/www.imagesante.be\/wp-content\/uploads\/2023\/03\/chu-200x200.jpg\" alt=\"Pr. Fran\u00e7oise VAN CAUWENBERGE\" width=\"200\" height=\"200\" \/><br\/>Pr. Fran\u00e7oise VAN CAUWENBERGE<\/div><\/div><\/div><\/div><\/div><\/article><article class=\"wpgb-card wpgb-card-11 wpgb-post-35048\" data-col=\"1\" data-row=\"1\" data-format=\"standard\"><div class=\"wpgb-card-wrapper\"><div class=\"wpgb-card-inner\"><div class=\"wpgb-card-content wpgb-scheme-dark\"><div class=\"wpgb-card-body\"><h4 class=\"wpgb-block-3\">Cataract treatment<\/h4><div class=\"wpgb-block-2\">Date : Monday 27 March - 13h30<\/div><div class=\"wpgb-block-7\">- Dur\u00e9e : 45 min<\/div><div class=\"wpgb-block-4\">Discipline : Ophthalmology<\/div><div class=\"wpgb-block-1 photo-medecin\"><img decoding=\"async\" src=\"https:\/\/www.imagesante.be\/wp-content\/uploads\/2023\/03\/chu-200x200.jpg\" alt=\"Pr. Fran\u00e7oise VAN CAUWENBERGE\" width=\"200\" height=\"200\" \/><br\/>Pr. Fran\u00e7oise VAN CAUWENBERGE<\/div><\/div><\/div><\/div><\/div><\/article><article class=\"wpgb-card wpgb-card-11 wpgb-post-35006\" data-col=\"1\" data-row=\"1\" data-format=\"standard\"><div class=\"wpgb-card-wrapper\"><div class=\"wpgb-card-inner\"><div class=\"wpgb-card-content wpgb-scheme-dark\"><div class=\"wpgb-card-body\"><h4 class=\"wpgb-block-3\">Ablation of atrial fibrillation<\/h4><div class=\"wpgb-block-2\">Date : Monday 27 March - 14h00<\/div><div class=\"wpgb-block-7\">- Dur\u00e9e : 3h<\/div><div class=\"wpgb-block-4\">Discipline : Cardiology<\/div><div class=\"wpgb-block-1 photo-medecin\"><img decoding=\"async\" src=\"https:\/\/www.imagesante.be\/wp-content\/uploads\/2023\/03\/Lieve-VAN-CASTEREN-300x300.jpg\" alt=\"Dr. Lieve VAN CASTEREN\" width=\"200\" height=\"200\" \/><br\/>Dr. Lieve VAN CASTEREN<\/div><\/div><\/div><\/div><\/div><\/article><article class=\"wpgb-card wpgb-card-11 wpgb-post-35052\" data-col=\"1\" data-row=\"1\" data-format=\"standard\"><div class=\"wpgb-card-wrapper\"><div class=\"wpgb-card-inner\"><div class=\"wpgb-card-content wpgb-scheme-dark\"><div class=\"wpgb-card-body\"><h4 class=\"wpgb-block-3\">Toric implant + vitrectomy<\/h4><div class=\"wpgb-block-2\">Date : Monday 27 March - 14h00<\/div><div class=\"wpgb-block-7\">- Dur\u00e9e : 1h<\/div><div class=\"wpgb-block-4\">Discipline : Ophthalmology<\/div><div class=\"wpgb-block-1 photo-medecin\"><img decoding=\"async\" src=\"https:\/\/www.imagesante.be\/wp-content\/uploads\/2023\/03\/chu-200x200.jpg\" alt=\"Pr. Fran\u00e7oise VAN CAUWENBERGE\" width=\"200\" height=\"200\" \/><br\/>Pr. Fran\u00e7oise VAN CAUWENBERGE<\/div><\/div><\/div><\/div><\/div><\/article><article class=\"wpgb-card wpgb-card-11 wpgb-post-35045\" data-col=\"1\" data-row=\"1\" data-format=\"standard\"><div class=\"wpgb-card-wrapper\"><div class=\"wpgb-card-inner\"><div class=\"wpgb-card-content wpgb-scheme-dark\"><div class=\"wpgb-card-body\"><h4 class=\"wpgb-block-3\">Vitrectomy + toric implant<\/h4><div class=\"wpgb-block-2\">Date : Monday 27 March - 14h15<\/div><div class=\"wpgb-block-7\">- Dur\u00e9e : 1h30<\/div><div class=\"wpgb-block-4\">Discipline : Ophthalmology<\/div><div class=\"wpgb-block-1 photo-medecin\"><img decoding=\"async\" src=\"https:\/\/www.imagesante.be\/wp-content\/uploads\/2023\/03\/chu-200x200.jpg\" alt=\"Pr. Jean-Marie RAKIC\" width=\"200\" height=\"200\" \/><br\/>Pr. Jean-Marie RAKIC<\/div><\/div><\/div><\/div><\/div><\/article><article class=\"wpgb-card wpgb-card-11 wpgb-post-35054\" data-col=\"1\" data-row=\"1\" data-format=\"standard\"><div class=\"wpgb-card-wrapper\"><div class=\"wpgb-card-inner\"><div class=\"wpgb-card-content wpgb-scheme-dark\"><div class=\"wpgb-card-body\"><h4 class=\"wpgb-block-3\">Vitrectomy + cataract + removal of anterior chamber implant<\/h4><div class=\"wpgb-block-2\">Date : Monday 27 March - 15h00<\/div><div class=\"wpgb-block-7\">- Dur\u00e9e : 1h30<\/div><div class=\"wpgb-block-4\">Discipline : Ophthalmology<\/div><div class=\"wpgb-block-1 photo-medecin\"><img decoding=\"async\" src=\"https:\/\/www.imagesante.be\/wp-content\/uploads\/2023\/03\/chu-200x200.jpg\" alt=\"Pr. Fran\u00e7oise VAN CAUWENBERGE\" width=\"200\" height=\"200\" \/><br\/>Pr. Fran\u00e7oise VAN CAUWENBERGE<\/div><\/div><\/div><\/div><\/div><\/article><article class=\"wpgb-card wpgb-card-11 wpgb-post-35047\" data-col=\"1\" data-row=\"1\" data-format=\"standard\"><div class=\"wpgb-card-wrapper\"><div class=\"wpgb-card-inner\"><div class=\"wpgb-card-content wpgb-scheme-dark\"><div class=\"wpgb-card-body\"><h4 class=\"wpgb-block-3\">Toric implant + vitrectomy<\/h4><div class=\"wpgb-block-2\">Date : Monday 27 March - 15h45<\/div><div class=\"wpgb-block-7\">- Dur\u00e9e : 1h30<\/div><div class=\"wpgb-block-4\">Discipline : Ophthalmology<\/div><div class=\"wpgb-block-1 photo-medecin\"><img decoding=\"async\" src=\"https:\/\/www.imagesante.be\/wp-content\/uploads\/2023\/03\/chu-200x200.jpg\" alt=\"Pr. Jean-Marie RAKIC\" width=\"200\" height=\"200\" \/><br\/>Pr. Jean-Marie RAKIC<\/div><\/div><\/div><\/div><\/div><\/article><article class=\"wpgb-card wpgb-card-11 wpgb-post-35111\" data-col=\"1\" data-row=\"1\" data-format=\"standard\"><div class=\"wpgb-card-wrapper\"><div class=\"wpgb-card-inner\"><div class=\"wpgb-card-content wpgb-scheme-dark\"><div class=\"wpgb-card-body\"><h4 class=\"wpgb-block-3\">Minimally invasive single aorto-coronary bypass with beating heart<\/h4><div class=\"wpgb-block-2\">Date : Tuesday 28 March - 07h45<\/div><div class=\"wpgb-block-7\">- Dur\u00e9e : 4h<\/div><div class=\"wpgb-block-4\">Discipline : Cardiovascular Surgery<\/div><div class=\"wpgb-block-1 photo-medecin\"><img decoding=\"async\" src=\"https:\/\/www.imagesante.be\/wp-content\/uploads\/2023\/03\/Rodolphe-DURIEUX.jpg\" alt=\"Dr. Rodolphe DURIEUX\" width=\"200\" height=\"200\" \/><br\/>Dr. Rodolphe DURIEUX<\/div><div class=\"wpgb-block-6\"><img decoding=\"async\" src=\"https:\/\/www.imagesante.be\/wp-content\/uploads\/2023\/03\/Delphine-SZECEL-300x300.jpg\" width=\"200\" height=\"200\" alt=\"Dr. Delphine SZECEL\" \/><br\/>Dr. Delphine SZECEL<\/div><\/div><\/div><\/div><\/div><\/article><article class=\"wpgb-card wpgb-card-11 wpgb-post-35086\" data-col=\"1\" data-row=\"1\" data-format=\"standard\"><div class=\"wpgb-card-wrapper\"><div class=\"wpgb-card-inner\"><div class=\"wpgb-card-content wpgb-scheme-dark\"><div class=\"wpgb-card-body\"><h4 class=\"wpgb-block-3\">Right frontal meningioma<\/h4><div class=\"wpgb-block-2\">Date : Tuesday 28 March - 08h00<\/div><div class=\"wpgb-block-7\">- Dur\u00e9e : 3h<\/div><div class=\"wpgb-block-4\">Discipline : Neurosurgery<\/div><div class=\"wpgb-block-1 photo-medecin\"><img decoding=\"async\" src=\"https:\/\/www.imagesante.be\/wp-content\/uploads\/2023\/03\/Didier-MARTIN.jpg\" alt=\"Pr. Didier MARTIN\" width=\"200\" height=\"200\" \/><br\/>Pr. Didier MARTIN<\/div><\/div><\/div><\/div><\/div><\/article><article class=\"wpgb-card wpgb-card-11 wpgb-post-35099\" data-col=\"1\" data-row=\"1\" data-format=\"standard\"><div class=\"wpgb-card-wrapper\"><div class=\"wpgb-card-inner\"><div class=\"wpgb-card-content wpgb-scheme-dark\"><div class=\"wpgb-card-body\"><h4 class=\"wpgb-block-3\">Endovascular repair of abdominal aortic aneurysms<\/h4><div class=\"wpgb-block-2\">Date : Tuesday 28 March - 08h00<\/div><div class=\"wpgb-block-7\">- Dur\u00e9e : 3h<\/div><div class=\"wpgb-block-4\">Discipline : Cardiovascular Surgery<\/div><div class=\"wpgb-block-1 photo-medecin\"><img decoding=\"async\" src=\"https:\/\/www.imagesante.be\/wp-content\/uploads\/2023\/03\/Arnaud-KERZMANN.jpg\" alt=\"Dr. Arnaud KERZMANN\" width=\"200\" height=\"200\" \/><br\/>Dr. Arnaud KERZMANN<\/div><\/div><\/div><\/div><\/div><\/article><article class=\"wpgb-card wpgb-card-11 wpgb-post-35082\" data-col=\"1\" data-row=\"1\" data-format=\"standard\"><div class=\"wpgb-card-wrapper\"><div class=\"wpgb-card-inner\"><div class=\"wpgb-card-content wpgb-scheme-dark\"><div class=\"wpgb-card-body\"><h4 class=\"wpgb-block-3\">Total knee replacement<\/h4><div class=\"wpgb-block-2\">Date : Tuesday 28 March - 08h30<\/div><div class=\"wpgb-block-7\">- Dur\u00e9e : 2h<\/div><div class=\"wpgb-block-4\">Discipline : Orthopaedic surgery<\/div><div class=\"wpgb-block-1 photo-medecin\"><img decoding=\"async\" src=\"https:\/\/www.imagesante.be\/wp-content\/uploads\/2023\/03\/Thierry-THIRION--200x200.jpg\" alt=\"Pr. Thierry THIRION\" width=\"200\" height=\"200\" \/><br\/>Pr. Thierry THIRION<\/div><\/div><\/div><\/div><\/div><\/article><article class=\"wpgb-card wpgb-card-11 wpgb-post-35104\" data-col=\"1\" data-row=\"1\" data-format=\"standard\"><div class=\"wpgb-card-wrapper\"><div class=\"wpgb-card-inner\"><div class=\"wpgb-card-content wpgb-scheme-dark\"><div class=\"wpgb-card-body\"><h4 class=\"wpgb-block-3\">Cataract treatment<\/h4><div class=\"wpgb-block-2\">Date : Tuesday 28 March - 08h30<\/div><div class=\"wpgb-block-7\">- Dur\u00e9e : 1h<\/div><div class=\"wpgb-block-4\">Discipline : Ophthalmology<\/div><div class=\"wpgb-block-1 photo-medecin\"><img decoding=\"async\" src=\"https:\/\/www.imagesante.be\/wp-content\/uploads\/2023\/03\/Serge-GUILLAUME.jpg\" alt=\"Dr. Serge GUILLAUME\" width=\"200\" height=\"200\" \/><br\/>Dr. Serge GUILLAUME<\/div><div class=\"wpgb-block-6\"><img decoding=\"async\" src=\"https:\/\/www.imagesante.be\/wp-content\/uploads\/2023\/03\/Geraldine-DUPONT.jpg\" width=\"200\" height=\"200\" alt=\"Dr. G\u00e9raldine DUPONT\" \/><br\/>Dr. G\u00e9raldine DUPONT<\/div><\/div><\/div><\/div><\/div><\/article><article class=\"wpgb-card wpgb-card-11 wpgb-post-35009\" data-col=\"1\" data-row=\"1\" data-format=\"standard\"><div class=\"wpgb-card-wrapper\"><div class=\"wpgb-card-inner\"><div class=\"wpgb-card-content wpgb-scheme-dark\"><div class=\"wpgb-card-body\"><h4 class=\"wpgb-block-3\">ENT cancer + flap reconstruction<\/h4><div class=\"wpgb-block-2\">Date : Tuesday 28 March - 09h00<\/div><div class=\"wpgb-block-7\">- Dur\u00e9e : 8h<\/div><div class=\"wpgb-block-4\">Discipline : ENT and Cervico-facial Surgery - Plastic Surgery<\/div><div class=\"wpgb-block-1 photo-medecin\"><img decoding=\"async\" src=\"https:\/\/www.imagesante.be\/wp-content\/uploads\/2023\/03\/Pierre-RANSY.jpg\" alt=\"Dr. RANSY\" width=\"200\" height=\"200\" \/><br\/>Dr. RANSY<\/div><div class=\"wpgb-block-6\"><img decoding=\"async\" src=\"https:\/\/www.imagesante.be\/wp-content\/uploads\/2023\/03\/Christophe-NIZET-1-300x300.jpg\" width=\"200\" height=\"200\" alt=\"Dr. Christophe NIZET\" \/><br\/>Dr. Christophe NIZET<\/div><\/div><\/div><\/div><\/div><\/article><article class=\"wpgb-card wpgb-card-11 wpgb-post-35103\" data-col=\"1\" data-row=\"1\" data-format=\"standard\"><div class=\"wpgb-card-wrapper\"><div class=\"wpgb-card-inner\"><div class=\"wpgb-card-content wpgb-scheme-dark\"><div class=\"wpgb-card-body\"><h4 class=\"wpgb-block-3\">Glaucoma implant<\/h4><div class=\"wpgb-block-2\">Date : Tuesday 28 March - 09h30<\/div><div class=\"wpgb-block-7\">- Dur\u00e9e : 1h<\/div><div class=\"wpgb-block-4\">Discipline : Ophthalmology<\/div><div class=\"wpgb-block-1 photo-medecin\"><img decoding=\"async\" src=\"https:\/\/www.imagesante.be\/wp-content\/uploads\/2023\/03\/Serge-GUILLAUME.jpg\" alt=\"Dr. Serge GUILLAUME\" width=\"200\" height=\"200\" \/><br\/>Dr. Serge GUILLAUME<\/div><div class=\"wpgb-block-6\"><img decoding=\"async\" src=\"https:\/\/www.imagesante.be\/wp-content\/uploads\/2023\/03\/Geraldine-DUPONT.jpg\" width=\"200\" height=\"200\" alt=\"Dr. G\u00e9raldine DUPONT\" \/><br\/>Dr. G\u00e9raldine DUPONT<\/div><\/div><\/div><\/div><\/div><\/article><article class=\"wpgb-card wpgb-card-11 wpgb-post-35106\" data-col=\"1\" data-row=\"1\" data-format=\"standard\"><div class=\"wpgb-card-wrapper\"><div class=\"wpgb-card-inner\"><div class=\"wpgb-card-content wpgb-scheme-dark\"><div class=\"wpgb-card-body\"><h4 class=\"wpgb-block-3\">Right eye glaucoma implant<\/h4><div class=\"wpgb-block-2\">Date : Tuesday 28 March - 10h30<\/div><div class=\"wpgb-block-7\">- Dur\u00e9e : 1h<\/div><div class=\"wpgb-block-4\">Discipline : Ophthalmology<\/div><div class=\"wpgb-block-1 photo-medecin\"><img decoding=\"async\" src=\"https:\/\/www.imagesante.be\/wp-content\/uploads\/2023\/03\/Serge-GUILLAUME.jpg\" alt=\"Dr. Serge GUILLAUME\" width=\"200\" height=\"200\" \/><br\/>Dr. Serge GUILLAUME<\/div><div class=\"wpgb-block-6\"><img decoding=\"async\" src=\"https:\/\/www.imagesante.be\/wp-content\/uploads\/2023\/03\/Geraldine-DUPONT.jpg\" width=\"200\" height=\"200\" alt=\"Dr. G\u00e9raldine DUPONT\" \/><br\/>Dr. G\u00e9raldine DUPONT<\/div><\/div><\/div><\/div><\/div><\/article><article class=\"wpgb-card wpgb-card-11 wpgb-post-35095\" data-col=\"1\" data-row=\"1\" data-format=\"standard\"><div class=\"wpgb-card-wrapper\"><div class=\"wpgb-card-inner\"><div class=\"wpgb-card-content wpgb-scheme-dark\"><div class=\"wpgb-card-body\"><h4 class=\"wpgb-block-3\">Total knee replacement<\/h4><div class=\"wpgb-block-2\">Date : Tuesday 28 March - 11h00<\/div><div class=\"wpgb-block-7\">- Dur\u00e9e : 2h<\/div><div class=\"wpgb-block-4\">Discipline : Orthopaedic surgery<\/div><div class=\"wpgb-block-1 photo-medecin\"><img decoding=\"async\" src=\"https:\/\/www.imagesante.be\/wp-content\/uploads\/2023\/03\/Thierry-THIRION--200x200.jpg\" alt=\"Pr. Thierry THIRION\" width=\"200\" height=\"200\" \/><br\/>Pr. Thierry THIRION<\/div><\/div><\/div><\/div><\/div><\/article><article class=\"wpgb-card wpgb-card-11 wpgb-post-35094\" data-col=\"1\" data-row=\"1\" data-format=\"standard\"><div class=\"wpgb-card-wrapper\"><div class=\"wpgb-card-inner\"><div class=\"wpgb-card-content wpgb-scheme-dark\"><div class=\"wpgb-card-body\"><h4 class=\"wpgb-block-3\">Cataract treatment + glaucoma implant left eye<\/h4><div class=\"wpgb-block-2\">Date : Tuesday 28 March - 11h30<\/div><div class=\"wpgb-block-7\">- Dur\u00e9e : 1h15<\/div><div class=\"wpgb-block-4\">Discipline : Ophthalmology<\/div><div class=\"wpgb-block-1 photo-medecin\"><img decoding=\"async\" src=\"https:\/\/www.imagesante.be\/wp-content\/uploads\/2023\/03\/Serge-GUILLAUME.jpg\" alt=\"Dr. Serge GUILLAUME\" width=\"200\" height=\"200\" \/><br\/>Dr. Serge GUILLAUME<\/div><div class=\"wpgb-block-6\"><img decoding=\"async\" src=\"https:\/\/www.imagesante.be\/wp-content\/uploads\/2023\/03\/Geraldine-DUPONT.jpg\" width=\"200\" height=\"200\" alt=\"Dr. G\u00e9raldine DUPONT\" \/><br\/>Dr. G\u00e9raldine DUPONT<\/div><\/div><\/div><\/div><\/div><\/article><article class=\"wpgb-card wpgb-card-11 wpgb-post-35007\" data-col=\"1\" data-row=\"1\" data-format=\"standard\"><div class=\"wpgb-card-wrapper\"><div class=\"wpgb-card-inner\"><div class=\"wpgb-card-content wpgb-scheme-dark\"><div class=\"wpgb-card-body\"><h4 class=\"wpgb-block-3\">Correction of conjectival folds in the context of Lyell syndrome<\/h4><div class=\"wpgb-block-2\">Date : Tuesday 28 March - 13h00<\/div><div class=\"wpgb-block-7\">- Dur\u00e9e : 1h15<\/div><div class=\"wpgb-block-4\">Discipline : Ophthalmology<\/div><div class=\"wpgb-block-1 photo-medecin\"><img decoding=\"async\" src=\"https:\/\/www.imagesante.be\/wp-content\/uploads\/2023\/03\/Gael-XHAUFLAIRE-260x300.jpg\" alt=\"Dr. Ga\u00ebl XHAUFLAIRE\" width=\"200\" height=\"200\" \/><br\/>Dr. Ga\u00ebl XHAUFLAIRE<\/div><\/div><\/div><\/div><\/div><\/article><article class=\"wpgb-card wpgb-card-11 wpgb-post-35012\" data-col=\"1\" data-row=\"1\" data-format=\"standard\"><div class=\"wpgb-card-wrapper\"><div class=\"wpgb-card-inner\"><div class=\"wpgb-card-content wpgb-scheme-dark\"><div class=\"wpgb-card-body\"><h4 class=\"wpgb-block-3\">Dorsal meningioma<\/h4><div class=\"wpgb-block-2\">Date : Tuesday 28 March - 13h00<\/div><div class=\"wpgb-block-7\">- Dur\u00e9e : 5h<\/div><div class=\"wpgb-block-4\">Discipline : Neurosurgery<\/div><div class=\"wpgb-block-1 photo-medecin\"><img decoding=\"async\" src=\"https:\/\/www.imagesante.be\/wp-content\/uploads\/2023\/03\/Gilles-REUTER-200x200.jpg\" alt=\"Dr. Gilles REUTER\" width=\"200\" height=\"200\" \/><br\/>Dr. Gilles REUTER<\/div><\/div><\/div><\/div><\/div><\/article><article class=\"wpgb-card wpgb-card-11 wpgb-post-35025\" data-col=\"1\" data-row=\"1\" data-format=\"standard\"><div class=\"wpgb-card-wrapper\"><div class=\"wpgb-card-inner\"><div class=\"wpgb-card-content wpgb-scheme-dark\"><div class=\"wpgb-card-body\"><h4 class=\"wpgb-block-3\">Corneal transplant<\/h4><div class=\"wpgb-block-2\">Date : Tuesday 28 March - 13h00<\/div><div class=\"wpgb-block-7\">- Dur\u00e9e : 1h<\/div><div class=\"wpgb-block-4\">Discipline : Ophthalmology<\/div><div class=\"wpgb-block-1 photo-medecin\"><img decoding=\"async\" src=\"https:\/\/www.imagesante.be\/wp-content\/uploads\/2023\/03\/Sandrine-HICK--200x200.jpg\" alt=\"Dr. Sandrine HICK\" width=\"200\" height=\"200\" \/><br\/>Dr. Sandrine HICK<\/div><div class=\"wpgb-block-6\"><img decoding=\"async\" src=\"https:\/\/www.imagesante.be\/wp-content\/uploads\/2023\/03\/Celine-LA--200x200.jpg\" width=\"200\" height=\"200\" alt=\"Dr. C\u00e9line LA\" \/><br\/>Dr. C\u00e9line LA<\/div><\/div><\/div><\/div><\/div><\/article><article class=\"wpgb-card wpgb-card-11 wpgb-post-35010\" data-col=\"1\" data-row=\"1\" data-format=\"standard\"><div class=\"wpgb-card-wrapper\"><div class=\"wpgb-card-inner\"><div class=\"wpgb-card-content wpgb-scheme-dark\"><div class=\"wpgb-card-body\"><h4 class=\"wpgb-block-3\">Corneal transplant<\/h4><div class=\"wpgb-block-2\">Date : Tuesday 28 March - 14h00<\/div><div class=\"wpgb-block-7\">- Dur\u00e9e : 1h<\/div><div class=\"wpgb-block-4\">Discipline : Ophthalmology<\/div><div class=\"wpgb-block-1 photo-medecin\"><img decoding=\"async\" src=\"https:\/\/www.imagesante.be\/wp-content\/uploads\/2023\/03\/Sandrine-HICK--200x200.jpg\" alt=\"Dr. Sandrine HICK\" width=\"200\" height=\"200\" \/><br\/>Dr. Sandrine HICK<\/div><div class=\"wpgb-block-6\"><img decoding=\"async\" src=\"https:\/\/www.imagesante.be\/wp-content\/uploads\/2023\/03\/Celine-LA--200x200.jpg\" width=\"200\" height=\"200\" alt=\"Dr. C\u00e9line LA\" \/><br\/>Dr. C\u00e9line LA<\/div><\/div><\/div><\/div><\/div><\/article><article class=\"wpgb-card wpgb-card-11 wpgb-post-35005\" data-col=\"1\" data-row=\"1\" data-format=\"standard\"><div class=\"wpgb-card-wrapper\"><div class=\"wpgb-card-inner\"><div class=\"wpgb-card-content wpgb-scheme-dark\"><div class=\"wpgb-card-body\"><h4 class=\"wpgb-block-3\">Evisceration of left eye lost after tumor and multiple surgeries<\/h4><div class=\"wpgb-block-2\">Date : Tuesday 28 March - 14h15<\/div><div class=\"wpgb-block-7\">- Dur\u00e9e : 1h30<\/div><div class=\"wpgb-block-4\">Discipline : Ophthalmology<\/div><div class=\"wpgb-block-1 photo-medecin\"><img decoding=\"async\" src=\"https:\/\/www.imagesante.be\/wp-content\/uploads\/2023\/03\/Gael-XHAUFLAIRE-260x300.jpg\" alt=\"Dr. Ga\u00ebl XHAUFLAIRE\" width=\"200\" height=\"200\" \/><br\/>Dr. Ga\u00ebl XHAUFLAIRE<\/div><\/div><\/div><\/div><\/div><\/article><article class=\"wpgb-card wpgb-card-11 wpgb-post-35013\" data-col=\"1\" data-row=\"1\" data-format=\"standard\"><div class=\"wpgb-card-wrapper\"><div class=\"wpgb-card-inner\"><div class=\"wpgb-card-content wpgb-scheme-dark\"><div class=\"wpgb-card-body\"><h4 class=\"wpgb-block-3\">Corneal transplant<\/h4><div class=\"wpgb-block-2\">Date : Tuesday 28 March - 15h00<\/div><div class=\"wpgb-block-7\">- Dur\u00e9e : 1h<\/div><div class=\"wpgb-block-4\">Discipline : Ophthalmology<\/div><div class=\"wpgb-block-1 photo-medecin\"><img decoding=\"async\" src=\"https:\/\/www.imagesante.be\/wp-content\/uploads\/2023\/03\/Sandrine-HICK--200x200.jpg\" alt=\"Dr. Sandrine HICK\" width=\"200\" height=\"200\" \/><br\/>Dr. Sandrine HICK<\/div><div class=\"wpgb-block-6\"><img decoding=\"async\" src=\"https:\/\/www.imagesante.be\/wp-content\/uploads\/2023\/03\/Celine-LA--200x200.jpg\" width=\"200\" height=\"200\" alt=\"Dr. C\u00e9line LA\" \/><br\/>Dr. C\u00e9line LA<\/div><\/div><\/div><\/div><\/div><\/article><article class=\"wpgb-card wpgb-card-11 wpgb-post-35008\" data-col=\"1\" data-row=\"1\" data-format=\"standard\"><div class=\"wpgb-card-wrapper\"><div class=\"wpgb-card-inner\"><div class=\"wpgb-card-content wpgb-scheme-dark\"><div class=\"wpgb-card-body\"><h4 class=\"wpgb-block-3\">Single minimally invasive coronary bypass (left thoracotomy)<\/h4><div class=\"wpgb-block-2\">Date : Thursday 30 March - 07h45<\/div><div class=\"wpgb-block-7\">- Dur\u00e9e : 4h<\/div><div class=\"wpgb-block-4\">Discipline : Cardiovascular Surgery<\/div><div class=\"wpgb-block-1 photo-medecin\"><img decoding=\"async\" src=\"https:\/\/www.imagesante.be\/wp-content\/uploads\/2023\/03\/Jean-Paul-LAVIGNE-1-260x300.jpg\" alt=\"Pr. Jean-Paul LAVIGNE\" width=\"200\" height=\"200\" \/><br\/>Pr. Jean-Paul LAVIGNE<\/div><div class=\"wpgb-block-6\"><img decoding=\"async\" src=\"https:\/\/www.imagesante.be\/wp-content\/uploads\/2023\/03\/Samuel-BRULS.jpg\" width=\"200\" height=\"200\" alt=\"Dr. Samuel BRULS\" \/><br\/>Dr. Samuel BRULS<\/div><div class=\"wpgb-block-5\"><img decoding=\"async\" src=\"https:\/\/www.imagesante.be\/wp-content\/uploads\/2023\/03\/Vincent-TCHANA-SATO.jpg\" width=\"200\" height=\"200\" alt=\"Pr. Vincent TCHANA SATO\" \/><br\/>Pr. Vincent TCHANA SATO<\/div><\/div><\/div><\/div><\/div><\/article><article class=\"wpgb-card wpgb-card-11 wpgb-post-35002\" data-col=\"1\" data-row=\"1\" data-format=\"standard\"><div class=\"wpgb-card-wrapper\"><div class=\"wpgb-card-inner\"><div class=\"wpgb-card-content wpgb-scheme-dark\"><div class=\"wpgb-card-body\"><h4 class=\"wpgb-block-3\">Right frontal cavernoma<\/h4><div class=\"wpgb-block-2\">Date : Thursday 30 March - 08h00<\/div><div class=\"wpgb-block-7\">- Dur\u00e9e : 3h<\/div><div class=\"wpgb-block-4\">Discipline : Neurosurgery<\/div><div class=\"wpgb-block-1 photo-medecin\"><img decoding=\"async\" src=\"https:\/\/www.imagesante.be\/wp-content\/uploads\/2023\/03\/Didier-MARTIN-1-300x300.jpg\" alt=\"Pr. Didier MARTIN\" width=\"200\" height=\"200\" \/><br\/>Pr. Didier MARTIN<\/div><\/div><\/div><\/div><\/div><\/article><article class=\"wpgb-card wpgb-card-11 wpgb-post-35101\" data-col=\"1\" data-row=\"1\" data-format=\"standard\"><div class=\"wpgb-card-wrapper\"><div class=\"wpgb-card-inner\"><div class=\"wpgb-card-content wpgb-scheme-dark\"><div class=\"wpgb-card-body\"><h4 class=\"wpgb-block-3\">Bronchial valve replacement<\/h4><div class=\"wpgb-block-2\">Date : Thursday 30 March - 09h00<\/div><div class=\"wpgb-block-7\">- Dur\u00e9e : 30min<\/div><div class=\"wpgb-block-4\">Discipline : Lung endoscopy<\/div><div class=\"wpgb-block-1 photo-medecin\"><img decoding=\"async\" src=\"https:\/\/www.imagesante.be\/wp-content\/uploads\/2023\/03\/Bernard-DUYSINX-e1740735052377.jpg\" alt=\"Pr. Bernard DUYSINX\" width=\"200\" height=\"200\" \/><br\/>Pr. Bernard DUYSINX<\/div><\/div><\/div><\/div><\/div><\/article><article class=\"wpgb-card wpgb-card-11 wpgb-post-35098\" data-col=\"1\" data-row=\"1\" data-format=\"standard\"><div class=\"wpgb-card-wrapper\"><div class=\"wpgb-card-inner\"><div class=\"wpgb-card-content wpgb-scheme-dark\"><div class=\"wpgb-card-body\"><h4 class=\"wpgb-block-3\">Bronchoalveolar lavage + biopsy<\/h4><div class=\"wpgb-block-2\">Date : Thursday 30 March - 09h30<\/div><div class=\"wpgb-block-7\">- Dur\u00e9e : 30min<\/div><div class=\"wpgb-block-4\">Discipline : Lung endoscopy<\/div><div class=\"wpgb-block-1 photo-medecin\"><img decoding=\"async\" src=\"https:\/\/www.imagesante.be\/wp-content\/uploads\/2023\/03\/Bernard-DUYSINX-e1740735052377.jpg\" alt=\"Pr. Bernard DUYSINX\" width=\"200\" height=\"200\" \/><br\/>Pr. Bernard DUYSINX<\/div><\/div><\/div><\/div><\/div><\/article><article class=\"wpgb-card wpgb-card-11 wpgb-post-35001\" data-col=\"1\" data-row=\"1\" data-format=\"standard\"><div class=\"wpgb-card-wrapper\"><div class=\"wpgb-card-inner\"><div class=\"wpgb-card-content wpgb-scheme-dark\"><div class=\"wpgb-card-body\"><h4 class=\"wpgb-block-3\">Bilateral breast reduction<\/h4><div class=\"wpgb-block-2\">Date : Thursday 30 March - 10h00<\/div><div class=\"wpgb-block-7\">- Dur\u00e9e : 2h30<\/div><div class=\"wpgb-block-4\">Discipline : Plastic and Maxillofacial Surgery<\/div><div class=\"wpgb-block-1 photo-medecin\"><img decoding=\"async\" src=\"https:\/\/www.imagesante.be\/wp-content\/uploads\/2023\/03\/Christophe-NIZET-1-300x300.jpg\" alt=\"Dr. Christophe NIZET\" width=\"200\" height=\"200\" \/><br\/>Dr. Christophe NIZET<\/div><\/div><\/div><\/div><\/div><\/article><article class=\"wpgb-card wpgb-card-11 wpgb-post-35096\" data-col=\"1\" data-row=\"1\" data-format=\"standard\"><div class=\"wpgb-card-wrapper\"><div class=\"wpgb-card-inner\"><div class=\"wpgb-card-content wpgb-scheme-dark\"><div class=\"wpgb-card-body\"><div class=\"wpgb-block-2\">Date : Thursday 30 March - 13h00<\/div><div class=\"wpgb-block-4\">Discipline : Gastric endoscopy<\/div><div class=\"wpgb-block-1 photo-medecin\"><img decoding=\"async\" src=\"https:\/\/www.imagesante.be\/wp-content\/uploads\/2023\/03\/Jean-Philippe-LOLY.jpg\" alt=\"Dr. Jean-Philippe LOLY\" width=\"200\" height=\"200\" \/><br\/>Dr. Jean-Philippe LOLY<\/div><\/div><\/div><\/div><\/div><\/article><article class=\"wpgb-card wpgb-card-11 wpgb-post-35049\" data-col=\"1\" data-row=\"1\" data-format=\"standard\"><div class=\"wpgb-card-wrapper\"><div class=\"wpgb-card-inner\"><div class=\"wpgb-card-content wpgb-scheme-dark\"><div class=\"wpgb-card-body\"><h4 class=\"wpgb-block-3\">Cataract (multifocal implant)<\/h4><div class=\"wpgb-block-2\">Date : Thursday 30 March - 15h00<\/div><div class=\"wpgb-block-7\">- Dur\u00e9e : 45 min<\/div><div class=\"wpgb-block-4\">Discipline : Ophthalmology<\/div><div class=\"wpgb-block-1 photo-medecin\"><img decoding=\"async\" src=\"https:\/\/www.imagesante.be\/wp-content\/uploads\/2023\/03\/chu-200x200.jpg\" alt=\"Pr. Fran\u00e7oise VAN CAUWENBERGE\" width=\"200\" height=\"200\" \/><br\/>Pr. Fran\u00e7oise VAN CAUWENBERGE<\/div><div class=\"wpgb-block-6\"><img decoding=\"async\" src=\"https:\/\/www.imagesante.be\/wp-content\/uploads\/2023\/03\/chu-200x200.jpg\" width=\"200\" height=\"200\" alt=\"Pr. Jean-Marie RAKIC\" \/><br\/>Pr. Jean-Marie RAKIC<\/div><\/div><\/div><\/div><\/div><\/article><article class=\"wpgb-card wpgb-card-11 wpgb-post-35051\" data-col=\"1\" data-row=\"1\" data-format=\"standard\"><div class=\"wpgb-card-wrapper\"><div class=\"wpgb-card-inner\"><div class=\"wpgb-card-content wpgb-scheme-dark\"><div class=\"wpgb-card-body\"><h4 class=\"wpgb-block-3\">Cataract + vitrectomy<\/h4><div class=\"wpgb-block-2\">Date : Thursday 30 March - 15h45<\/div><div class=\"wpgb-block-7\">- Dur\u00e9e : 45 min<\/div><div class=\"wpgb-block-4\">Discipline : Ophthalmology<\/div><div class=\"wpgb-block-1 photo-medecin\"><img decoding=\"async\" src=\"https:\/\/www.imagesante.be\/wp-content\/uploads\/2023\/03\/chu-200x200.jpg\" alt=\"Pr. Fran\u00e7oise VAN CAUWENBERGE\" width=\"200\" height=\"200\" \/><br\/>Pr. Fran\u00e7oise VAN CAUWENBERGE<\/div><div class=\"wpgb-block-6\"><img decoding=\"async\" src=\"https:\/\/www.imagesante.be\/wp-content\/uploads\/2023\/03\/chu-200x200.jpg\" width=\"200\" height=\"200\" alt=\"Pr. Jean-Marie RAKIC\" \/><br\/>Pr. Jean-Marie RAKIC<\/div><\/div><\/div><\/div><\/div><\/article><article class=\"wpgb-card wpgb-card-11 wpgb-post-35011\" data-col=\"1\" data-row=\"1\" data-format=\"standard\"><div class=\"wpgb-card-wrapper\"><div class=\"wpgb-card-inner\"><div class=\"wpgb-card-content wpgb-scheme-dark\"><div class=\"wpgb-card-body\"><h4 class=\"wpgb-block-3\">Adrenalectomy<\/h4><div class=\"wpgb-block-2\">Date : Friday 31 March - 08h00<\/div><div class=\"wpgb-block-7\">- Dur\u00e9e : 2h30<\/div><div class=\"wpgb-block-4\">Discipline : Abdominal and endocrine gland surgery<\/div><div class=\"wpgb-block-1 photo-medecin\"><img decoding=\"async\" src=\"https:\/\/www.imagesante.be\/wp-content\/uploads\/2023\/03\/Etienne-HAMOIR-1-260x300.jpg\" alt=\"Dr. Etienne HAMOIR\" width=\"200\" height=\"200\" \/><br\/>Dr. Etienne HAMOIR<\/div><\/div><\/div><\/div><\/div><\/article><article class=\"wpgb-card wpgb-card-11 wpgb-post-35100\" data-col=\"1\" data-row=\"1\" data-format=\"standard\"><div class=\"wpgb-card-wrapper\"><div class=\"wpgb-card-inner\"><div class=\"wpgb-card-content wpgb-scheme-dark\"><div class=\"wpgb-card-body\"><h4 class=\"wpgb-block-3\">Endovascular treatment of a descending thoracic aortic aneurysm<\/h4><div class=\"wpgb-block-2\">Date : Friday 31 March - 08h00<\/div><div class=\"wpgb-block-7\">- Dur\u00e9e : 3h<\/div><div class=\"wpgb-block-4\">Discipline : Cardiovascular Surgery<\/div><div class=\"wpgb-block-1 photo-medecin\"><img decoding=\"async\" src=\"https:\/\/www.imagesante.be\/wp-content\/uploads\/2023\/03\/Natzi-SAKALIHASAN.jpg\" alt=\"Pr. Natzi SAKALIHASAN\" width=\"200\" height=\"200\" \/><br\/>Pr. Natzi SAKALIHASAN<\/div><div class=\"wpgb-block-6\"><img decoding=\"async\" src=\"https:\/\/www.imagesante.be\/wp-content\/uploads\/2023\/03\/Quentin-DESIRON-1-200x200.jpg\" width=\"200\" height=\"200\" alt=\"Dr Quentin DESIRON\" \/><br\/>Dr Quentin DESIRON<\/div><\/div><\/div><\/div><\/div><\/article><article class=\"wpgb-card wpgb-card-11 wpgb-post-35107\" data-col=\"1\" data-row=\"1\" data-format=\"standard\"><div class=\"wpgb-card-wrapper\"><div class=\"wpgb-card-inner\"><div class=\"wpgb-card-content wpgb-scheme-dark\"><div class=\"wpgb-card-body\"><h4 class=\"wpgb-block-3\">Meningioma, right cerebellopontine angle<\/h4><div class=\"wpgb-block-2\">Date : Friday 31 March - 08h00<\/div><div class=\"wpgb-block-7\">- Dur\u00e9e : 7h<\/div><div class=\"wpgb-block-4\">Discipline : Neurosurgery<\/div><div class=\"wpgb-block-1 photo-medecin\"><img decoding=\"async\" src=\"https:\/\/www.imagesante.be\/wp-content\/uploads\/2023\/03\/Didier-MARTIN.jpg\" alt=\"Pr. Didier MARTIN\" width=\"200\" height=\"200\" \/><br\/>Pr. Didier MARTIN<\/div><\/div><\/div><\/div><\/div><\/article><article class=\"wpgb-card wpgb-card-11 wpgb-post-35109\" data-col=\"1\" data-row=\"1\" data-format=\"standard\"><div class=\"wpgb-card-wrapper\"><div class=\"wpgb-card-inner\"><div class=\"wpgb-card-content wpgb-scheme-dark\"><div class=\"wpgb-card-body\"><h4 class=\"wpgb-block-3\">Placement of a thumb prosthesis (Keri Medical Touch prosthesis)<\/h4><div class=\"wpgb-block-2\">Date : Friday 31 March - 08h00<\/div><div class=\"wpgb-block-7\">- Dur\u00e9e : 2h<\/div><div class=\"wpgb-block-4\">Discipline : Hand Surgery<\/div><div class=\"wpgb-block-1 photo-medecin\"><img decoding=\"async\" src=\"https:\/\/www.imagesante.be\/wp-content\/uploads\/2023\/03\/Charlotte-WAXWEILER.jpg\" alt=\"Dr. Charlotte WAXWEILER\" width=\"200\" height=\"200\" \/><br\/>Dr. Charlotte WAXWEILER<\/div><\/div><\/div><\/div><\/div><\/article><article class=\"wpgb-card wpgb-card-11 wpgb-post-35105\" data-col=\"1\" data-row=\"1\" data-format=\"standard\"><div class=\"wpgb-card-wrapper\"><div class=\"wpgb-card-inner\"><div class=\"wpgb-card-content wpgb-scheme-dark\"><div class=\"wpgb-card-body\"><h4 class=\"wpgb-block-3\">Parotidectomy<\/h4><div class=\"wpgb-block-2\">Date : Friday 31 March - 09h00<\/div><div class=\"wpgb-block-7\">- Dur\u00e9e : 2h<\/div><div class=\"wpgb-block-4\">Discipline : ENT and Cervico-facial Surgery  <\/div><div class=\"wpgb-block-1 photo-medecin\"><img decoding=\"async\" src=\"https:\/\/www.imagesante.be\/wp-content\/uploads\/2023\/03\/Olivier-BOUCHAIN.jpg\" alt=\"Dr. Olivier BOUCHAIN\" width=\"200\" height=\"200\" \/><br\/>Dr. Olivier BOUCHAIN<\/div><div class=\"wpgb-block-6\"><img decoding=\"async\" src=\"https:\/\/www.imagesante.be\/wp-content\/uploads\/2023\/03\/Marie-DETROZ.jpg\" width=\"200\" height=\"200\" alt=\"Dr. Marie DETROZ\" \/><br\/>Dr. Marie DETROZ<\/div><\/div><\/div><\/div><\/div><\/article><article class=\"wpgb-card wpgb-card-11 wpgb-post-35112\" data-col=\"1\" data-row=\"1\" data-format=\"standard\"><div class=\"wpgb-card-wrapper\"><div class=\"wpgb-card-inner\"><div class=\"wpgb-card-content wpgb-scheme-dark\"><div class=\"wpgb-card-body\"><h4 class=\"wpgb-block-3\">Anterior transposition of the ulnar nerve (NTAC) + carpal tunnel<\/h4><div class=\"wpgb-block-2\">Date : Friday 31 March - 10h00<\/div><div class=\"wpgb-block-7\">- Dur\u00e9e : 1h30<\/div><div class=\"wpgb-block-4\">Discipline : Hand Surgery<\/div><div class=\"wpgb-block-1 photo-medecin\"><img decoding=\"async\" src=\"https:\/\/www.imagesante.be\/wp-content\/uploads\/2023\/03\/Charlotte-WAXWEILER.jpg\" alt=\"Dr. Charlotte WAXWEILER\" width=\"200\" height=\"200\" \/><br\/>Dr. Charlotte WAXWEILER<\/div><\/div><\/div><\/div><\/div><\/article><article class=\"wpgb-card wpgb-card-11 wpgb-post-35114\" data-col=\"1\" data-row=\"1\" data-format=\"standard\"><div class=\"wpgb-card-wrapper\"><div class=\"wpgb-card-inner\"><div class=\"wpgb-card-content wpgb-scheme-dark\"><div class=\"wpgb-card-body\"><h4 class=\"wpgb-block-3\">Breast cancer treatment<\/h4><div class=\"wpgb-block-2\">Date : Friday 31 March - 13h00<\/div><div class=\"wpgb-block-7\">- Dur\u00e9e : 3h<\/div><div class=\"wpgb-block-4\">Discipline : Plastic and Maxillofacial Surgery<\/div><div class=\"wpgb-block-1 photo-medecin\"><img decoding=\"async\" src=\"https:\/\/www.imagesante.be\/wp-content\/uploads\/2023\/03\/Christophe-NIZET.jpg\" alt=\"Dr. Christophe NIZET\" width=\"200\" height=\"200\" \/><br\/>Dr. Christophe NIZET<\/div><\/div><\/div><\/div><\/div><\/article><article class=\"wpgb-card wpgb-card-11 wpgb-post-35053\" data-col=\"1\" data-row=\"1\" data-format=\"standard\"><div class=\"wpgb-card-wrapper\"><div class=\"wpgb-card-inner\"><div class=\"wpgb-card-content wpgb-scheme-dark\"><div class=\"wpgb-card-body\"><h4 class=\"wpgb-block-3\">Cataract + vitrectomy<\/h4><div class=\"wpgb-block-2\">Date : Friday 31 March - 14h15<\/div><div class=\"wpgb-block-7\">- Dur\u00e9e : 1h<\/div><div class=\"wpgb-block-4\">Discipline : Ophthalmology<\/div><div class=\"wpgb-block-1 photo-medecin\"><img decoding=\"async\" src=\"https:\/\/www.imagesante.be\/wp-content\/uploads\/2023\/03\/chu-200x200.jpg\" alt=\"Pr. Fran\u00e7oise VAN CAUWENBERGE\" width=\"200\" height=\"200\" \/><br\/>Pr. Fran\u00e7oise VAN CAUWENBERGE<\/div><div class=\"wpgb-block-6\"><img decoding=\"async\" src=\"https:\/\/www.imagesante.be\/wp-content\/uploads\/2023\/03\/chu-200x200.jpg\" width=\"200\" height=\"200\" alt=\"Pr. Jean-Marie RAKIC\" \/><br\/>Pr. Jean-Marie RAKIC<\/div><\/div><\/div><\/div><\/div><\/article><article class=\"wpgb-card wpgb-card-11 wpgb-post-34999\" data-col=\"1\" data-row=\"1\" data-format=\"standard\"><div class=\"wpgb-card-wrapper\"><div class=\"wpgb-card-inner\"><div class=\"wpgb-card-content wpgb-scheme-dark\"><div class=\"wpgb-card-body\"><h4 class=\"wpgb-block-3\">Cataract + vitrectomy<\/h4><div class=\"wpgb-block-2\">Date : Friday 31 March - 15h15<\/div><div class=\"wpgb-block-7\">- Dur\u00e9e : 1h<\/div><div class=\"wpgb-block-4\">Discipline : Ophthalmology<\/div><div class=\"wpgb-block-1 photo-medecin\"><img decoding=\"async\" src=\"https:\/\/www.imagesante.be\/wp-content\/uploads\/2023\/03\/chu-200x200.jpg\" alt=\"Pr. Fran\u00e7oise VAN CAUWENBERGE\" width=\"200\" height=\"200\" \/><br\/>Pr. Fran\u00e7oise VAN CAUWENBERGE<\/div><div class=\"wpgb-block-6\"><img decoding=\"async\" src=\"https:\/\/www.imagesante.be\/wp-content\/uploads\/2023\/03\/chu-200x200.jpg\" width=\"200\" height=\"200\" alt=\"Pr. Jean-Marie RAKIC\" \/><br\/>Pr. Jean-Marie RAKIC<\/div><\/div><\/div><\/div><\/div><\/article>\t\t<\/div>\n\t<\/div>\n\t<\/div>\n\t<\/div>\n\t\t<\/div>\n<\/div>\n\n<p>[\/et_pb_text][\/et_pb_column][\/et_pb_row][\/et_pb_section]<\/p>\n","protected":false},"excerpt":{"rendered":"<p>Festival Imag\u00e9Sant\u00e9 2023<\/p>\n","protected":false},"author":1,"featured_media":0,"parent":0,"menu_order":0,"comment_status":"closed","ping_status":"closed","template":"","meta":{"_acf_changed":false,"_et_pb_use_builder":"on","_et_pb_old_content":"","_et_gb_content_width":"","_lmt_disableupdate":"","_lmt_disable":"","_monsterinsights_skip_tracking":false,"_monsterinsights_sitenote_active":false,"_monsterinsights_sitenote_note":"","_monsterinsights_sitenote_category":0,"footnotes":"","_wp_rev_ctl_limit":""},"class_list":["post-40525","page","type-page","status-publish","hentry"],"acf":[],"yoast_head":"<!-- This site is optimized with the Yoast SEO plugin v25.0 - https:\/\/yoast.com\/wordpress\/plugins\/seo\/ -->\n<title>Imag\u00e9Sant\u00e9 2023 - Festival Imag\u00e9sant\u00e9<\/title>\n<meta name=\"description\" content=\"Festival Imag\u00e9Sant\u00e9 2023\" \/>\n<meta name=\"robots\" content=\"index, follow, max-snippet:-1, max-image-preview:large, max-video-preview:-1\" \/>\n<link rel=\"canonical\" href=\"https:\/\/www.imagesante.be\/en\/imagesante-2023-2\/\" \/>\n<meta property=\"og:locale\" content=\"en_US\" \/>\n<meta property=\"og:type\" content=\"article\" \/>\n<meta property=\"og:title\" content=\"Imag\u00e9Sant\u00e9 2023 - Festival Imag\u00e9sant\u00e9\" \/>\n<meta property=\"og:description\" content=\"Festival Imag\u00e9Sant\u00e9 2023\" \/>\n<meta property=\"og:url\" content=\"https:\/\/www.imagesante.be\/en\/imagesante-2023-2\/\" \/>\n<meta property=\"og:site_name\" content=\"Festival Imag\u00e9sant\u00e9\" \/>\n<meta property=\"og:image\" content=\"https:\/\/www.imagesante.be\/wp-content\/uploads\/2021\/03\/FU5A8748-300x200.jpg\" \/>\n<meta name=\"twitter:card\" content=\"summary_large_image\" \/>\n<script type=\"application\/ld+json\" class=\"yoast-schema-graph\">{\"@context\":\"https:\/\/schema.org\",\"@graph\":[{\"@type\":\"WebPage\",\"@id\":\"https:\/\/www.imagesante.be\/en\/imagesante-2023-2\/\",\"url\":\"https:\/\/www.imagesante.be\/en\/imagesante-2023-2\/\",\"name\":\"Imag\u00e9Sant\u00e9 2023 - Festival Imag\u00e9sant\u00e9\",\"isPartOf\":{\"@id\":\"https:\/\/www.imagesante.be\/en\/#website\"},\"primaryImageOfPage\":{\"@id\":\"https:\/\/www.imagesante.be\/en\/imagesante-2023-2\/#primaryimage\"},\"image\":{\"@id\":\"https:\/\/www.imagesante.be\/en\/imagesante-2023-2\/#primaryimage\"},\"thumbnailUrl\":\"https:\/\/www.imagesante.be\/wp-content\/uploads\/2021\/03\/FU5A8748-300x200.jpg\",\"datePublished\":\"2026-02-02T11:12:10+00:00\",\"description\":\"Festival Imag\u00e9Sant\u00e9 2023\",\"breadcrumb\":{\"@id\":\"https:\/\/www.imagesante.be\/en\/imagesante-2023-2\/#breadcrumb\"},\"inLanguage\":\"en-US\",\"potentialAction\":[{\"@type\":\"ReadAction\",\"target\":[\"https:\/\/www.imagesante.be\/en\/imagesante-2023-2\/\"]}]},{\"@type\":\"ImageObject\",\"inLanguage\":\"en-US\",\"@id\":\"https:\/\/www.imagesante.be\/en\/imagesante-2023-2\/#primaryimage\",\"url\":\"https:\/\/www.imagesante.be\/wp-content\/uploads\/2021\/03\/FU5A8748-300x200.jpg\",\"contentUrl\":\"https:\/\/www.imagesante.be\/wp-content\/uploads\/2021\/03\/FU5A8748-300x200.jpg\"},{\"@type\":\"BreadcrumbList\",\"@id\":\"https:\/\/www.imagesante.be\/en\/imagesante-2023-2\/#breadcrumb\",\"itemListElement\":[{\"@type\":\"ListItem\",\"position\":1,\"name\":\"Accueil\",\"item\":\"https:\/\/www.imagesante.be\/en\/home\/\"},{\"@type\":\"ListItem\",\"position\":2,\"name\":\"Imag\u00e9Sant\u00e9 2023\"}]},{\"@type\":\"WebSite\",\"@id\":\"https:\/\/www.imagesante.be\/en\/#website\",\"url\":\"https:\/\/www.imagesante.be\/en\/\",\"name\":\"Festival Imag\u00e9sant\u00e9\",\"description\":\"\",\"publisher\":{\"@id\":\"https:\/\/www.imagesante.be\/en\/#organization\"},\"potentialAction\":[{\"@type\":\"SearchAction\",\"target\":{\"@type\":\"EntryPoint\",\"urlTemplate\":\"https:\/\/www.imagesante.be\/en\/?s={search_term_string}\"},\"query-input\":{\"@type\":\"PropertyValueSpecification\",\"valueRequired\":true,\"valueName\":\"search_term_string\"}}],\"inLanguage\":\"en-US\"},{\"@type\":\"Organization\",\"@id\":\"https:\/\/www.imagesante.be\/en\/#organization\",\"name\":\"Imag\u00e9Sant\u00e9\",\"url\":\"https:\/\/www.imagesante.be\/en\/\",\"logo\":{\"@type\":\"ImageObject\",\"inLanguage\":\"en-US\",\"@id\":\"https:\/\/www.imagesante.be\/en\/#\/schema\/logo\/image\/\",\"url\":\"https:\/\/www.imagesante.be\/wp-content\/uploads\/2019\/06\/Festival-positif-carre.jpg\",\"contentUrl\":\"https:\/\/www.imagesante.be\/wp-content\/uploads\/2019\/06\/Festival-positif-carre.jpg\",\"width\":498,\"height\":498,\"caption\":\"Imag\u00e9Sant\u00e9\"},\"image\":{\"@id\":\"https:\/\/www.imagesante.be\/en\/#\/schema\/logo\/image\/\"}}]}<\/script>\n<!-- \/ Yoast SEO plugin. -->","yoast_head_json":{"title":"Imag\u00e9Sant\u00e9 2023 - Festival Imag\u00e9sant\u00e9","description":"Festival Imag\u00e9Sant\u00e9 2023","robots":{"index":"index","follow":"follow","max-snippet":"max-snippet:-1","max-image-preview":"max-image-preview:large","max-video-preview":"max-video-preview:-1"},"canonical":"https:\/\/www.imagesante.be\/en\/imagesante-2023-2\/","og_locale":"en_US","og_type":"article","og_title":"Imag\u00e9Sant\u00e9 2023 - Festival Imag\u00e9sant\u00e9","og_description":"Festival Imag\u00e9Sant\u00e9 2023","og_url":"https:\/\/www.imagesante.be\/en\/imagesante-2023-2\/","og_site_name":"Festival Imag\u00e9sant\u00e9","og_image":[{"url":"https:\/\/www.imagesante.be\/wp-content\/uploads\/2021\/03\/FU5A8748-300x200.jpg","type":"","width":"","height":""}],"twitter_card":"summary_large_image","schema":{"@context":"https:\/\/schema.org","@graph":[{"@type":"WebPage","@id":"https:\/\/www.imagesante.be\/en\/imagesante-2023-2\/","url":"https:\/\/www.imagesante.be\/en\/imagesante-2023-2\/","name":"Imag\u00e9Sant\u00e9 2023 - Festival Imag\u00e9sant\u00e9","isPartOf":{"@id":"https:\/\/www.imagesante.be\/en\/#website"},"primaryImageOfPage":{"@id":"https:\/\/www.imagesante.be\/en\/imagesante-2023-2\/#primaryimage"},"image":{"@id":"https:\/\/www.imagesante.be\/en\/imagesante-2023-2\/#primaryimage"},"thumbnailUrl":"https:\/\/www.imagesante.be\/wp-content\/uploads\/2021\/03\/FU5A8748-300x200.jpg","datePublished":"2026-02-02T11:12:10+00:00","description":"Festival Imag\u00e9Sant\u00e9 2023","breadcrumb":{"@id":"https:\/\/www.imagesante.be\/en\/imagesante-2023-2\/#breadcrumb"},"inLanguage":"en-US","potentialAction":[{"@type":"ReadAction","target":["https:\/\/www.imagesante.be\/en\/imagesante-2023-2\/"]}]},{"@type":"ImageObject","inLanguage":"en-US","@id":"https:\/\/www.imagesante.be\/en\/imagesante-2023-2\/#primaryimage","url":"https:\/\/www.imagesante.be\/wp-content\/uploads\/2021\/03\/FU5A8748-300x200.jpg","contentUrl":"https:\/\/www.imagesante.be\/wp-content\/uploads\/2021\/03\/FU5A8748-300x200.jpg"},{"@type":"BreadcrumbList","@id":"https:\/\/www.imagesante.be\/en\/imagesante-2023-2\/#breadcrumb","itemListElement":[{"@type":"ListItem","position":1,"name":"Accueil","item":"https:\/\/www.imagesante.be\/en\/home\/"},{"@type":"ListItem","position":2,"name":"Imag\u00e9Sant\u00e9 2023"}]},{"@type":"WebSite","@id":"https:\/\/www.imagesante.be\/en\/#website","url":"https:\/\/www.imagesante.be\/en\/","name":"Festival Imag\u00e9sant\u00e9","description":"","publisher":{"@id":"https:\/\/www.imagesante.be\/en\/#organization"},"potentialAction":[{"@type":"SearchAction","target":{"@type":"EntryPoint","urlTemplate":"https:\/\/www.imagesante.be\/en\/?s={search_term_string}"},"query-input":{"@type":"PropertyValueSpecification","valueRequired":true,"valueName":"search_term_string"}}],"inLanguage":"en-US"},{"@type":"Organization","@id":"https:\/\/www.imagesante.be\/en\/#organization","name":"Imag\u00e9Sant\u00e9","url":"https:\/\/www.imagesante.be\/en\/","logo":{"@type":"ImageObject","inLanguage":"en-US","@id":"https:\/\/www.imagesante.be\/en\/#\/schema\/logo\/image\/","url":"https:\/\/www.imagesante.be\/wp-content\/uploads\/2019\/06\/Festival-positif-carre.jpg","contentUrl":"https:\/\/www.imagesante.be\/wp-content\/uploads\/2019\/06\/Festival-positif-carre.jpg","width":498,"height":498,"caption":"Imag\u00e9Sant\u00e9"},"image":{"@id":"https:\/\/www.imagesante.be\/en\/#\/schema\/logo\/image\/"}}]}},"_links":{"self":[{"href":"https:\/\/www.imagesante.be\/en\/wp-json\/wp\/v2\/pages\/40525","targetHints":{"allow":["GET"]}}],"collection":[{"href":"https:\/\/www.imagesante.be\/en\/wp-json\/wp\/v2\/pages"}],"about":[{"href":"https:\/\/www.imagesante.be\/en\/wp-json\/wp\/v2\/types\/page"}],"author":[{"embeddable":true,"href":"https:\/\/www.imagesante.be\/en\/wp-json\/wp\/v2\/users\/1"}],"replies":[{"embeddable":true,"href":"https:\/\/www.imagesante.be\/en\/wp-json\/wp\/v2\/comments?post=40525"}],"version-history":[{"count":2,"href":"https:\/\/www.imagesante.be\/en\/wp-json\/wp\/v2\/pages\/40525\/revisions"}],"predecessor-version":[{"id":40527,"href":"https:\/\/www.imagesante.be\/en\/wp-json\/wp\/v2\/pages\/40525\/revisions\/40527"}],"wp:attachment":[{"href":"https:\/\/www.imagesante.be\/en\/wp-json\/wp\/v2\/media?parent=40525"}],"curies":[{"name":"wp","href":"https:\/\/api.w.org\/{rel}","templated":true}]}}