{"id":34997,"date":"2024-04-15T08:43:57","date_gmt":"2024-04-15T06:43:57","guid":{"rendered":"http:\/\/www.imagesante.be\/rules-festival-imagesante-2025\/"},"modified":"2026-02-11T14:52:18","modified_gmt":"2026-02-11T13:52:18","slug":"rules-festival-imagesante","status":"publish","type":"page","link":"https:\/\/www.imagesante.be\/en\/rules-festival-imagesante\/","title":{"rendered":"Rules &#8211; Festival Imag\u00e9sant\u00e9 2027"},"content":{"rendered":"<p>[et_pb_section fb_built=&#8221;1&#8243; fullwidth=&#8221;on&#8221; admin_label=&#8221;Section titre normal&#8221; module_class=&#8221;banniere_titre&#8221; _builder_version=&#8221;4.19.5&#8243; _dynamic_attributes=&#8221;background_image&#8221; background_image=&#8221;@ET-DC@eyJkeW5hbWljIjp0cnVlLCJjb250ZW50IjoiY3VzdG9tX21ldGFfYmFubmllcmUiLCJzZXR0aW5ncyI6eyJiZWZvcmUiOiIiLCJhZnRlciI6IiIsImVuYWJsZV9odG1sIjoib2ZmIn19@&#8221; width=&#8221;100%&#8221; max_width=&#8221;100%&#8221; min_height=&#8221;33px&#8221; height=&#8221;587px&#8221; max_height=&#8221;358px&#8221; custom_margin=&#8221;0px||-20px||false|false&#8221; custom_padding=&#8221;270px||0px||false|false&#8221; global_module=&#8221;4454&#8243; saved_tabs=&#8221;all&#8221; locked=&#8221;off&#8221; global_colors_info=&#8221;{}&#8221;][et_pb_fullwidth_post_title meta=&#8221;off&#8221; featured_image=&#8221;off&#8221; admin_label=&#8221;Titre du poste en pleine largeur&#8221; module_class=&#8221;page_title&#8221; _builder_version=&#8221;4.19.5&#8243; title_font=&#8221;|700||on|||||&#8221; title_text_align=&#8221;center&#8221; title_text_color=&#8221;#ffffff&#8221; title_font_size=&#8221;35px&#8221; title_letter_spacing=&#8221;5px&#8221; background_color=&#8221;#b09458&#8243; max_width=&#8221;100%&#8221; min_height=&#8221;100px&#8221; height=&#8221;100px&#8221; max_height=&#8221;100px&#8221; custom_margin=&#8221;0px||||false|false&#8221; custom_padding=&#8221;5px||0px||false|false&#8221; title_font_size_tablet=&#8221;&#8221; title_font_size_phone=&#8221;31px&#8221; title_font_size_last_edited=&#8221;on|phone&#8221; custom_css_post_title=&#8221;min-height: 4vw;||display: flex;||align-items: center;||justify-content: center;&#8221; locked=&#8221;off&#8221; global_colors_info=&#8221;{}&#8221;][\/et_pb_fullwidth_post_title][\/et_pb_section][et_pb_section fb_built=&#8221;1&#8243; admin_label=&#8221;section&#8221; _builder_version=&#8221;4.16&#8243; global_colors_info=&#8221;{}&#8221;][et_pb_row admin_label=&#8221;row&#8221; _builder_version=&#8221;4.16&#8243; background_size=&#8221;initial&#8221; background_position=&#8221;top_left&#8221; background_repeat=&#8221;repeat&#8221; global_colors_info=&#8221;{}&#8221;][et_pb_column type=&#8221;4_4&#8243; _builder_version=&#8221;4.16&#8243; custom_padding=&#8221;|||&#8221; global_colors_info=&#8221;{}&#8221; custom_padding__hover=&#8221;|||&#8221;][et_pb_text admin_label=&#8221;Text&#8221; _builder_version=&#8221;4.27.5&#8243; hover_enabled=&#8221;0&#8243; z_index_tablet=&#8221;500&#8243; use_border_color=&#8221;off&#8221; global_colors_info=&#8221;{}&#8221; sticky_enabled=&#8221;0&#8243;]<\/p>\n<p>Official languages: French \/ English<\/p>\n<h3><strong>1 &#8211; Objectives<\/strong><\/h3>\n<p>The main objective of the Li\u00e8ge International Health Film Festival, Imag\u00e9sant\u00e9, is to promote health education and information through any audiovisual medium.<\/p>\n<p>Imag\u00e9sant\u00e9 is also a stimulus for the creation of new, innovative, high-quality audiovisual documents, both nationally and internationally.<\/p>\n<p>Another aim of the Festival is to present current developments in the field of new media, medical informatics and imaging in general.<\/p>\n<p>Imag\u00e9sant\u00e9 is 5 days devoted to new therapeutic techniques and resources, research findings, prevention and, of course, health education for all, using images.<\/p>\n<h3><strong>2 &#8211; Admission procedures<\/strong><\/h3>\n<h4><strong>Article 2.1<\/strong><\/h4>\n<p>Documents that meet the above-mentioned objectives will be admitted to the competition. They will be submitted to the Festival Selection Committee, in collaboration with the Wallonia-Brussels Federation and the Faculty of Philosophy and Letters of the University of Liege.<\/p>\n<h4><strong>Article 2.2<\/strong><\/h4>\n<p>The following are eligible to compete<\/p>\n<ul>\n<li>Films aimed at a medical or paramedical audience and produced on or after 1 January 2025.<\/li>\n<li>Films dealing with a health or health education subject (general public) produced on or after 1 January 2025.<\/li>\n<li>Films made with the support of commercial companies produced on or after 1 January 2025.<\/li>\n<li>Advertising technology films produced on or after 1 January 2025 and entered exclusively in the Research &amp; Health selection.<\/li>\n<\/ul>\n<h4><strong><br \/>Article 2.3<\/strong><\/h4>\n<p>The following are excluded<\/p>\n<ul>\n<li>Documents entered in a previous edition of the Festival<\/li>\n<li>Advertising films other than in the field of health-related research<\/li>\n<\/ul>\n<h4><strong>\u00a0<\/strong><strong>Article 2.4<\/strong><\/h4>\n<p>Technical specifications for projection :<\/p>\n<ul>\n<li>Blu-ray.<\/li>\n<li>DVD (zone 2 preferred; shipping and return costs are the responsibility of the participant).<\/li>\n<li>Excluded: U-MATIC-NTSC and BETACAM-OXYDE cassettes, mini DVDs, VHS.<\/li>\n<li>Maximum running time: 120 minutes.<\/li>\n<li>Films whose main language is neither French nor English must contain subtitles in one of the two aforementioned languages or provide the text of the film translated into French.<\/li>\n<li>If a film is selected for the Festival and the organising committee produces French subtitles for screening at the Festival, the subtitled copy may be returned on payment of a contribution to technical costs of \u20ac500 excluding VAT.<\/li>\n<\/ul>\n<h3><strong>3 &#8211; Registration procedures<\/strong><\/h3>\n<h4><strong>Article 3.1<\/strong><\/h4>\n<p>For international documentaries, the deadline for entries is 31 August 2026.<\/p>\n<p>For Belgian documentaries, the deadline for entries is extended to 31 October 2026.<\/p>\n<h4><strong>Article 3.2<\/strong><\/h4>\n<p>The producer or sponsor must be in possession of the film rights or a broadcast licence.<\/p>\n<h4><strong>Article 3.3<\/strong><\/h4>\n<p>All entries must be accompanied by a promotional photo in TIFF 300 dpi or EPS vectorised format, free of rights, or a promotional teaser video posted on YouTube, Vimeo or Dailymotion, to be sent to us at <a href=\"mailto:info@imagesante.be\">info@imagesante.be<\/a>.<\/p>\n<h4><strong>Article 3.4<\/strong><\/h4>\n<p>The viewing link and its codes must be valid until 1\/4\/2027. The organiser undertakes to use them only within the strictly limited framework of the selection process.<\/p>\n<h4><strong>Article 3.5<\/strong><\/h4>\n<p>The information on the registration form received before 1\/11\/2026 will be included in the Imag\u00e9sant\u00e9 catalogue.<\/p>\n<h4><strong>Article 3.6<\/strong><\/h4>\n<p>Any delivery and insurance costs must be prepaid by the sender.<\/p>\n<h3><strong>4 &#8211; Themes &amp; Category Prizes<\/strong><\/h3>\n<h4><strong>Article 4.1<\/strong><\/h4>\n<p>Film screenings are grouped into categories, the list of which is defined by the Festival pre-selection jury according to the audiences concerned and the subjects dealt with.<\/p>\n<h4><strong>Article 4.2<\/strong><\/h4>\n<p>A film may only be screened in one category. The filmmaker must propose the category in which he or she wishes the film to compete. This proposal will be validated by the pre-selection jury and modified if necessary.<\/p>\n<h4><strong>Article 4.3<\/strong><\/h4>\n<p>In each category, a Jury made up of specialists in the discipline will award one or more prizes in the category.<\/p>\n<h4><strong>Article 4.4<\/strong><\/h4>\n<p>A film may receive only one prize but may be awarded several mentions.<\/p>\n<h4><strong>Article 4.5<\/strong><\/h4>\n<p>After deliberation by the Juries, the results are announced at the Closing Night on the Saturday closing the Festival week.<\/p>\n<p>If the film wins a prize, the presence of a member of the film crew is strongly encouraged at the Closing Night.<\/p>\n<h4><strong>Article 4.6<\/strong><\/h4>\n<p>The decisions of the Jury are final.<\/p>\n<h3><strong>5 &#8211; Promotion and advertising<\/strong><\/h3>\n<h4><strong>Article 5.1<\/strong><\/h4>\n<p>The sponsors are asked to grant the organiser (Festival website and events) and its partners a transfer of rights for broadcasts for the purpose of promoting the Festival and its prize-winners (among other things, using the film or extracts from the film at events or on television programmes promoting the Festival).<\/p>\n<h4><strong>Article 5.2<\/strong><\/h4>\n<p>The producer or sponsor is responsible for the payment of music rights, which may be required of them by copyright management companies when films are screened (e.g. Internet streaming), as well as for any copyright problems that may arise when works are broadcast.<\/p>\n<p>If you disagree with these commitments, please let us know.<\/p>\n<h3><strong>6 &#8211; Imag\u00e9sant\u00e9 video library<\/strong><\/h3>\n<h4><strong>Article 6.1<\/strong><\/h4>\n<p><strong>Any document screened at the Festival Imag\u00e9sant\u00e9 becomes part of the Vid\u00e9oth\u00e8que Imag\u00e9sant\u00e9.<\/strong> <strong>It may be screened after the Festival, in whole or in part, with the authorisation of the Organising Committee, for non-commercial purposes of a cultural, scientific or educational nature.<\/strong><\/p>\n<h3><strong>7 &#8211; General information<\/strong><\/h3>\n<h4><strong>Article 7.1<\/strong><\/h4>\n<p><strong>Registration of a document at Imag\u00e9sant\u00e9 implies acceptance of this document.<\/strong><\/p>\n<h4><strong>Article 7.2<\/strong><\/h4>\n<p>Further information can be obtained from<\/p>\n<p>ENJEU asbl &#8211; Rue Vaudr\u00e9e 157 &#8211; B-4031 Li\u00e8ge<\/p>\n<p>Tel: +32 (0)4 254 97 97<br \/>Contact: <a href=\"mailto:info@imagesante.be\">info@imagesante.be<\/a><\/p>\n<p>[\/et_pb_text][\/et_pb_column][\/et_pb_row][\/et_pb_section]<\/p>\n","protected":false},"excerpt":{"rendered":"<p>Official languages: French \/ English 1 &#8211; Objectives The main objective of the Li\u00e8ge International Health Film Festival, Imag\u00e9sant\u00e9, is to promote health education and information through any audiovisual medium. Imag\u00e9sant\u00e9 is also a stimulus for the creation of new, innovative, high-quality audiovisual documents, both nationally and internationally. Another aim of the Festival is to [&hellip;]<\/p>\n","protected":false},"author":1,"featured_media":0,"parent":0,"menu_order":0,"comment_status":"closed","ping_status":"closed","template":"","meta":{"_acf_changed":false,"_et_pb_use_builder":"on","_et_pb_old_content":"","_et_gb_content_width":"","_lmt_disableupdate":"no","_lmt_disable":"","_monsterinsights_skip_tracking":false,"_monsterinsights_sitenote_active":false,"_monsterinsights_sitenote_note":"","_monsterinsights_sitenote_category":0,"footnotes":"","_wp_rev_ctl_limit":""},"class_list":["post-34997","page","type-page","status-publish","hentry"],"acf":[],"yoast_head":"<!-- This site is optimized with the Yoast SEO plugin v25.0 - https:\/\/yoast.com\/wordpress\/plugins\/seo\/ -->\n<title>Rules - Festival Imag\u00e9sant\u00e9 2027 - Festival Imag\u00e9sant\u00e9<\/title>\n<meta name=\"robots\" content=\"index, follow, max-snippet:-1, max-image-preview:large, max-video-preview:-1\" \/>\n<link rel=\"canonical\" href=\"https:\/\/www.imagesante.be\/en\/rules-festival-imagesante\/\" \/>\n<meta property=\"og:locale\" content=\"en_US\" \/>\n<meta property=\"og:type\" content=\"article\" \/>\n<meta property=\"og:title\" content=\"Rules - Festival Imag\u00e9sant\u00e9 2027 - Festival Imag\u00e9sant\u00e9\" \/>\n<meta property=\"og:url\" content=\"https:\/\/www.imagesante.be\/en\/rules-festival-imagesante\/\" \/>\n<meta property=\"og:site_name\" content=\"Festival Imag\u00e9sant\u00e9\" \/>\n<meta property=\"article:modified_time\" content=\"2026-02-11T13:52:18+00:00\" \/>\n<meta name=\"twitter:card\" content=\"summary_large_image\" \/>\n<script type=\"application\/ld+json\" class=\"yoast-schema-graph\">{\"@context\":\"https:\/\/schema.org\",\"@graph\":[{\"@type\":\"WebPage\",\"@id\":\"https:\/\/www.imagesante.be\/en\/rules-festival-imagesante\/\",\"url\":\"https:\/\/www.imagesante.be\/en\/rules-festival-imagesante\/\",\"name\":\"Rules - Festival Imag\u00e9sant\u00e9 2027 - Festival Imag\u00e9sant\u00e9\",\"isPartOf\":{\"@id\":\"https:\/\/www.imagesante.be\/en\/#website\"},\"datePublished\":\"2024-04-15T06:43:57+00:00\",\"dateModified\":\"2026-02-11T13:52:18+00:00\",\"breadcrumb\":{\"@id\":\"https:\/\/www.imagesante.be\/en\/rules-festival-imagesante\/#breadcrumb\"},\"inLanguage\":\"en-US\",\"potentialAction\":[{\"@type\":\"ReadAction\",\"target\":[\"https:\/\/www.imagesante.be\/en\/rules-festival-imagesante\/\"]}]},{\"@type\":\"BreadcrumbList\",\"@id\":\"https:\/\/www.imagesante.be\/en\/rules-festival-imagesante\/#breadcrumb\",\"itemListElement\":[{\"@type\":\"ListItem\",\"position\":1,\"name\":\"Accueil\",\"item\":\"https:\/\/www.imagesante.be\/en\/home\/\"},{\"@type\":\"ListItem\",\"position\":2,\"name\":\"Rules &#8211; Festival Imag\u00e9sant\u00e9 2027\"}]},{\"@type\":\"WebSite\",\"@id\":\"https:\/\/www.imagesante.be\/en\/#website\",\"url\":\"https:\/\/www.imagesante.be\/en\/\",\"name\":\"Festival Imag\u00e9sant\u00e9\",\"description\":\"\",\"publisher\":{\"@id\":\"https:\/\/www.imagesante.be\/en\/#organization\"},\"potentialAction\":[{\"@type\":\"SearchAction\",\"target\":{\"@type\":\"EntryPoint\",\"urlTemplate\":\"https:\/\/www.imagesante.be\/en\/?s={search_term_string}\"},\"query-input\":{\"@type\":\"PropertyValueSpecification\",\"valueRequired\":true,\"valueName\":\"search_term_string\"}}],\"inLanguage\":\"en-US\"},{\"@type\":\"Organization\",\"@id\":\"https:\/\/www.imagesante.be\/en\/#organization\",\"name\":\"Imag\u00e9Sant\u00e9\",\"url\":\"https:\/\/www.imagesante.be\/en\/\",\"logo\":{\"@type\":\"ImageObject\",\"inLanguage\":\"en-US\",\"@id\":\"https:\/\/www.imagesante.be\/en\/#\/schema\/logo\/image\/\",\"url\":\"https:\/\/www.imagesante.be\/wp-content\/uploads\/2019\/06\/Festival-positif-carre.jpg\",\"contentUrl\":\"https:\/\/www.imagesante.be\/wp-content\/uploads\/2019\/06\/Festival-positif-carre.jpg\",\"width\":498,\"height\":498,\"caption\":\"Imag\u00e9Sant\u00e9\"},\"image\":{\"@id\":\"https:\/\/www.imagesante.be\/en\/#\/schema\/logo\/image\/\"}}]}<\/script>\n<!-- \/ Yoast SEO plugin. -->","yoast_head_json":{"title":"Rules - Festival Imag\u00e9sant\u00e9 2027 - Festival Imag\u00e9sant\u00e9","robots":{"index":"index","follow":"follow","max-snippet":"max-snippet:-1","max-image-preview":"max-image-preview:large","max-video-preview":"max-video-preview:-1"},"canonical":"https:\/\/www.imagesante.be\/en\/rules-festival-imagesante\/","og_locale":"en_US","og_type":"article","og_title":"Rules - Festival Imag\u00e9sant\u00e9 2027 - Festival Imag\u00e9sant\u00e9","og_url":"https:\/\/www.imagesante.be\/en\/rules-festival-imagesante\/","og_site_name":"Festival Imag\u00e9sant\u00e9","article_modified_time":"2026-02-11T13:52:18+00:00","twitter_card":"summary_large_image","schema":{"@context":"https:\/\/schema.org","@graph":[{"@type":"WebPage","@id":"https:\/\/www.imagesante.be\/en\/rules-festival-imagesante\/","url":"https:\/\/www.imagesante.be\/en\/rules-festival-imagesante\/","name":"Rules - Festival Imag\u00e9sant\u00e9 2027 - Festival Imag\u00e9sant\u00e9","isPartOf":{"@id":"https:\/\/www.imagesante.be\/en\/#website"},"datePublished":"2024-04-15T06:43:57+00:00","dateModified":"2026-02-11T13:52:18+00:00","breadcrumb":{"@id":"https:\/\/www.imagesante.be\/en\/rules-festival-imagesante\/#breadcrumb"},"inLanguage":"en-US","potentialAction":[{"@type":"ReadAction","target":["https:\/\/www.imagesante.be\/en\/rules-festival-imagesante\/"]}]},{"@type":"BreadcrumbList","@id":"https:\/\/www.imagesante.be\/en\/rules-festival-imagesante\/#breadcrumb","itemListElement":[{"@type":"ListItem","position":1,"name":"Accueil","item":"https:\/\/www.imagesante.be\/en\/home\/"},{"@type":"ListItem","position":2,"name":"Rules &#8211; Festival Imag\u00e9sant\u00e9 2027"}]},{"@type":"WebSite","@id":"https:\/\/www.imagesante.be\/en\/#website","url":"https:\/\/www.imagesante.be\/en\/","name":"Festival Imag\u00e9sant\u00e9","description":"","publisher":{"@id":"https:\/\/www.imagesante.be\/en\/#organization"},"potentialAction":[{"@type":"SearchAction","target":{"@type":"EntryPoint","urlTemplate":"https:\/\/www.imagesante.be\/en\/?s={search_term_string}"},"query-input":{"@type":"PropertyValueSpecification","valueRequired":true,"valueName":"search_term_string"}}],"inLanguage":"en-US"},{"@type":"Organization","@id":"https:\/\/www.imagesante.be\/en\/#organization","name":"Imag\u00e9Sant\u00e9","url":"https:\/\/www.imagesante.be\/en\/","logo":{"@type":"ImageObject","inLanguage":"en-US","@id":"https:\/\/www.imagesante.be\/en\/#\/schema\/logo\/image\/","url":"https:\/\/www.imagesante.be\/wp-content\/uploads\/2019\/06\/Festival-positif-carre.jpg","contentUrl":"https:\/\/www.imagesante.be\/wp-content\/uploads\/2019\/06\/Festival-positif-carre.jpg","width":498,"height":498,"caption":"Imag\u00e9Sant\u00e9"},"image":{"@id":"https:\/\/www.imagesante.be\/en\/#\/schema\/logo\/image\/"}}]}},"_links":{"self":[{"href":"https:\/\/www.imagesante.be\/en\/wp-json\/wp\/v2\/pages\/34997","targetHints":{"allow":["GET"]}}],"collection":[{"href":"https:\/\/www.imagesante.be\/en\/wp-json\/wp\/v2\/pages"}],"about":[{"href":"https:\/\/www.imagesante.be\/en\/wp-json\/wp\/v2\/types\/page"}],"author":[{"embeddable":true,"href":"https:\/\/www.imagesante.be\/en\/wp-json\/wp\/v2\/users\/1"}],"replies":[{"embeddable":true,"href":"https:\/\/www.imagesante.be\/en\/wp-json\/wp\/v2\/comments?post=34997"}],"version-history":[{"count":2,"href":"https:\/\/www.imagesante.be\/en\/wp-json\/wp\/v2\/pages\/34997\/revisions"}],"predecessor-version":[{"id":40609,"href":"https:\/\/www.imagesante.be\/en\/wp-json\/wp\/v2\/pages\/34997\/revisions\/40609"}],"wp:attachment":[{"href":"https:\/\/www.imagesante.be\/en\/wp-json\/wp\/v2\/media?parent=34997"}],"curies":[{"name":"wp","href":"https:\/\/api.w.org\/{rel}","templated":true}]}}